{"id":10335,"date":"2022-01-02T11:58:00","date_gmt":"2022-01-02T10:58:00","guid":{"rendered":"https:\/\/vimcar.de\/boxenstopp\/?page_id=10335"},"modified":"2023-02-22T15:40:33","modified_gmt":"2023-02-22T14:40:33","slug":"foerderungen-kmu-gruender","status":"publish","type":"page","link":"https:\/\/vimcar.de\/boxenstopp\/digitalisierung\/foerderungen-kmu-gruender\/","title":{"rendered":"F\u00f6rderungen zur Digitalisierung von Betrieben"},"content":{"rendered":"\t\t<div data-elementor-type=\"wp-page\" data-elementor-id=\"10335\" class=\"elementor elementor-10335\" data-elementor-post-type=\"page\">\n\t\t\t\t\t\t<section class=\"elementor-section elementor-top-section elementor-element elementor-element-566eff5 elementor-section-boxed elementor-section-height-default elementor-section-height-default\" data-id=\"566eff5\" data-element_type=\"section\">\n\t\t\t\t\t\t<div class=\"elementor-container elementor-column-gap-default\">\n\t\t\t\t\t<div class=\"elementor-column elementor-col-100 elementor-top-column elementor-element elementor-element-654c55b\" data-id=\"654c55b\" data-element_type=\"column\">\n\t\t\t<div class=\"elementor-widget-wrap elementor-element-populated\">\n\t\t\t\t\t\t<div class=\"elementor-element elementor-element-aec00fe elementor-widget elementor-widget-text-editor\" data-id=\"aec00fe\" data-element_type=\"widget\" data-widget_type=\"text-editor.default\">\n\t\t\t\t<div class=\"elementor-widget-container\">\n\t\t\t\t\t\t\t<p>Die Digitalisierung im Fuhrpark spielt in der Zukunft eine wichtige Rolle f\u00fcr FuhrparkleiterInnen. Unternehmen besch\u00e4ftigen sich immer mehr mit intelligenten L\u00f6sungen zur Effizienzoptimierung, aber die Budgetfrage bleibt bestehen. Es gibt in den Bundesl\u00e4ndern verschiedene F\u00f6rderungen f\u00fcr Digitalisierung, die von 100 bis zu 1.000.000 Euro reichen und f\u00fcr KMU, Gr\u00fcnder oder Kommunen zug\u00e4nglich sind. In einer Zeit, in der die Digitalisierung so bedeutend ist, ist es wichtig, dass auch kleine und mittlere Unternehmen Zugang zu neuen Technologien und Innovationen haben. Durch verschiedene F\u00f6rderm\u00f6glichkeiten k\u00f6nnen Sie digitale Tools f\u00fcr Ihren Fuhrpark finanzieren<\/p>\t\t\t\t\t\t<\/div>\n\t\t\t\t<\/div>\n\t\t\t\t\t<\/div>\n\t\t<\/div>\n\t\t\t\t\t<\/div>\n\t\t<\/section>\n\t\t\t\t<section class=\"elementor-section elementor-top-section elementor-element elementor-element-efac619 elementor-section-boxed elementor-section-height-default elementor-section-height-default\" data-id=\"efac619\" data-element_type=\"section\">\n\t\t\t\t\t\t<div class=\"elementor-container elementor-column-gap-default\">\n\t\t\t\t\t<div class=\"elementor-column elementor-col-100 elementor-top-column elementor-element elementor-element-fb5da0a\" data-id=\"fb5da0a\" data-element_type=\"column\" data-settings=\"{&quot;background_background&quot;:&quot;classic&quot;}\">\n\t\t\t<div class=\"elementor-widget-wrap elementor-element-populated\">\n\t\t\t\t\t\t<div class=\"elementor-element elementor-element-8c2665a elementor-widget elementor-widget-text-editor\" data-id=\"8c2665a\" data-element_type=\"widget\" data-widget_type=\"text-editor.default\">\n\t\t\t\t<div class=\"elementor-widget-container\">\n\t\t\t\t\t\t\t<p style=\"text-align: center;\">M\u00f6chten Sie sich zur Digitalisierung im Fuhrpark mit der Fuhrparksoftware Vimcar Fleet beraten lassen?\u00a0<\/p><p style=\"text-align: center;\"><a href=\"#foerderungen-beratung\">Zur Beratung geht es hier.<\/a><\/p>\t\t\t\t\t\t<\/div>\n\t\t\t\t<\/div>\n\t\t\t\t\t<\/div>\n\t\t<\/div>\n\t\t\t\t\t<\/div>\n\t\t<\/section>\n\t\t\t\t<section class=\"elementor-section elementor-top-section elementor-element elementor-element-c02509d elementor-section-boxed elementor-section-height-default elementor-section-height-default\" data-id=\"c02509d\" data-element_type=\"section\">\n\t\t\t\t\t\t<div class=\"elementor-container elementor-column-gap-default\">\n\t\t\t\t\t<div class=\"elementor-column elementor-col-100 elementor-top-column elementor-element elementor-element-9bd5653\" data-id=\"9bd5653\" data-element_type=\"column\">\n\t\t\t<div class=\"elementor-widget-wrap elementor-element-populated\">\n\t\t\t\t\t\t<div class=\"elementor-element elementor-element-1170aba elementor-toc--minimized-on-tablet elementor-widget elementor-widget-table-of-contents\" data-id=\"1170aba\" data-element_type=\"widget\" data-settings=\"{&quot;headings_by_tags&quot;:[&quot;h2&quot;,&quot;h3&quot;],&quot;exclude_headings_by_selector&quot;:[],&quot;marker_view&quot;:&quot;numbers&quot;,&quot;minimize_box&quot;:&quot;yes&quot;,&quot;minimized_on&quot;:&quot;tablet&quot;,&quot;hierarchical_view&quot;:&quot;yes&quot;,&quot;min_height&quot;:{&quot;unit&quot;:&quot;px&quot;,&quot;size&quot;:&quot;&quot;,&quot;sizes&quot;:[]},&quot;min_height_tablet&quot;:{&quot;unit&quot;:&quot;px&quot;,&quot;size&quot;:&quot;&quot;,&quot;sizes&quot;:[]},&quot;min_height_mobile&quot;:{&quot;unit&quot;:&quot;px&quot;,&quot;size&quot;:&quot;&quot;,&quot;sizes&quot;:[]}}\" data-widget_type=\"table-of-contents.default\">\n\t\t\t\t<div class=\"elementor-widget-container\">\n\t\t\t\t\t<div class=\"elementor-toc__header\">\n\t\t\t<h2 class=\"elementor-toc__header-title\">\n\t\t\t\t\u00dcbersicht der F\u00f6rderungen\t\t\t<\/h2>\n\t\t\t\t\t\t\t<div class=\"elementor-toc__toggle-button elementor-toc__toggle-button--expand\" role=\"button\" tabindex=\"0\" aria-controls=\"elementor-toc__1170aba\" aria-expanded=\"true\" aria-label=\"Inhaltsverzeichnis \u00f6ffnen\"><svg aria-hidden=\"true\" class=\"e-font-icon-svg e-fas-chevron-down\" viewBox=\"0 0 448 512\" xmlns=\"http:\/\/www.w3.org\/2000\/svg\"><path d=\"M207.029 381.476L12.686 187.132c-9.373-9.373-9.373-24.569 0-33.941l22.667-22.667c9.357-9.357 24.522-9.375 33.901-.04L224 284.505l154.745-154.021c9.379-9.335 24.544-9.317 33.901.04l22.667 22.667c9.373 9.373 9.373 24.569 0 33.941L240.971 381.476c-9.373 9.372-24.569 9.372-33.942 0z\"><\/path><\/svg><\/div>\n\t\t\t\t<div class=\"elementor-toc__toggle-button elementor-toc__toggle-button--collapse\" role=\"button\" tabindex=\"0\" aria-controls=\"elementor-toc__1170aba\" aria-expanded=\"true\" aria-label=\"Inhaltsverzeichnis schlie\u00dfen\"><svg aria-hidden=\"true\" class=\"e-font-icon-svg e-fas-chevron-up\" viewBox=\"0 0 448 512\" xmlns=\"http:\/\/www.w3.org\/2000\/svg\"><path d=\"M240.971 130.524l194.343 194.343c9.373 9.373 9.373 24.569 0 33.941l-22.667 22.667c-9.357 9.357-24.522 9.375-33.901.04L224 227.495 69.255 381.516c-9.379 9.335-24.544 9.317-33.901-.04l-22.667-22.667c-9.373-9.373-9.373-24.569 0-33.941L207.03 130.525c9.372-9.373 24.568-9.373 33.941-.001z\"><\/path><\/svg><\/div>\n\t\t\t\t\t<\/div>\n\t\t<div id=\"elementor-toc__1170aba\" class=\"elementor-toc__body\">\n\t\t\t<div class=\"elementor-toc__spinner-container\">\n\t\t\t\t<svg class=\"elementor-toc__spinner eicon-animation-spin e-font-icon-svg e-eicon-loading\" aria-hidden=\"true\" viewBox=\"0 0 1000 1000\" xmlns=\"http:\/\/www.w3.org\/2000\/svg\"><path d=\"M500 975V858C696 858 858 696 858 500S696 142 500 142 142 304 142 500H25C25 237 238 25 500 25S975 237 975 500 763 975 500 975Z\"><\/path><\/svg>\t\t\t<\/div>\n\t\t<\/div>\n\t\t\t\t<\/div>\n\t\t\t\t<\/div>\n\t\t\t\t<div class=\"elementor-element elementor-element-262bc39 elementor-widget elementor-widget-spacer\" data-id=\"262bc39\" data-element_type=\"widget\" data-widget_type=\"spacer.default\">\n\t\t\t\t<div class=\"elementor-widget-container\">\n\t\t\t\t\t<div class=\"elementor-spacer\">\n\t\t\t<div class=\"elementor-spacer-inner\"><\/div>\n\t\t<\/div>\n\t\t\t\t<\/div>\n\t\t\t\t<\/div>\n\t\t\t\t<div class=\"elementor-element elementor-element-d14f377 elementor-widget elementor-widget-heading\" data-id=\"d14f377\" data-element_type=\"widget\" data-widget_type=\"heading.default\">\n\t\t\t\t<div class=\"elementor-widget-container\">\n\t\t\t<h2 class=\"elementor-heading-title elementor-size-default\">Auf dem Sprung in die Zukunft\n<\/h2>\t\t<\/div>\n\t\t\t\t<\/div>\n\t\t\t\t<div class=\"elementor-element elementor-element-6c7553d elementor-widget elementor-widget-text-editor\" data-id=\"6c7553d\" data-element_type=\"widget\" data-widget_type=\"text-editor.default\">\n\t\t\t\t<div class=\"elementor-widget-container\">\n\t\t\t\t\t\t\t<p>Die Digitalisierung von KMU in Deutschland wird durch verschiedene F\u00f6rderungen unterst\u00fctzt \u2013 das wei\u00df vermutlich nicht jeder. Bundesweit gibt es eine Vielzahl an Programmen, die KMU bei der Digitalisierung helfen. Dazu z\u00e4hlen zum Beispiel \u201eDigital Jetzt\u201c des Bundesministeriums f\u00fcr Wirtschaft und Energie, das KMU bei der Digitalisierung ber\u00e4t und unterst\u00fctzt. Ein weiteres Programm ist der \u201eDigitalbonus&#8220; des Bundeswirtschaftsministeriums, was KMU beim Kauf von digitalen Technologien und Dienstleistungen finanziell helfen soll. Dar\u00fcber hinaus gibt es auch verschiedene F\u00f6rderprogramme der L\u00e4nder. Dazu geh\u00f6ren zum Beispiel das \u201eDigitalPakt Bayern\u201c des bayerischen Wirtschaftsministeriums, das KMU beim Kauf von IT-Hardware und Software unterst\u00fctzt. F\u00fcr das Jahr 2023 gibt es viele verschiedene F\u00f6rderprogramme f\u00fcr KMU zur Digitalisierung. Wir haben die wichtigsten f\u00fcr Sie zusammengestellt.<\/p>\t\t\t\t\t\t<\/div>\n\t\t\t\t<\/div>\n\t\t\t\t<div class=\"elementor-element elementor-element-1d54f75 elementor-widget elementor-widget-heading\" data-id=\"1d54f75\" data-element_type=\"widget\" data-widget_type=\"heading.default\">\n\t\t\t\t<div class=\"elementor-widget-container\">\n\t\t\t<h2 class=\"elementor-heading-title elementor-size-default\">Europ\u00e4ische F\u00f6rderungen \n<\/h2>\t\t<\/div>\n\t\t\t\t<\/div>\n\t\t\t\t<div class=\"elementor-element elementor-element-6cf6962 elementor-widget elementor-widget-text-editor\" data-id=\"6cf6962\" data-element_type=\"widget\" data-widget_type=\"text-editor.default\">\n\t\t\t\t<div class=\"elementor-widget-container\">\n\t\t\t\t\t\t\t<p>Der Europ\u00e4ische Fonds f\u00fcr regionale Entwicklung (EFRE) bietet KMU im Jahr 2023 F\u00f6rderungen f\u00fcr Projekte der digitalen Transformation. Zu folgenden Projekten der digitalen Transformation k\u00f6nnen Zusch\u00fcsse beantragt werden:<\/p><p>\u2022 Investitionen in die digitale Infrastruktur und in die technische Ausstattung<br \/>\u2022 Unterst\u00fctzung bei der Entwicklung digitaler Gesch\u00e4ftsmodelle<br \/>\u2022 Schulungen von Mitarbeitern in digitalen Technologien<br \/>\u2022 Unterst\u00fctzung beim Aufbau von strategischen Partnerschaften mit Digital-Unternehmen<br \/>\u2022 Unterst\u00fctzung bei der Entwicklung einer digitalen Strategie<br \/>\u2022 Unterst\u00fctzung beim Einsatz von Big Data und K\u00fcnstlicher Intelligenz<br \/>\u2022 Unterst\u00fctzung beim Einsatz von Cloud Computing und digitalen Anwendungen.<\/p><p>Es ist jedoch zu beachten, dass die Verf\u00fcgbarkeit und die spezifischen Bedingungen der F\u00f6rderungen je nach Land und Region variieren k\u00f6nnen. Deshalb empfiehlt es sich, sich direkt an die zust\u00e4ndige Stelle im eigenen Land oder der Region zu wenden, um genauere Informationen zu erhalten. Zudem ist auch zu beachten, dass F\u00f6rderungen f\u00fcr Projekte der digitalen Transformation oft Teil einer gr\u00f6\u00dferen Finanzierungsinitiative sein k\u00f6nnen, die auch andere Bereiche wie beispielsweise die Umwelt und die Energie, die Gesundheit oder die Bildung umfasst.<\/p>\t\t\t\t\t\t<\/div>\n\t\t\t\t<\/div>\n\t\t\t\t\t<\/div>\n\t\t<\/div>\n\t\t\t\t\t<\/div>\n\t\t<\/section>\n\t\t\t\t<section class=\"elementor-section elementor-top-section elementor-element elementor-element-0dca624 elementor-section-boxed elementor-section-height-default elementor-section-height-default\" data-id=\"0dca624\" data-element_type=\"section\">\n\t\t\t\t\t\t<div class=\"elementor-container elementor-column-gap-default\">\n\t\t\t\t\t<div class=\"elementor-column elementor-col-100 elementor-top-column elementor-element elementor-element-ee9f514\" data-id=\"ee9f514\" data-element_type=\"column\">\n\t\t\t<div class=\"elementor-widget-wrap elementor-element-populated\">\n\t\t\t\t\t\t<div class=\"elementor-element elementor-element-722a132 elementor-widget elementor-widget-heading\" data-id=\"722a132\" data-element_type=\"widget\" data-widget_type=\"heading.default\">\n\t\t\t\t<div class=\"elementor-widget-container\">\n\t\t\t<h2 class=\"elementor-heading-title elementor-size-default\">Bundesweite F\u00f6rdermittel<\/h2>\t\t<\/div>\n\t\t\t\t<\/div>\n\t\t\t\t<div class=\"elementor-element elementor-element-970cfa1 elementor-widget elementor-widget-text-editor\" data-id=\"970cfa1\" data-element_type=\"widget\" data-widget_type=\"text-editor.default\">\n\t\t\t\t<div class=\"elementor-widget-container\">\n\t\t\t\t\t\t\t<p>Der Bund f\u00f6rdert Unternehmen, prim\u00e4r KMU und Start-Ups, in den verschiedensten Bereichen. Die Unterst\u00fctzung wird in Form von Zusch\u00fcssen angeboten. Hier k\u00f6nnen beispielsweise Zusch\u00fcsse f\u00fcr Beratungsleistungen in Anspruch genommen werden. Allerdings gibt es ebenfalls Zusch\u00fcsse zur Finanzierungshilfe und im Digitalisierungsbereich.\u00a0<\/p>\t\t\t\t\t\t<\/div>\n\t\t\t\t<\/div>\n\t\t\t\t\t<\/div>\n\t\t<\/div>\n\t\t\t\t\t<\/div>\n\t\t<\/section>\n\t\t\t\t<section class=\"elementor-section elementor-top-section elementor-element elementor-element-6f33d2e elementor-section-boxed elementor-section-height-default elementor-section-height-default\" data-id=\"6f33d2e\" data-element_type=\"section\">\n\t\t\t\t\t\t<div class=\"elementor-container elementor-column-gap-default\">\n\t\t\t\t\t<div class=\"elementor-column elementor-col-100 elementor-top-column elementor-element elementor-element-0839b57\" data-id=\"0839b57\" data-element_type=\"column\">\n\t\t\t<div class=\"elementor-widget-wrap elementor-element-populated\">\n\t\t\t\t\t\t<div class=\"elementor-element elementor-element-13da05d elementor-widget elementor-widget-heading\" data-id=\"13da05d\" data-element_type=\"widget\" data-widget_type=\"heading.default\">\n\t\t\t\t<div class=\"elementor-widget-container\">\n\t\t\t<div class=\"elementor-heading-title elementor-size-default\">Go Digital (BMWI)<\/div>\t\t<\/div>\n\t\t\t\t<\/div>\n\t\t\t\t<div class=\"elementor-element elementor-element-a2f066e elementor-widget elementor-widget-text-editor\" data-id=\"a2f066e\" data-element_type=\"widget\" data-widget_type=\"text-editor.default\">\n\t\t\t\t<div class=\"elementor-widget-container\">\n\t\t\t\t\t\t\t<p>&#8222;Go Digital&#8220; (BMWi): Dieses Programm unterst\u00fctzt KMU bei der Umsetzung digitaler Projekte bis 2024. Es bietet bis zu 50 Prozent der Investitionskosten in Form von Zusch\u00fcssen und Darlehen. F\u00f6rderung von digitalen Gesch\u00e4ftsprozessen, digitaler Markterschlie\u00dfung und IT-Sicherheit durch autorisierte Beratungsunternehmen. Die Genehmigung dauert ca. 5-6 Monate, der Projektbeginn erfolgt erst nach Genehmigung. Eine F\u00f6rderung betr\u00e4gt 50% von max. 33.000\u20ac, also max. 16.500\u20ac. Sie wird als Zuschuss zu Projekten der digitalen Markterschlie\u00dfung von kleinen bis mittleren Unternehmen mit bis zu 100 Besch\u00e4ftigten und einem Jahresumsatz von h\u00f6chstens 20 Millionen Euro gew\u00e4hrt. Vorausgesetzt, Betriebsst\u00e4tten liegen in Deutschland. Zus\u00e4tzlich gibt es weitere Einschr\u00e4nkungen, wie etwa einen Mindestumsatz oder weniger als 100 Mitarbeitende. Insgesamt stellt das BMWi hierf\u00fcr F\u00f6rdermittel in H\u00f6he von 72 Millionen Euro f\u00fcr die Jahre 2022 bis 2024 zur Verf\u00fcgung.<\/p>\t\t\t\t\t\t<\/div>\n\t\t\t\t<\/div>\n\t\t\t\t\t<\/div>\n\t\t<\/div>\n\t\t\t\t\t<\/div>\n\t\t<\/section>\n\t\t\t\t<section class=\"elementor-section elementor-top-section elementor-element elementor-element-14044f2 elementor-section-boxed elementor-section-height-default elementor-section-height-default\" data-id=\"14044f2\" data-element_type=\"section\">\n\t\t\t\t\t\t<div class=\"elementor-container elementor-column-gap-default\">\n\t\t\t\t\t<div class=\"elementor-column elementor-col-33 elementor-top-column elementor-element elementor-element-7b83dd4\" data-id=\"7b83dd4\" data-element_type=\"column\">\n\t\t\t<div class=\"elementor-widget-wrap elementor-element-populated\">\n\t\t\t\t\t\t<div class=\"elementor-element elementor-element-0341fb4 elementor-widget elementor-widget-text-editor\" data-id=\"0341fb4\" data-element_type=\"widget\" data-widget_type=\"text-editor.default\">\n\t\t\t\t<div class=\"elementor-widget-container\">\n\t\t\t\t\t\t\t<p><span style=\"font-weight: 400;\"><span style=\"text-decoration: underline;\">Art der F\u00f6rderung<\/span><\/span><\/p><p><span style=\"font-weight: 400;\">Zuschuss\u00a0<\/span><\/p><p><span style=\"font-weight: 400;\"><span style=\"text-decoration: underline;\">H\u00f6he der F\u00f6rderung<\/span><\/span><\/p><p><span style=\"font-weight: 400;\">maximal 16.500 Euro Beratungsleistungen <\/span><\/p>\t\t\t\t\t\t<\/div>\n\t\t\t\t<\/div>\n\t\t\t\t\t<\/div>\n\t\t<\/div>\n\t\t\t\t<div class=\"elementor-column elementor-col-33 elementor-top-column elementor-element elementor-element-66530e1\" data-id=\"66530e1\" data-element_type=\"column\">\n\t\t\t<div class=\"elementor-widget-wrap elementor-element-populated\">\n\t\t\t\t\t\t<div class=\"elementor-element elementor-element-0599dd8 elementor-widget elementor-widget-text-editor\" data-id=\"0599dd8\" data-element_type=\"widget\" data-widget_type=\"text-editor.default\">\n\t\t\t\t<div class=\"elementor-widget-container\">\n\t\t\t\t\t\t\t<p><span style=\"text-decoration: underline;\"><span style=\"font-weight: 400;\">Inhalt der F\u00f6rderung <\/span><\/span><\/p><p><span style=\"font-weight: 400;\">KMUs erhalten im Rahmen der F\u00f6rderung &#8222;Go Digital&#8220; einen Zuschuss f\u00fcr die digitale Transformation in den Bereichen der IT Sicherheit, der digitalen Markterschlie\u00dfung und der Digitalisierung der Gesch\u00e4ftsprozesse. <\/span><\/p>\t\t\t\t\t\t<\/div>\n\t\t\t\t<\/div>\n\t\t\t\t\t<\/div>\n\t\t<\/div>\n\t\t\t\t<div class=\"elementor-column elementor-col-33 elementor-top-column elementor-element elementor-element-c231d1b\" data-id=\"c231d1b\" data-element_type=\"column\">\n\t\t\t<div class=\"elementor-widget-wrap elementor-element-populated\">\n\t\t\t\t\t\t<div class=\"elementor-element elementor-element-c6bb558 elementor-widget elementor-widget-text-editor\" data-id=\"c6bb558\" data-element_type=\"widget\" data-widget_type=\"text-editor.default\">\n\t\t\t\t<div class=\"elementor-widget-container\">\n\t\t\t\t\t\t\t<p><span style=\"text-decoration: underline;\"><span style=\"font-weight: 400;\">Voraussetzungen\u00a0<\/span><\/span><\/p><ul><li style=\"font-weight: 400;\"><span style=\"font-weight: 400;\">KMU mit bis zu 100 MitarbeiterInnen und maximal 20 Mio. Umsatz<\/span><\/li><\/ul><p>Alle weiteren Informationen zu Go Digital finden Sie <a href=\"https:\/\/www.bmwi.de\/Redaktion\/DE\/Artikel\/Digitale-Welt\/foerderprogramm-go-digital.html\"><span style=\"text-decoration: underline;\">hier<\/span><\/a>.\u00a0<\/p>\t\t\t\t\t\t<\/div>\n\t\t\t\t<\/div>\n\t\t\t\t\t<\/div>\n\t\t<\/div>\n\t\t\t\t\t<\/div>\n\t\t<\/section>\n\t\t\t\t<section class=\"elementor-section elementor-top-section elementor-element elementor-element-0f7870a elementor-section-boxed elementor-section-height-default elementor-section-height-default\" data-id=\"0f7870a\" data-element_type=\"section\">\n\t\t\t\t\t\t<div class=\"elementor-container elementor-column-gap-default\">\n\t\t\t\t\t<div class=\"elementor-column elementor-col-100 elementor-top-column elementor-element elementor-element-ca4624b\" data-id=\"ca4624b\" data-element_type=\"column\">\n\t\t\t<div class=\"elementor-widget-wrap elementor-element-populated\">\n\t\t\t\t\t\t<div class=\"elementor-element elementor-element-146e5ed elementor-widget elementor-widget-heading\" data-id=\"146e5ed\" data-element_type=\"widget\" data-widget_type=\"heading.default\">\n\t\t\t\t<div class=\"elementor-widget-container\">\n\t\t\t<div class=\"elementor-heading-title elementor-size-default\">KMU innovativ <\/div>\t\t<\/div>\n\t\t\t\t<\/div>\n\t\t\t\t\t<\/div>\n\t\t<\/div>\n\t\t\t\t\t<\/div>\n\t\t<\/section>\n\t\t\t\t<section class=\"elementor-section elementor-top-section elementor-element elementor-element-75de028 elementor-section-boxed elementor-section-height-default elementor-section-height-default\" data-id=\"75de028\" data-element_type=\"section\">\n\t\t\t\t\t\t<div class=\"elementor-container elementor-column-gap-default\">\n\t\t\t\t\t<div class=\"elementor-column elementor-col-33 elementor-top-column elementor-element elementor-element-9a0dca2\" data-id=\"9a0dca2\" data-element_type=\"column\">\n\t\t\t<div class=\"elementor-widget-wrap elementor-element-populated\">\n\t\t\t\t\t\t<div class=\"elementor-element elementor-element-c73cdc6 elementor-widget elementor-widget-text-editor\" data-id=\"c73cdc6\" data-element_type=\"widget\" data-widget_type=\"text-editor.default\">\n\t\t\t\t<div class=\"elementor-widget-container\">\n\t\t\t\t\t\t\t<p><span style=\"font-weight: 400;\"><span style=\"text-decoration: underline;\">Art der F\u00f6rderung<\/span><\/span><\/p><p><span style=\"font-weight: 400;\">Zuschuss\u00a0<\/span><\/p><p><span style=\"font-weight: 400;\"><span style=\"text-decoration: underline;\">H\u00f6he der F\u00f6rderung<\/span><\/span><\/p><p><span style=\"font-weight: 400;\">bis zu 50% der zuwendungsf\u00e4higen Kosten <\/span><\/p>\t\t\t\t\t\t<\/div>\n\t\t\t\t<\/div>\n\t\t\t\t\t<\/div>\n\t\t<\/div>\n\t\t\t\t<div class=\"elementor-column elementor-col-33 elementor-top-column elementor-element elementor-element-fe9a702\" data-id=\"fe9a702\" data-element_type=\"column\">\n\t\t\t<div class=\"elementor-widget-wrap elementor-element-populated\">\n\t\t\t\t\t\t<div class=\"elementor-element elementor-element-f6cd4c7 elementor-widget elementor-widget-text-editor\" data-id=\"f6cd4c7\" data-element_type=\"widget\" data-widget_type=\"text-editor.default\">\n\t\t\t\t<div class=\"elementor-widget-container\">\n\t\t\t\t\t\t\t<p><span style=\"font-weight: 400;\"><span style=\"text-decoration: underline;\">Inhalte der F\u00f6rderung<\/span><\/span><\/p><p><span style=\"font-weight: 400;\">Unterst\u00fctzung bei der Unternehmensgr\u00fcndung und Erhaltung.<\/span><\/p>\t\t\t\t\t\t<\/div>\n\t\t\t\t<\/div>\n\t\t\t\t\t<\/div>\n\t\t<\/div>\n\t\t\t\t<div class=\"elementor-column elementor-col-33 elementor-top-column elementor-element elementor-element-0ac72ed\" data-id=\"0ac72ed\" data-element_type=\"column\">\n\t\t\t<div class=\"elementor-widget-wrap elementor-element-populated\">\n\t\t\t\t\t\t<div class=\"elementor-element elementor-element-7d38b49 elementor-widget elementor-widget-text-editor\" data-id=\"7d38b49\" data-element_type=\"widget\" data-widget_type=\"text-editor.default\">\n\t\t\t\t<div class=\"elementor-widget-container\">\n\t\t\t\t\t\t\t<p><span style=\"text-decoration: underline;\"><span style=\"font-weight: 400;\">Voraussetzungen\u00a0<\/span><\/span><\/p><ul><li style=\"font-weight: 400;\"><span style=\"font-weight: 400;\">KMUs unter 250 MitarbeiterInnen + weniger als 50 Mio. Umsatz im Jahr\u00a0<\/span><\/li><li style=\"font-weight: 400;\"><span style=\"font-weight: 400;\">Startups wenn Eigenanteil (50% der Projektkosten) nachweislich erbracht werden kann<\/span><\/li><\/ul><p>Alle Informationen zur F\u00f6rderung finden Sie <a href=\"https:\/\/www.bmbf.de\/de\/kmu-innovativ-561.html\"><span style=\"text-decoration: underline;\">hier<\/span><\/a>.\u00a0<\/p>\t\t\t\t\t\t<\/div>\n\t\t\t\t<\/div>\n\t\t\t\t\t<\/div>\n\t\t<\/div>\n\t\t\t\t\t<\/div>\n\t\t<\/section>\n\t\t\t\t<section class=\"elementor-section elementor-top-section elementor-element elementor-element-f12bd38 elementor-section-boxed elementor-section-height-default elementor-section-height-default\" data-id=\"f12bd38\" data-element_type=\"section\">\n\t\t\t\t\t\t<div class=\"elementor-container elementor-column-gap-default\">\n\t\t\t\t\t<div class=\"elementor-column elementor-col-100 elementor-top-column elementor-element elementor-element-fa4443a\" data-id=\"fa4443a\" data-element_type=\"column\">\n\t\t\t<div class=\"elementor-widget-wrap elementor-element-populated\">\n\t\t\t\t\t\t<div class=\"elementor-element elementor-element-e157429 elementor-widget elementor-widget-heading\" data-id=\"e157429\" data-element_type=\"widget\" data-widget_type=\"heading.default\">\n\t\t\t\t<div class=\"elementor-widget-container\">\n\t\t\t<div class=\"elementor-heading-title elementor-size-default\">Mittelstandsf\u00f6rderung\n<\/div>\t\t<\/div>\n\t\t\t\t<\/div>\n\t\t\t\t\t<\/div>\n\t\t<\/div>\n\t\t\t\t\t<\/div>\n\t\t<\/section>\n\t\t\t\t<section class=\"elementor-section elementor-top-section elementor-element elementor-element-a16a9f4 elementor-section-boxed elementor-section-height-default elementor-section-height-default\" data-id=\"a16a9f4\" data-element_type=\"section\">\n\t\t\t\t\t\t<div class=\"elementor-container elementor-column-gap-default\">\n\t\t\t\t\t<div class=\"elementor-column elementor-col-33 elementor-top-column elementor-element elementor-element-224f01d\" data-id=\"224f01d\" data-element_type=\"column\">\n\t\t\t<div class=\"elementor-widget-wrap elementor-element-populated\">\n\t\t\t\t\t\t<div class=\"elementor-element elementor-element-33a3b90 elementor-widget elementor-widget-text-editor\" data-id=\"33a3b90\" data-element_type=\"widget\" data-widget_type=\"text-editor.default\">\n\t\t\t\t<div class=\"elementor-widget-container\">\n\t\t\t\t\t\t\t<p><span style=\"font-weight: 400;\"><span style=\"text-decoration: underline;\">Art der F\u00f6rderung<\/span><\/span><\/p><p><span style=\"font-weight: 400;\">Zuschuss (ausgeschlossen ist der Bereich der Markteinf\u00fchrung innovativer Produkte)<br \/>Darlehen bei F\u00f6rderung in der Marktbearbeitungsphase <br \/><\/span><span style=\"font-weight: 400;\"><br \/><\/span><span style=\"font-weight: 400;\"><span style=\"text-decoration: underline;\">H\u00f6he der F\u00f6rderung<\/span><\/span><\/p><p><span style=\"font-weight: 400;\">abh\u00e4ngig von Art und Umfang des Vorhabens<\/span><\/p>\t\t\t\t\t\t<\/div>\n\t\t\t\t<\/div>\n\t\t\t\t\t<\/div>\n\t\t<\/div>\n\t\t\t\t<div class=\"elementor-column elementor-col-33 elementor-top-column elementor-element elementor-element-7bf9ebf\" data-id=\"7bf9ebf\" data-element_type=\"column\">\n\t\t\t<div class=\"elementor-widget-wrap elementor-element-populated\">\n\t\t\t\t\t\t<div class=\"elementor-element elementor-element-abe0d8a elementor-widget elementor-widget-text-editor\" data-id=\"abe0d8a\" data-element_type=\"widget\" data-widget_type=\"text-editor.default\">\n\t\t\t\t<div class=\"elementor-widget-container\">\n\t\t\t\t\t\t\t<p><span style=\"font-weight: 400;\"><span style=\"text-decoration: underline;\">Inhalte der F\u00f6rderung<\/span> <\/span><\/p><p><span style=\"font-weight: 400;\">Folgende Einzelprogramme werden unterst\u00fctzt:\u00a0<\/span><\/p><ul><li style=\"font-weight: 400;\"><span style=\"font-weight: 400;\">Gr\u00fcndungsberatung<\/span><\/li><li style=\"font-weight: 400;\"><span style=\"font-weight: 400;\">Kurzberatung<\/span><\/li><li style=\"font-weight: 400;\"><span style=\"font-weight: 400;\">Betriebsberatung\/Coaching<\/span><\/li><li style=\"font-weight: 400;\"><span style=\"font-weight: 400;\">Umweltmanagement<\/span><\/li><li style=\"font-weight: 400;\"><span style=\"font-weight: 400;\">Markteinf\u00fchrung innovativer Produkte<\/span><\/li><li style=\"font-weight: 400;\"><span style=\"font-weight: 400;\">Messen, Au\u00dfenwirtschaft<\/span><\/li><li style=\"font-weight: 400;\"><span style=\"font-weight: 400;\">Digitalisierung von Gesch\u00e4ftsprozessen und Informationsschutz<\/span><\/li><li style=\"font-weight: 400;\"><span style=\"font-weight: 400;\">\u00dcberbetriebliche Berufsbildungsst\u00e4tten (\u00dcBS)<\/span><\/li><li style=\"font-weight: 400;\"><span style=\"font-weight: 400;\">Projekte mit Modellcharakter<\/span><\/li><\/ul>\t\t\t\t\t\t<\/div>\n\t\t\t\t<\/div>\n\t\t\t\t\t<\/div>\n\t\t<\/div>\n\t\t\t\t<div class=\"elementor-column elementor-col-33 elementor-top-column elementor-element elementor-element-c940b12\" data-id=\"c940b12\" data-element_type=\"column\">\n\t\t\t<div class=\"elementor-widget-wrap elementor-element-populated\">\n\t\t\t\t\t\t<div class=\"elementor-element elementor-element-0c4acb2 elementor-widget elementor-widget-text-editor\" data-id=\"0c4acb2\" data-element_type=\"widget\" data-widget_type=\"text-editor.default\">\n\t\t\t\t<div class=\"elementor-widget-container\">\n\t\t\t\t\t\t\t<p><span style=\"text-decoration: underline;\"><span style=\"font-weight: 400;\">Voraussetzungen\u00a0<\/span><\/span><\/p><ul><li style=\"font-weight: 400;\"><span style=\"font-weight: 400;\">die zuwendungsf\u00e4higen Ausgaben m\u00fcssen mindestens 5.000 Euro betragen<\/span><\/li><li style=\"font-weight: 400;\"><span style=\"font-weight: 400;\">weitere Voraussetzungen gibt es in den dazugeh\u00f6rigen Programmen<\/span><\/li><\/ul><p>Alle Informationen zur F\u00f6rderung finden Sie <a href=\"https:\/\/www.foerderdatenbank.de\/FDB\/DE\/Foerderprogramme\/foerderprogramme.html?doc=8162&amp;get=5ee630c6d5013e0760ee801d6a8ab744;views;document\"><span style=\"text-decoration: underline;\">hier<\/span><\/a>.\u00a0<\/p>\t\t\t\t\t\t<\/div>\n\t\t\t\t<\/div>\n\t\t\t\t\t<\/div>\n\t\t<\/div>\n\t\t\t\t\t<\/div>\n\t\t<\/section>\n\t\t\t\t<section class=\"elementor-section elementor-top-section elementor-element elementor-element-3054111 elementor-section-boxed elementor-section-height-default elementor-section-height-default\" data-id=\"3054111\" data-element_type=\"section\">\n\t\t\t\t\t\t<div class=\"elementor-container elementor-column-gap-default\">\n\t\t\t\t\t<div class=\"elementor-column elementor-col-100 elementor-top-column elementor-element elementor-element-a3c13d4\" data-id=\"a3c13d4\" data-element_type=\"column\">\n\t\t\t<div class=\"elementor-widget-wrap elementor-element-populated\">\n\t\t\t\t\t\t<div class=\"elementor-element elementor-element-20ad107 elementor-widget elementor-widget-heading\" data-id=\"20ad107\" data-element_type=\"widget\" data-widget_type=\"heading.default\">\n\t\t\t\t<div class=\"elementor-widget-container\">\n\t\t\t<div class=\"elementor-heading-title elementor-size-default\">Mittelstand 4.0 \u2013 Digitale Produktions- und Arbeitsprozesse bundesweit<\/div>\t\t<\/div>\n\t\t\t\t<\/div>\n\t\t\t\t\t<\/div>\n\t\t<\/div>\n\t\t\t\t\t<\/div>\n\t\t<\/section>\n\t\t\t\t<section class=\"elementor-section elementor-top-section elementor-element elementor-element-a146ba8 elementor-section-boxed elementor-section-height-default elementor-section-height-default\" data-id=\"a146ba8\" data-element_type=\"section\">\n\t\t\t\t\t\t<div class=\"elementor-container elementor-column-gap-default\">\n\t\t\t\t\t<div class=\"elementor-column elementor-col-33 elementor-top-column elementor-element elementor-element-112e605\" data-id=\"112e605\" data-element_type=\"column\">\n\t\t\t<div class=\"elementor-widget-wrap elementor-element-populated\">\n\t\t\t\t\t\t<div class=\"elementor-element elementor-element-a99ae64 elementor-widget elementor-widget-text-editor\" data-id=\"a99ae64\" data-element_type=\"widget\" data-widget_type=\"text-editor.default\">\n\t\t\t\t<div class=\"elementor-widget-container\">\n\t\t\t\t\t\t\t<p><span style=\"font-weight: 400;\"><span style=\"text-decoration: underline;\">Art der F\u00f6rderung<\/span><\/span><\/p><p><span style=\"font-weight: 400;\">Verschiedene Angebote<\/span><\/p><p><span style=\"font-weight: 400;\"><span style=\"text-decoration: underline;\">Inhalte der F\u00f6rderung<\/span><\/span><\/p><p><span style=\"font-weight: 400;\">Abh\u00e4ngig von der Auswahl des Angebotes<\/span><\/p>\t\t\t\t\t\t<\/div>\n\t\t\t\t<\/div>\n\t\t\t\t\t<\/div>\n\t\t<\/div>\n\t\t\t\t<div class=\"elementor-column elementor-col-33 elementor-top-column elementor-element elementor-element-df2214d\" data-id=\"df2214d\" data-element_type=\"column\">\n\t\t\t<div class=\"elementor-widget-wrap elementor-element-populated\">\n\t\t\t\t\t\t<div class=\"elementor-element elementor-element-cecc026 elementor-widget elementor-widget-text-editor\" data-id=\"cecc026\" data-element_type=\"widget\" data-widget_type=\"text-editor.default\">\n\t\t\t\t<div class=\"elementor-widget-container\">\n\t\t\t\t\t\t\t<p><span style=\"font-weight: 400;\"><span style=\"text-decoration: underline;\">Inhalt der F\u00f6rderung<\/span><\/span><\/p><p><span style=\"font-weight: 400;\">Unterst\u00fctzung f\u00fcr den Mittelstand und das Handwerk bei der Digitalisierung und Vernetzung bei Anwendungen zur Industrie 4.0. <\/span><\/p>\t\t\t\t\t\t<\/div>\n\t\t\t\t<\/div>\n\t\t\t\t\t<\/div>\n\t\t<\/div>\n\t\t\t\t<div class=\"elementor-column elementor-col-33 elementor-top-column elementor-element elementor-element-51602b3\" data-id=\"51602b3\" data-element_type=\"column\">\n\t\t\t<div class=\"elementor-widget-wrap elementor-element-populated\">\n\t\t\t\t\t\t<div class=\"elementor-element elementor-element-14d394e elementor-widget elementor-widget-text-editor\" data-id=\"14d394e\" data-element_type=\"widget\" data-widget_type=\"text-editor.default\">\n\t\t\t\t<div class=\"elementor-widget-container\">\n\t\t\t\t\t\t\t<p><span style=\"text-decoration: underline;\">Voraussetzungen<\/span><\/p><p>Alle Informationen und individuellen Voraussetzungen der F\u00f6rderung finden Sie <a href=\"https:\/\/www.mittelstand-digital.de\/MD\/Navigation\/DE\/Home\/home.html\"><span style=\"text-decoration: underline;\">hier<\/span><\/a>.\u00a0<\/p>\t\t\t\t\t\t<\/div>\n\t\t\t\t<\/div>\n\t\t\t\t\t<\/div>\n\t\t<\/div>\n\t\t\t\t\t<\/div>\n\t\t<\/section>\n\t\t\t\t<section class=\"elementor-section elementor-top-section elementor-element elementor-element-cacb7e2 elementor-section-boxed elementor-section-height-default elementor-section-height-default\" data-id=\"cacb7e2\" data-element_type=\"section\">\n\t\t\t\t\t\t<div class=\"elementor-container elementor-column-gap-default\">\n\t\t\t\t\t<div class=\"elementor-column elementor-col-100 elementor-top-column elementor-element elementor-element-1837a10\" data-id=\"1837a10\" data-element_type=\"column\">\n\t\t\t<div class=\"elementor-widget-wrap elementor-element-populated\">\n\t\t\t\t\t\t<div class=\"elementor-element elementor-element-729e663 elementor-widget elementor-widget-heading\" data-id=\"729e663\" data-element_type=\"widget\" data-widget_type=\"heading.default\">\n\t\t\t\t<div class=\"elementor-widget-container\">\n\t\t\t<div class=\"elementor-heading-title elementor-size-default\">KFW \u2013 ERP Digitalisierungs- und Innovationskredit \n<\/div>\t\t<\/div>\n\t\t\t\t<\/div>\n\t\t\t\t<div class=\"elementor-element elementor-element-0c56543 elementor-widget elementor-widget-text-editor\" data-id=\"0c56543\" data-element_type=\"widget\" data-widget_type=\"text-editor.default\">\n\t\t\t\t<div class=\"elementor-widget-container\">\n\t\t\t\t\t\t\t<p>Noch eine weitere bundesweite Finanzspritze: Mit dem ERP-Digitalisierungs- und Innovationskredit f\u00f6rdert die KFW den Finanzierungsbedarf im Zusammenhang mit einem Digitalisierungs- und Innovationsvorhaben. Dazu z\u00e4hlen Investitionen sowie Betriebsmittel. Der Kredit Mindestbetrag liegt bei 25.000 Euro, kann aber auf folgende Summen steigen:<\/p><p>\u2022 Bis zu 25 Mio. Euro pro Innovations- und Digitalisierung Vorhaben<br \/>\u2022 Bis zu 7,5 Mio. Euro pro Finanzierungsbedarf innovativer Unternehmen<br \/>\u2022 Bis zu 100 % der f\u00f6rderf\u00e4higen Investitionskosten und Betriebsmittel<\/p><p>Dabei gilt der ERP Digitalisierung Kredit vorrangig f\u00fcr mittelst\u00e4ndische Unternehmen, Freiberufler oder innovative Firmen in Gr\u00fcndung. Kriterien der F\u00f6rderw\u00fcrdigkeit von Unternehmen sind Unternehmenswachstum, Aufwendungen f\u00fcr Forschung und Entwicklung, schon erhaltene Innovationsf\u00f6rderung oder eingesetztes Wagniskapital.<\/p>\t\t\t\t\t\t<\/div>\n\t\t\t\t<\/div>\n\t\t\t\t\t<\/div>\n\t\t<\/div>\n\t\t\t\t\t<\/div>\n\t\t<\/section>\n\t\t\t\t<section class=\"elementor-section elementor-top-section elementor-element elementor-element-d3a1407 elementor-section-boxed elementor-section-height-default elementor-section-height-default\" data-id=\"d3a1407\" data-element_type=\"section\">\n\t\t\t\t\t\t<div class=\"elementor-container elementor-column-gap-default\">\n\t\t\t\t\t<div class=\"elementor-column elementor-col-33 elementor-top-column elementor-element elementor-element-49f7f54\" data-id=\"49f7f54\" data-element_type=\"column\">\n\t\t\t<div class=\"elementor-widget-wrap elementor-element-populated\">\n\t\t\t\t\t\t<div class=\"elementor-element elementor-element-cd00dca elementor-widget elementor-widget-text-editor\" data-id=\"cd00dca\" data-element_type=\"widget\" data-widget_type=\"text-editor.default\">\n\t\t\t\t<div class=\"elementor-widget-container\">\n\t\t\t\t\t\t\t<p><span style=\"text-decoration: underline;\">Art der F\u00f6rderung<\/span><\/p><p>Kredit<\/p><p><span style=\"text-decoration: underline;\">H\u00f6he der F\u00f6rderung<br \/><\/span><\/p><ul><li>Mindestbetrag von 25.000 Euro<\/li><\/ul>\t\t\t\t\t\t<\/div>\n\t\t\t\t<\/div>\n\t\t\t\t\t<\/div>\n\t\t<\/div>\n\t\t\t\t<div class=\"elementor-column elementor-col-33 elementor-top-column elementor-element elementor-element-7499880\" data-id=\"7499880\" data-element_type=\"column\">\n\t\t\t<div class=\"elementor-widget-wrap elementor-element-populated\">\n\t\t\t\t\t\t<div class=\"elementor-element elementor-element-5dbd7b2 elementor-widget elementor-widget-text-editor\" data-id=\"5dbd7b2\" data-element_type=\"widget\" data-widget_type=\"text-editor.default\">\n\t\t\t\t<div class=\"elementor-widget-container\">\n\t\t\t\t\t\t\t<p><span style=\"text-decoration: underline;\">Inhalt der F\u00f6rderung<\/span>\u00a0<\/p><p>Unterst\u00fctzung kleiner und mittlerer Unternehmen (KMUs) im Zusammenhang mit\u00a0<span style=\"color: var( --e-global-color-text ); font-family: var( --e-global-typography-text-font-family ), Source Sans Pro; font-size: var( --e-global-typography-text-font-size ); font-weight: var( --e-global-typography-text-font-weight );\">Digitalisierungs- und Innovationsvorhaben..<\/span><\/p>\t\t\t\t\t\t<\/div>\n\t\t\t\t<\/div>\n\t\t\t\t\t<\/div>\n\t\t<\/div>\n\t\t\t\t<div class=\"elementor-column elementor-col-33 elementor-top-column elementor-element elementor-element-7ab41aa\" data-id=\"7ab41aa\" data-element_type=\"column\">\n\t\t\t<div class=\"elementor-widget-wrap elementor-element-populated\">\n\t\t\t\t\t\t<div class=\"elementor-element elementor-element-685fac9 elementor-widget elementor-widget-text-editor\" data-id=\"685fac9\" data-element_type=\"widget\" data-widget_type=\"text-editor.default\">\n\t\t\t\t<div class=\"elementor-widget-container\">\n\t\t\t\t\t\t\t<p><span style=\"text-decoration: underline;\">Voraussetzungen<\/span><\/p><p>Alle Informationen zur F\u00f6rderung finden sie <a href=\"https:\/\/www.kfw.de\/inlandsfoerderung\/Unternehmen\/Innovation\/F%C3%B6rderprodukte\/ERP-Digitalisierungs-und-Innovationskredit-(380-390-391)\/\">hier\u00a0<\/a><\/p>\t\t\t\t\t\t<\/div>\n\t\t\t\t<\/div>\n\t\t\t\t\t<\/div>\n\t\t<\/div>\n\t\t\t\t\t<\/div>\n\t\t<\/section>\n\t\t\t\t<section class=\"elementor-section elementor-top-section elementor-element elementor-element-bff9c0f elementor-section-boxed elementor-section-height-default elementor-section-height-default\" data-id=\"bff9c0f\" data-element_type=\"section\">\n\t\t\t\t\t\t<div class=\"elementor-container elementor-column-gap-default\">\n\t\t\t\t\t<div class=\"elementor-column elementor-col-100 elementor-top-column elementor-element elementor-element-a22e45b\" data-id=\"a22e45b\" data-element_type=\"column\">\n\t\t\t<div class=\"elementor-widget-wrap elementor-element-populated\">\n\t\t\t\t\t\t<div class=\"elementor-element elementor-element-5e84264 elementor-widget elementor-widget-heading\" data-id=\"5e84264\" data-element_type=\"widget\" data-widget_type=\"heading.default\">\n\t\t\t\t<div class=\"elementor-widget-container\">\n\t\t\t<div class=\"elementor-heading-title elementor-size-default\">Digital jetzt<\/div>\t\t<\/div>\n\t\t\t\t<\/div>\n\t\t\t\t<div class=\"elementor-element elementor-element-5609192 elementor-widget elementor-widget-text-editor\" data-id=\"5609192\" data-element_type=\"widget\" data-widget_type=\"text-editor.default\">\n\t\t\t\t<div class=\"elementor-widget-container\">\n\t\t\t\t\t\t\t<p>Digital Jetzt ist ein Programm der Bundesregierung, das Klein- und Mittelst\u00e4ndische Unternehmen (KMU) bei der Digitalisierung ihrer Gesch\u00e4ftsprozesse unterst\u00fctzt. Es wird vom Bundesministerium f\u00fcr Wirtschaft und Energie (BMWi) finanziert und vom Zentralen Innovationsprogramm Mittelstand (ZIM) koordiniert. Ziel des Programms ist es, KMU bei der Umsetzung von Digitalisierungsprojekten zu unterst\u00fctzen und so zu einer nachhaltigen Wettbewerbsf\u00e4higkeit beizutragen. Das Programm bietet Unternehmen Beratungsleistungen, Zusch\u00fcsse und Finanzierungen an, um digitalisierte Technologien in ihre Unternehmensprozesse zu integrieren.<\/p><p>Es wird auch f\u00fcr die Schulung von MitarbeiterInnen eingesetzt, um die Verbreitung digitaler Technologien zu f\u00f6rdern. Digital Jetzt verfolgt einen breiten Ansatz. Die insgesamt 203 Millionen Euro F\u00f6rdermittel stehen bis Ende 2023 Unternehmen aus allen Branchen und unterschiedlicher Gr\u00f6\u00dfe zur Verf\u00fcgung. Auch FreiberuflerInnen profitieren von dem F\u00f6rderprogramm Digital Jetzt und der Investitionsf\u00f6rderung.<br \/>Grunds\u00e4tzlich betr\u00e4gt die maximale F\u00f6rdersumme 50.000 Euro pro Unternehmen. Die minimalen Zusch\u00fcsse liegen zwischen 3.000 und 17.000 Euro und Antragsteller m\u00fcssen bei jedem Digitalisierungsprojekt im Rahmen von Digital Jetzt einen Eigenanteil leisten.<\/p>\t\t\t\t\t\t<\/div>\n\t\t\t\t<\/div>\n\t\t\t\t\t<\/div>\n\t\t<\/div>\n\t\t\t\t\t<\/div>\n\t\t<\/section>\n\t\t\t\t<section class=\"elementor-section elementor-top-section elementor-element elementor-element-d570f31 elementor-section-boxed elementor-section-height-default elementor-section-height-default\" data-id=\"d570f31\" data-element_type=\"section\">\n\t\t\t\t\t\t<div class=\"elementor-container elementor-column-gap-default\">\n\t\t\t\t\t<div class=\"elementor-column elementor-col-33 elementor-top-column elementor-element elementor-element-810c6bb\" data-id=\"810c6bb\" data-element_type=\"column\">\n\t\t\t<div class=\"elementor-widget-wrap elementor-element-populated\">\n\t\t\t\t\t\t<div class=\"elementor-element elementor-element-902db69 elementor-widget elementor-widget-text-editor\" data-id=\"902db69\" data-element_type=\"widget\" data-widget_type=\"text-editor.default\">\n\t\t\t\t<div class=\"elementor-widget-container\">\n\t\t\t\t\t\t\t<p><span style=\"text-decoration: underline;\">Art der F\u00f6rderung<\/span><\/p><p>Zuschuss<\/p><p><span style=\"text-decoration: underline;\">H\u00f6he der F\u00f6rderung<br \/><\/span><\/p><ul><li>F\u00f6rdersumme bei maximal bei 50.000 Euro\/ Unternehmen<\/li><li>bei Investitionen von Wertsch\u00f6pfungsketten und\/oder -netzwerken bis zu 100.000 Euro\/ Unternehmen betragen<\/li><li>F\u00f6rderzuschuss bemisst sich anteilig an den Investitionskosten des Unternehmens. Die F\u00f6rderquote variiert je nach Unternehmensgr\u00f6\u00dfe<\/li><\/ul>\t\t\t\t\t\t<\/div>\n\t\t\t\t<\/div>\n\t\t\t\t<div class=\"elementor-element elementor-element-c39fccc elementor-hidden-mobile elementor-widget elementor-widget-spacer\" data-id=\"c39fccc\" data-element_type=\"widget\" data-widget_type=\"spacer.default\">\n\t\t\t\t<div class=\"elementor-widget-container\">\n\t\t\t\t\t<div class=\"elementor-spacer\">\n\t\t\t<div class=\"elementor-spacer-inner\"><\/div>\n\t\t<\/div>\n\t\t\t\t<\/div>\n\t\t\t\t<\/div>\n\t\t\t\t\t<\/div>\n\t\t<\/div>\n\t\t\t\t<div class=\"elementor-column elementor-col-33 elementor-top-column elementor-element elementor-element-4ed1573\" data-id=\"4ed1573\" data-element_type=\"column\">\n\t\t\t<div class=\"elementor-widget-wrap elementor-element-populated\">\n\t\t\t\t\t\t<div class=\"elementor-element elementor-element-3a9fcc5 elementor-widget elementor-widget-text-editor\" data-id=\"3a9fcc5\" data-element_type=\"widget\" data-widget_type=\"text-editor.default\">\n\t\t\t\t<div class=\"elementor-widget-container\">\n\t\t\t\t\t\t\t<p><span style=\"text-decoration: underline;\">Inhalt der F\u00f6rderung<\/span>\u00a0<\/p><p>Unterst\u00fctzung kleiner und mittlerer Unternehmen (KMUs) durch Zusch\u00fcsse bei Investitionen in digitale Technologien sowie Investitionen in die Qualifizierung ihrer Mitarbeiter zu Digitalthemen<\/p>\t\t\t\t\t\t<\/div>\n\t\t\t\t<\/div>\n\t\t\t\t\t<\/div>\n\t\t<\/div>\n\t\t\t\t<div class=\"elementor-column elementor-col-33 elementor-top-column elementor-element elementor-element-7c7020a\" data-id=\"7c7020a\" data-element_type=\"column\">\n\t\t\t<div class=\"elementor-widget-wrap elementor-element-populated\">\n\t\t\t\t\t\t<div class=\"elementor-element elementor-element-f5308f1 elementor-widget elementor-widget-text-editor\" data-id=\"f5308f1\" data-element_type=\"widget\" data-widget_type=\"text-editor.default\">\n\t\t\t\t<div class=\"elementor-widget-container\">\n\t\t\t\t\t\t\t<p><span style=\"text-decoration: underline;\">Voraussetzungen<\/span><\/p><ul><li>Verf\u00fcgbarkeit eines geordneten Rechnungswesens<\/li><li>Vorhandensein eines Digitalisierungsplans<\/li><\/ul><p>Alle Informationen zur F\u00f6rderung finden sie <a href=\"https:\/\/www.bmwi.de\/Redaktion\/DE\/Dossier\/digital-jetzt.html\">hier\u00a0<\/a><\/p>\t\t\t\t\t\t<\/div>\n\t\t\t\t<\/div>\n\t\t\t\t\t<\/div>\n\t\t<\/div>\n\t\t\t\t\t<\/div>\n\t\t<\/section>\n\t\t\t\t<section class=\"elementor-section elementor-top-section elementor-element elementor-element-13b8b3d elementor-section-boxed elementor-section-height-default elementor-section-height-default\" data-id=\"13b8b3d\" data-element_type=\"section\" data-settings=\"{&quot;background_background&quot;:&quot;classic&quot;}\">\n\t\t\t\t\t\t<div class=\"elementor-container elementor-column-gap-default\">\n\t\t\t\t\t<div class=\"elementor-column elementor-col-100 elementor-top-column elementor-element elementor-element-a32290b\" data-id=\"a32290b\" data-element_type=\"column\" data-settings=\"{&quot;background_background&quot;:&quot;classic&quot;}\">\n\t\t\t<div class=\"elementor-widget-wrap elementor-element-populated\">\n\t\t\t\t\t\t<section class=\"elementor-section elementor-inner-section elementor-element elementor-element-0a7b9aa elementor-section-boxed elementor-section-height-default elementor-section-height-default\" data-id=\"0a7b9aa\" data-element_type=\"section\">\n\t\t\t\t\t\t<div class=\"elementor-container elementor-column-gap-default\">\n\t\t\t\t\t<div class=\"elementor-column elementor-col-50 elementor-inner-column elementor-element elementor-element-f45caa4\" data-id=\"f45caa4\" data-element_type=\"column\">\n\t\t\t<div class=\"elementor-widget-wrap elementor-element-populated\">\n\t\t\t\t\t\t<div class=\"elementor-element elementor-element-2acf38d elementor-widget elementor-widget-spacer\" data-id=\"2acf38d\" data-element_type=\"widget\" data-widget_type=\"spacer.default\">\n\t\t\t\t<div class=\"elementor-widget-container\">\n\t\t\t\t\t<div class=\"elementor-spacer\">\n\t\t\t<div class=\"elementor-spacer-inner\"><\/div>\n\t\t<\/div>\n\t\t\t\t<\/div>\n\t\t\t\t<\/div>\n\t\t\t\t<div class=\"elementor-element elementor-element-a605b94 elementor-widget elementor-widget-heading\" data-id=\"a605b94\" data-element_type=\"widget\" data-widget_type=\"heading.default\">\n\t\t\t\t<div class=\"elementor-widget-container\">\n\t\t\t<h2 class=\"elementor-heading-title elementor-size-default\">So nutzen Sie die F\u00f6rderung zur Digitalisierung f\u00fcr den Einsatz einer Fuhrparksoftware!<\/h2>\t\t<\/div>\n\t\t\t\t<\/div>\n\t\t\t\t<div class=\"elementor-element elementor-element-ecc3b46 elementor-widget elementor-widget-text-editor\" data-id=\"ecc3b46\" data-element_type=\"widget\" data-widget_type=\"text-editor.default\">\n\t\t\t\t<div class=\"elementor-widget-container\">\n\t\t\t\t\t\t\t<p><span id=\"foerderungen-beratung\">F\u00f6rdermittel zur Digitalisierung k\u00f6nnen Unternehmen f\u00fcr eine Fuhrparksoftware nutzen. Mit dieser kann die Fahrzeugverwaltung digitalisiert und so Prozesse optimiert, sowie Kosten gespart werden.<\/span><\/p><p>Was die Fuhrparksoftware Vimcar Fleet alles kann und welche Funktionen f\u00fcr Ihren Fuhrpark Sinn machen, k\u00f6nnen Sie in einer Beratung mit unseren ExpertInnen erfahren. Melden Sie sich hier unverbindlich f\u00fcr an.<\/p>\t\t\t\t\t\t<\/div>\n\t\t\t\t<\/div>\n\t\t\t\t\t<\/div>\n\t\t<\/div>\n\t\t\t\t<div class=\"elementor-column elementor-col-50 elementor-inner-column elementor-element elementor-element-78c9ad0\" data-id=\"78c9ad0\" data-element_type=\"column\">\n\t\t\t<div class=\"elementor-widget-wrap elementor-element-populated\">\n\t\t\t\t\t\t<div class=\"elementor-element elementor-element-5f38e1d elementor-widget elementor-widget-image\" data-id=\"5f38e1d\" data-element_type=\"widget\" data-widget_type=\"image.default\">\n\t\t\t\t<div class=\"elementor-widget-container\">\n\t\t\t\t\t\t\t\t\t\t\t\t\t<img fetchpriority=\"high\" decoding=\"async\" width=\"800\" height=\"800\" src=\"https:\/\/vimcar.de\/boxenstopp\/wp-content\/uploads\/2020\/07\/Dashboard-Vimcar-Fleet-1024x1024.png\" class=\"attachment-large size-large wp-image-23637\" alt=\"Digitalisierung f\u00fcr KMU\" srcset=\"https:\/\/vimcar.de\/boxenstopp\/wp-content\/uploads\/2020\/07\/Dashboard-Vimcar-Fleet-1024x1024.png 1024w, https:\/\/vimcar.de\/boxenstopp\/wp-content\/uploads\/2020\/07\/Dashboard-Vimcar-Fleet-300x300.png 300w, https:\/\/vimcar.de\/boxenstopp\/wp-content\/uploads\/2020\/07\/Dashboard-Vimcar-Fleet-150x150.png 150w, https:\/\/vimcar.de\/boxenstopp\/wp-content\/uploads\/2020\/07\/Dashboard-Vimcar-Fleet-768x768.png 768w, https:\/\/vimcar.de\/boxenstopp\/wp-content\/uploads\/2020\/07\/Dashboard-Vimcar-Fleet-650x650.png 650w, https:\/\/vimcar.de\/boxenstopp\/wp-content\/uploads\/2020\/07\/Dashboard-Vimcar-Fleet-24x24.png 24w, https:\/\/vimcar.de\/boxenstopp\/wp-content\/uploads\/2020\/07\/Dashboard-Vimcar-Fleet-36x36.png 36w, https:\/\/vimcar.de\/boxenstopp\/wp-content\/uploads\/2020\/07\/Dashboard-Vimcar-Fleet-48x48.png 48w, https:\/\/vimcar.de\/boxenstopp\/wp-content\/uploads\/2020\/07\/Dashboard-Vimcar-Fleet.png 1080w\" sizes=\"(max-width: 800px) 100vw, 800px\" \/>\t\t\t\t\t\t\t\t\t\t\t\t\t<\/div>\n\t\t\t\t<\/div>\n\t\t\t\t\t<\/div>\n\t\t<\/div>\n\t\t\t\t\t<\/div>\n\t\t<\/section>\n\t\t\t\t<div class=\"elementor-element elementor-element-33dc3bf elementor-widget elementor-widget-heading\" data-id=\"33dc3bf\" data-element_type=\"widget\" data-widget_type=\"heading.default\">\n\t\t\t\t<div class=\"elementor-widget-container\">\n\t\t\t<h3 class=\"elementor-heading-title elementor-size-default\">In wenigen Schritten zur unverbindlichen Beratung:<\/h3>\t\t<\/div>\n\t\t\t\t<\/div>\n\t\t\t\t<div class=\"elementor-element elementor-element-8985898 elementor-widget elementor-widget-html\" data-id=\"8985898\" data-element_type=\"widget\" data-widget_type=\"html.default\">\n\t\t\t\t<div class=\"elementor-widget-container\">\n\t\t\t<div><div class='op-interactive' id='60b8f15f0169cc605101e52a' data-title='Boxenstopp_Admin_Beratung' data-url='https:\/\/vimcargmbh.outgrow.us\/60b8f15f0169cc605101e52a?vHeight=1' data-width='100%'><\/div><script src='\/\/dyv6f9ner1ir9.cloudfront.net\/assets\/js\/nloader.js'><\/script><script>initIframe('60b8f15f0169cc605101e52a');<\/script><\/div>\t\t<\/div>\n\t\t\t\t<\/div>\n\t\t\t\t\t<\/div>\n\t\t<\/div>\n\t\t\t\t\t<\/div>\n\t\t<\/section>\n\t\t\t\t<section class=\"elementor-section elementor-top-section elementor-element elementor-element-b050794 elementor-section-boxed elementor-section-height-default elementor-section-height-default\" data-id=\"b050794\" data-element_type=\"section\">\n\t\t\t\t\t\t<div class=\"elementor-container elementor-column-gap-default\">\n\t\t\t\t\t<div class=\"elementor-column elementor-col-100 elementor-top-column elementor-element elementor-element-062abe5\" data-id=\"062abe5\" data-element_type=\"column\">\n\t\t\t<div class=\"elementor-widget-wrap elementor-element-populated\">\n\t\t\t\t\t\t<div class=\"elementor-element elementor-element-6258141 elementor-widget elementor-widget-spacer\" data-id=\"6258141\" data-element_type=\"widget\" data-widget_type=\"spacer.default\">\n\t\t\t\t<div class=\"elementor-widget-container\">\n\t\t\t\t\t<div class=\"elementor-spacer\">\n\t\t\t<div class=\"elementor-spacer-inner\"><\/div>\n\t\t<\/div>\n\t\t\t\t<\/div>\n\t\t\t\t<\/div>\n\t\t\t\t<div class=\"elementor-element elementor-element-1c8e353 elementor-widget elementor-widget-heading\" data-id=\"1c8e353\" data-element_type=\"widget\" data-widget_type=\"heading.default\">\n\t\t\t\t<div class=\"elementor-widget-container\">\n\t\t\t<h2 class=\"elementor-heading-title elementor-size-default\">F\u00f6rderungen nach Bundesl\u00e4nder<\/h2>\t\t<\/div>\n\t\t\t\t<\/div>\n\t\t\t\t<div class=\"elementor-element elementor-element-a389cf4 elementor-widget elementor-widget-heading\" data-id=\"a389cf4\" data-element_type=\"widget\" data-widget_type=\"heading.default\">\n\t\t\t\t<div class=\"elementor-widget-container\">\n\t\t\t<h3 class=\"elementor-heading-title elementor-size-default\">Berlin<\/h3>\t\t<\/div>\n\t\t\t\t<\/div>\n\t\t\t\t<div class=\"elementor-element elementor-element-61ba5fa elementor-widget elementor-widget-heading\" data-id=\"61ba5fa\" data-element_type=\"widget\" data-widget_type=\"heading.default\">\n\t\t\t\t<div class=\"elementor-widget-container\">\n\t\t\t<div class=\"elementor-heading-title elementor-size-default\">Pro FIT<\/div>\t\t<\/div>\n\t\t\t\t<\/div>\n\t\t\t\t\t<\/div>\n\t\t<\/div>\n\t\t\t\t\t<\/div>\n\t\t<\/section>\n\t\t\t\t<section class=\"elementor-section elementor-top-section elementor-element elementor-element-a2a7358 elementor-section-boxed elementor-section-height-default elementor-section-height-default\" data-id=\"a2a7358\" data-element_type=\"section\">\n\t\t\t\t\t\t<div class=\"elementor-container elementor-column-gap-default\">\n\t\t\t\t\t<div class=\"elementor-column elementor-col-33 elementor-top-column elementor-element elementor-element-309f29e\" data-id=\"309f29e\" data-element_type=\"column\">\n\t\t\t<div class=\"elementor-widget-wrap elementor-element-populated\">\n\t\t\t\t\t\t<div class=\"elementor-element elementor-element-9bef291 elementor-widget elementor-widget-text-editor\" data-id=\"9bef291\" data-element_type=\"widget\" data-widget_type=\"text-editor.default\">\n\t\t\t\t<div class=\"elementor-widget-container\">\n\t\t\t\t\t\t\t<p><span style=\"font-weight: 400;\"><span style=\"text-decoration: underline;\">Art der F\u00f6rderung<\/span><\/span><\/p><p><span style=\"font-weight: 400;\">Zuschuss, Darlehen <br \/><\/span><span style=\"font-weight: 400;\"><br \/><\/span><span style=\"font-weight: 400;\"><span style=\"text-decoration: underline;\">H\u00f6he der F\u00f6rderung<\/span><\/span><\/p><p><span style=\"font-weight: 400;\">Zuschuss (80% der Projektausgaben &#8211; bis zu 400.000 Euro)<\/span><span style=\"font-weight: 400;\"><br \/><\/span><span style=\"font-weight: 400;\">Darlehen (zinsverbilligt bis zu 1 Mio. Euro<\/span><\/p>\t\t\t\t\t\t<\/div>\n\t\t\t\t<\/div>\n\t\t\t\t\t<\/div>\n\t\t<\/div>\n\t\t\t\t<div class=\"elementor-column elementor-col-33 elementor-top-column elementor-element elementor-element-ff3aaad\" data-id=\"ff3aaad\" data-element_type=\"column\">\n\t\t\t<div class=\"elementor-widget-wrap elementor-element-populated\">\n\t\t\t\t\t\t<div class=\"elementor-element elementor-element-60142c2 elementor-widget elementor-widget-text-editor\" data-id=\"60142c2\" data-element_type=\"widget\" data-widget_type=\"text-editor.default\">\n\t\t\t\t<div class=\"elementor-widget-container\">\n\t\t\t\t\t\t\t<p><span style=\"text-decoration: underline;\"><span style=\"font-weight: 400;\">Inhalte der F\u00f6rderung<\/span><\/span><\/p><p><span style=\"font-weight: 400;\">Bei dieser F\u00f6rderung wird nicht nur der Prozess der Forschung unterst\u00fctzt, sondern ebenfalls bei anfallenden Marketingaktivit\u00e4ten. <\/span><\/p>\t\t\t\t\t\t<\/div>\n\t\t\t\t<\/div>\n\t\t\t\t\t<\/div>\n\t\t<\/div>\n\t\t\t\t<div class=\"elementor-column elementor-col-33 elementor-top-column elementor-element elementor-element-ec66984\" data-id=\"ec66984\" data-element_type=\"column\">\n\t\t\t<div class=\"elementor-widget-wrap elementor-element-populated\">\n\t\t\t\t\t\t<div class=\"elementor-element elementor-element-69793f2 elementor-widget elementor-widget-text-editor\" data-id=\"69793f2\" data-element_type=\"widget\" data-widget_type=\"text-editor.default\">\n\t\t\t\t<div class=\"elementor-widget-container\">\n\t\t\t\t\t\t\t<p><span style=\"font-weight: 400;\"><span style=\"text-decoration: underline;\">Voraussetzungen<\/span>\u00a0<\/span><\/p><ul><li style=\"font-weight: 400;\"><span style=\"font-weight: 400;\">rechtlich selbstst\u00e4ndige, auf Gewinnerzielung ausgerichtete KMUs (inkl. Startups)\u00a0<\/span><\/li><li style=\"font-weight: 400;\"><span style=\"font-weight: 400;\">Sitz oder Betriebsst\u00e4tte in Berlin\u00a0<\/span><\/li><li style=\"font-weight: 400;\"><span style=\"font-weight: 400;\">Nicht-KMU oder nicht regional ans\u00e4ssige Unternehmen, nur im Verbund mit einem regionalen KMU<\/span><\/li><\/ul><p>Alle Informationen zur F\u00f6rderung finden Sie <a href=\"https:\/\/www.ibb.de\/de\/foerderprogramme\/pro-fit-projektfinanzierung.html\"><span style=\"text-decoration: underline;\">hier<\/span><\/a>.\u00a0<\/p>\t\t\t\t\t\t<\/div>\n\t\t\t\t<\/div>\n\t\t\t\t\t<\/div>\n\t\t<\/div>\n\t\t\t\t\t<\/div>\n\t\t<\/section>\n\t\t\t\t<section class=\"elementor-section elementor-top-section elementor-element elementor-element-9a75275 elementor-section-boxed elementor-section-height-default elementor-section-height-default\" data-id=\"9a75275\" data-element_type=\"section\">\n\t\t\t\t\t\t<div class=\"elementor-container elementor-column-gap-default\">\n\t\t\t\t\t<div class=\"elementor-column elementor-col-100 elementor-top-column elementor-element elementor-element-cef13df\" data-id=\"cef13df\" data-element_type=\"column\">\n\t\t\t<div class=\"elementor-widget-wrap elementor-element-populated\">\n\t\t\t\t\t\t<div class=\"elementor-element elementor-element-a797c0d elementor-widget elementor-widget-heading\" data-id=\"a797c0d\" data-element_type=\"widget\" data-widget_type=\"heading.default\">\n\t\t\t\t<div class=\"elementor-widget-container\">\n\t\t\t<h3 class=\"elementor-heading-title elementor-size-default\">Brandenburg<\/h3>\t\t<\/div>\n\t\t\t\t<\/div>\n\t\t\t\t<div class=\"elementor-element elementor-element-9453b98 elementor-widget elementor-widget-heading\" data-id=\"9453b98\" data-element_type=\"widget\" data-widget_type=\"heading.default\">\n\t\t\t\t<div class=\"elementor-widget-container\">\n\t\t\t<div class=\"elementor-heading-title elementor-size-default\">BIG Digital Brandenburg <\/div>\t\t<\/div>\n\t\t\t\t<\/div>\n\t\t\t\t\t<\/div>\n\t\t<\/div>\n\t\t\t\t\t<\/div>\n\t\t<\/section>\n\t\t\t\t<section class=\"elementor-section elementor-top-section elementor-element elementor-element-5dd0580 elementor-section-boxed elementor-section-height-default elementor-section-height-default\" data-id=\"5dd0580\" data-element_type=\"section\">\n\t\t\t\t\t\t<div class=\"elementor-container elementor-column-gap-default\">\n\t\t\t\t\t<div class=\"elementor-column elementor-col-33 elementor-top-column elementor-element elementor-element-f0fa207\" data-id=\"f0fa207\" data-element_type=\"column\">\n\t\t\t<div class=\"elementor-widget-wrap elementor-element-populated\">\n\t\t\t\t\t\t<div class=\"elementor-element elementor-element-bd25093 elementor-widget elementor-widget-text-editor\" data-id=\"bd25093\" data-element_type=\"widget\" data-widget_type=\"text-editor.default\">\n\t\t\t\t<div class=\"elementor-widget-container\">\n\t\t\t\t\t\t\t<p><span style=\"font-weight: 400;\"><span style=\"text-decoration: underline;\">Art des F\u00f6rderung<\/span><\/span><\/p><p><span style=\"font-weight: 400;\">Zuschuss<\/span><\/p><p><span style=\"font-weight: 400;\"><span style=\"text-decoration: underline;\">H\u00f6he des F\u00f6rderung<\/span><\/span><\/p><p><span style=\"font-weight: 400;\">50.000 Euro + 50% F\u00f6rderquote <\/span><span style=\"font-weight: 400;\"><br \/><\/span><span style=\"font-weight: 400;\">50.000 Euro f\u00fcr das Modul Beratung und Schulung \u00fcber 6 Monate Laufzeit + maximal 500.000 Euro f\u00fcr die Implementierung \u00fcber 36 Monate <\/span><\/p>\t\t\t\t\t\t<\/div>\n\t\t\t\t<\/div>\n\t\t\t\t\t<\/div>\n\t\t<\/div>\n\t\t\t\t<div class=\"elementor-column elementor-col-33 elementor-top-column elementor-element elementor-element-75350bb\" data-id=\"75350bb\" data-element_type=\"column\">\n\t\t\t<div class=\"elementor-widget-wrap elementor-element-populated\">\n\t\t\t\t\t\t<div class=\"elementor-element elementor-element-a43654a elementor-widget elementor-widget-text-editor\" data-id=\"a43654a\" data-element_type=\"widget\" data-widget_type=\"text-editor.default\">\n\t\t\t\t<div class=\"elementor-widget-container\">\n\t\t\t\t\t\t\t<p><span style=\"text-decoration: underline;\"><span style=\"font-weight: 400;\">Inhalt der F\u00f6rderung<\/span><\/span><\/p><p>Unterst\u00fctzung der Digitalisierungma\u00dfnahmen in der Konzeption und Durchf\u00fchrung durch den Innovationsgutschein (BIG Digital Brandenburg) des Landes Brandenburg.<\/p>\t\t\t\t\t\t<\/div>\n\t\t\t\t<\/div>\n\t\t\t\t\t<\/div>\n\t\t<\/div>\n\t\t\t\t<div class=\"elementor-column elementor-col-33 elementor-top-column elementor-element elementor-element-834a060\" data-id=\"834a060\" data-element_type=\"column\">\n\t\t\t<div class=\"elementor-widget-wrap elementor-element-populated\">\n\t\t\t\t\t\t<div class=\"elementor-element elementor-element-cf7d57a elementor-widget elementor-widget-text-editor\" data-id=\"cf7d57a\" data-element_type=\"widget\" data-widget_type=\"text-editor.default\">\n\t\t\t\t<div class=\"elementor-widget-container\">\n\t\t\t\t\t\t\t<p><span style=\"font-weight: 400;\"><span style=\"text-decoration: underline;\">Voraussetzungen<\/span> <\/span><\/p><p><span style=\"font-weight: 400;\">Das Projekt &#8230;<\/span><\/p><ul><li style=\"font-weight: 400;\"><span style=\"font-weight: 400;\">darf nicht vor der Antragstellung begonnen werden\u00a0<\/span><\/li><li style=\"font-weight: 400;\"><span style=\"font-weight: 400;\">muss der brandenburgischen Betriebsst\u00e4tte zugute kommen<br \/><\/span><\/li><\/ul><p>Alle weiteren Informationen zum BIG Digital Brandenburg finden Sie <span style=\"text-decoration: underline;\"><a href=\"https:\/\/www.ilb.de\/de\/wirtschaft\/zuschuesse\/brandenburgischer-innovationsgutschein-big\/\">hier<\/a><\/span>.\u00a0<\/p>\t\t\t\t\t\t<\/div>\n\t\t\t\t<\/div>\n\t\t\t\t\t<\/div>\n\t\t<\/div>\n\t\t\t\t\t<\/div>\n\t\t<\/section>\n\t\t\t\t<section class=\"elementor-section elementor-top-section elementor-element elementor-element-266fb0a elementor-section-boxed elementor-section-height-default elementor-section-height-default\" data-id=\"266fb0a\" data-element_type=\"section\">\n\t\t\t\t\t\t<div class=\"elementor-container elementor-column-gap-default\">\n\t\t\t\t\t<div class=\"elementor-column elementor-col-100 elementor-top-column elementor-element elementor-element-eea3fcc\" data-id=\"eea3fcc\" data-element_type=\"column\">\n\t\t\t<div class=\"elementor-widget-wrap elementor-element-populated\">\n\t\t\t\t\t\t<div class=\"elementor-element elementor-element-f512702 elementor-widget elementor-widget-heading\" data-id=\"f512702\" data-element_type=\"widget\" data-widget_type=\"heading.default\">\n\t\t\t\t<div class=\"elementor-widget-container\">\n\t\t\t<h3 class=\"elementor-heading-title elementor-size-default\">Rheinland Pfalz<\/h3>\t\t<\/div>\n\t\t\t\t<\/div>\n\t\t\t\t<div class=\"elementor-element elementor-element-5dae976 elementor-widget elementor-widget-heading\" data-id=\"5dae976\" data-element_type=\"widget\" data-widget_type=\"heading.default\">\n\t\t\t\t<div class=\"elementor-widget-container\">\n\t\t\t<div class=\"elementor-heading-title elementor-size-default\">BITT - Technologieberatung Rheinland-Pfalz <\/div>\t\t<\/div>\n\t\t\t\t<\/div>\n\t\t\t\t\t<\/div>\n\t\t<\/div>\n\t\t\t\t\t<\/div>\n\t\t<\/section>\n\t\t\t\t<section class=\"elementor-section elementor-top-section elementor-element elementor-element-6fe974a elementor-section-boxed elementor-section-height-default elementor-section-height-default\" data-id=\"6fe974a\" data-element_type=\"section\">\n\t\t\t\t\t\t<div class=\"elementor-container elementor-column-gap-default\">\n\t\t\t\t\t<div class=\"elementor-column elementor-col-33 elementor-top-column elementor-element elementor-element-8c53077\" data-id=\"8c53077\" data-element_type=\"column\">\n\t\t\t<div class=\"elementor-widget-wrap elementor-element-populated\">\n\t\t\t\t\t\t<div class=\"elementor-element elementor-element-3d74bdf elementor-widget elementor-widget-text-editor\" data-id=\"3d74bdf\" data-element_type=\"widget\" data-widget_type=\"text-editor.default\">\n\t\t\t\t<div class=\"elementor-widget-container\">\n\t\t\t\t\t\t\t<p><span style=\"font-weight: 400;\"><span style=\"text-decoration: underline;\">Art der F\u00f6rderung<\/span><\/span><\/p><p><span style=\"font-weight: 400;\">Zuschuss<br \/><\/span><span style=\"font-weight: 400;\"><br \/><\/span><span style=\"font-weight: 400;\"><span style=\"text-decoration: underline;\">H\u00f6he der F\u00f6rderung<\/span><\/span><\/p><p><span style=\"font-weight: 400;\">50% der Beratungsleistung wird \u00fcbernommen (Einschr\u00e4nkung: maximal 15 Beratertage + 400 Euro pro Tag) <\/span><\/p>\t\t\t\t\t\t<\/div>\n\t\t\t\t<\/div>\n\t\t\t\t\t<\/div>\n\t\t<\/div>\n\t\t\t\t<div class=\"elementor-column elementor-col-33 elementor-top-column elementor-element elementor-element-e8ad3e1\" data-id=\"e8ad3e1\" data-element_type=\"column\">\n\t\t\t<div class=\"elementor-widget-wrap elementor-element-populated\">\n\t\t\t\t\t\t<div class=\"elementor-element elementor-element-6d51e13 elementor-widget elementor-widget-text-editor\" data-id=\"6d51e13\" data-element_type=\"widget\" data-widget_type=\"text-editor.default\">\n\t\t\t\t<div class=\"elementor-widget-container\">\n\t\t\t\t\t\t\t<p><span style=\"font-weight: 400;\"><span style=\"text-decoration: underline;\">Inhalt der F\u00f6rderung<\/span><\/span><\/p><p><span style=\"font-weight: 400;\">Vor allem an technologieorientierte Beratungen und Beratungen zum Aufbau eines Qualit\u00e4ts- und Innovationsmanagement-Systems gerichtet. <\/span><\/p>\t\t\t\t\t\t<\/div>\n\t\t\t\t<\/div>\n\t\t\t\t\t<\/div>\n\t\t<\/div>\n\t\t\t\t<div class=\"elementor-column elementor-col-33 elementor-top-column elementor-element elementor-element-2fe6e69\" data-id=\"2fe6e69\" data-element_type=\"column\">\n\t\t\t<div class=\"elementor-widget-wrap elementor-element-populated\">\n\t\t\t\t\t\t<div class=\"elementor-element elementor-element-a0ce880 elementor-widget elementor-widget-text-editor\" data-id=\"a0ce880\" data-element_type=\"widget\" data-widget_type=\"text-editor.default\">\n\t\t\t\t<div class=\"elementor-widget-container\">\n\t\t\t\t\t\t\t<p><span style=\"font-weight: 400;\"><span style=\"text-decoration: underline;\">Voraussetzungen\u00a0<\/span><\/span><\/p><p><span style=\"font-weight: 400;\">KMU &lt; 250 Mitarbeiter<\/span><\/p><p>Alle Informationen zur F\u00f6rderung finden Sie <span style=\"text-decoration: underline;\"><a href=\"https:\/\/isb.rlp.de\/foerderung\/138.html\">hier<\/a><\/span>.\u00a0<\/p>\t\t\t\t\t\t<\/div>\n\t\t\t\t<\/div>\n\t\t\t\t\t<\/div>\n\t\t<\/div>\n\t\t\t\t\t<\/div>\n\t\t<\/section>\n\t\t\t\t<section class=\"elementor-section elementor-top-section elementor-element elementor-element-6d6f8e2 elementor-section-boxed elementor-section-height-default elementor-section-height-default\" data-id=\"6d6f8e2\" data-element_type=\"section\">\n\t\t\t\t\t\t<div class=\"elementor-container elementor-column-gap-default\">\n\t\t\t\t\t<div class=\"elementor-column elementor-col-100 elementor-top-column elementor-element elementor-element-4e33b24\" data-id=\"4e33b24\" data-element_type=\"column\">\n\t\t\t<div class=\"elementor-widget-wrap elementor-element-populated\">\n\t\t\t\t\t\t<div class=\"elementor-element elementor-element-5d2142f elementor-widget elementor-widget-heading\" data-id=\"5d2142f\" data-element_type=\"widget\" data-widget_type=\"heading.default\">\n\t\t\t\t<div class=\"elementor-widget-container\">\n\t\t\t<h3 class=\"elementor-heading-title elementor-size-default\">Bremen<\/h3>\t\t<\/div>\n\t\t\t\t<\/div>\n\t\t\t\t<div class=\"elementor-element elementor-element-e596b7e elementor-widget elementor-widget-heading\" data-id=\"e596b7e\" data-element_type=\"widget\" data-widget_type=\"heading.default\">\n\t\t\t\t<div class=\"elementor-widget-container\">\n\t\t\t<div class=\"elementor-heading-title elementor-size-default\">Bremen Digitalisierung <\/div>\t\t<\/div>\n\t\t\t\t<\/div>\n\t\t\t\t\t<\/div>\n\t\t<\/div>\n\t\t\t\t\t<\/div>\n\t\t<\/section>\n\t\t\t\t<section class=\"elementor-section elementor-top-section elementor-element elementor-element-995758a elementor-section-boxed elementor-section-height-default elementor-section-height-default\" data-id=\"995758a\" data-element_type=\"section\">\n\t\t\t\t\t\t<div class=\"elementor-container elementor-column-gap-default\">\n\t\t\t\t\t<div class=\"elementor-column elementor-col-33 elementor-top-column elementor-element elementor-element-4451c34\" data-id=\"4451c34\" data-element_type=\"column\">\n\t\t\t<div class=\"elementor-widget-wrap elementor-element-populated\">\n\t\t\t\t\t\t<div class=\"elementor-element elementor-element-ca71219 elementor-widget elementor-widget-text-editor\" data-id=\"ca71219\" data-element_type=\"widget\" data-widget_type=\"text-editor.default\">\n\t\t\t\t<div class=\"elementor-widget-container\">\n\t\t\t\t\t\t\t<p><span style=\"font-weight: 400;\"><span style=\"text-decoration: underline;\">Art der F\u00f6rderung<\/span><\/span><\/p><p><span style=\"font-weight: 400;\">Zuschuss <br \/><\/span><span style=\"font-weight: 400;\"><br \/><\/span><span style=\"font-weight: 400;\"><span style=\"text-decoration: underline;\">H\u00f6he der F\u00f6rderung<\/span><\/span><\/p><p><span style=\"font-weight: 400;\">5.000 Euro + bis zu 50% F\u00f6rderquote <\/span><\/p>\t\t\t\t\t\t<\/div>\n\t\t\t\t<\/div>\n\t\t\t\t\t<\/div>\n\t\t<\/div>\n\t\t\t\t<div class=\"elementor-column elementor-col-33 elementor-top-column elementor-element elementor-element-60d8237\" data-id=\"60d8237\" data-element_type=\"column\">\n\t\t\t<div class=\"elementor-widget-wrap elementor-element-populated\">\n\t\t\t\t\t\t<div class=\"elementor-element elementor-element-90e7107 elementor-widget elementor-widget-text-editor\" data-id=\"90e7107\" data-element_type=\"widget\" data-widget_type=\"text-editor.default\">\n\t\t\t\t<div class=\"elementor-widget-container\">\n\t\t\t\t\t\t\t<p><span style=\"font-weight: 400;\"><span style=\"text-decoration: underline;\">Inhalt der F\u00f6rderung<\/span> <\/span><\/p><p><span style=\"font-weight: 400;\">Mit dem Zuschuss dieses F\u00f6rderprogramms k\u00f6nnen KMUs in Bremen Ihr Unternehmen digitalisieren und im Rahmen der Arbeit 4.0 au\u00dferdem auf eine Vorauswahl an Beratern zur\u00fcckgreifen. <\/span><\/p>\t\t\t\t\t\t<\/div>\n\t\t\t\t<\/div>\n\t\t\t\t\t<\/div>\n\t\t<\/div>\n\t\t\t\t<div class=\"elementor-column elementor-col-33 elementor-top-column elementor-element elementor-element-63b9828\" data-id=\"63b9828\" data-element_type=\"column\">\n\t\t\t<div class=\"elementor-widget-wrap elementor-element-populated\">\n\t\t\t\t\t\t<div class=\"elementor-element elementor-element-c8a37b2 elementor-widget elementor-widget-text-editor\" data-id=\"c8a37b2\" data-element_type=\"widget\" data-widget_type=\"text-editor.default\">\n\t\t\t\t<div class=\"elementor-widget-container\">\n\t\t\t\t\t\t\t<p><span style=\"text-decoration: underline;\"><span style=\"font-weight: 400;\">Voraussetzungen\u00a0<\/span><\/span><\/p><ul><li><span style=\"font-weight: 400;\">das Unternehmen ist ein KMU\u00a0<\/span><\/li><li style=\"font-weight: 400;\"><span style=\"font-weight: 400;\">der Unternehmensstandort befindet sich in Bremen oder Bremerhaven\u00a0<\/span><\/li><\/ul><p>Alle Informationen zur F\u00f6rderung finden Sie <span style=\"text-decoration: underline;\"><a href=\"https:\/\/www.digitalisierung-bremen.de\/beratungsfoerderung-zu-digitalisierung-und-arbeit-40\/\">hier<\/a><\/span>.\u00a0<\/p>\t\t\t\t\t\t<\/div>\n\t\t\t\t<\/div>\n\t\t\t\t\t<\/div>\n\t\t<\/div>\n\t\t\t\t\t<\/div>\n\t\t<\/section>\n\t\t\t\t<section class=\"elementor-section elementor-top-section elementor-element elementor-element-7d7643e elementor-section-boxed elementor-section-height-default elementor-section-height-default\" data-id=\"7d7643e\" data-element_type=\"section\">\n\t\t\t\t\t\t<div class=\"elementor-container elementor-column-gap-default\">\n\t\t\t\t\t<div class=\"elementor-column elementor-col-100 elementor-top-column elementor-element elementor-element-4eb01ca\" data-id=\"4eb01ca\" data-element_type=\"column\">\n\t\t\t<div class=\"elementor-widget-wrap elementor-element-populated\">\n\t\t\t\t\t\t<div class=\"elementor-element elementor-element-d96e2fa elementor-widget elementor-widget-heading\" data-id=\"d96e2fa\" data-element_type=\"widget\" data-widget_type=\"heading.default\">\n\t\t\t\t<div class=\"elementor-widget-container\">\n\t\t\t<h3 class=\"elementor-heading-title elementor-size-default\">Bayern<\/h3>\t\t<\/div>\n\t\t\t\t<\/div>\n\t\t\t\t<div class=\"elementor-element elementor-element-e139e49 elementor-widget elementor-widget-heading\" data-id=\"e139e49\" data-element_type=\"widget\" data-widget_type=\"heading.default\">\n\t\t\t\t<div class=\"elementor-widget-container\">\n\t\t\t<div class=\"elementor-heading-title elementor-size-default\">Digitalbonus Bayern\u200b<\/div>\t\t<\/div>\n\t\t\t\t<\/div>\n\t\t\t\t<div class=\"elementor-element elementor-element-0a5d49c elementor-widget elementor-widget-text-editor\" data-id=\"0a5d49c\" data-element_type=\"widget\" data-widget_type=\"text-editor.default\">\n\t\t\t\t<div class=\"elementor-widget-container\">\n\t\t\t\t\t\t\t<p>Im Mittelpunkt der F\u00f6rderung stehen digitale Projekte, Prozesse und Dienstleistungen sowie IT-Sicherheit f\u00fcr kleine Unternehmen in Bayern. Beim Digitalbonus ist eine vollst\u00e4ndig digitale Antragstellung m\u00f6glich. Der Antrag muss vor Beginn der Ma\u00dfnahmen gestellt werden. Sobald der Antrag best\u00e4tigt wurde, kann mit dem Projekt begonnen werden. Die Antragsbest\u00e4tigung dauert in der Regel 1-2 Wochen. Die Antragstellung erfolgt durch das zu f\u00f6rdernde Unternehmen. Meist werden 40-50% (maximal 15.000\u20ac) gef\u00f6rdert \u2013 bei eigener Investition. Die Rahmenbedingungen unterscheiden sich von Bundesland zu Bundesland.<\/p>\t\t\t\t\t\t<\/div>\n\t\t\t\t<\/div>\n\t\t\t\t\t<\/div>\n\t\t<\/div>\n\t\t\t\t\t<\/div>\n\t\t<\/section>\n\t\t\t\t<section class=\"elementor-section elementor-top-section elementor-element elementor-element-b3b71b6 elementor-section-boxed elementor-section-height-default elementor-section-height-default\" data-id=\"b3b71b6\" data-element_type=\"section\">\n\t\t\t\t\t\t<div class=\"elementor-container elementor-column-gap-default\">\n\t\t\t\t\t<div class=\"elementor-column elementor-col-33 elementor-top-column elementor-element elementor-element-23f98ce\" data-id=\"23f98ce\" data-element_type=\"column\">\n\t\t\t<div class=\"elementor-widget-wrap elementor-element-populated\">\n\t\t\t\t\t\t<div class=\"elementor-element elementor-element-50147db elementor-widget elementor-widget-text-editor\" data-id=\"50147db\" data-element_type=\"widget\" data-widget_type=\"text-editor.default\">\n\t\t\t\t<div class=\"elementor-widget-container\">\n\t\t\t\t\t\t\t<p><span style=\"text-decoration-line: underline;\">Art der F\u00f6rderung<\/span><br \/>Zuschuss<br \/><br \/><span style=\"text-decoration-line: underline;\">H\u00f6he der F\u00f6rderung<\/span><\/p><p>Standard: 10.000 Euro + 30-50% F\u00f6rderquote<br \/>Plus: 50.000 Euro + 30-50% F\u00f6rderquote<\/p>\t\t\t\t\t\t<\/div>\n\t\t\t\t<\/div>\n\t\t\t\t\t<\/div>\n\t\t<\/div>\n\t\t\t\t<div class=\"elementor-column elementor-col-33 elementor-top-column elementor-element elementor-element-de2eae3\" data-id=\"de2eae3\" data-element_type=\"column\">\n\t\t\t<div class=\"elementor-widget-wrap elementor-element-populated\">\n\t\t\t\t\t\t<div class=\"elementor-element elementor-element-e9ff1ba elementor-widget elementor-widget-text-editor\" data-id=\"e9ff1ba\" data-element_type=\"widget\" data-widget_type=\"text-editor.default\">\n\t\t\t\t<div class=\"elementor-widget-container\">\n\t\t\t\t\t\t\t<p><span style=\"text-decoration-line: underline;\">Inhalt der F\u00f6rderung<\/span><\/p><p>Unterst\u00fctzt KMUs dabei Ihre Prozesse, Produkte und Dienstleistungen zu digitalisieren und die IT-Sicherheit zu verbessern.<\/p>\t\t\t\t\t\t<\/div>\n\t\t\t\t<\/div>\n\t\t\t\t\t<\/div>\n\t\t<\/div>\n\t\t\t\t<div class=\"elementor-column elementor-col-33 elementor-top-column elementor-element elementor-element-ad9d753\" data-id=\"ad9d753\" data-element_type=\"column\">\n\t\t\t<div class=\"elementor-widget-wrap elementor-element-populated\">\n\t\t\t\t\t\t<div class=\"elementor-element elementor-element-ebd6a55 elementor-widget elementor-widget-text-editor\" data-id=\"ebd6a55\" data-element_type=\"widget\" data-widget_type=\"text-editor.default\">\n\t\t\t\t<div class=\"elementor-widget-container\">\n\t\t\t\t\t\t\t<p><u>Voraussetzungen<\/u><\/p><p>Die Standard oder Plus F\u00f6rderung orientiert sich an der Gr\u00f6\u00dfe des Unternehmens.\u00a0<br \/>50%\u00a0 \u2192 &lt; 50 MitarbeiterInnen<br \/>30%\u00a0 \u2192 &lt; 250 MitarbeiterInnen<\/p><p>F\u00f6rderf\u00e4hig sind au\u00dferdem Ausgaben zur Verbesserung bestehender Produkte, Prozesse und Dienstleistungen.<\/p><p>Alle Informationen zur F\u00f6rderung finden Sie\u00a0<a href=\"https:\/\/digitaleneuordnung.de\/blog\/foerdermittel-digitalisierung\/\">hier<\/a>.\u00a0<\/p>\t\t\t\t\t\t<\/div>\n\t\t\t\t<\/div>\n\t\t\t\t\t<\/div>\n\t\t<\/div>\n\t\t\t\t\t<\/div>\n\t\t<\/section>\n\t\t\t\t<section class=\"elementor-section elementor-top-section elementor-element elementor-element-4cc4d7d elementor-section-boxed elementor-section-height-default elementor-section-height-default\" data-id=\"4cc4d7d\" data-element_type=\"section\">\n\t\t\t\t\t\t<div class=\"elementor-container elementor-column-gap-default\">\n\t\t\t\t\t<div class=\"elementor-column elementor-col-100 elementor-top-column elementor-element elementor-element-69d75ab\" data-id=\"69d75ab\" data-element_type=\"column\">\n\t\t\t<div class=\"elementor-widget-wrap elementor-element-populated\">\n\t\t\t\t\t\t<div class=\"elementor-element elementor-element-ff889e1 elementor-widget elementor-widget-image\" data-id=\"ff889e1\" data-element_type=\"widget\" data-widget_type=\"image.default\">\n\t\t\t\t<div class=\"elementor-widget-container\">\n\t\t\t\t\t\t\t\t\t\t<figure class=\"wp-caption\">\n\t\t\t\t\t\t\t\t\t\t<img decoding=\"async\" width=\"400\" height=\"1000\" src=\"https:\/\/vimcar.de\/boxenstopp\/wp-content\/uploads\/2020\/08\/Infografik-Digital-Bayern.jpg\" class=\"attachment-full size-full wp-image-13263\" alt=\"F\u00f6rdermittel Digitalisierung\" srcset=\"https:\/\/vimcar.de\/boxenstopp\/wp-content\/uploads\/2020\/08\/Infografik-Digital-Bayern.jpg 400w, https:\/\/vimcar.de\/boxenstopp\/wp-content\/uploads\/2020\/08\/Infografik-Digital-Bayern-120x300.jpg 120w, https:\/\/vimcar.de\/boxenstopp\/wp-content\/uploads\/2020\/08\/Infografik-Digital-Bayern-410x1024.jpg 410w, https:\/\/vimcar.de\/boxenstopp\/wp-content\/uploads\/2020\/08\/Infografik-Digital-Bayern-768x1920.jpg 768w, https:\/\/vimcar.de\/boxenstopp\/wp-content\/uploads\/2020\/08\/Infografik-Digital-Bayern-614x1536.jpg 614w, https:\/\/vimcar.de\/boxenstopp\/wp-content\/uploads\/2020\/08\/Infografik-Digital-Bayern-10x24.jpg 10w, https:\/\/vimcar.de\/boxenstopp\/wp-content\/uploads\/2020\/08\/Infografik-Digital-Bayern-14x36.jpg 14w, https:\/\/vimcar.de\/boxenstopp\/wp-content\/uploads\/2020\/08\/Infografik-Digital-Bayern-19x48.jpg 19w\" sizes=\"(max-width: 400px) 100vw, 400px\" \/>\t\t\t\t\t\t\t\t\t\t\t<figcaption class=\"widget-image-caption wp-caption-text\">Infografik Digital Bayern<\/figcaption>\n\t\t\t\t\t\t\t\t\t\t<\/figure>\n\t\t\t\t\t\t\t<\/div>\n\t\t\t\t<\/div>\n\t\t\t\t<div class=\"elementor-element elementor-element-9c60dae elementor-widget elementor-widget-heading\" data-id=\"9c60dae\" data-element_type=\"widget\" data-widget_type=\"heading.default\">\n\t\t\t\t<div class=\"elementor-widget-container\">\n\t\t\t<h3 class=\"elementor-heading-title elementor-size-default\">Baden W\u00fcrttemberg<\/h3>\t\t<\/div>\n\t\t\t\t<\/div>\n\t\t\t\t<div class=\"elementor-element elementor-element-4371c6e elementor-widget elementor-widget-heading\" data-id=\"4371c6e\" data-element_type=\"widget\" data-widget_type=\"heading.default\">\n\t\t\t\t<div class=\"elementor-widget-container\">\n\t\t\t<div class=\"elementor-heading-title elementor-size-default\">Digitalisierungpr\u00e4mie Baden W\u00fcrttemberg <\/div>\t\t<\/div>\n\t\t\t\t<\/div>\n\t\t\t\t\t<\/div>\n\t\t<\/div>\n\t\t\t\t\t<\/div>\n\t\t<\/section>\n\t\t\t\t<section class=\"elementor-section elementor-top-section elementor-element elementor-element-943fbd5 elementor-section-boxed elementor-section-height-default elementor-section-height-default\" data-id=\"943fbd5\" data-element_type=\"section\">\n\t\t\t\t\t\t<div class=\"elementor-container elementor-column-gap-default\">\n\t\t\t\t\t<div class=\"elementor-column elementor-col-33 elementor-top-column elementor-element elementor-element-7270f54\" data-id=\"7270f54\" data-element_type=\"column\">\n\t\t\t<div class=\"elementor-widget-wrap elementor-element-populated\">\n\t\t\t\t\t\t<div class=\"elementor-element elementor-element-45ba645 elementor-widget elementor-widget-text-editor\" data-id=\"45ba645\" data-element_type=\"widget\" data-widget_type=\"text-editor.default\">\n\t\t\t\t<div class=\"elementor-widget-container\">\n\t\t\t\t\t\t\t<p><span style=\"font-weight: 400;\"><span style=\"text-decoration: underline;\">Art der F\u00f6rderung<\/span><\/span><\/p><p><span style=\"font-weight: 400;\">Kredit <br \/><\/span><span style=\"font-weight: 400;\"><br \/><\/span><span style=\"font-weight: 400;\"><span style=\"text-decoration: underline;\">H\u00f6he der F\u00f6rderung<\/span><br \/>10.000 bis 100.000 Euro + Tilgungszuschuss bis 10% + Laufzeit von 5, 7 oder 10 Jahren <\/span><\/p>\t\t\t\t\t\t<\/div>\n\t\t\t\t<\/div>\n\t\t\t\t\t<\/div>\n\t\t<\/div>\n\t\t\t\t<div class=\"elementor-column elementor-col-33 elementor-top-column elementor-element elementor-element-2aff279\" data-id=\"2aff279\" data-element_type=\"column\">\n\t\t\t<div class=\"elementor-widget-wrap elementor-element-populated\">\n\t\t\t\t\t\t<div class=\"elementor-element elementor-element-afd5135 elementor-widget elementor-widget-text-editor\" data-id=\"afd5135\" data-element_type=\"widget\" data-widget_type=\"text-editor.default\">\n\t\t\t\t<div class=\"elementor-widget-container\">\n\t\t\t\t\t\t\t<p><span style=\"font-weight: 400;\"><span style=\"text-decoration: underline;\">Inhalt der F\u00f6rderung<\/span> <\/span><\/p><p>Folgende Ma\u00dfnahmen werden unter anderem gef\u00f6rdert:\u00a0<\/p><ul><li style=\"font-weight: 400;\"><span style=\"font-weight: 400;\">Digitalisierung von Produktion und Verfahren (zum Beispiel 3D-Druck)<\/span><\/li><li style=\"font-weight: 400;\"><span style=\"font-weight: 400;\">mobile Betriebsger\u00e4te zur Produktionssteuerung<\/span><\/li><li style=\"font-weight: 400;\"><span style=\"font-weight: 400;\">E-Commerce und E-Procurement<\/span><\/li><li style=\"font-weight: 400;\"><span style=\"font-weight: 400;\">Digitalisierung von Produkten und Dienstleistungen (digitale Plattformen, Fernwartung, Anwendung digitaler Standards)<\/span><\/li><li><span style=\"font-weight: 400;\">Umsetzung von Strategien und Konzepten zur Digitalisierung (IKT-Sicherheit, digitale Vertriebskan\u00e4le, Cloud)<\/span><\/li><\/ul>\t\t\t\t\t\t<\/div>\n\t\t\t\t<\/div>\n\t\t\t\t\t<\/div>\n\t\t<\/div>\n\t\t\t\t<div class=\"elementor-column elementor-col-33 elementor-top-column elementor-element elementor-element-44edc43\" data-id=\"44edc43\" data-element_type=\"column\">\n\t\t\t<div class=\"elementor-widget-wrap elementor-element-populated\">\n\t\t\t\t\t\t<div class=\"elementor-element elementor-element-a3e3269 elementor-widget elementor-widget-text-editor\" data-id=\"a3e3269\" data-element_type=\"widget\" data-widget_type=\"text-editor.default\">\n\t\t\t\t<div class=\"elementor-widget-container\">\n\t\t\t\t\t\t\t<p><span style=\"text-decoration: underline;\"><span style=\"font-weight: 400;\">Voraussetzungen\u00a0<\/span><\/span><\/p><p><span style=\"font-weight: 400;\">Das Unternehmen besitzt bis zu 100 MitarbeiterInnen\u00a0<\/span><\/p><p>Alle Informationen zur F\u00f6rderung finden Sie <span style=\"text-decoration: underline;\"><a href=\"https:\/\/www.l-bank.de\/produkte\/wirtschaftsfoerderung\/digitalisierungspraemie.html\">hier<\/a><\/span>.\u00a0<\/p>\t\t\t\t\t\t<\/div>\n\t\t\t\t<\/div>\n\t\t\t\t\t<\/div>\n\t\t<\/div>\n\t\t\t\t\t<\/div>\n\t\t<\/section>\n\t\t\t\t<section class=\"elementor-section elementor-top-section elementor-element elementor-element-8bb7079 elementor-section-boxed elementor-section-height-default elementor-section-height-default\" data-id=\"8bb7079\" data-element_type=\"section\">\n\t\t\t\t\t\t<div class=\"elementor-container elementor-column-gap-default\">\n\t\t\t\t\t<div class=\"elementor-column elementor-col-100 elementor-top-column elementor-element elementor-element-3d886f6\" data-id=\"3d886f6\" data-element_type=\"column\">\n\t\t\t<div class=\"elementor-widget-wrap elementor-element-populated\">\n\t\t\t\t\t\t<div class=\"elementor-element elementor-element-cb5c34f elementor-widget elementor-widget-heading\" data-id=\"cb5c34f\" data-element_type=\"widget\" data-widget_type=\"heading.default\">\n\t\t\t\t<div class=\"elementor-widget-container\">\n\t\t\t<div class=\"elementor-heading-title elementor-size-default\">Innovationsgutschein Hightech Digital von Baden W\u00fcrttemberg <\/div>\t\t<\/div>\n\t\t\t\t<\/div>\n\t\t\t\t\t<\/div>\n\t\t<\/div>\n\t\t\t\t\t<\/div>\n\t\t<\/section>\n\t\t\t\t<section class=\"elementor-section elementor-top-section elementor-element elementor-element-3ca0c91 elementor-section-boxed elementor-section-height-default elementor-section-height-default\" data-id=\"3ca0c91\" data-element_type=\"section\">\n\t\t\t\t\t\t<div class=\"elementor-container elementor-column-gap-default\">\n\t\t\t\t\t<div class=\"elementor-column elementor-col-33 elementor-top-column elementor-element elementor-element-3085fbd\" data-id=\"3085fbd\" data-element_type=\"column\">\n\t\t\t<div class=\"elementor-widget-wrap elementor-element-populated\">\n\t\t\t\t\t\t<div class=\"elementor-element elementor-element-24642dc elementor-widget elementor-widget-text-editor\" data-id=\"24642dc\" data-element_type=\"widget\" data-widget_type=\"text-editor.default\">\n\t\t\t\t<div class=\"elementor-widget-container\">\n\t\t\t\t\t\t\t<p><span style=\"font-weight: 400;\"><span style=\"text-decoration: underline;\">Art der F\u00f6rderung<\/span><\/span><\/p><p><span style=\"font-weight: 400;\">Zuschuss<\/span><\/p><p><span style=\"font-weight: 400;\"><span style=\"text-decoration: underline;\">H\u00f6he der F\u00f6rderung<\/span><br \/>20.000 Euro + 50% F\u00f6rdersatz\u00a0<\/span><\/p>\t\t\t\t\t\t<\/div>\n\t\t\t\t<\/div>\n\t\t\t\t\t<\/div>\n\t\t<\/div>\n\t\t\t\t<div class=\"elementor-column elementor-col-33 elementor-top-column elementor-element elementor-element-aabc634\" data-id=\"aabc634\" data-element_type=\"column\">\n\t\t\t<div class=\"elementor-widget-wrap elementor-element-populated\">\n\t\t\t\t\t\t<div class=\"elementor-element elementor-element-860b699 elementor-widget elementor-widget-text-editor\" data-id=\"860b699\" data-element_type=\"widget\" data-widget_type=\"text-editor.default\">\n\t\t\t\t<div class=\"elementor-widget-container\">\n\t\t\t\t\t\t\t<p><span style=\"text-decoration: underline;\"><span style=\"font-weight: 400;\">Inhalte der F\u00f6rderung <\/span><\/span><\/p><p><span style=\"font-weight: 400;\">Mit Hilfe des High Tech Digital Innovationsgutschein werden umsatzorientierte Projekte mit dem Ziel der Digitalisierung von Produkten und Dienstleistungen unterst\u00fctzt.<\/span><\/p>\t\t\t\t\t\t<\/div>\n\t\t\t\t<\/div>\n\t\t\t\t\t<\/div>\n\t\t<\/div>\n\t\t\t\t<div class=\"elementor-column elementor-col-33 elementor-top-column elementor-element elementor-element-6bd763e\" data-id=\"6bd763e\" data-element_type=\"column\">\n\t\t\t<div class=\"elementor-widget-wrap elementor-element-populated\">\n\t\t\t\t\t\t<div class=\"elementor-element elementor-element-a0e2e60 elementor-widget elementor-widget-text-editor\" data-id=\"a0e2e60\" data-element_type=\"widget\" data-widget_type=\"text-editor.default\">\n\t\t\t\t<div class=\"elementor-widget-container\">\n\t\t\t\t\t\t\t<p><span style=\"font-weight: 400;\"><span style=\"text-decoration: underline;\">Voraussetzungen<\/span><\/span><\/p><p><span style=\"font-weight: 400;\">KMUs handeln von maximal 5 Jahren<\/span><\/p><p>Alle Informationen zur F\u00f6rderung finden Sie <a href=\"https:\/\/wm.baden-wuerttemberg.de\/de\/innovation\/innovationsgutscheine\/innovationsgutschein-hightech-digital\/\"><span style=\"text-decoration: underline;\">hier<\/span><\/a>.\u00a0<\/p>\t\t\t\t\t\t<\/div>\n\t\t\t\t<\/div>\n\t\t\t\t\t<\/div>\n\t\t<\/div>\n\t\t\t\t\t<\/div>\n\t\t<\/section>\n\t\t\t\t<section class=\"elementor-section elementor-top-section elementor-element elementor-element-a2f1ff5 elementor-section-boxed elementor-section-height-default elementor-section-height-default\" data-id=\"a2f1ff5\" data-element_type=\"section\">\n\t\t\t\t\t\t<div class=\"elementor-container elementor-column-gap-default\">\n\t\t\t\t\t<div class=\"elementor-column elementor-col-100 elementor-top-column elementor-element elementor-element-b92f557\" data-id=\"b92f557\" data-element_type=\"column\">\n\t\t\t<div class=\"elementor-widget-wrap elementor-element-populated\">\n\t\t\t\t\t\t<div class=\"elementor-element elementor-element-06d0f60 elementor-widget elementor-widget-heading\" data-id=\"06d0f60\" data-element_type=\"widget\" data-widget_type=\"heading.default\">\n\t\t\t\t<div class=\"elementor-widget-container\">\n\t\t\t<h3 class=\"elementor-heading-title elementor-size-default\">Saarland<\/h3>\t\t<\/div>\n\t\t\t\t<\/div>\n\t\t\t\t<div class=\"elementor-element elementor-element-789cf6c elementor-widget elementor-widget-heading\" data-id=\"789cf6c\" data-element_type=\"widget\" data-widget_type=\"heading.default\">\n\t\t\t\t<div class=\"elementor-widget-container\">\n\t\t\t<div class=\"elementor-heading-title elementor-size-default\">DigitalStarter Saarland <\/div>\t\t<\/div>\n\t\t\t\t<\/div>\n\t\t\t\t\t<\/div>\n\t\t<\/div>\n\t\t\t\t\t<\/div>\n\t\t<\/section>\n\t\t\t\t<section class=\"elementor-section elementor-top-section elementor-element elementor-element-a8cadcd elementor-section-boxed elementor-section-height-default elementor-section-height-default\" data-id=\"a8cadcd\" data-element_type=\"section\">\n\t\t\t\t\t\t<div class=\"elementor-container elementor-column-gap-default\">\n\t\t\t\t\t<div class=\"elementor-column elementor-col-33 elementor-top-column elementor-element elementor-element-ffbe525\" data-id=\"ffbe525\" data-element_type=\"column\">\n\t\t\t<div class=\"elementor-widget-wrap elementor-element-populated\">\n\t\t\t\t\t\t<div class=\"elementor-element elementor-element-a31d49a elementor-widget elementor-widget-text-editor\" data-id=\"a31d49a\" data-element_type=\"widget\" data-widget_type=\"text-editor.default\">\n\t\t\t\t<div class=\"elementor-widget-container\">\n\t\t\t\t\t\t\t<p><span style=\"font-weight: 400;\"><span style=\"text-decoration: underline;\">Art der F\u00f6rderung<\/span><\/span><\/p><p><span style=\"font-weight: 400;\">Zuschuss <br \/><\/span><span style=\"font-weight: 400;\"><br \/><\/span><span style=\"font-weight: 400;\"><span style=\"text-decoration: underline;\">H\u00f6he der F\u00f6rderung<\/span><\/span><\/p><p><span style=\"font-weight: 400;\">10.000 Euro + 20-35% F\u00f6rderquote (20% bei mittleren und 35% bei kleinen Unternehmen) <\/span><\/p>\t\t\t\t\t\t<\/div>\n\t\t\t\t<\/div>\n\t\t\t\t\t<\/div>\n\t\t<\/div>\n\t\t\t\t<div class=\"elementor-column elementor-col-33 elementor-top-column elementor-element elementor-element-1198e28\" data-id=\"1198e28\" data-element_type=\"column\">\n\t\t\t<div class=\"elementor-widget-wrap elementor-element-populated\">\n\t\t\t\t\t\t<div class=\"elementor-element elementor-element-86399df elementor-widget elementor-widget-text-editor\" data-id=\"86399df\" data-element_type=\"widget\" data-widget_type=\"text-editor.default\">\n\t\t\t\t<div class=\"elementor-widget-container\">\n\t\t\t\t\t\t\t<p><span style=\"font-weight: 400;\"><span style=\"text-decoration: underline;\">Inhalt der F\u00f6rderung<\/span><\/span><\/p><p><span style=\"font-weight: 400;\">Bei dieser F\u00f6rderung werden Unternehmen bei der Digitalisierung Ihrer Produkte, Prozesse und Dienstleistungen unterst\u00fctzt. Au\u00dferdem gibt es Zusch\u00fcsse bei der Entwicklung neuer digitaler Plattformen und der Verbesserung der IT Sicherheit. <\/span><\/p>\t\t\t\t\t\t<\/div>\n\t\t\t\t<\/div>\n\t\t\t\t\t<\/div>\n\t\t<\/div>\n\t\t\t\t<div class=\"elementor-column elementor-col-33 elementor-top-column elementor-element elementor-element-622a3d1\" data-id=\"622a3d1\" data-element_type=\"column\">\n\t\t\t<div class=\"elementor-widget-wrap elementor-element-populated\">\n\t\t\t\t\t\t<div class=\"elementor-element elementor-element-1713a45 elementor-widget elementor-widget-text-editor\" data-id=\"1713a45\" data-element_type=\"widget\" data-widget_type=\"text-editor.default\">\n\t\t\t\t<div class=\"elementor-widget-container\">\n\t\t\t\t\t\t\t<p><span style=\"text-decoration: underline;\"><span style=\"font-weight: 400;\">Voraussetzungen<\/span><\/span><\/p><ul><li style=\"font-weight: 400;\"><span style=\"font-weight: 400;\">Ausgaben f\u00fcr Projekte liegen bei mindestens 5.000 Euro<\/span><\/li><\/ul><p>Alle Informationen zur F\u00f6rderung finden Sie <a href=\"https:\/\/www.digitalstarter.saarland\/#foerderantrag-stellen\"><span style=\"text-decoration: underline;\">hier<\/span><\/a>.\u00a0<\/p>\t\t\t\t\t\t<\/div>\n\t\t\t\t<\/div>\n\t\t\t\t\t<\/div>\n\t\t<\/div>\n\t\t\t\t\t<\/div>\n\t\t<\/section>\n\t\t\t\t<section class=\"elementor-section elementor-top-section elementor-element elementor-element-d54f393 elementor-section-boxed elementor-section-height-default elementor-section-height-default\" data-id=\"d54f393\" data-element_type=\"section\">\n\t\t\t\t\t\t<div class=\"elementor-container elementor-column-gap-default\">\n\t\t\t\t\t<div class=\"elementor-column elementor-col-100 elementor-top-column elementor-element elementor-element-2aa4f3d\" data-id=\"2aa4f3d\" data-element_type=\"column\">\n\t\t\t<div class=\"elementor-widget-wrap elementor-element-populated\">\n\t\t\t\t\t\t<div class=\"elementor-element elementor-element-4e26c3a elementor-widget elementor-widget-heading\" data-id=\"4e26c3a\" data-element_type=\"widget\" data-widget_type=\"heading.default\">\n\t\t\t\t<div class=\"elementor-widget-container\">\n\t\t\t<h3 class=\"elementor-heading-title elementor-size-default\">Mecklenburg Vorpommern<\/h3>\t\t<\/div>\n\t\t\t\t<\/div>\n\t\t\t\t<div class=\"elementor-element elementor-element-bee3f68 elementor-widget elementor-widget-heading\" data-id=\"bee3f68\" data-element_type=\"widget\" data-widget_type=\"heading.default\">\n\t\t\t\t<div class=\"elementor-widget-container\">\n\t\t\t<div class=\"elementor-heading-title elementor-size-default\">DigiTrans - Digitalisierung in der Wirtschaft MV <\/div>\t\t<\/div>\n\t\t\t\t<\/div>\n\t\t\t\t\t<\/div>\n\t\t<\/div>\n\t\t\t\t\t<\/div>\n\t\t<\/section>\n\t\t\t\t<section class=\"elementor-section elementor-top-section elementor-element elementor-element-b46d2a4 elementor-section-boxed elementor-section-height-default elementor-section-height-default\" data-id=\"b46d2a4\" data-element_type=\"section\">\n\t\t\t\t\t\t<div class=\"elementor-container elementor-column-gap-default\">\n\t\t\t\t\t<div class=\"elementor-column elementor-col-33 elementor-top-column elementor-element elementor-element-3fac706\" data-id=\"3fac706\" data-element_type=\"column\">\n\t\t\t<div class=\"elementor-widget-wrap elementor-element-populated\">\n\t\t\t\t\t\t<div class=\"elementor-element elementor-element-0d846bc elementor-widget elementor-widget-text-editor\" data-id=\"0d846bc\" data-element_type=\"widget\" data-widget_type=\"text-editor.default\">\n\t\t\t\t<div class=\"elementor-widget-container\">\n\t\t\t\t\t\t\t<p><span style=\"font-weight: 400;\"><span style=\"text-decoration: underline;\">Art der F\u00f6rderung<\/span><\/span><\/p><p><span style=\"font-weight: 400;\">Zuschuss<br \/><\/span><span style=\"font-weight: 400;\"><br \/><\/span><span style=\"font-weight: 400;\"><span style=\"text-decoration: underline;\">H\u00f6he der F\u00f6rderung<\/span><br \/>8.000 &#8211; 10.000 Euro + 35-50% F\u00f6rderquote <\/span><\/p>\t\t\t\t\t\t<\/div>\n\t\t\t\t<\/div>\n\t\t\t\t\t<\/div>\n\t\t<\/div>\n\t\t\t\t<div class=\"elementor-column elementor-col-33 elementor-top-column elementor-element elementor-element-af9dec4\" data-id=\"af9dec4\" data-element_type=\"column\">\n\t\t\t<div class=\"elementor-widget-wrap elementor-element-populated\">\n\t\t\t\t\t\t<div class=\"elementor-element elementor-element-573a0e3 elementor-widget elementor-widget-text-editor\" data-id=\"573a0e3\" data-element_type=\"widget\" data-widget_type=\"text-editor.default\">\n\t\t\t\t<div class=\"elementor-widget-container\">\n\t\t\t\t\t\t\t<p><span style=\"text-decoration: underline;\"><span style=\"font-weight: 400;\">Inhalt der F\u00f6rderung<\/span><\/span><\/p><p><span style=\"font-weight: 400;\">Diese F\u00f6rderung unterst\u00fctzt KMUs und Start Ups bei der Entwicklung neuer L\u00f6sungen und der Erstellung neuer Gesch\u00e4ftsmodelle sowie der Gestaltung digitaler Transformationen. <\/span><\/p>\t\t\t\t\t\t<\/div>\n\t\t\t\t<\/div>\n\t\t\t\t\t<\/div>\n\t\t<\/div>\n\t\t\t\t<div class=\"elementor-column elementor-col-33 elementor-top-column elementor-element elementor-element-45a777a\" data-id=\"45a777a\" data-element_type=\"column\">\n\t\t\t<div class=\"elementor-widget-wrap elementor-element-populated\">\n\t\t\t\t\t\t<div class=\"elementor-element elementor-element-240c94f elementor-widget elementor-widget-text-editor\" data-id=\"240c94f\" data-element_type=\"widget\" data-widget_type=\"text-editor.default\">\n\t\t\t\t<div class=\"elementor-widget-container\">\n\t\t\t\t\t\t\t<p><span style=\"text-decoration: underline;\"><span style=\"font-weight: 400;\">Voraussetzungen\u00a0<\/span><\/span><\/p><ul><li style=\"font-weight: 400;\"><span style=\"font-weight: 400;\">Unternehmen bis zu 50 Mitarbeitern erhalten F\u00f6rderung \u00fcber 50%\u00a0<\/span><\/li><li style=\"font-weight: 400;\"><span style=\"font-weight: 400;\">Unternehmen mit bis zu 250 Mitarbeitern erhalten 35% mit einem Zuschuss von zwischen 8.000 &#8211; 20.000 Euro<\/span><\/li><\/ul><p>Alle Informationen zur F\u00f6rderung finden Sie <a href=\"https:\/\/www.mv-serviceportal.de\/leistung\/?leistungId=109184323\"><span style=\"text-decoration: underline;\">hier<\/span><\/a>.\u00a0<\/p>\t\t\t\t\t\t<\/div>\n\t\t\t\t<\/div>\n\t\t\t\t\t<\/div>\n\t\t<\/div>\n\t\t\t\t\t<\/div>\n\t\t<\/section>\n\t\t\t\t<section class=\"elementor-section elementor-top-section elementor-element elementor-element-0657783 elementor-section-boxed elementor-section-height-default elementor-section-height-default\" data-id=\"0657783\" data-element_type=\"section\">\n\t\t\t\t\t\t<div class=\"elementor-container elementor-column-gap-default\">\n\t\t\t\t\t<div class=\"elementor-column elementor-col-100 elementor-top-column elementor-element elementor-element-e2fefc4\" data-id=\"e2fefc4\" data-element_type=\"column\">\n\t\t\t<div class=\"elementor-widget-wrap elementor-element-populated\">\n\t\t\t\t\t\t<div class=\"elementor-element elementor-element-a24ed28 elementor-widget elementor-widget-heading\" data-id=\"a24ed28\" data-element_type=\"widget\" data-widget_type=\"heading.default\">\n\t\t\t\t<div class=\"elementor-widget-container\">\n\t\t\t<h2 class=\"elementor-heading-title elementor-size-default\">F\u00f6rderungen f\u00fcr Gr\u00fcnder<\/h2>\t\t<\/div>\n\t\t\t\t<\/div>\n\t\t\t\t<div class=\"elementor-element elementor-element-28dd15b elementor-widget elementor-widget-text-editor\" data-id=\"28dd15b\" data-element_type=\"widget\" data-widget_type=\"text-editor.default\">\n\t\t\t\t<div class=\"elementor-widget-container\">\n\t\t\t\t\t\t\t<p>Der Start einer Unternehmensgr\u00fcndung ben\u00f6tigt meist vor allem finanzielle Unterst\u00fctzung. Diese F\u00f6rderungen helfen Unternehmen im Bereich der Digitalisierung bei der Gr\u00fcndung aus. Diese Unterst\u00fctzung kann in Form von Zusch\u00fcssen oder Hilfspaketen angeboten werden.\u00a0<\/p>\t\t\t\t\t\t<\/div>\n\t\t\t\t<\/div>\n\t\t\t\t\t<\/div>\n\t\t<\/div>\n\t\t\t\t\t<\/div>\n\t\t<\/section>\n\t\t\t\t<section class=\"elementor-section elementor-top-section elementor-element elementor-element-6b8870e elementor-section-boxed elementor-section-height-default elementor-section-height-default\" data-id=\"6b8870e\" data-element_type=\"section\">\n\t\t\t\t\t\t<div class=\"elementor-container elementor-column-gap-default\">\n\t\t\t\t\t<div class=\"elementor-column elementor-col-100 elementor-top-column elementor-element elementor-element-5bfcc2f\" data-id=\"5bfcc2f\" data-element_type=\"column\">\n\t\t\t<div class=\"elementor-widget-wrap elementor-element-populated\">\n\t\t\t\t\t\t<div class=\"elementor-element elementor-element-3160520 elementor-widget elementor-widget-heading\" data-id=\"3160520\" data-element_type=\"widget\" data-widget_type=\"heading.default\">\n\t\t\t\t<div class=\"elementor-widget-container\">\n\t\t\t<div class=\"elementor-heading-title elementor-size-default\">Gr\u00fcndung innovativ <\/div>\t\t<\/div>\n\t\t\t\t<\/div>\n\t\t\t\t\t<\/div>\n\t\t<\/div>\n\t\t\t\t\t<\/div>\n\t\t<\/section>\n\t\t\t\t<section class=\"elementor-section elementor-top-section elementor-element elementor-element-05bd0cd elementor-section-boxed elementor-section-height-default elementor-section-height-default\" data-id=\"05bd0cd\" data-element_type=\"section\">\n\t\t\t\t\t\t<div class=\"elementor-container elementor-column-gap-default\">\n\t\t\t\t\t<div class=\"elementor-column elementor-col-33 elementor-top-column elementor-element elementor-element-7dfd989\" data-id=\"7dfd989\" data-element_type=\"column\">\n\t\t\t<div class=\"elementor-widget-wrap elementor-element-populated\">\n\t\t\t\t\t\t<div class=\"elementor-element elementor-element-bc0d093 elementor-widget elementor-widget-text-editor\" data-id=\"bc0d093\" data-element_type=\"widget\" data-widget_type=\"text-editor.default\">\n\t\t\t\t<div class=\"elementor-widget-container\">\n\t\t\t\t\t\t\t<p><span style=\"font-weight: 400;\"><span style=\"text-decoration: underline;\">Art der F\u00f6rderung<\/span><\/span><\/p><p><span style=\"font-weight: 400;\">Zuschuss<br \/><\/span><span style=\"font-weight: 400;\"><br \/><\/span><span style=\"font-weight: 400;\"><span style=\"text-decoration: underline;\">H\u00f6he der F\u00f6rderung<\/span><\/span><\/p><p><span style=\"font-weight: 400;\">bis zu 75% der zuwendungsf\u00e4higen Gesamtausgaben (zwischen 25.000 und 100.000 Euro)<\/span><\/p>\t\t\t\t\t\t<\/div>\n\t\t\t\t<\/div>\n\t\t\t\t\t<\/div>\n\t\t<\/div>\n\t\t\t\t<div class=\"elementor-column elementor-col-33 elementor-top-column elementor-element elementor-element-0bab32e\" data-id=\"0bab32e\" data-element_type=\"column\">\n\t\t\t<div class=\"elementor-widget-wrap elementor-element-populated\">\n\t\t\t\t\t\t<div class=\"elementor-element elementor-element-354a114 elementor-widget elementor-widget-text-editor\" data-id=\"354a114\" data-element_type=\"widget\" data-widget_type=\"text-editor.default\">\n\t\t\t\t<div class=\"elementor-widget-container\">\n\t\t\t\t\t\t\t<p><span style=\"font-weight: 400;\"><span style=\"text-decoration: underline;\">Inhalte der F\u00f6rderung<\/span><\/span><\/p><p><span style=\"font-weight: 400;\">Richtet sich speziell an Existenzgr\u00fcnderInnen mit dem Ziel junge Unternehmen durch innovativen Gesch\u00e4ftsideen zu finanzieren bzw. bei der Finanzierung zu unterst\u00fctzen. <\/span><\/p>\t\t\t\t\t\t<\/div>\n\t\t\t\t<\/div>\n\t\t\t\t\t<\/div>\n\t\t<\/div>\n\t\t\t\t<div class=\"elementor-column elementor-col-33 elementor-top-column elementor-element elementor-element-2a2026b\" data-id=\"2a2026b\" data-element_type=\"column\">\n\t\t\t<div class=\"elementor-widget-wrap elementor-element-populated\">\n\t\t\t\t\t\t<div class=\"elementor-element elementor-element-b8a6526 elementor-widget elementor-widget-text-editor\" data-id=\"b8a6526\" data-element_type=\"widget\" data-widget_type=\"text-editor.default\">\n\t\t\t\t<div class=\"elementor-widget-container\">\n\t\t\t\t\t\t\t<p><span style=\"text-decoration: underline;\"><span style=\"font-weight: 400;\">Voraussetzungen\u00a0<\/span><\/span><\/p><ul><li style=\"font-weight: 400;\"><span style=\"font-weight: 400;\">das Unternehmen befindet sich in den ersten drei Jahren der Gr\u00fcndung\u00a0<\/span><\/li><li style=\"font-weight: 400;\"><span style=\"font-weight: 400;\">das Unternehmen hat seinen Sitz oder eine Betriebsst\u00e4tte in Brandenburg\u00a0<\/span><\/li><li style=\"font-weight: 400;\"><span style=\"font-weight: 400;\">die selbstst\u00e4ndige T\u00e4tigkeit ist der Haupterwerb<\/span><\/li><li style=\"font-weight: 400;\"><span style=\"font-weight: 400;\">die Finanzierung der Gr\u00fcndung muss gesichert werden\u00a0<\/span><\/li><li style=\"font-weight: 400;\"><span style=\"font-weight: 400;\">das Projekt, welches gef\u00f6rdert werden soll, darf noch nicht begonnen sein<\/span><\/li><\/ul><p>Alle Informationen zur F\u00f6rderung finden Sie <a href=\"https:\/\/www.ilb.de\/de\/wirtschaft\/zuschuesse\/gruendung-innovativ\/\"><span style=\"text-decoration: underline;\">hier<\/span><\/a>.\u00a0<\/p>\t\t\t\t\t\t<\/div>\n\t\t\t\t<\/div>\n\t\t\t\t\t<\/div>\n\t\t<\/div>\n\t\t\t\t\t<\/div>\n\t\t<\/section>\n\t\t\t\t<section class=\"elementor-section elementor-top-section elementor-element elementor-element-57810bb elementor-section-boxed elementor-section-height-default elementor-section-height-default\" data-id=\"57810bb\" data-element_type=\"section\">\n\t\t\t\t\t\t<div class=\"elementor-container elementor-column-gap-default\">\n\t\t\t\t\t<div class=\"elementor-column elementor-col-100 elementor-top-column elementor-element elementor-element-2db09b8\" data-id=\"2db09b8\" data-element_type=\"column\">\n\t\t\t<div class=\"elementor-widget-wrap elementor-element-populated\">\n\t\t\t\t\t\t<div class=\"elementor-element elementor-element-d4624d5 elementor-widget elementor-widget-heading\" data-id=\"d4624d5\" data-element_type=\"widget\" data-widget_type=\"heading.default\">\n\t\t\t\t<div class=\"elementor-widget-container\">\n\t\t\t<div class=\"elementor-heading-title elementor-size-default\">Gr\u00fcndungsBonus Berlin <\/div>\t\t<\/div>\n\t\t\t\t<\/div>\n\t\t\t\t\t<\/div>\n\t\t<\/div>\n\t\t\t\t\t<\/div>\n\t\t<\/section>\n\t\t\t\t<section class=\"elementor-section elementor-top-section elementor-element elementor-element-4309377 elementor-section-boxed elementor-section-height-default elementor-section-height-default\" data-id=\"4309377\" data-element_type=\"section\">\n\t\t\t\t\t\t<div class=\"elementor-container elementor-column-gap-default\">\n\t\t\t\t\t<div class=\"elementor-column elementor-col-33 elementor-top-column elementor-element elementor-element-2816497\" data-id=\"2816497\" data-element_type=\"column\">\n\t\t\t<div class=\"elementor-widget-wrap elementor-element-populated\">\n\t\t\t\t\t\t<div class=\"elementor-element elementor-element-a6163f9 elementor-widget elementor-widget-text-editor\" data-id=\"a6163f9\" data-element_type=\"widget\" data-widget_type=\"text-editor.default\">\n\t\t\t\t<div class=\"elementor-widget-container\">\n\t\t\t\t\t\t\t<p><span style=\"font-weight: 400;\"><span style=\"text-decoration: underline;\">Art der F\u00f6rderung<\/span><\/span><\/p><p><span style=\"font-weight: 400;\">Zuschuss <br \/><\/span><span style=\"font-weight: 400;\"><br \/><\/span><span style=\"text-decoration: underline;\"><span style=\"font-weight: 400;\">H\u00f6he der F\u00f6rderung<\/span><\/span><\/p><ul><li style=\"font-weight: 400;\"><span style=\"font-weight: 400;\">Material- und Investitionskosten<\/span><\/li><li style=\"font-weight: 400;\"><span style=\"font-weight: 400;\">laufende Betriebsausgaben (z. B. Raumkosten, Werbe- kosten, Kommunikationskosten)<\/span><\/li><li style=\"font-weight: 400;\"><span style=\"font-weight: 400;\">Personalkosten (ArbeitnehmerInnenbrutto) bis maximal 50 % des Gesamtzuschusses, bei Gr\u00fcnderInnen und Gesch\u00e4ftsf\u00fchrerInnen maximal 2.000 Euro\/ Monat pro Person<\/span><\/li><li style=\"font-weight: 400;\"><span style=\"font-weight: 400;\">Fremdleistungen (z. B. Beratungskosten, Kosten f\u00fcr IT-Entwicklung)<\/span><\/li><li style=\"font-weight: 400;\"><span style=\"font-weight: 400;\">Sicherung von Rechten, Patentanmeldungen und anderen damit verbundenen Kosten.<\/span><\/li><\/ul>\t\t\t\t\t\t<\/div>\n\t\t\t\t<\/div>\n\t\t\t\t\t<\/div>\n\t\t<\/div>\n\t\t\t\t<div class=\"elementor-column elementor-col-33 elementor-top-column elementor-element elementor-element-2754849\" data-id=\"2754849\" data-element_type=\"column\">\n\t\t\t<div class=\"elementor-widget-wrap elementor-element-populated\">\n\t\t\t\t\t\t<div class=\"elementor-element elementor-element-75e5753 elementor-widget elementor-widget-text-editor\" data-id=\"75e5753\" data-element_type=\"widget\" data-widget_type=\"text-editor.default\">\n\t\t\t\t<div class=\"elementor-widget-container\">\n\t\t\t\t\t\t\t<p><span style=\"font-weight: 400;\"><span style=\"text-decoration: underline;\">Inhalt der F\u00f6rderung<\/span><\/span><\/p><p><span style=\"font-weight: 400;\">Diese F\u00f6rderung unterst\u00fctzt Existenzgr\u00fcndungen in der Aufbauphase mit Zusch\u00fcsse zur Anwendung innovativer Ideen im Bereich der Verbesserung von Produkten, Dienstleistungen und Prozessen. <\/span><\/p>\t\t\t\t\t\t<\/div>\n\t\t\t\t<\/div>\n\t\t\t\t\t<\/div>\n\t\t<\/div>\n\t\t\t\t<div class=\"elementor-column elementor-col-33 elementor-top-column elementor-element elementor-element-486d7e8\" data-id=\"486d7e8\" data-element_type=\"column\">\n\t\t\t<div class=\"elementor-widget-wrap elementor-element-populated\">\n\t\t\t\t\t\t<div class=\"elementor-element elementor-element-8b92ecb elementor-widget elementor-widget-text-editor\" data-id=\"8b92ecb\" data-element_type=\"widget\" data-widget_type=\"text-editor.default\">\n\t\t\t\t<div class=\"elementor-widget-container\">\n\t\t\t\t\t\t\t<p><span style=\"text-decoration: underline;\"><span style=\"font-weight: 400;\">Voraussetzungen<\/span><\/span><\/p><ul><li style=\"font-weight: 400;\"><span style=\"font-weight: 400;\">Unternehmen mit Sitz in Berlin\u00a0<\/span><\/li><li style=\"font-weight: 400;\"><span style=\"font-weight: 400;\">es handelt sich um eine technologisches, digitales, gemeinn\u00fctziges oder nachhaltiges Gesch\u00e4ftsmodell<\/span><\/li><li style=\"font-weight: 400;\"><span style=\"font-weight: 400;\">das Unternehmen darf zum Zeitpunkt der Antragstellung nicht \u00e4lter als 12 Monate sein<\/span><\/li><\/ul><p>Alle Informationen zur F\u00f6rderung finden Sie <a href=\"https:\/\/www.gruendungsbonus.de\/\"><span style=\"text-decoration: underline;\">hier<\/span><\/a>.\u00a0<\/p>\t\t\t\t\t\t<\/div>\n\t\t\t\t<\/div>\n\t\t\t\t\t<\/div>\n\t\t<\/div>\n\t\t\t\t\t<\/div>\n\t\t<\/section>\n\t\t\t\t<section class=\"elementor-section elementor-top-section elementor-element elementor-element-613e5ab elementor-section-boxed elementor-section-height-default elementor-section-height-default\" data-id=\"613e5ab\" data-element_type=\"section\">\n\t\t\t\t\t\t<div class=\"elementor-container elementor-column-gap-default\">\n\t\t\t\t\t<div class=\"elementor-column elementor-col-100 elementor-top-column elementor-element elementor-element-c988bff\" data-id=\"c988bff\" data-element_type=\"column\">\n\t\t\t<div class=\"elementor-widget-wrap elementor-element-populated\">\n\t\t\t\t\t\t<div class=\"elementor-element elementor-element-aecbf33 elementor-widget elementor-widget-heading\" data-id=\"aecbf33\" data-element_type=\"widget\" data-widget_type=\"heading.default\">\n\t\t\t\t<div class=\"elementor-widget-container\">\n\t\t\t<div class=\"elementor-heading-title elementor-size-default\">Weitere F\u00f6rderungen zur Digitalisierung und Gr\u00fcndung<\/div>\t\t<\/div>\n\t\t\t\t<\/div>\n\t\t\t\t<div class=\"elementor-element elementor-element-017f194 elementor-widget elementor-widget-text-editor\" data-id=\"017f194\" data-element_type=\"widget\" data-widget_type=\"text-editor.default\">\n\t\t\t\t<div class=\"elementor-widget-container\">\n\t\t\t\t\t\t\t<p>W\u00e4hrend der Corona-Pandemie hat sich gezeigt, welche Chancen sich auch f\u00fcr kleine und mittlere Unternehmen (KMU) durch die digitale Transformation ergeben. Um eine langfristige Mittelst\u00e4ndische Digitalisierungsoffensive zu erreichen, f\u00f6rdern regionale Stellen vom Bund Unternehmen, die eine digitale Transformation vorantreiben m\u00f6chten. Es werden Projekte zur Entwicklung digitaler Gesch\u00e4ftsmodelle, zur Einf\u00fchrung digitaler Technologien und zur Anpassung bestehender Prozesse unterst\u00fctzt. Ansprechpartner sind h\u00e4ufig Ministerien f\u00fcr Wirtschaft, Innovation, Digitalisierung und Energie des Landes. Welche weiteren aktuellen Angebote die jeweiligen Stellen 2023 bereithalten, sollten Interessierte online recherchieren. Es lohnt sich, weil es stets neue Angebote gibt.<\/p>\t\t\t\t\t\t<\/div>\n\t\t\t\t<\/div>\n\t\t\t\t\t<\/div>\n\t\t<\/div>\n\t\t\t\t\t<\/div>\n\t\t<\/section>\n\t\t\t\t<section class=\"elementor-section elementor-top-section elementor-element elementor-element-3c6ec38 elementor-section-boxed elementor-section-height-default elementor-section-height-default\" data-id=\"3c6ec38\" data-element_type=\"section\" data-settings=\"{&quot;background_background&quot;:&quot;classic&quot;}\">\n\t\t\t\t\t\t<div class=\"elementor-container elementor-column-gap-default\">\n\t\t\t\t\t<div class=\"elementor-column elementor-col-100 elementor-top-column elementor-element elementor-element-d7c3ae1\" data-id=\"d7c3ae1\" data-element_type=\"column\" data-settings=\"{&quot;background_background&quot;:&quot;classic&quot;}\">\n\t\t\t<div class=\"elementor-widget-wrap elementor-element-populated\">\n\t\t\t\t\t\t<div class=\"elementor-element elementor-element-66e0e65 elementor-widget elementor-widget-text-editor\" data-id=\"66e0e65\" data-element_type=\"widget\" data-widget_type=\"text-editor.default\">\n\t\t\t\t<div class=\"elementor-widget-container\">\n\t\t\t\t\t\t\t<p>Weitere F\u00f6rderungen f\u00fcr Digitalisierung und wichtige Informationen f\u00fcr Gr\u00fcnderInnen k\u00f6nnen Sie hier auf dem Boxenstopp finden:&nbsp;<a href=\"https:\/\/vimcar.de\/boxenstopp\/gruender\/foerderungen-gruender\/\">F\u00f6rderungen zur Unternehmensgr\u00fcndung<\/a>.&nbsp;<\/p>\n<p>Neben der Digitalisierung gibt es noch weitere F\u00f6rderungen aus anderen Bereichen f\u00fcr Unternehmen. Hierzu haben wir hier eine \u00dcbersicht f\u00fcr Sie erstellt:&nbsp;<a href=\"https:\/\/vimcar.de\/boxenstopp\/digialisierung\/foerderungen-fuer-unternehmen\/\"><u>F\u00f6rderungen f\u00fcr Unternehmen<\/u><\/a>.<\/p>\t\t\t\t\t\t<\/div>\n\t\t\t\t<\/div>\n\t\t\t\t\t<\/div>\n\t\t<\/div>\n\t\t\t\t\t<\/div>\n\t\t<\/section>\n\t\t\t\t<\/div>\n\t\t","protected":false},"excerpt":{"rendered":"<p>Die Digitalisierung im Fuhrpark spielt in der Zukunft eine wichtige Rolle f\u00fcr FuhrparkleiterInnen. Unternehmen besch\u00e4ftigen sich immer mehr mit intelligenten L\u00f6sungen zur Effizienzoptimierung, aber die Budgetfrage bleibt bestehen. Es gibt in den Bundesl\u00e4ndern verschiedene F\u00f6rderungen f\u00fcr Digitalisierung, die von 100 bis zu 1.000.000 Euro reichen und f\u00fcr KMU, Gr\u00fcnder oder Kommunen zug\u00e4nglich sind. In einer [&hellip;]<\/p>\n","protected":false},"author":74,"featured_media":0,"parent":10314,"menu_order":0,"comment_status":"open","ping_status":"closed","template":"","meta":{"footnotes":"","_wp_rev_ctl_limit":""},"yoast_head":"<!-- This site is optimized with the Yoast SEO Premium plugin v21.5 (Yoast SEO v21.5) - https:\/\/yoast.com\/wordpress\/plugins\/seo\/ -->\n<title>F\u00f6rderungen zur Digitalisierung von Betrieben<\/title>\n<meta name=\"description\" content=\"Sie m\u00f6chten in Ihrem Start-Up\/KMU die Digitalisierung implementieren? Hier erfahren Sie, wie dies durch F\u00f6rderungen m\u00f6glich werden kann.\" \/>\n<meta name=\"robots\" content=\"index, follow, max-snippet:-1, max-image-preview:large, max-video-preview:-1\" \/>\n<link rel=\"canonical\" href=\"https:\/\/vimcar.de\/boxenstopp\/digitalisierung\/foerderungen-kmu-gruender\/\" \/>\n<meta property=\"og:locale\" content=\"de_DE\" \/>\n<meta property=\"og:type\" content=\"article\" \/>\n<meta property=\"og:title\" content=\"F\u00f6rderungen zur Digitalisierung von Betrieben\" \/>\n<meta property=\"og:description\" content=\"Sie m\u00f6chten in Ihrem Start-Up\/KMU die Digitalisierung implementieren? Hier erfahren Sie, wie dies durch F\u00f6rderungen m\u00f6glich werden kann.\" \/>\n<meta property=\"og:url\" content=\"https:\/\/vimcar.de\/boxenstopp\/digitalisierung\/foerderungen-kmu-gruender\/\" \/>\n<meta property=\"og:site_name\" content=\"Vimcar Boxenstopp\" \/>\n<meta property=\"article:publisher\" content=\"https:\/\/www.facebook.com\/vimcar\" \/>\n<meta property=\"article:modified_time\" content=\"2023-02-22T14:40:33+00:00\" \/>\n<meta property=\"og:image\" content=\"http:\/\/vimcar.de\/boxenstopp\/wp-content\/uploads\/2020\/07\/Dashboard-Vimcar-Fleet-1024x1024.png\" \/>\n<meta name=\"twitter:card\" content=\"summary_large_image\" \/>\n<meta name=\"twitter:site\" content=\"@goVimcar\" \/>\n<meta name=\"twitter:label1\" content=\"Gesch\u00e4tzte Lesezeit\" \/>\n\t<meta name=\"twitter:data1\" content=\"15\u00a0Minuten\" \/>\n<!-- \/ Yoast SEO Premium plugin. -->","yoast_head_json":{"title":"F\u00f6rderungen zur Digitalisierung von Betrieben","description":"Sie m\u00f6chten in Ihrem Start-Up\/KMU die Digitalisierung implementieren? Hier erfahren Sie, wie dies durch F\u00f6rderungen m\u00f6glich werden kann.","robots":{"index":"index","follow":"follow","max-snippet":"max-snippet:-1","max-image-preview":"max-image-preview:large","max-video-preview":"max-video-preview:-1"},"canonical":"https:\/\/vimcar.de\/boxenstopp\/digitalisierung\/foerderungen-kmu-gruender\/","og_locale":"de_DE","og_type":"article","og_title":"F\u00f6rderungen zur Digitalisierung von Betrieben","og_description":"Sie m\u00f6chten in Ihrem Start-Up\/KMU die Digitalisierung implementieren? Hier erfahren Sie, wie dies durch F\u00f6rderungen m\u00f6glich werden kann.","og_url":"https:\/\/vimcar.de\/boxenstopp\/digitalisierung\/foerderungen-kmu-gruender\/","og_site_name":"Vimcar Boxenstopp","article_publisher":"https:\/\/www.facebook.com\/vimcar","article_modified_time":"2023-02-22T14:40:33+00:00","og_image":[{"url":"http:\/\/vimcar.de\/boxenstopp\/wp-content\/uploads\/2020\/07\/Dashboard-Vimcar-Fleet-1024x1024.png"}],"twitter_card":"summary_large_image","twitter_site":"@goVimcar","twitter_misc":{"Gesch\u00e4tzte Lesezeit":"15\u00a0Minuten"},"schema":{"@context":"https:\/\/schema.org","@graph":[{"@type":"WebPage","@id":"https:\/\/vimcar.de\/boxenstopp\/digitalisierung\/foerderungen-kmu-gruender\/","url":"https:\/\/vimcar.de\/boxenstopp\/digitalisierung\/foerderungen-kmu-gruender\/","name":"F\u00f6rderungen zur Digitalisierung von Betrieben","isPartOf":{"@id":"https:\/\/vimcar.de\/boxenstopp\/#website"},"datePublished":"2022-01-02T10:58:00+00:00","dateModified":"2023-02-22T14:40:33+00:00","description":"Sie m\u00f6chten in Ihrem Start-Up\/KMU die Digitalisierung implementieren? Hier erfahren Sie, wie dies durch F\u00f6rderungen m\u00f6glich werden kann.","breadcrumb":{"@id":"https:\/\/vimcar.de\/boxenstopp\/digitalisierung\/foerderungen-kmu-gruender\/#breadcrumb"},"inLanguage":"de","potentialAction":[{"@type":"ReadAction","target":["https:\/\/vimcar.de\/boxenstopp\/digitalisierung\/foerderungen-kmu-gruender\/"]}]},{"@type":"BreadcrumbList","@id":"https:\/\/vimcar.de\/boxenstopp\/digitalisierung\/foerderungen-kmu-gruender\/#breadcrumb","itemListElement":[{"@type":"ListItem","position":1,"name":"Startseite","item":"https:\/\/vimcar.de\/boxenstopp\/"},{"@type":"ListItem","position":2,"name":"Digitalisierung im Fuhrpark","item":"https:\/\/vimcar.de\/boxenstopp\/digitalisierung\/"},{"@type":"ListItem","position":3,"name":"F\u00f6rderungen zur Digitalisierung von Betrieben"}]},{"@type":"WebSite","@id":"https:\/\/vimcar.de\/boxenstopp\/#website","url":"https:\/\/vimcar.de\/boxenstopp\/","name":"Vimcar Boxenstopp","description":"- Die Lernplattform f\u00fcr Fuhrparkleiter","publisher":{"@id":"https:\/\/vimcar.de\/boxenstopp\/#organization"},"potentialAction":[{"@type":"SearchAction","target":{"@type":"EntryPoint","urlTemplate":"https:\/\/vimcar.de\/boxenstopp\/?s={search_term_string}"},"query-input":"required name=search_term_string"}],"inLanguage":"de"},{"@type":"Organization","@id":"https:\/\/vimcar.de\/boxenstopp\/#organization","name":"Vimcar Boxenstopp - Fuhrparkwissen","url":"https:\/\/vimcar.de\/boxenstopp\/","logo":{"@type":"ImageObject","inLanguage":"de","@id":"https:\/\/vimcar.de\/boxenstopp\/#\/schema\/logo\/image\/","url":"https:\/\/vimcar.de\/boxenstopp\/wp-content\/uploads\/2020\/10\/logo-vimcar-boxenstopp.png","contentUrl":"https:\/\/vimcar.de\/boxenstopp\/wp-content\/uploads\/2020\/10\/logo-vimcar-boxenstopp.png","width":250,"height":50,"caption":"Vimcar Boxenstopp - Fuhrparkwissen"},"image":{"@id":"https:\/\/vimcar.de\/boxenstopp\/#\/schema\/logo\/image\/"},"sameAs":["https:\/\/www.facebook.com\/vimcar","https:\/\/twitter.com\/goVimcar","https:\/\/www.instagram.com\/vimcar_official\/","https:\/\/de.linkedin.com\/company\/vimcar","https:\/\/www.pinterest.de\/vimcar\/","https:\/\/www.youtube.com\/channel\/UCWRajoA7OnWsAw-ezAahZPg"]}]}},"_links":{"self":[{"href":"https:\/\/vimcar.de\/boxenstopp\/wp-json\/wp\/v2\/pages\/10335"}],"collection":[{"href":"https:\/\/vimcar.de\/boxenstopp\/wp-json\/wp\/v2\/pages"}],"about":[{"href":"https:\/\/vimcar.de\/boxenstopp\/wp-json\/wp\/v2\/types\/page"}],"author":[{"embeddable":true,"href":"https:\/\/vimcar.de\/boxenstopp\/wp-json\/wp\/v2\/users\/74"}],"replies":[{"embeddable":true,"href":"https:\/\/vimcar.de\/boxenstopp\/wp-json\/wp\/v2\/comments?post=10335"}],"version-history":[{"count":0,"href":"https:\/\/vimcar.de\/boxenstopp\/wp-json\/wp\/v2\/pages\/10335\/revisions"}],"up":[{"embeddable":true,"href":"https:\/\/vimcar.de\/boxenstopp\/wp-json\/wp\/v2\/pages\/10314"}],"wp:attachment":[{"href":"https:\/\/vimcar.de\/boxenstopp\/wp-json\/wp\/v2\/media?parent=10335"}],"curies":[{"name":"wp","href":"https:\/\/api.w.org\/{rel}","templated":true}]}}