{"id":12076,"date":"2020-06-18T16:13:57","date_gmt":"2020-06-18T14:13:57","guid":{"rendered":"https:\/\/vimcar.de\/boxenstopp\/?page_id=12076"},"modified":"2021-02-02T15:18:50","modified_gmt":"2021-02-02T14:18:50","slug":"dienstrad","status":"publish","type":"page","link":"https:\/\/vimcar.de\/boxenstopp\/lexikon\/dienstrad\/","title":{"rendered":"Dienstrad"},"content":{"rendered":"\t\t<div data-elementor-type=\"wp-page\" data-elementor-id=\"12076\" class=\"elementor elementor-12076\" data-elementor-post-type=\"page\">\n\t\t\t\t\t\t<section class=\"elementor-section elementor-top-section elementor-element elementor-element-1975715 elementor-section-boxed elementor-section-height-default elementor-section-height-default\" data-id=\"1975715\" data-element_type=\"section\">\n\t\t\t\t\t\t<div class=\"elementor-container elementor-column-gap-default\">\n\t\t\t\t\t<div class=\"elementor-column elementor-col-100 elementor-top-column elementor-element elementor-element-1b388d8\" data-id=\"1b388d8\" data-element_type=\"column\">\n\t\t\t<div class=\"elementor-widget-wrap elementor-element-populated\">\n\t\t\t\t\t\t<div class=\"elementor-element elementor-element-ae72e35 elementor-widget elementor-widget-text-editor\" data-id=\"ae72e35\" data-element_type=\"widget\" data-widget_type=\"text-editor.default\">\n\t\t\t\t<div class=\"elementor-widget-container\">\n\t\t\t\t\t\t\t<p><i><span style=\"font-weight: 400;\">Das Dienstrad ist eine \u00f6kologische Variante zum PKW, dem Firmenwagen steuerlich weitgehend gleichgestellt und eine gute Alternative. Doch was sind Vor- und Nachteile? Und welche Rolle spielt es im Moment?<\/span><\/i><\/p><p><span style=\"font-weight: 400;\">Prestige, Macht und Statussymbol \u2013 der eigene Dienstwagen steht seit langem f\u00fcr den Erfolg in einem Unternehmen. Doch mittlerweile bekommt er Konkurrenz durch das Dienstfahrrad. Aktuell hat die Coronakrise den Verkauf der Fahrr\u00e4der auf ein Allzeithoch bef\u00f6rdert. Bereits im letzten Jahr stiegen immer mehr Berufst\u00e4tige auf das Rad um, um entspannt und fit bei der Arbeit anzukommen. Im \u201eFahrrad-Monitor Deutschland 2019\u201c haben fast ein Drittel der berufst\u00e4tigen und Azubis angegeben, das Fahrrad mindestens ein paar Mal pro Woche auf dem Weg zur Arbeit zu nutzen. Diesen Trend sp\u00fcren auch viele Firmen, die statt Firmenwagen auch Dienstr\u00e4der f\u00fcr Mitarbeiter anbieten. Experten sch\u00e4tzen, dass mittlerweile knapp 300.000 Dienstfahrr\u00e4der in Deutschland im Einsatz sind. Diese Popularit\u00e4t verwundert kaum: Im Jahr 2019 wurden 4,31 Millionen Fahrr\u00e4der in Deutschland verkauft, davon 1,36 Millionen E-Bikes. Neben dem\u00a0<\/span><a href=\"https:\/\/vimcar.de\/boxenstopp\/lexikon\/firmenwagen\/\" target=\"_blank\" rel=\"noopener\">Firmenwagen<\/a><span style=\"font-weight: 400;\">\u00a0spielt das Dienstfahrrad aber noch eine Au\u00dfenseiterrolle.<\/span><\/p>\t\t\t\t\t\t<\/div>\n\t\t\t\t<\/div>\n\t\t\t\t<div class=\"elementor-element elementor-element-df55139 elementor-widget elementor-widget-heading\" data-id=\"df55139\" data-element_type=\"widget\" data-widget_type=\"heading.default\">\n\t\t\t\t<div class=\"elementor-widget-container\">\n\t\t\t<h2 class=\"elementor-heading-title elementor-size-default\">Dienstfahrrad steuerlich absetzbar<\/h2>\t\t<\/div>\n\t\t\t\t<\/div>\n\t\t\t\t\t<\/div>\n\t\t<\/div>\n\t\t\t\t\t<\/div>\n\t\t<\/section>\n\t\t\t\t<section class=\"elementor-section elementor-top-section elementor-element elementor-element-4368e86 elementor-section-boxed elementor-section-height-default elementor-section-height-default\" data-id=\"4368e86\" data-element_type=\"section\">\n\t\t\t\t\t\t<div class=\"elementor-container elementor-column-gap-default\">\n\t\t\t\t\t<div class=\"elementor-column elementor-col-100 elementor-top-column elementor-element elementor-element-703ca3d\" data-id=\"703ca3d\" data-element_type=\"column\">\n\t\t\t<div class=\"elementor-widget-wrap elementor-element-populated\">\n\t\t\t\t\t\t<div class=\"elementor-element elementor-element-858f3d6 elementor-widget elementor-widget-text-editor\" data-id=\"858f3d6\" data-element_type=\"widget\" data-widget_type=\"text-editor.default\">\n\t\t\t\t<div class=\"elementor-widget-container\">\n\t\t\t\t\t\t\t<p><span style=\"font-weight: 400;\">Pluspunkte f\u00fcr das Dienstfahrrad gibt es viele. Neben dem Umweltaspekt findet sich ein weiterer im steuerlichen Bereich. So muss \u2013 im Gegensatz zum Firmenwagen \u2013 der Anfahrtsweg zur Arbeit mit dem Fahrrad nicht versteuert werden. Au\u00dferdem sind Dienstwagen und Dienstfahrrad steuerlich gleichgestellt: Auch E-Bikes k\u00f6nnen au\u00dferhalb der Arbeitszeit f\u00fcr private Fahrten genutzt werden.<\/span><\/p>\t\t\t\t\t\t<\/div>\n\t\t\t\t<\/div>\n\t\t\t\t<div class=\"elementor-element elementor-element-07cc29e elementor-widget elementor-widget-heading\" data-id=\"07cc29e\" data-element_type=\"widget\" data-widget_type=\"heading.default\">\n\t\t\t\t<div class=\"elementor-widget-container\">\n\t\t\t<h2 class=\"elementor-heading-title elementor-size-default\">Beste Option: Fahrrad-Leasing<\/h2>\t\t<\/div>\n\t\t\t\t<\/div>\n\t\t\t\t\t<\/div>\n\t\t<\/div>\n\t\t\t\t\t<\/div>\n\t\t<\/section>\n\t\t\t\t<section class=\"elementor-section elementor-top-section elementor-element elementor-element-8b1fd81 elementor-section-boxed elementor-section-height-default elementor-section-height-default\" data-id=\"8b1fd81\" data-element_type=\"section\">\n\t\t\t\t\t\t<div class=\"elementor-container elementor-column-gap-default\">\n\t\t\t\t\t<div class=\"elementor-column elementor-col-100 elementor-top-column elementor-element elementor-element-7139e3f\" data-id=\"7139e3f\" data-element_type=\"column\">\n\t\t\t<div class=\"elementor-widget-wrap elementor-element-populated\">\n\t\t\t\t\t\t<div class=\"elementor-element elementor-element-881f9ae elementor-widget elementor-widget-text-editor\" data-id=\"881f9ae\" data-element_type=\"widget\" data-widget_type=\"text-editor.default\">\n\t\t\t\t<div class=\"elementor-widget-container\">\n\t\t\t\t\t\t\t<figure id=\"attachment_12079\" aria-describedby=\"caption-attachment-12079\" style=\"width: 305px\" class=\"wp-caption alignright\"><img fetchpriority=\"high\" decoding=\"async\" class=\" wp-image-12079\" src=\"https:\/\/vimcar.de\/boxenstopp\/wp-content\/uploads\/2020\/06\/Dienstfahrrad-1.jpg\" alt=\"Dienstfahrrad\" width=\"305\" height=\"203\" srcset=\"https:\/\/vimcar.de\/boxenstopp\/wp-content\/uploads\/2020\/06\/Dienstfahrrad-1.jpg 640w, https:\/\/vimcar.de\/boxenstopp\/wp-content\/uploads\/2020\/06\/Dienstfahrrad-1-300x200.jpg 300w, https:\/\/vimcar.de\/boxenstopp\/wp-content\/uploads\/2020\/06\/Dienstfahrrad-1-24x16.jpg 24w, https:\/\/vimcar.de\/boxenstopp\/wp-content\/uploads\/2020\/06\/Dienstfahrrad-1-36x24.jpg 36w, https:\/\/vimcar.de\/boxenstopp\/wp-content\/uploads\/2020\/06\/Dienstfahrrad-1-48x32.jpg 48w\" sizes=\"(max-width: 305px) 100vw, 305px\" \/><figcaption id=\"caption-attachment-12079\" class=\"wp-caption-text\">Ein Dienstfahrrad.<\/figcaption><\/figure><p><span style=\"font-weight: 400;\">Auch das\u00a0<\/span><a href=\"https:\/\/vimcar.de\/boxenstopp\/lexikon\/leasing\/\" target=\"_blank\" rel=\"noopener\">Leasing<\/a><span style=\"font-weight: 400;\">\u00a0von Fahrr\u00e4dern hat sich etabliert. Unternehmen und Mitarbeiter k\u00f6nnen dadurch die zahlreichen Vorteile eines Dienstfahrrads bestens nutzen. Die Anbieter von Leasing-Fahrr\u00e4dern k\u00f6nnen dabei auf unterschiedlichste Modelle zugreifen. Von normalen Fahrr\u00e4dern \u00fcber E-Bikes bis hin zu Lastenfahrr\u00e4dern mit elektronischer Verst\u00e4rkung \u2013 f\u00fcr jeden Anlass das richtige Rad. Die Vorteile des Leasings sind:<\/span><\/p><ul><li><span style=\"font-weight: 400;\"> Die meisten Vertr\u00e4ge beinhalten einen Rundum-Service mit Reparatur, Ersatzrad sowie Austausch nach Vertragsende.<\/span><\/li><li><span style=\"font-weight: 400;\"> Unternehmer m\u00fcssen keine hohen Kosten investieren, sondern nur monatliche Leasingraten zahlen.\u00a0<\/span><\/li><li><span style=\"font-weight: 400;\"> Leasingraten sowie Versicherungsbeitr\u00e4ge z\u00e4hlen zu den\u00a0<a href=\"https:\/\/vimcar.de\/boxenstopp\/lexikon\/betriebskosten\/\" target=\"_blank\" rel=\"noopener\">Betriebskosten<\/a>\u00a0und lassen sich steuerlich absetzen.\u00a0<\/span><\/li><li><span style=\"font-weight: 400;\"> Nach dem Ende der Vertragslaufzeit kann der Mitarbeiter sein Wunschrad privat \u00fcbernehmen, wenn er daf\u00fcr einen prozentualen Anteil am Restwert bezahlt.<\/span><\/li><\/ul>\t\t\t\t\t\t<\/div>\n\t\t\t\t<\/div>\n\t\t\t\t<div class=\"elementor-element elementor-element-760a951 elementor-widget elementor-widget-heading\" data-id=\"760a951\" data-element_type=\"widget\" data-widget_type=\"heading.default\">\n\t\t\t\t<div class=\"elementor-widget-container\">\n\t\t\t<h2 class=\"elementor-heading-title elementor-size-default\">Dienstfahrrad oder Firmenwagen?<\/h2>\t\t<\/div>\n\t\t\t\t<\/div>\n\t\t\t\t\t<\/div>\n\t\t<\/div>\n\t\t\t\t\t<\/div>\n\t\t<\/section>\n\t\t\t\t<section class=\"elementor-section elementor-top-section elementor-element elementor-element-223595b elementor-section-boxed elementor-section-height-default elementor-section-height-default\" data-id=\"223595b\" data-element_type=\"section\">\n\t\t\t\t\t\t<div class=\"elementor-container elementor-column-gap-default\">\n\t\t\t\t\t<div class=\"elementor-column elementor-col-100 elementor-top-column elementor-element elementor-element-85f4c1a\" data-id=\"85f4c1a\" data-element_type=\"column\">\n\t\t\t<div class=\"elementor-widget-wrap elementor-element-populated\">\n\t\t\t\t\t\t<div class=\"elementor-element elementor-element-3617672 elementor-widget elementor-widget-text-editor\" data-id=\"3617672\" data-element_type=\"widget\" data-widget_type=\"text-editor.default\">\n\t\t\t\t<div class=\"elementor-widget-container\">\n\t\t\t\t\t\t\t<figure id=\"attachment_12085\" aria-describedby=\"caption-attachment-12085\" style=\"width: 364px\" class=\"wp-caption alignright\"><img decoding=\"async\" class=\" wp-image-12085\" src=\"https:\/\/vimcar.de\/boxenstopp\/wp-content\/uploads\/2020\/06\/Lastenfahrrad.jpg\" alt=\"Lastenfahrrad\" width=\"364\" height=\"214\" srcset=\"https:\/\/vimcar.de\/boxenstopp\/wp-content\/uploads\/2020\/06\/Lastenfahrrad.jpg 1000w, https:\/\/vimcar.de\/boxenstopp\/wp-content\/uploads\/2020\/06\/Lastenfahrrad-300x176.jpg 300w, https:\/\/vimcar.de\/boxenstopp\/wp-content\/uploads\/2020\/06\/Lastenfahrrad-1024x602.jpg 1024w, https:\/\/vimcar.de\/boxenstopp\/wp-content\/uploads\/2020\/06\/Lastenfahrrad-768x451.jpg 768w, https:\/\/vimcar.de\/boxenstopp\/wp-content\/uploads\/2020\/06\/Lastenfahrrad-24x14.jpg 24w, https:\/\/vimcar.de\/boxenstopp\/wp-content\/uploads\/2020\/06\/Lastenfahrrad-36x21.jpg 36w, https:\/\/vimcar.de\/boxenstopp\/wp-content\/uploads\/2020\/06\/Lastenfahrrad-48x28.jpg 48w\" sizes=\"(max-width: 364px) 100vw, 364px\" \/><figcaption id=\"caption-attachment-12085\" class=\"wp-caption-text\">Mit einem Lastenfahrrad l\u00e4sst sich schwere Ladung transportieren.<\/figcaption><\/figure><p><span style=\"font-weight: 400;\">Wie so h\u00e4ufig l\u00e4sst sich diese Frage nicht so einfach beantworten. Sie h\u00e4ngt unmittelbar mit der Art des Einsatzes zusammen. In verschiedenen Bereichen gibt es Vor- und Nachteile bei Firmenwagen wie auch Dienstrad.\u00a0<\/span><\/p><ul><li><span style=\"font-weight: 400;\"> Bei kurzen Strecken spricht alles f\u00fcr das Zweirad. Die l\u00e4stige Parkplatzsuche entf\u00e4llt und man ist schneller bei dem Kunden als mit dem Auto.\u00a0<\/span><\/li><li><span style=\"font-weight: 400;\"> Selbst schwere G\u00fcter lassen sich mit dem E-Lastenfahrrad heute problemlos transportieren.<\/span><\/li><li><span style=\"font-weight: 400;\"> Eine holl\u00e4ndische Studie konnte beweisen, dass radfahrende Arbeitnehmer seltener krankheitsbedingt ausfallen und fitter sind.<\/span><\/li><li><span style=\"font-weight: 400;\"> In Zeiten des Klimawandels k\u00f6nnen sich Arbeitgeber mit Dienstfahrr\u00e4dern in Nachhaltigkeit profilieren.<\/span><\/li><li><span style=\"font-weight: 400;\"> Wer mit dem Rad zur Arbeit kommt und dies auch f\u00fcr dienstliche Fahrten nutzt, ben\u00f6tigt keinen Pkw-Stellplatz.<\/span><\/li><li><span style=\"font-weight: 400;\"> Ein Dienstwagen hingegen kann bei jeder Wetterlage genutzt werden. Mitarbeiter kommen trocken bei ihren Kunden an.\u00a0<\/span><\/li><li><span style=\"font-weight: 400;\"> Geht es darum G\u00fcter zu transportieren, oder Besuche bei weit entfernten Kunden zu t\u00e4tigen, kommt man am Pkw kaum vorbei.<\/span><\/li><\/ul>\t\t\t\t\t\t<\/div>\n\t\t\t\t<\/div>\n\t\t\t\t<div class=\"elementor-element elementor-element-025e076 elementor-widget elementor-widget-heading\" data-id=\"025e076\" data-element_type=\"widget\" data-widget_type=\"heading.default\">\n\t\t\t\t<div class=\"elementor-widget-container\">\n\t\t\t<h2 class=\"elementor-heading-title elementor-size-default\">Dienstfahrrad, aber welches?<\/h2>\t\t<\/div>\n\t\t\t\t<\/div>\n\t\t\t\t\t<\/div>\n\t\t<\/div>\n\t\t\t\t\t<\/div>\n\t\t<\/section>\n\t\t\t\t<section class=\"elementor-section elementor-top-section elementor-element elementor-element-9cef3b5 elementor-section-boxed elementor-section-height-default elementor-section-height-default\" data-id=\"9cef3b5\" data-element_type=\"section\">\n\t\t\t\t\t\t<div class=\"elementor-container elementor-column-gap-default\">\n\t\t\t\t\t<div class=\"elementor-column elementor-col-100 elementor-top-column elementor-element elementor-element-ae99be6\" data-id=\"ae99be6\" data-element_type=\"column\">\n\t\t\t<div class=\"elementor-widget-wrap elementor-element-populated\">\n\t\t\t\t\t\t<div class=\"elementor-element elementor-element-f60f2f8 elementor-widget elementor-widget-text-editor\" data-id=\"f60f2f8\" data-element_type=\"widget\" data-widget_type=\"text-editor.default\">\n\t\t\t\t<div class=\"elementor-widget-container\">\n\t\t\t\t\t\t\t<p><span style=\"font-weight: 400;\">Wenn es um die Auswahl von Dienstr\u00e4dern geht, sind fast alle Zweir\u00e4der daf\u00fcr geeignet. Dazu z\u00e4hlen selbst Rennr\u00e4der, Mountainbike und E-Bikes, die den Fahrer mit einer Geschwindigkeit bis 25 Kilometer pro Stunde unterst\u00fctzen. F\u00fcr Pedelecs (S-Pedelecs) mit bis zu 45 Stundenkilometer ben\u00f6tigt man nicht nur F\u00fchrerschein, Versicherungskennzeichen und Helm \u2013 das Finanzamt setzt sie auch mit dem Dienstwagen gleich. <\/span><\/p>\t\t\t\t\t\t<\/div>\n\t\t\t\t<\/div>\n\t\t\t\t<div class=\"elementor-element elementor-element-5112b04 elementor-widget elementor-widget-heading\" data-id=\"5112b04\" data-element_type=\"widget\" data-widget_type=\"heading.default\">\n\t\t\t\t<div class=\"elementor-widget-container\">\n\t\t\t<h2 class=\"elementor-heading-title elementor-size-default\">Weitere Artikel<\/h2>\t\t<\/div>\n\t\t\t\t<\/div>\n\t\t\t\t<section class=\"elementor-section elementor-inner-section elementor-element elementor-element-89af742 elementor-section-boxed elementor-section-height-default elementor-section-height-default\" data-id=\"89af742\" data-element_type=\"section\">\n\t\t\t\t\t\t<div class=\"elementor-container elementor-column-gap-default\">\n\t\t\t\t\t<div class=\"elementor-column elementor-col-50 elementor-inner-column elementor-element elementor-element-ff3a684\" data-id=\"ff3a684\" data-element_type=\"column\">\n\t\t\t<div class=\"elementor-widget-wrap elementor-element-populated\">\n\t\t\t\t\t\t<div class=\"elementor-element elementor-element-09dc095 elementor-widget elementor-widget-text-editor\" data-id=\"09dc095\" data-element_type=\"widget\" data-widget_type=\"text-editor.default\">\n\t\t\t\t<div class=\"elementor-widget-container\">\n\t\t\t\t\t\t\t<ul>\n<li><a href=\"https:\/\/vimcar.de\/boxenstopp\/lexikon\/tankkarten\/\">Tankkarten f\u00fcr Firmen<\/a><\/li>\n<li><a href=\"https:\/\/vimcar.de\/boxenstopp\/lexikon\/tracking-software\/\">Tracking Software<\/a><\/li>\n<li><a href=\"https:\/\/vimcar.de\/boxenstopp\/lexikon\/geo-tracking\/\">Geo Tracking<\/a><\/li>\n<li><a href=\"https:\/\/vimcar.de\/boxenstopp\/blog\/fuhrparksoftware-krise\/\">Eine Fuhrparksoftware hilft aus der Krise<\/a><\/li>\n<li><a href=\"https:\/\/vimcar.de\/boxenstopp\/lexikon\/gps-ortungssystem\/\">GPS Ortungssystem<\/a><\/li>\n<li><a href=\"https:\/\/vimcar.de\/boxenstopp\/blog\/kostenmanagement-fuhrparksoftware\/\">Kostenmanagement mit Fuhrparksoftware<\/a><\/li>\n<li><a href=\"https:\/\/vimcar.de\/boxenstopp\/blog\/dienstraeder-im-fuhrpark\/\">Dienstr\u00e4der im Fuhrpark<\/a><\/li>\n<li><a href=\"https:\/\/vimcar.de\/boxenstopp\/lexikon\/mobilitaetsbudget\/\">Mobilit\u00e4tsbudget<\/a><\/li>\n<li><a href=\"https:\/\/vimcar.de\/boxenstopp\/blog\/leasing-kostenfallen\/\">So erkennen Sie Kostenfallen beim Leasing<\/a><\/li>\n<li><a href=\"https:\/\/vimcar.de\/boxenstopp\/blog\/foerderung-lastenrad\/\">F\u00f6rderungen f\u00fcr Lastenr\u00e4der<\/a><\/li><li><a href=\"https:\/\/vimcar.de\/boxenstopp\/ressourcenbereich\/zustandsbericht\/\" target=\"_blank\">Zustandsbericht<\/a><br><\/li>\n<\/ul>\t\t\t\t\t\t<\/div>\n\t\t\t\t<\/div>\n\t\t\t\t\t<\/div>\n\t\t<\/div>\n\t\t\t\t<div class=\"elementor-column elementor-col-50 elementor-inner-column elementor-element elementor-element-59ac305\" data-id=\"59ac305\" data-element_type=\"column\">\n\t\t\t<div class=\"elementor-widget-wrap elementor-element-populated\">\n\t\t\t\t\t\t<div class=\"elementor-element elementor-element-a4498be elementor-widget elementor-widget-text-editor\" data-id=\"a4498be\" data-element_type=\"widget\" data-widget_type=\"text-editor.default\">\n\t\t\t\t<div class=\"elementor-widget-container\">\n\t\t\t\t\t\t\t<ul>\n<li><a href=\"https:\/\/vimcar.de\/boxenstopp\/lexikon\/tracking-app\/\">Tracking App<\/a><\/li>\n<li><a href=\"https:\/\/vimcar.de\/boxenstopp\/lexikon\/fuhrparkverwaltungssoftware\/\">Fuhrparkverwaltungssoftware<\/a><\/li>\n<li><a href=\"https:\/\/vimcar.de\/boxenstopp\/blog\/gps-system\/\">GPS System<\/a> im Fuhrpark<\/li>\n<li><a href=\"https:\/\/vimcar.de\/boxenstopp\/lexikon\/gps\/\">GPS Car Tracker<\/a><\/li>\n<li><a href=\"https:\/\/vimcar.de\/boxenstopp\/lexikon\/telematiksystem\/\">Telematiksystem<\/a><\/li>\n<li><a href=\"https:\/\/vimcar.de\/boxenstopp\/blog\/auswirkungen-corona-fuhrpark\/\">Auswirkungen von Corona auf den Fuhrpark<\/a><\/li>\n<li><a href=\"https:\/\/vimcar.de\/boxenstopp\/blog\/fuhrpark-der-zukunft\/\">Fuhrpark der Zukunft<\/a><\/li>\n<li><a href=\"https:\/\/vimcar.de\/boxenstopp\/lexikon\/reisekostenabrechnung\/\">Reisekostenabrechnung<\/a><\/li>\n<li><a href=\"https:\/\/vimcar.de\/boxenstopp\/blog\/leasingvertrag-vorzeitig-kuendigen\/\">Leasingvertrag vorzeitig k\u00fcndigen<\/a><\/li>\n<li><a href=\"https:\/\/vimcar.de\/boxenstopp\/blog\/co2-einsparungen-fuhrpark\/\">CO2 Einsparungen im Fuhrpark<\/a><\/li>\n<\/ul>\t\t\t\t\t\t<\/div>\n\t\t\t\t<\/div>\n\t\t\t\t\t<\/div>\n\t\t<\/div>\n\t\t\t\t\t<\/div>\n\t\t<\/section>\n\t\t\t\t\t<\/div>\n\t\t<\/div>\n\t\t\t\t\t<\/div>\n\t\t<\/section>\n\t\t\t\t<\/div>\n\t\t","protected":false},"excerpt":{"rendered":"<p>Das Dienstrad ist eine \u00f6kologische Variante zum PKW, dem Firmenwagen steuerlich weitgehend gleichgestellt und eine gute Alternative. Doch was sind Vor- und Nachteile? Und welche Rolle spielt es im Moment? Prestige, Macht und Statussymbol \u2013 der eigene Dienstwagen steht seit langem f\u00fcr den Erfolg in einem Unternehmen. Doch mittlerweile bekommt er Konkurrenz durch das Dienstfahrrad. [&hellip;]<\/p>\n","protected":false},"author":30,"featured_media":0,"parent":4813,"menu_order":0,"comment_status":"open","ping_status":"closed","template":"","meta":{"footnotes":"","_wp_rev_ctl_limit":""},"yoast_head":"<!-- This site is optimized with the Yoast SEO Premium plugin v21.5 (Yoast SEO v21.5) - https:\/\/yoast.com\/wordpress\/plugins\/seo\/ -->\n<title>Dienstrad: Alternative zum Firmenwagen - mehr erfahren<\/title>\n<meta name=\"description\" content=\"Ist das Dienstrad eine Alternative zum Firmenwagen? Erfahren Sie, welche Vor- und Nachteile das Dienstfahrrad hat. Jetzt informieren!\" \/>\n<meta name=\"robots\" content=\"index, follow, max-snippet:-1, max-image-preview:large, max-video-preview:-1\" \/>\n<link rel=\"canonical\" href=\"https:\/\/vimcar.de\/boxenstopp\/lexikon\/dienstrad\/\" \/>\n<meta property=\"og:locale\" content=\"de_DE\" \/>\n<meta property=\"og:type\" content=\"article\" \/>\n<meta property=\"og:title\" content=\"Dienstrad\" \/>\n<meta property=\"og:description\" content=\"Ist das Dienstrad eine Alternative zum Firmenwagen? Erfahren Sie, welche Vor- und Nachteile das Dienstfahrrad hat. Jetzt informieren!\" \/>\n<meta property=\"og:url\" content=\"https:\/\/vimcar.de\/boxenstopp\/lexikon\/dienstrad\/\" \/>\n<meta property=\"og:site_name\" content=\"Vimcar Boxenstopp\" \/>\n<meta property=\"article:publisher\" content=\"https:\/\/www.facebook.com\/vimcar\" \/>\n<meta property=\"article:modified_time\" content=\"2021-02-02T14:18:50+00:00\" \/>\n<meta property=\"og:image\" content=\"http:\/\/vimcar.de\/boxenstopp\/wp-content\/uploads\/2020\/06\/Dienstfahrrad-1.jpg\" \/>\n<meta name=\"twitter:card\" content=\"summary_large_image\" \/>\n<meta name=\"twitter:site\" content=\"@goVimcar\" \/>\n<meta name=\"twitter:label1\" content=\"Gesch\u00e4tzte Lesezeit\" \/>\n\t<meta name=\"twitter:data1\" content=\"3\u00a0Minuten\" \/>\n<!-- \/ Yoast SEO Premium plugin. -->","yoast_head_json":{"title":"Dienstrad: Alternative zum Firmenwagen - mehr erfahren","description":"Ist das Dienstrad eine Alternative zum Firmenwagen? Erfahren Sie, welche Vor- und Nachteile das Dienstfahrrad hat. Jetzt informieren!","robots":{"index":"index","follow":"follow","max-snippet":"max-snippet:-1","max-image-preview":"max-image-preview:large","max-video-preview":"max-video-preview:-1"},"canonical":"https:\/\/vimcar.de\/boxenstopp\/lexikon\/dienstrad\/","og_locale":"de_DE","og_type":"article","og_title":"Dienstrad","og_description":"Ist das Dienstrad eine Alternative zum Firmenwagen? Erfahren Sie, welche Vor- und Nachteile das Dienstfahrrad hat. Jetzt informieren!","og_url":"https:\/\/vimcar.de\/boxenstopp\/lexikon\/dienstrad\/","og_site_name":"Vimcar Boxenstopp","article_publisher":"https:\/\/www.facebook.com\/vimcar","article_modified_time":"2021-02-02T14:18:50+00:00","og_image":[{"url":"http:\/\/vimcar.de\/boxenstopp\/wp-content\/uploads\/2020\/06\/Dienstfahrrad-1.jpg"}],"twitter_card":"summary_large_image","twitter_site":"@goVimcar","twitter_misc":{"Gesch\u00e4tzte Lesezeit":"3\u00a0Minuten"},"schema":{"@context":"https:\/\/schema.org","@graph":[{"@type":"WebPage","@id":"https:\/\/vimcar.de\/boxenstopp\/lexikon\/dienstrad\/","url":"https:\/\/vimcar.de\/boxenstopp\/lexikon\/dienstrad\/","name":"Dienstrad: Alternative zum Firmenwagen - mehr erfahren","isPartOf":{"@id":"https:\/\/vimcar.de\/boxenstopp\/#website"},"datePublished":"2020-06-18T14:13:57+00:00","dateModified":"2021-02-02T14:18:50+00:00","description":"Ist das Dienstrad eine Alternative zum Firmenwagen? Erfahren Sie, welche Vor- und Nachteile das Dienstfahrrad hat. Jetzt informieren!","breadcrumb":{"@id":"https:\/\/vimcar.de\/boxenstopp\/lexikon\/dienstrad\/#breadcrumb"},"inLanguage":"de","potentialAction":[{"@type":"ReadAction","target":["https:\/\/vimcar.de\/boxenstopp\/lexikon\/dienstrad\/"]}]},{"@type":"BreadcrumbList","@id":"https:\/\/vimcar.de\/boxenstopp\/lexikon\/dienstrad\/#breadcrumb","itemListElement":[{"@type":"ListItem","position":1,"name":"Startseite","item":"https:\/\/vimcar.de\/boxenstopp\/"},{"@type":"ListItem","position":2,"name":"Das Fuhrparklexikon","item":"https:\/\/vimcar.de\/boxenstopp\/lexikon\/"},{"@type":"ListItem","position":3,"name":"Dienstrad"}]},{"@type":"WebSite","@id":"https:\/\/vimcar.de\/boxenstopp\/#website","url":"https:\/\/vimcar.de\/boxenstopp\/","name":"Vimcar Boxenstopp","description":"- Die Lernplattform f\u00fcr Fuhrparkleiter","publisher":{"@id":"https:\/\/vimcar.de\/boxenstopp\/#organization"},"potentialAction":[{"@type":"SearchAction","target":{"@type":"EntryPoint","urlTemplate":"https:\/\/vimcar.de\/boxenstopp\/?s={search_term_string}"},"query-input":"required name=search_term_string"}],"inLanguage":"de"},{"@type":"Organization","@id":"https:\/\/vimcar.de\/boxenstopp\/#organization","name":"Vimcar Boxenstopp - Fuhrparkwissen","url":"https:\/\/vimcar.de\/boxenstopp\/","logo":{"@type":"ImageObject","inLanguage":"de","@id":"https:\/\/vimcar.de\/boxenstopp\/#\/schema\/logo\/image\/","url":"https:\/\/vimcar.de\/boxenstopp\/wp-content\/uploads\/2020\/10\/logo-vimcar-boxenstopp.png","contentUrl":"https:\/\/vimcar.de\/boxenstopp\/wp-content\/uploads\/2020\/10\/logo-vimcar-boxenstopp.png","width":250,"height":50,"caption":"Vimcar Boxenstopp - Fuhrparkwissen"},"image":{"@id":"https:\/\/vimcar.de\/boxenstopp\/#\/schema\/logo\/image\/"},"sameAs":["https:\/\/www.facebook.com\/vimcar","https:\/\/twitter.com\/goVimcar","https:\/\/www.instagram.com\/vimcar_official\/","https:\/\/de.linkedin.com\/company\/vimcar","https:\/\/www.pinterest.de\/vimcar\/","https:\/\/www.youtube.com\/channel\/UCWRajoA7OnWsAw-ezAahZPg"]}]}},"_links":{"self":[{"href":"https:\/\/vimcar.de\/boxenstopp\/wp-json\/wp\/v2\/pages\/12076"}],"collection":[{"href":"https:\/\/vimcar.de\/boxenstopp\/wp-json\/wp\/v2\/pages"}],"about":[{"href":"https:\/\/vimcar.de\/boxenstopp\/wp-json\/wp\/v2\/types\/page"}],"author":[{"embeddable":true,"href":"https:\/\/vimcar.de\/boxenstopp\/wp-json\/wp\/v2\/users\/30"}],"replies":[{"embeddable":true,"href":"https:\/\/vimcar.de\/boxenstopp\/wp-json\/wp\/v2\/comments?post=12076"}],"version-history":[{"count":0,"href":"https:\/\/vimcar.de\/boxenstopp\/wp-json\/wp\/v2\/pages\/12076\/revisions"}],"up":[{"embeddable":true,"href":"https:\/\/vimcar.de\/boxenstopp\/wp-json\/wp\/v2\/pages\/4813"}],"wp:attachment":[{"href":"https:\/\/vimcar.de\/boxenstopp\/wp-json\/wp\/v2\/media?parent=12076"}],"curies":[{"name":"wp","href":"https:\/\/api.w.org\/{rel}","templated":true}]}}