{"id":1219,"date":"2019-05-08T17:14:19","date_gmt":"2019-05-08T15:14:19","guid":{"rendered":"https:\/\/vimcar.de\/boxenstopp\/?page_id=1219"},"modified":"2024-03-25T13:12:37","modified_gmt":"2024-03-25T12:12:37","slug":"gesetzliche-unfallversicherung","status":"publish","type":"page","link":"https:\/\/vimcar.de\/boxenstopp\/lexikon\/gesetzliche-unfallversicherung\/","title":{"rendered":"Gesetzliche Unfallversicherung"},"content":{"rendered":"\t\t<div data-elementor-type=\"wp-page\" data-elementor-id=\"1219\" class=\"elementor elementor-1219\" data-elementor-post-type=\"page\">\n\t\t\t\t\t\t<section class=\"elementor-section elementor-top-section elementor-element elementor-element-50365fd8 elementor-section-boxed elementor-section-height-default elementor-section-height-default\" data-id=\"50365fd8\" data-element_type=\"section\">\n\t\t\t\t\t\t<div class=\"elementor-container elementor-column-gap-default\">\n\t\t\t\t\t<div class=\"elementor-column elementor-col-100 elementor-top-column elementor-element elementor-element-43c502a0\" data-id=\"43c502a0\" data-element_type=\"column\">\n\t\t\t<div class=\"elementor-widget-wrap elementor-element-populated\">\n\t\t\t\t\t\t<div class=\"elementor-element elementor-element-1648a920 elementor-widget elementor-widget-heading\" data-id=\"1648a920\" data-element_type=\"widget\" data-widget_type=\"heading.default\">\n\t\t\t\t<div class=\"elementor-widget-container\">\n\t\t\t<h3 class=\"elementor-heading-title elementor-size-default\">Im Artikel erfahren Sie:<\/h3>\t\t<\/div>\n\t\t\t\t<\/div>\n\t\t\t\t<div class=\"elementor-element elementor-element-67574c01 elementor-widget elementor-widget-text-editor\" data-id=\"67574c01\" data-element_type=\"widget\" data-widget_type=\"text-editor.default\">\n\t\t\t\t<div class=\"elementor-widget-container\">\n\t\t\t\t\t\t\t<ol><li><p><strong>Zweck der GUV:<\/strong> Schutz f\u00fcr Arbeitst\u00e4tige bei Arbeitsunf\u00e4llen, Berufserkrankungen und arbeitsbedingten Gesundheitsgefahren.<\/p><\/li><li><p><strong>Beitragsberechnung:<\/strong> Basiert auf Finanzbedarf, Arbeitsentgelt des Versicherten und Gefahrklasse des Unternehmens.<\/p><\/li><li><p><strong>Anwendung im Fuhrpark:<\/strong> Deckt Sch\u00e4den und Unf\u00e4lle bei dienstlicher Nutzung von Fahrzeugen im Fuhrpark ab.<\/p><\/li><\/ol>\t\t\t\t\t\t<\/div>\n\t\t\t\t<\/div>\n\t\t\t\t\t<\/div>\n\t\t<\/div>\n\t\t\t\t\t<\/div>\n\t\t<\/section>\n\t\t\t\t<section class=\"elementor-section elementor-top-section elementor-element elementor-element-aa328d6 elementor-section-boxed elementor-section-height-default elementor-section-height-default\" data-id=\"aa328d6\" data-element_type=\"section\">\n\t\t\t\t\t\t<div class=\"elementor-container elementor-column-gap-default\">\n\t\t\t\t\t<div class=\"elementor-column elementor-col-100 elementor-top-column elementor-element elementor-element-2f64fa0\" data-id=\"2f64fa0\" data-element_type=\"column\">\n\t\t\t<div class=\"elementor-widget-wrap elementor-element-populated\">\n\t\t\t\t\t\t<div class=\"elementor-element elementor-element-6e9b8ce elementor-widget elementor-widget-heading\" data-id=\"6e9b8ce\" data-element_type=\"widget\" data-widget_type=\"heading.default\">\n\t\t\t\t<div class=\"elementor-widget-container\">\n\t\t\t<h2 class=\"elementor-heading-title elementor-size-default\">Gesetzliche Unfallversicherung Definition\n<\/h2>\t\t<\/div>\n\t\t\t\t<\/div>\n\t\t\t\t<div class=\"elementor-element elementor-element-141d2ea elementor-widget elementor-widget-text-editor\" data-id=\"141d2ea\" data-element_type=\"widget\" data-widget_type=\"text-editor.default\">\n\t\t\t\t<div class=\"elementor-widget-container\">\n\t\t\t\t\t\t\t<p>Die deutsche gesetzliche Unfallversicherung, kurz GUV genannt, stellt eine der wichtigsten Versicherungen f\u00fcr Arbeitst\u00e4tige dar. Sie ist ein Versicherungszweig der gegliederten Sozialversicherung und somit in diesem Versicherungsbereich einzuordnen. Arbeitsunf\u00e4lle, Berufserkrankungen und arbeitsbedingte Gesundheitsgefahren geh\u00f6ren zu den Regelungen, die in der Unfallversicherung enthalten sind.<\/p>\n<p>Die GUV Versicherung ist relevant f\u00fcr all Berufst\u00e4tigen. Die deutsche Unfallversicherung st\u00fctzt sich auf die rechtliche Grundlage des SGB VII, das Sozialgesetzbuch, welches Informationen \u00fcber die finanzielle Entsch\u00e4digung von Arbeitsunf\u00e4llen und Berufserkrankungen zur medizinischen, aber auch sozialen Rehabilitation thematisiert. Au\u00dferdem legt es fest, unter welchen Umst\u00e4nden Unternehmer, Kollegen und Dritte f\u00fcr Arbeitsunf\u00e4lle des Versicherten haften.<\/p>\t\t\t\t\t\t<\/div>\n\t\t\t\t<\/div>\n\t\t\t\t<div class=\"elementor-element elementor-element-7de205b elementor-widget elementor-widget-heading\" data-id=\"7de205b\" data-element_type=\"widget\" data-widget_type=\"heading.default\">\n\t\t\t\t<div class=\"elementor-widget-container\">\n\t\t\t<h2 class=\"elementor-heading-title elementor-size-default\">Wie setzen sich die Beitr\u00e4ge der gesetzlichen Unfallversicherung zusammen?<\/h2>\t\t<\/div>\n\t\t\t\t<\/div>\n\t\t\t\t<div class=\"elementor-element elementor-element-5e531d2 elementor-widget elementor-widget-text-editor\" data-id=\"5e531d2\" data-element_type=\"widget\" data-widget_type=\"text-editor.default\">\n\t\t\t\t<div class=\"elementor-widget-container\">\n\t\t\t\t\t\t\t<p>Die Bemessung der Beitr\u00e4ge erfolgt laut gesetzlicher Unfallversicherung Definition wie folgt: Laut der Verordnung \u00fcber die Unfallversicherung erfolgt die Berechnung der Beitr\u00e4ge erst nach Abschluss des Gesch\u00e4ftsjahres. Die Handhabung unterscheidet sich nach der Definition der gesetzlichen Unfallversicherung im Vergleich zu anderen Sozialversicherungen. Die Berechnungsgrundlagen der Beitr\u00e4ge setzen sich aus dem Finanzbedarf, auch Umlagesoll genannt, dem Arbeitsentgelt des Versicherten und der Gefahrklasse zusammen. Letzteres kann sich innerhalb einer Branche und in den einzelnen Unternehmen unterscheiden. Die Unfallversicherung in Ihrem Betrieb kann also unterschiedlich ausfallen als bei Betrieben derselben Branche. Anhand des Beitrages werden dann die Zuschl\u00e4ge oder Nachl\u00e4sse f\u00fcr jede Einzelperson bestimmt. Bevor man die gesetzliche Unfallversicherung GUV abschlie\u00dft sollte man sich dementsprechend erkundigen.\u00a0<\/p>\t\t\t\t\t\t<\/div>\n\t\t\t\t<\/div>\n\t\t\t\t<div class=\"elementor-element elementor-element-7302936 elementor-widget elementor-widget-heading\" data-id=\"7302936\" data-element_type=\"widget\" data-widget_type=\"heading.default\">\n\t\t\t\t<div class=\"elementor-widget-container\">\n\t\t\t<h3 class=\"elementor-heading-title elementor-size-default\">Gesetzliche Unfallversicherung: Leistungen<\/h3>\t\t<\/div>\n\t\t\t\t<\/div>\n\t\t\t\t<div class=\"elementor-element elementor-element-ef07eaa elementor-widget elementor-widget-text-editor\" data-id=\"ef07eaa\" data-element_type=\"widget\" data-widget_type=\"text-editor.default\">\n\t\t\t\t<div class=\"elementor-widget-container\">\n\t\t\t\t\t\t\t<p>Im Allgemeinen werden nach Definition der gesetzlichen Unfallversicherung alle medizinischen und berufsf\u00f6rdernden Leistungen zur Wiedereingliederung des Angestellten \u00fcbernommen. Hierbei wird die medizinische Behandlung als Sachleistung angesehen, was bedeutet, dass der behandelnde Arzt den Befund direkt an die Genossenschaft sendet. Dies geschieht unter der Regelung des UV-GO\u00c4 2001 in der Fassung vom 01. Juli 2007, die f\u00fcr die einzelnen Leistungspositionen einen festgelegten Wert vorsieht.<\/p>\t\t\t\t\t\t<\/div>\n\t\t\t\t<\/div>\n\t\t\t\t<div class=\"elementor-element elementor-element-aba4c92 elementor-widget elementor-widget-heading\" data-id=\"aba4c92\" data-element_type=\"widget\" data-widget_type=\"heading.default\">\n\t\t\t\t<div class=\"elementor-widget-container\">\n\t\t\t<h2 class=\"elementor-heading-title elementor-size-default\">Gesetzliche Unfallversicherung im Fuhrpark\n<\/h2>\t\t<\/div>\n\t\t\t\t<\/div>\n\t\t\t\t<section class=\"elementor-section elementor-inner-section elementor-element elementor-element-8c0d29e elementor-section-boxed elementor-section-height-default elementor-section-height-default\" data-id=\"8c0d29e\" data-element_type=\"section\">\n\t\t\t\t\t\t<div class=\"elementor-container elementor-column-gap-default\">\n\t\t\t\t\t<div class=\"elementor-column elementor-col-50 elementor-inner-column elementor-element elementor-element-d16d803\" data-id=\"d16d803\" data-element_type=\"column\">\n\t\t\t<div class=\"elementor-widget-wrap elementor-element-populated\">\n\t\t\t\t\t\t<div class=\"elementor-element elementor-element-097fee3 elementor-widget elementor-widget-text-editor\" data-id=\"097fee3\" data-element_type=\"widget\" data-widget_type=\"text-editor.default\">\n\t\t\t\t<div class=\"elementor-widget-container\">\n\t\t\t\t\t\t\t<p>Die gesetzliche Unfallversicherung (GUV Versicherung) bezieht sich auf alle dienstlich genutzten Fahrzeuge im Fuhrpark. Was genau ein Fahrzeug ist, definiert der Gesetzgeber in der DGUV Vorschrift 70. Demnach handelt es sich im Wesentlichen um \u201eLandfahrzeuge die maschinell angetrieben werden und nicht an Schienen gebunden sind, sowie deren Anh\u00e4nger.\u201c\u00a0<\/p><p><u>Dazu z\u00e4hlen unter anderem:<\/u><\/p><ul><li>Mietwagen und Taxis\u00a0<\/li><li>Poolfahrzeuge<\/li><li>Nutzfahrzeuge, Zugmaschinen und Traktoren<\/li><li>Einachsige- oder Zentralachsanh\u00e4nger, Tieflader<\/li><li>Speziallastkraftwagen und Sonderkraftfahrzeuge<\/li><li>Einspurige Kraftfahrzeuge<\/li><li>Arbeitsmaschinen und Arbeitseinrichtungen<\/li><\/ul>\t\t\t\t\t\t<\/div>\n\t\t\t\t<\/div>\n\t\t\t\t\t<\/div>\n\t\t<\/div>\n\t\t\t\t<div class=\"elementor-column elementor-col-50 elementor-inner-column elementor-element elementor-element-613f8a7\" data-id=\"613f8a7\" data-element_type=\"column\">\n\t\t\t<div class=\"elementor-widget-wrap elementor-element-populated\">\n\t\t\t\t\t\t<div class=\"elementor-element elementor-element-a812603 elementor-widget elementor-widget-image\" data-id=\"a812603\" data-element_type=\"widget\" data-widget_type=\"image.default\">\n\t\t\t\t<div class=\"elementor-widget-container\">\n\t\t\t\t\t\t\t\t\t\t\t\t\t<img fetchpriority=\"high\" decoding=\"async\" width=\"640\" height=\"460\" src=\"https:\/\/vimcar.de\/boxenstopp\/wp-content\/uploads\/2020\/11\/GUV-Versicherung-Fuhrpark.jpg\" class=\"attachment-large size-large wp-image-16765\" alt=\"Fuhrpark\" srcset=\"https:\/\/vimcar.de\/boxenstopp\/wp-content\/uploads\/2020\/11\/GUV-Versicherung-Fuhrpark.jpg 640w, https:\/\/vimcar.de\/boxenstopp\/wp-content\/uploads\/2020\/11\/GUV-Versicherung-Fuhrpark-300x216.jpg 300w, https:\/\/vimcar.de\/boxenstopp\/wp-content\/uploads\/2020\/11\/GUV-Versicherung-Fuhrpark-24x17.jpg 24w, https:\/\/vimcar.de\/boxenstopp\/wp-content\/uploads\/2020\/11\/GUV-Versicherung-Fuhrpark-36x26.jpg 36w, https:\/\/vimcar.de\/boxenstopp\/wp-content\/uploads\/2020\/11\/GUV-Versicherung-Fuhrpark-48x35.jpg 48w\" sizes=\"(max-width: 640px) 100vw, 640px\" \/>\t\t\t\t\t\t\t\t\t\t\t\t\t<\/div>\n\t\t\t\t<\/div>\n\t\t\t\t\t<\/div>\n\t\t<\/div>\n\t\t\t\t\t<\/div>\n\t\t<\/section>\n\t\t\t\t\t<\/div>\n\t\t<\/div>\n\t\t\t\t\t<\/div>\n\t\t<\/section>\n\t\t\t\t<section class=\"elementor-section elementor-top-section elementor-element elementor-element-065110e elementor-section-boxed elementor-section-height-default elementor-section-height-default\" data-id=\"065110e\" data-element_type=\"section\">\n\t\t\t\t\t\t<div class=\"elementor-container elementor-column-gap-default\">\n\t\t\t\t\t<div class=\"elementor-column elementor-col-100 elementor-top-column elementor-element elementor-element-b8b73c0\" data-id=\"b8b73c0\" data-element_type=\"column\">\n\t\t\t<div class=\"elementor-widget-wrap elementor-element-populated\">\n\t\t\t\t\t\t<div class=\"elementor-element elementor-element-7b3bc8d elementor-widget elementor-widget-text-editor\" data-id=\"7b3bc8d\" data-element_type=\"widget\" data-widget_type=\"text-editor.default\">\n\t\t\t\t<div class=\"elementor-widget-container\">\n\t\t\t\t\t\t\t<p><span style=\"font-weight: 400;\">F\u00fcr Fuhrpark-Betreiber bedeutet dies im Einzelnen, dass alle rein dienstlich genutzten Fahrzeuge, wie beispielswese Service- oder Poolfahrzeuge und auch alle Dienstwagen mit privater Nutzungsm\u00f6glichkeit durch die DGUV Vorschrift 70 erfasst sind. Hiervon ausgenommen sind einzig private Fahrzeuge, auch wenn diese zu beruflichen Zwecken eingesetzt werden. <u>Vergleich hierzu:<\/u> DGUV Vorschrift 70 &#8211; \u00a7 1 Abs. 2 Nr. 12.<\/span><\/p>\t\t\t\t\t\t<\/div>\n\t\t\t\t<\/div>\n\t\t\t\t<div class=\"elementor-element elementor-element-2637e5e elementor-widget elementor-widget-heading\" data-id=\"2637e5e\" data-element_type=\"widget\" data-widget_type=\"heading.default\">\n\t\t\t\t<div class=\"elementor-widget-container\">\n\t\t\t<h2 class=\"elementor-heading-title elementor-size-default\">Gesetzliche Unfallversicherung Leistungen f\u00fcr Fuhrparkbetreiber\n<\/h2>\t\t<\/div>\n\t\t\t\t<\/div>\n\t\t\t\t<div class=\"elementor-element elementor-element-086324a elementor-widget elementor-widget-text-editor\" data-id=\"086324a\" data-element_type=\"widget\" data-widget_type=\"text-editor.default\">\n\t\t\t\t<div class=\"elementor-widget-container\">\n\t\t\t\t\t\t\t<p><span style=\"font-weight: 400;\">Die betriebliche Unfallversicherung kommt im Zusammenhang mit den Berufsgenossenschaften f\u00fcr alle w\u00e4hrend der dienstlichen Nutzung entstandenen Sch\u00e4den des versicherten Fahrzeugs auf. Dazu z\u00e4hlen auch Heil- und Rehabilitationsma\u00dfnahmen sowie Leistungen zur Teilhabe am Arbeitsleben. Auch Folgekosten wie Kinderbetreuung, Hinterbliebenenleistungen oder \u00dcbergangsgeld werden \u00fcbernommen. Bei Fehlverhalten des Versicherungsnehmers sowie des Arbeitnehmers muss die <\/span><span style=\"font-weight: 400;\">deutsche Unfallversicherung<\/span><span style=\"font-weight: 400;\"> jedoch nicht zahlen.<\/span><\/p>\n<p><span style=\"font-weight: 400;\">Um diese verantwortungsvollen Aufgaben nachzukommen unterst\u00fctzt die <\/span><span style=\"font-weight: 400;\">GUV Versicherung<\/span><span style=\"font-weight: 400;\"> den Fuhrparkleiter mit verschiedenen Leistungen. Dazu z\u00e4hlen Sicherheitstrainings und Pr\u00fcfungen, Ma\u00dfnahmen zur Verkehrssicherheit und vieles mehr. Die gesetzliche Unfallversicherung GUV tr\u00e4gt somit auch zur Sicherheit der Mitarbeitenden im Fuhrpark bei.&nbsp;<\/span><\/p>\t\t\t\t\t\t<\/div>\n\t\t\t\t<\/div>\n\t\t\t\t<div class=\"elementor-element elementor-element-c7e5900 elementor-widget elementor-widget-heading\" data-id=\"c7e5900\" data-element_type=\"widget\" data-widget_type=\"heading.default\">\n\t\t\t\t<div class=\"elementor-widget-container\">\n\t\t\t<h2 class=\"elementor-heading-title elementor-size-default\">Checkliste zur passenden Fuhrparkversicherung<\/h2>\t\t<\/div>\n\t\t\t\t<\/div>\n\t\t\t\t<div class=\"elementor-element elementor-element-474ea9d elementor-widget elementor-widget-text-editor\" data-id=\"474ea9d\" data-element_type=\"widget\" data-widget_type=\"text-editor.default\">\n\t\t\t\t<div class=\"elementor-widget-container\">\n\t\t\t\t\t\t\t<p>Im Fuhrpark ist es wichtig, dass alle Fahrzeuge ausreichend versicherungstechnisch abgedeckt sind. Diese Checkliste kann dabei helfen, die passenden Versicherungen f\u00fcr den individuellen Fuhrpark zu finden:<\/p>\t\t\t\t\t\t<\/div>\n\t\t\t\t<\/div>\n\t\t\t\t<div class=\"elementor-element elementor-element-88e0bbe elementor-widget elementor-widget-spacer\" data-id=\"88e0bbe\" data-element_type=\"widget\" data-widget_type=\"spacer.default\">\n\t\t\t\t<div class=\"elementor-widget-container\">\n\t\t\t\t\t<div class=\"elementor-spacer\">\n\t\t\t<div class=\"elementor-spacer-inner\"><\/div>\n\t\t<\/div>\n\t\t\t\t<\/div>\n\t\t\t\t<\/div>\n\t\t\t\t<div class=\"elementor-element elementor-element-33b1d14 elementor-widget elementor-widget-button\" data-id=\"33b1d14\" data-element_type=\"widget\" data-widget_type=\"button.default\">\n\t\t\t\t<div class=\"elementor-widget-container\">\n\t\t\t\t\t<div class=\"elementor-button-wrapper\">\n\t\t\t<a class=\"elementor-button elementor-size-lg\" role=\"button\">\n\t\t\t\t\t\t<span class=\"elementor-button-content-wrapper\">\n\t\t\t\t\t\t\t\t\t<span class=\"elementor-button-text\">CHECKLISTE<\/span>\n\t\t\t\t\t<\/span>\n\t\t\t\t\t<\/a>\n\t\t<\/div>\n\t\t\t\t<\/div>\n\t\t\t\t<\/div>\n\t\t\t\t\t<\/div>\n\t\t<\/div>\n\t\t\t\t\t<\/div>\n\t\t<\/section>\n\t\t\t\t<section class=\"elementor-section elementor-top-section elementor-element elementor-element-47423a39 elementor-section-boxed elementor-section-height-default elementor-section-height-default\" data-id=\"47423a39\" data-element_type=\"section\">\n\t\t\t\t\t\t<div class=\"elementor-container elementor-column-gap-default\">\n\t\t\t\t\t<div class=\"elementor-column elementor-col-100 elementor-top-column elementor-element elementor-element-1424b4fb\" data-id=\"1424b4fb\" data-element_type=\"column\" data-settings=\"{&quot;background_background&quot;:&quot;classic&quot;}\">\n\t\t\t<div class=\"elementor-widget-wrap elementor-element-populated\">\n\t\t\t\t\t\t<div class=\"elementor-element elementor-element-30c25fbc elementor-widget elementor-widget-spacer\" data-id=\"30c25fbc\" data-element_type=\"widget\" data-widget_type=\"spacer.default\">\n\t\t\t\t<div class=\"elementor-widget-container\">\n\t\t\t\t\t<div class=\"elementor-spacer\">\n\t\t\t<div class=\"elementor-spacer-inner\"><\/div>\n\t\t<\/div>\n\t\t\t\t<\/div>\n\t\t\t\t<\/div>\n\t\t\t\t<section class=\"elementor-section elementor-inner-section elementor-element elementor-element-6330eeeb elementor-section-boxed elementor-section-height-default elementor-section-height-default\" data-id=\"6330eeeb\" data-element_type=\"section\">\n\t\t\t\t\t\t<div class=\"elementor-container elementor-column-gap-default\">\n\t\t\t\t\t<div class=\"elementor-column elementor-col-50 elementor-inner-column elementor-element elementor-element-2ce2b0a0\" data-id=\"2ce2b0a0\" data-element_type=\"column\">\n\t\t\t<div class=\"elementor-widget-wrap elementor-element-populated\">\n\t\t\t\t\t\t<div class=\"elementor-element elementor-element-7cf35591 elementor-widget elementor-widget-heading\" data-id=\"7cf35591\" data-element_type=\"widget\" data-widget_type=\"heading.default\">\n\t\t\t\t<div class=\"elementor-widget-container\">\n\t\t\t<h2 class=\"elementor-heading-title elementor-size-default\">Jetzt Checkliste erhalten!<\/h2>\t\t<\/div>\n\t\t\t\t<\/div>\n\t\t\t\t<div class=\"elementor-element elementor-element-cdf4df2 elementor-widget elementor-widget-heading\" data-id=\"cdf4df2\" data-element_type=\"widget\" data-widget_type=\"heading.default\">\n\t\t\t\t<div class=\"elementor-widget-container\">\n\t\t\t<h3 class=\"elementor-heading-title elementor-size-default\">Und richtige Flottenversicherung f\u00fcr Fuhrpark ausw\u00e4hlen.<\/h3>\t\t<\/div>\n\t\t\t\t<\/div>\n\t\t\t\t<div class=\"elementor-element elementor-element-678ff261 elementor-widget elementor-widget-spacer\" data-id=\"678ff261\" data-element_type=\"widget\" data-widget_type=\"spacer.default\">\n\t\t\t\t<div class=\"elementor-widget-container\">\n\t\t\t\t\t<div class=\"elementor-spacer\">\n\t\t\t<div class=\"elementor-spacer-inner\"><\/div>\n\t\t<\/div>\n\t\t\t\t<\/div>\n\t\t\t\t<\/div>\n\t\t\t\t<div class=\"elementor-element elementor-element-e4e4db elementor-widget elementor-widget-button\" data-id=\"e4e4db\" data-element_type=\"widget\" data-widget_type=\"button.default\">\n\t\t\t\t<div class=\"elementor-widget-container\">\n\t\t\t\t\t<div class=\"elementor-button-wrapper\">\n\t\t\t<a class=\"elementor-button elementor-button-link elementor-size-xl\" href=\"https:\/\/s3.eu-central-1.amazonaws.com\/assets.vimcar.de\/Checkliste_Fuhrparkversicherung.pdf\" target=\"_blank\">\n\t\t\t\t\t\t<span class=\"elementor-button-content-wrapper\">\n\t\t\t\t\t\t\t\t\t<span class=\"elementor-button-text\">Hier herunterladen<\/span>\n\t\t\t\t\t<\/span>\n\t\t\t\t\t<\/a>\n\t\t<\/div>\n\t\t\t\t<\/div>\n\t\t\t\t<\/div>\n\t\t\t\t\t<\/div>\n\t\t<\/div>\n\t\t\t\t<div class=\"elementor-column elementor-col-50 elementor-inner-column elementor-element elementor-element-15ad8e0f\" data-id=\"15ad8e0f\" data-element_type=\"column\">\n\t\t\t<div class=\"elementor-widget-wrap elementor-element-populated\">\n\t\t\t\t\t\t<div class=\"elementor-element elementor-element-2d4d3922 elementor-widget elementor-widget-image\" data-id=\"2d4d3922\" data-element_type=\"widget\" data-widget_type=\"image.default\">\n\t\t\t\t<div class=\"elementor-widget-container\">\n\t\t\t\t\t\t\t\t\t\t\t\t\t<img decoding=\"async\" width=\"800\" height=\"600\" src=\"https:\/\/vimcar.de\/boxenstopp\/wp-content\/uploads\/2021\/03\/Checkliste-fuer-eine-private-Flottenversicherung.png\" class=\"attachment-large size-large wp-image-38886\" alt=\"Checkliste f\u00fcr eine private Flottenversicherung\" srcset=\"https:\/\/vimcar.de\/boxenstopp\/wp-content\/uploads\/2021\/03\/Checkliste-fuer-eine-private-Flottenversicherung.png 800w, https:\/\/vimcar.de\/boxenstopp\/wp-content\/uploads\/2021\/03\/Checkliste-fuer-eine-private-Flottenversicherung-300x225.png 300w, https:\/\/vimcar.de\/boxenstopp\/wp-content\/uploads\/2021\/03\/Checkliste-fuer-eine-private-Flottenversicherung-768x576.png 768w, https:\/\/vimcar.de\/boxenstopp\/wp-content\/uploads\/2021\/03\/Checkliste-fuer-eine-private-Flottenversicherung-24x18.png 24w, https:\/\/vimcar.de\/boxenstopp\/wp-content\/uploads\/2021\/03\/Checkliste-fuer-eine-private-Flottenversicherung-36x27.png 36w, https:\/\/vimcar.de\/boxenstopp\/wp-content\/uploads\/2021\/03\/Checkliste-fuer-eine-private-Flottenversicherung-48x36.png 48w\" sizes=\"(max-width: 800px) 100vw, 800px\" \/>\t\t\t\t\t\t\t\t\t\t\t\t\t<\/div>\n\t\t\t\t<\/div>\n\t\t\t\t\t<\/div>\n\t\t<\/div>\n\t\t\t\t\t<\/div>\n\t\t<\/section>\n\t\t\t\t\t<\/div>\n\t\t<\/div>\n\t\t\t\t\t<\/div>\n\t\t<\/section>\n\t\t\t\t<section class=\"elementor-section elementor-top-section elementor-element elementor-element-216eeb39 elementor-section-boxed elementor-section-height-default elementor-section-height-default\" data-id=\"216eeb39\" data-element_type=\"section\">\n\t\t\t\t\t\t<div class=\"elementor-container elementor-column-gap-default\">\n\t\t\t\t\t<div class=\"elementor-column elementor-col-100 elementor-top-column elementor-element elementor-element-5fecbb4a\" data-id=\"5fecbb4a\" data-element_type=\"column\">\n\t\t\t<div class=\"elementor-widget-wrap elementor-element-populated\">\n\t\t\t\t\t\t<div class=\"elementor-element elementor-element-2b78851 elementor-widget elementor-widget-spacer\" data-id=\"2b78851\" data-element_type=\"widget\" data-widget_type=\"spacer.default\">\n\t\t\t\t<div class=\"elementor-widget-container\">\n\t\t\t\t\t<div class=\"elementor-spacer\">\n\t\t\t<div class=\"elementor-spacer-inner\"><\/div>\n\t\t<\/div>\n\t\t\t\t<\/div>\n\t\t\t\t<\/div>\n\t\t\t\t<div class=\"elementor-element elementor-element-049b425 elementor-widget elementor-widget-heading\" data-id=\"049b425\" data-element_type=\"widget\" data-widget_type=\"heading.default\">\n\t\t\t\t<div class=\"elementor-widget-container\">\n\t\t\t<h2 class=\"elementor-heading-title elementor-size-default\">Fahrzeugsicherheit und Arbeitsschutz\n<\/h2>\t\t<\/div>\n\t\t\t\t<\/div>\n\t\t\t\t<section class=\"elementor-section elementor-inner-section elementor-element elementor-element-e07641d elementor-section-boxed elementor-section-height-default elementor-section-height-default\" data-id=\"e07641d\" data-element_type=\"section\">\n\t\t\t\t\t\t<div class=\"elementor-container elementor-column-gap-default\">\n\t\t\t\t\t<div class=\"elementor-column elementor-col-50 elementor-inner-column elementor-element elementor-element-1d2985e\" data-id=\"1d2985e\" data-element_type=\"column\">\n\t\t\t<div class=\"elementor-widget-wrap elementor-element-populated\">\n\t\t\t\t\t\t<div class=\"elementor-element elementor-element-486bda9 elementor-widget elementor-widget-text-editor\" data-id=\"486bda9\" data-element_type=\"widget\" data-widget_type=\"text-editor.default\">\n\t\t\t\t<div class=\"elementor-widget-container\">\n\t\t\t\t\t\t\t<p style=\"text-align: left;\">Der Gesetzgeber und die Berufsgenossenschaften legen gro\u00dfen Wert auf den gesundheitlichen Schutz des Arbeitnehmers im Arbeitsumfeld. Vor diesem Hintergrund ist auch das Dienstfahrzeug zu betrachten. Denn das beruflich genutzte Fahrzeug ist ein Arbeitsmittel, bei dem die \u00fcblichen arbeitsschutzrechtlichen Bedingungen erf\u00fcllt sein m\u00fcssen.<\/p><p style=\"text-align: left;\">Unter diesen Voraussetzungen muss der Betreiber eines Fuhrparks jederzeit f\u00fcr den einwandfreien Zustand eines Dienstwagens oder anderweitig beruflich genutzten Fahrzeugs Sorge tragen. Dies gilt sowohl im ergonomischen Sinne wie auch und besonders bei der Fahrzeugsicherheit. Wenn er dieser Sorgfaltspflicht nicht nachkommt, muss die\u00a0GUV Versicherung\u00a0nur \u201ebis zur H\u00f6he des zivilrechtlichen Schadenersatzanspruchs\u201c zahlen. Vergleich hierzu \u00a7 110 SGB VII.<\/p><p style=\"text-align: left;\">In diesem Zusammenhang ist auch die regelm\u00e4\u00dfige UVV-Pru\u0308fung im Fuhrpark nach DGUV Vorschrift 70 zu betrachten. Diese Pr\u00fcfung der\u00a0Unfallversicherung ist gesetzlich\u00a0genauestens geregelt und erfolgt bei Bedarf, mindestens jedoch einmal pro Jahr. Bei Nichteinhaltung der entsprechenden Fristen erlischt der Versicherungsschutz der deutschen Unfallversicherung.<\/p>\t\t\t\t\t\t<\/div>\n\t\t\t\t<\/div>\n\t\t\t\t\t<\/div>\n\t\t<\/div>\n\t\t\t\t<div class=\"elementor-column elementor-col-50 elementor-inner-column elementor-element elementor-element-e251e83\" data-id=\"e251e83\" data-element_type=\"column\">\n\t\t\t<div class=\"elementor-widget-wrap elementor-element-populated\">\n\t\t\t\t\t\t<div class=\"elementor-element elementor-element-011fb7f elementor-widget elementor-widget-image\" data-id=\"011fb7f\" data-element_type=\"widget\" data-widget_type=\"image.default\">\n\t\t\t\t<div class=\"elementor-widget-container\">\n\t\t\t\t\t\t\t\t\t\t\t\t\t<img decoding=\"async\" width=\"640\" height=\"480\" src=\"https:\/\/vimcar.de\/boxenstopp\/wp-content\/uploads\/2020\/11\/deutsche-Unfallversicherung-Fahrzeugschaden.jpg\" class=\"attachment-large size-large wp-image-16766\" alt=\"Fahrzeugschaden\" srcset=\"https:\/\/vimcar.de\/boxenstopp\/wp-content\/uploads\/2020\/11\/deutsche-Unfallversicherung-Fahrzeugschaden.jpg 640w, https:\/\/vimcar.de\/boxenstopp\/wp-content\/uploads\/2020\/11\/deutsche-Unfallversicherung-Fahrzeugschaden-300x225.jpg 300w, https:\/\/vimcar.de\/boxenstopp\/wp-content\/uploads\/2020\/11\/deutsche-Unfallversicherung-Fahrzeugschaden-24x18.jpg 24w, https:\/\/vimcar.de\/boxenstopp\/wp-content\/uploads\/2020\/11\/deutsche-Unfallversicherung-Fahrzeugschaden-36x27.jpg 36w, https:\/\/vimcar.de\/boxenstopp\/wp-content\/uploads\/2020\/11\/deutsche-Unfallversicherung-Fahrzeugschaden-48x36.jpg 48w\" sizes=\"(max-width: 640px) 100vw, 640px\" \/>\t\t\t\t\t\t\t\t\t\t\t\t\t<\/div>\n\t\t\t\t<\/div>\n\t\t\t\t\t<\/div>\n\t\t<\/div>\n\t\t\t\t\t<\/div>\n\t\t<\/section>\n\t\t\t\t<div class=\"elementor-element elementor-element-87c9ba6 elementor-widget elementor-widget-heading\" data-id=\"87c9ba6\" data-element_type=\"widget\" data-widget_type=\"heading.default\">\n\t\t\t\t<div class=\"elementor-widget-container\">\n\t\t\t<h2 class=\"elementor-heading-title elementor-size-default\">UVV \u2013 Haftungsausschluss bei privater Nutzung<\/h2>\t\t<\/div>\n\t\t\t\t<\/div>\n\t\t\t\t<div class=\"elementor-element elementor-element-b3adaf0 elementor-widget elementor-widget-text-editor\" data-id=\"b3adaf0\" data-element_type=\"widget\" data-widget_type=\"text-editor.default\">\n\t\t\t\t<div class=\"elementor-widget-container\">\n\t\t\t\t\t\t\t<p><span style=\"font-weight: 400;\">Grunds\u00e4tzlich sind Mitarbeiter, die mit dem Firmenwagen dienstlich unterwegs sind durch die gesetzliche Unfallversicherung abgesichert. Dies gilt sowohl beim Anfahrts- und Abfahrtsweg vom Arbeitsplatz als auch bei Dienstreisen, Dienstfahrten oder dienstlichen Eins\u00e4tzen mit dem PKW. Doch Achtung, die private Nutzung unterbricht den Versicherungsschutz und kann ihn schlimmstenfalls sogar vollst\u00e4ndig zum Erliegen bringen. Eine Regelung mit der sich die Sozialgerichte immer wieder auseinandersetzen m\u00fcssen.<\/span><\/p><p><span style=\"font-weight: 400;\">So hat das Bundessozialgericht in seinem Urteil vom 26.08.2017 &#8211; B 2 U 11\/16 R noch einmal eindeutig best\u00e4tigt, dass das Einkaufen w\u00e4hrend des Heimwegs den Versicherungsschutz unterbricht. In dem vorliegenden Fall ist eine Frau, w\u00e4hrend sie ihren Einkauf auf dem Beifahrersitz verstaute, auf schneeglatter Stra\u00dfe gest\u00fcrzt und die Versicherung sah keine Veranlassung zu zahlen. Die Arbeitnehmerin hat daraufhin auf Anerkennung als Dienstunfall geklagt. Die Klage wurde jedoch sowohl vor dem Sozialgericht als auch vor dem Landessozialgericht abgewiesen. Eine Einsch\u00e4tzung der sich schlie\u00dflich auch das Bundessozialgericht angeschlossen hat.<\/span><\/p>\t\t\t\t\t\t<\/div>\n\t\t\t\t<\/div>\n\t\t\t\t<div class=\"elementor-element elementor-element-12d34a4 elementor-widget elementor-widget-heading\" data-id=\"12d34a4\" data-element_type=\"widget\" data-widget_type=\"heading.default\">\n\t\t\t\t<div class=\"elementor-widget-container\">\n\t\t\t<h3 class=\"elementor-heading-title elementor-size-default\">Versicherungsschutz w\u00e4hrend der Mittagspause\n<\/h3>\t\t<\/div>\n\t\t\t\t<\/div>\n\t\t\t\t\t<\/div>\n\t\t<\/div>\n\t\t\t\t\t<\/div>\n\t\t<\/section>\n\t\t\t\t<section class=\"elementor-section elementor-top-section elementor-element elementor-element-fb6aede elementor-section-boxed elementor-section-height-default elementor-section-height-default\" data-id=\"fb6aede\" data-element_type=\"section\">\n\t\t\t\t\t\t<div class=\"elementor-container elementor-column-gap-default\">\n\t\t\t\t\t<div class=\"elementor-column elementor-col-100 elementor-top-column elementor-element elementor-element-2fd7b5c\" data-id=\"2fd7b5c\" data-element_type=\"column\">\n\t\t\t<div class=\"elementor-widget-wrap elementor-element-populated\">\n\t\t\t\t\t\t<div class=\"elementor-element elementor-element-443333c elementor-widget elementor-widget-text-editor\" data-id=\"443333c\" data-element_type=\"widget\" data-widget_type=\"text-editor.default\">\n\t\t\t\t<div class=\"elementor-widget-container\">\n\t\t\t\t\t\t\t<p><span style=\"font-weight: 400;\">Auch bei Fahrten w\u00e4hrend der Mittagspause besteht grunds\u00e4tzlich ein Versicherungsschutz. Dies gilt auch dann, wenn der Arbeitnehmer w\u00e4hrend seiner Pause Lebensmittel f\u00fcr den unmittelbaren Verzehr einkauft. Doch Vorsicht ist geboten, sobald der Einkauf \u00fcber den normalen Mittagsimbiss hinaus geht. Wer f\u00fcr das Abendessen vorsorgt oder noch rasch einen Brief zur Post bringt, verliert w\u00e4hrend dieser Zeit seinen Versicherungsschutz.<\/span><\/p>\t\t\t\t\t\t<\/div>\n\t\t\t\t<\/div>\n\t\t\t\t<div class=\"elementor-element elementor-element-6397654 elementor-widget elementor-widget-heading\" data-id=\"6397654\" data-element_type=\"widget\" data-widget_type=\"heading.default\">\n\t\t\t\t<div class=\"elementor-widget-container\">\n\t\t\t<h2 class=\"elementor-heading-title elementor-size-default\">Unterschied zwischen Arbeitsunfall und Berufskrankheit\u200b<\/h2>\t\t<\/div>\n\t\t\t\t<\/div>\n\t\t\t\t<section class=\"elementor-section elementor-inner-section elementor-element elementor-element-7aefe4d elementor-section-boxed elementor-section-height-default elementor-section-height-default\" data-id=\"7aefe4d\" data-element_type=\"section\">\n\t\t\t\t\t\t<div class=\"elementor-container elementor-column-gap-default\">\n\t\t\t\t\t<div class=\"elementor-column elementor-col-50 elementor-inner-column elementor-element elementor-element-1baa41f\" data-id=\"1baa41f\" data-element_type=\"column\">\n\t\t\t<div class=\"elementor-widget-wrap elementor-element-populated\">\n\t\t\t\t\t\t<div class=\"elementor-element elementor-element-9a318ad elementor-widget elementor-widget-text-editor\" data-id=\"9a318ad\" data-element_type=\"widget\" data-widget_type=\"text-editor.default\">\n\t\t\t\t<div class=\"elementor-widget-container\">\n\t\t\t\t\t\t\t<p>Von einem Arbeitsunfall ist die Rede, wenn der Unfall in Zusammenhang mit der versicherten T\u00e4tigkeit steht und nicht, wenn es zum allgemeinen Lebensrisiko im Alltag zugeordnet werden kann. Wegunf\u00e4lle fallen nur unter den Versicherungsschutz, wenn auf dem Arbeitsweg keine Abweichungen zum direkten Weg oder l\u00e4ngere Unterbrechungen vorliegen. Oft kursiert in Unternehmen der Mythos, dass Arbeitnehmer, die mehr als 10 Stunden am Tag arbeiten, den Versicherungsschutz nach dieser Zeit verlieren &#8211; hierzu gibt es allerdings keine offizielle Regelung und der Mythos ist demnach nichtig.\u00a0<\/p><p>Alkoholeinfluss kann den Versicherungsschutz beeinflussen, wenn sich der Versicherte im Vollrausch befindet und demnach seinen Beruf nicht mehr ausf\u00fchren kann oder wenn er in einen Verkehrsunfall verwickelt ist und mehr als die zul\u00e4ssigen 1,1% Promille nachgewiesen bekommt.<\/p>\t\t\t\t\t\t<\/div>\n\t\t\t\t<\/div>\n\t\t\t\t\t<\/div>\n\t\t<\/div>\n\t\t\t\t<div class=\"elementor-column elementor-col-50 elementor-inner-column elementor-element elementor-element-d21e376\" data-id=\"d21e376\" data-element_type=\"column\">\n\t\t\t<div class=\"elementor-widget-wrap elementor-element-populated\">\n\t\t\t\t\t\t<div class=\"elementor-element elementor-element-fe13586 elementor-widget elementor-widget-image\" data-id=\"fe13586\" data-element_type=\"widget\" data-widget_type=\"image.default\">\n\t\t\t\t<div class=\"elementor-widget-container\">\n\t\t\t\t\t\t\t\t\t\t\t\t\t<img loading=\"lazy\" decoding=\"async\" width=\"640\" height=\"485\" src=\"https:\/\/vimcar.de\/boxenstopp\/wp-content\/uploads\/2020\/11\/GUV-Versicherung-Krank.jpg\" class=\"attachment-large size-large wp-image-16767\" alt=\"Erk\u00e4ltung\" srcset=\"https:\/\/vimcar.de\/boxenstopp\/wp-content\/uploads\/2020\/11\/GUV-Versicherung-Krank.jpg 640w, https:\/\/vimcar.de\/boxenstopp\/wp-content\/uploads\/2020\/11\/GUV-Versicherung-Krank-300x227.jpg 300w, https:\/\/vimcar.de\/boxenstopp\/wp-content\/uploads\/2020\/11\/GUV-Versicherung-Krank-24x18.jpg 24w, https:\/\/vimcar.de\/boxenstopp\/wp-content\/uploads\/2020\/11\/GUV-Versicherung-Krank-36x27.jpg 36w, https:\/\/vimcar.de\/boxenstopp\/wp-content\/uploads\/2020\/11\/GUV-Versicherung-Krank-48x36.jpg 48w\" sizes=\"(max-width: 640px) 100vw, 640px\" \/>\t\t\t\t\t\t\t\t\t\t\t\t\t<\/div>\n\t\t\t\t<\/div>\n\t\t\t\t\t<\/div>\n\t\t<\/div>\n\t\t\t\t\t<\/div>\n\t\t<\/section>\n\t\t\t\t<div class=\"elementor-element elementor-element-1185994 elementor-widget elementor-widget-text-editor\" data-id=\"1185994\" data-element_type=\"widget\" data-widget_type=\"text-editor.default\">\n\t\t\t\t<div class=\"elementor-widget-container\">\n\t\t\t\t\t\t\t<p>Leidet der Versicherte unter einer der vom Gesetzgeber aufgelisteten Erkrankung, handelt es sich um ein eine Berufskrankheit. Diese sind in der\u00a0<a href=\"https:\/\/www.gesetze-im-internet.de\/bkv\/BKV.pdf\" target=\"_blank\" rel=\"noopener\">Berufskrankheiten-Verordnung<\/a>\u00a0(BKV) Anlage 1 zu finden. So wird beispielsweise Hautkrebs, der durch die Arbeit mit Ru\u00df oder Teer entstand, dazugez\u00e4hlt..<\/p>\t\t\t\t\t\t<\/div>\n\t\t\t\t<\/div>\n\t\t\t\t<div class=\"elementor-element elementor-element-7393d3d elementor-widget elementor-widget-heading\" data-id=\"7393d3d\" data-element_type=\"widget\" data-widget_type=\"heading.default\">\n\t\t\t\t<div class=\"elementor-widget-container\">\n\t\t\t<h3 class=\"elementor-heading-title elementor-size-default\">Minderung der Erwerbsf\u00e4higkeit<\/h3>\t\t<\/div>\n\t\t\t\t<\/div>\n\t\t\t\t<div class=\"elementor-element elementor-element-3533b73 elementor-widget elementor-widget-text-editor\" data-id=\"3533b73\" data-element_type=\"widget\" data-widget_type=\"text-editor.default\">\n\t\t\t\t<div class=\"elementor-widget-container\">\n\t\t\t\t\t\t\t<p>Es wird festgestellt, welche Einschr\u00e4nkungen und Verluste die Krankheit oder der Arbeitsunfall auf die zuk\u00fcnftige Ausf\u00fchrung seines erlernten Berufes haben kann. Hierbei kommt es bei der Bestimmung des Grades der Erwerbsf\u00e4higkeit nicht darauf an, ob der Betroffene einen Einkommensverlust erlitten hat. Die Versichertenrente soll hier also nicht den Verlust des Erwerbs abdecken, sondern die Minderung der Erwerbsf\u00e4higkeit ausgleichen.<\/p>\t\t\t\t\t\t<\/div>\n\t\t\t\t<\/div>\n\t\t\t\t<div class=\"elementor-element elementor-element-6c458c5 elementor-widget elementor-widget-heading\" data-id=\"6c458c5\" data-element_type=\"widget\" data-widget_type=\"heading.default\">\n\t\t\t\t<div class=\"elementor-widget-container\">\n\t\t\t<h3 class=\"elementor-heading-title elementor-size-default\">Wann bin ich erwerbsunf\u00e4hig?\u200b<\/h3>\t\t<\/div>\n\t\t\t\t<\/div>\n\t\t\t\t<div class=\"elementor-element elementor-element-54cd239 elementor-widget elementor-widget-text-editor\" data-id=\"54cd239\" data-element_type=\"widget\" data-widget_type=\"text-editor.default\">\n\t\t\t\t<div class=\"elementor-widget-container\">\n\t\t\t\t\t\t\t<p>Die Erwerbsunf\u00e4higkeit wird von dem gesetzlichen Unfallversicherungstr\u00e4ger, der gewerblichen Berufsgenossenschaft, festgestellt. Hierbei werden die Funktionseinbu\u00dfe, welche der Betroffene erlitten hat, ber\u00fccksichtigt. Da es unterschiedlich hohe Einsch\u00e4tzungen geben kann, ist es m\u00f6glich, dass die gleichen Verletzungen bei unterschiedlichen Personen anders bewertet werden. Hier kann es zum Beispiel aufgrundder vorherigen k\u00f6rperlichen Verfassung zu Unterschieden kommen.\u00a0<\/p><p>Bei der Unterst\u00fctzung durch die Versicherung unterscheidet man zwischen Geldleistungen und Sachleistungen. Wie oben bereits beschrieben, fallen die \u00e4rztlichen Untersuchungen unter Sachleistungen. Dazu werden beispielsweise auch die Psychotherapie, h\u00e4usliche Krankenpflege, Haushaltshilfe, Teilhabeleistungen, Heil- und Hilfsmittel. eingeordnet. Bei Geldleistungen handelt es sich um Gelder wie Verletztengeld, \u00dcbergangsgeld, Verletztenrente, Abfindung Pflegegeld, Sterbegeld etc..<\/p>\t\t\t\t\t\t<\/div>\n\t\t\t\t<\/div>\n\t\t\t\t<div class=\"elementor-element elementor-element-cdaafad elementor-widget elementor-widget-heading\" data-id=\"cdaafad\" data-element_type=\"widget\" data-widget_type=\"heading.default\">\n\t\t\t\t<div class=\"elementor-widget-container\">\n\t\t\t<h2 class=\"elementor-heading-title elementor-size-default\">Wie sieht die Unfallversicherung bei mehreren Arbeitgebern aus?\u200b<\/h2>\t\t<\/div>\n\t\t\t\t<\/div>\n\t\t\t\t<div class=\"elementor-element elementor-element-cc51d0a elementor-widget elementor-widget-text-editor\" data-id=\"cc51d0a\" data-element_type=\"widget\" data-widget_type=\"text-editor.default\">\n\t\t\t\t<div class=\"elementor-widget-container\">\n\t\t\t\t\t\t\t<p>Grunds\u00e4tzlich enth\u00e4lt die Berechnung der Beitr\u00e4ge das gesamte Gehalt. Das hei\u00dft, alle alle Einnahmen des Versicherten von allen Arbeitsstellen werden addiert und verrechnet. Dabei gibt es eine H\u00f6chstgrenze f\u00fcr das monatliche und j\u00e4hrliche Einkommen f\u00fcr die Verrechnung. Sie Anpassung erfolgt immer zu dem Jahreswechsel.<\/p>\t\t\t\t\t\t<\/div>\n\t\t\t\t<\/div>\n\t\t\t\t<div class=\"elementor-element elementor-element-aaf5e78 elementor-widget elementor-widget-heading\" data-id=\"aaf5e78\" data-element_type=\"widget\" data-widget_type=\"heading.default\">\n\t\t\t\t<div class=\"elementor-widget-container\">\n\t\t\t<h2 class=\"elementor-heading-title elementor-size-default\">Video zur deutschen Unfallversicherung<\/h2>\t\t<\/div>\n\t\t\t\t<\/div>\n\t\t\t\t<div class=\"elementor-element elementor-element-0345921 elementor-widget elementor-widget-video\" data-id=\"0345921\" data-element_type=\"widget\" data-settings=\"{&quot;youtube_url&quot;:&quot;https:\\\/\\\/www.youtube.com\\\/watch?v=zxekiTZh1Gk&amp;feature=emb_logo&quot;,&quot;lazy_load&quot;:&quot;yes&quot;,&quot;video_type&quot;:&quot;youtube&quot;,&quot;controls&quot;:&quot;yes&quot;}\" data-widget_type=\"video.default\">\n\t\t\t\t<div class=\"elementor-widget-container\">\n\t\t\t\t\t<div class=\"elementor-wrapper elementor-open-inline\">\n\t\t\t<div class=\"elementor-video\"><\/div>\t\t<\/div>\n\t\t\t\t<\/div>\n\t\t\t\t<\/div>\n\t\t\t\t\t<\/div>\n\t\t<\/div>\n\t\t\t\t\t<\/div>\n\t\t<\/section>\n\t\t\t\t<section class=\"elementor-section elementor-top-section elementor-element elementor-element-715e477 elementor-section-boxed elementor-section-height-default elementor-section-height-default\" data-id=\"715e477\" data-element_type=\"section\">\n\t\t\t\t\t\t<div class=\"elementor-container elementor-column-gap-default\">\n\t\t\t\t\t<div class=\"elementor-column elementor-col-100 elementor-top-column elementor-element elementor-element-dcfe5e9\" data-id=\"dcfe5e9\" data-element_type=\"column\">\n\t\t\t<div class=\"elementor-widget-wrap elementor-element-populated\">\n\t\t\t\t\t\t<div class=\"elementor-element elementor-element-5e759b5 elementor-widget elementor-widget-spacer\" data-id=\"5e759b5\" data-element_type=\"widget\" data-widget_type=\"spacer.default\">\n\t\t\t\t<div class=\"elementor-widget-container\">\n\t\t\t\t\t<div class=\"elementor-spacer\">\n\t\t\t<div class=\"elementor-spacer-inner\"><\/div>\n\t\t<\/div>\n\t\t\t\t<\/div>\n\t\t\t\t<\/div>\n\t\t\t\t\t<\/div>\n\t\t<\/div>\n\t\t\t\t\t<\/div>\n\t\t<\/section>\n\t\t\t\t<section class=\"elementor-section elementor-top-section elementor-element elementor-element-78d8a9d1 elementor-section-boxed elementor-section-height-default elementor-section-height-default\" data-id=\"78d8a9d1\" data-element_type=\"section\">\n\t\t\t\t\t\t<div class=\"elementor-container elementor-column-gap-default\">\n\t\t\t\t\t<div class=\"elementor-column elementor-col-100 elementor-top-column elementor-element elementor-element-457ce660\" data-id=\"457ce660\" data-element_type=\"column\">\n\t\t\t<div class=\"elementor-widget-wrap elementor-element-populated\">\n\t\t\t\t\t\t<div class=\"elementor-element elementor-element-6e7b29e4 elementor-widget elementor-widget-heading\" data-id=\"6e7b29e4\" data-element_type=\"widget\" data-widget_type=\"heading.default\">\n\t\t\t\t<div class=\"elementor-widget-container\">\n\t\t\t<h2 class=\"elementor-heading-title elementor-size-default\">FAQ <\/h2>\t\t<\/div>\n\t\t\t\t<\/div>\n\t\t\t\t<div class=\"elementor-element elementor-element-3be6e3fc elementor-widget elementor-widget-heading\" data-id=\"3be6e3fc\" data-element_type=\"widget\" data-widget_type=\"heading.default\">\n\t\t\t\t<div class=\"elementor-widget-container\">\n\t\t\t<h3 class=\"elementor-heading-title elementor-size-default\">1. Was deckt die gesetzliche Unfallversicherung ab?<\/h3>\t\t<\/div>\n\t\t\t\t<\/div>\n\t\t\t\t<div class=\"elementor-element elementor-element-4ed3891e elementor-widget elementor-widget-text-editor\" data-id=\"4ed3891e\" data-element_type=\"widget\" data-widget_type=\"text-editor.default\">\n\t\t\t\t<div class=\"elementor-widget-container\">\n\t\t\t\t\t\t\t<p>Die GUV sch\u00fctzt Arbeitst\u00e4tige bei Arbeitsunf\u00e4llen, Berufserkrankungen und arbeitsbedingten Gesundheitsgefahren und bietet finanzielle Entsch\u00e4digung sowie medizinische und soziale Rehabilitation.<\/p>\t\t\t\t\t\t<\/div>\n\t\t\t\t<\/div>\n\t\t\t\t<div class=\"elementor-element elementor-element-62c1cf20 elementor-widget elementor-widget-heading\" data-id=\"62c1cf20\" data-element_type=\"widget\" data-widget_type=\"heading.default\">\n\t\t\t\t<div class=\"elementor-widget-container\">\n\t\t\t<h3 class=\"elementor-heading-title elementor-size-default\">2. Wie werden die Beitr\u00e4ge zur GUV berechnet?<\/h3>\t\t<\/div>\n\t\t\t\t<\/div>\n\t\t\t\t<div class=\"elementor-element elementor-element-65c45cfa elementor-widget elementor-widget-text-editor\" data-id=\"65c45cfa\" data-element_type=\"widget\" data-widget_type=\"text-editor.default\">\n\t\t\t\t<div class=\"elementor-widget-container\">\n\t\t\t\t\t\t\t<p>Die Beitr\u00e4ge basieren auf dem Finanzbedarf (Umlagesoll), dem Arbeitsentgelt des Versicherten und der Gefahrklasse des Unternehmens, wobei sie erst nach Abschluss des Gesch\u00e4ftsjahres berechnet werden.<\/p>\t\t\t\t\t\t<\/div>\n\t\t\t\t<\/div>\n\t\t\t\t<div class=\"elementor-element elementor-element-556d8fe7 elementor-widget elementor-widget-heading\" data-id=\"556d8fe7\" data-element_type=\"widget\" data-widget_type=\"heading.default\">\n\t\t\t\t<div class=\"elementor-widget-container\">\n\t\t\t<h3 class=\"elementor-heading-title elementor-size-default\">3. Welche Rolle spielt die GUV im Fuhrparkmanagement?<\/h3>\t\t<\/div>\n\t\t\t\t<\/div>\n\t\t\t\t<div class=\"elementor-element elementor-element-2d244521 elementor-widget elementor-widget-text-editor\" data-id=\"2d244521\" data-element_type=\"widget\" data-widget_type=\"text-editor.default\">\n\t\t\t\t<div class=\"elementor-widget-container\">\n\t\t\t\t\t\t\t<p>Die GUV bezieht sich auf alle dienstlich genutzten Fahrzeuge im Fuhrpark und deckt Sch\u00e4den ab, die w\u00e4hrend der dienstlichen Nutzung entstehen, einschlie\u00dflich Heil- und Rehabilitationsma\u00dfnahmen sowie Leistungen zur Teilhabe am Arbeitsleben.<\/p>\t\t\t\t\t\t<\/div>\n\t\t\t\t<\/div>\n\t\t\t\t<div class=\"elementor-element elementor-element-69750e3c elementor-widget elementor-widget-heading\" data-id=\"69750e3c\" data-element_type=\"widget\" data-widget_type=\"heading.default\">\n\t\t\t\t<div class=\"elementor-widget-container\">\n\t\t\t<h3 class=\"elementor-heading-title elementor-size-default\">4. Was passiert bei Fehlverhalten in Bezug auf die GUV?<\/h3>\t\t<\/div>\n\t\t\t\t<\/div>\n\t\t\t\t<div class=\"elementor-element elementor-element-196f2bcd elementor-widget elementor-widget-text-editor\" data-id=\"196f2bcd\" data-element_type=\"widget\" data-widget_type=\"text-editor.default\">\n\t\t\t\t<div class=\"elementor-widget-container\">\n\t\t\t\t\t\t\t<p>Bei Fehlverhalten des Versicherungsnehmers oder des Arbeitnehmers kann die GUV die Zahlung verweigern. Dies gilt auch bei privater Nutzung von Dienstfahrzeugen, die den Versicherungsschutz unterbrechen kann.<\/p>\t\t\t\t\t\t<\/div>\n\t\t\t\t<\/div>\n\t\t\t\t<div class=\"elementor-element elementor-element-5496c07 elementor-widget elementor-widget-heading\" data-id=\"5496c07\" data-element_type=\"widget\" data-widget_type=\"heading.default\">\n\t\t\t\t<div class=\"elementor-widget-container\">\n\t\t\t<h3 class=\"elementor-heading-title elementor-size-default\">5. Wie wird die Erwerbsunf\u00e4higkeit im Rahmen der GUV bewertet?<\/h3>\t\t<\/div>\n\t\t\t\t<\/div>\n\t\t\t\t<div class=\"elementor-element elementor-element-1ede46c6 elementor-widget elementor-widget-text-editor\" data-id=\"1ede46c6\" data-element_type=\"widget\" data-widget_type=\"text-editor.default\">\n\t\t\t\t<div class=\"elementor-widget-container\">\n\t\t\t\t\t\t\t<p>Die Erwerbsunf\u00e4higkeit wird von der gewerblichen Berufsgenossenschaft festgestellt und ber\u00fccksichtigt die Funktionseinbu\u00dfe des Betroffenen. Die Versicherungsleistungen umfassen sowohl Geld- als auch Sachleistungen.<\/p>\t\t\t\t\t\t<\/div>\n\t\t\t\t<\/div>\n\t\t\t\t<div class=\"elementor-element elementor-element-b360f6c elementor-widget elementor-widget-heading\" data-id=\"b360f6c\" data-element_type=\"widget\" data-widget_type=\"heading.default\">\n\t\t\t\t<div class=\"elementor-widget-container\">\n\t\t\t<h2 class=\"elementor-heading-title elementor-size-default\">Alles zum Thema Unfallverh\u00fctungsvorschriften im Fuhrpark <\/h2>\t\t<\/div>\n\t\t\t\t<\/div>\n\t\t\t\t<section class=\"elementor-section elementor-inner-section elementor-element elementor-element-9be8194 elementor-section-boxed elementor-section-height-default elementor-section-height-default\" data-id=\"9be8194\" data-element_type=\"section\">\n\t\t\t\t\t\t<div class=\"elementor-container elementor-column-gap-default\">\n\t\t\t\t\t<div class=\"elementor-column elementor-col-50 elementor-inner-column elementor-element elementor-element-927ff03\" data-id=\"927ff03\" data-element_type=\"column\">\n\t\t\t<div class=\"elementor-widget-wrap elementor-element-populated\">\n\t\t\t\t\t\t<div class=\"elementor-element elementor-element-a1622a4 elementor-widget elementor-widget-text-editor\" data-id=\"a1622a4\" data-element_type=\"widget\" data-widget_type=\"text-editor.default\">\n\t\t\t\t<div class=\"elementor-widget-container\">\n\t\t\t\t\t\t\t<ul>\n<li><a href=\"https:\/\/vimcar.de\/boxenstopp\/lexikon\/arbeitsschutzgesetz\/\">Arbeitsschutzgesetz<\/a><\/li>\n<li><a href=\"https:\/\/vimcar.de\/boxenstopp\/lexikon\/gefaehrdungsbeurteilung\/\">Gef\u00e4hrdungsbeurteilung<\/a><\/li>\n<li><a href=\"https:\/\/vimcar.de\/boxenstopp\/lexikon\/dguv\/\">DGUV<\/a><\/li>\n<li><a href=\"https:\/\/vimcar.de\/boxenstopp\/lexikon\/unfallverhuetungsvorschriften-allgemein\/\">Unfallverh\u00fctungsvorschriften&nbsp;<\/a><\/li>\n<li><a href=\"https:\/\/vimcar.de\/boxenstopp\/ressourcenbereich\/protokoll-jaehrliche-fahrzeugkontrolle\/\">Protokoll zur j\u00e4hrlichen Fahrzeugkontrolle<\/a><\/li>\n<li><a href=\"https:\/\/vimcar.de\/boxenstopp\/ressourcenbereich\/checkliste-taegliche-uvv-kontrolle-fahrzeugen\/\">Checkliste zur t\u00e4glichen Fahrzeugkontrolle<\/a><\/li>\n<li><a href=\"https:\/\/vimcar.de\/boxenstopp\/ressourcenbereich\/fragebogen-jaehrliche-fahrerunterweisung\/\">Fragebogen zur j\u00e4hrlichen Fahrerunterweisung<\/a><\/li>\n<li><a href=\"https:\/\/vimcar.de\/boxenstopp\/ressourcenbereich\/ladungssicherungsrechner\/\">Ladungssicherungsrechner<\/a><\/li>\n<li><a href=\"https:\/\/vimcar.de\/boxenstopp\/blog\/verhalten-bei-unfaellen\/\">Verhalten bei Unf\u00e4llen<\/a><\/li>\n<li><a href=\"https:\/\/vimcar.de\/boxenstopp\/lexikon\/bg-vorschriften\/\" target=\"_blank\">BG Vorschriften<\/a><br><\/li>\n<li><a href=\"https:\/\/vimcar.de\/boxenstopp\/blog\/fahrzeughalter-ermitteln\/\" target=\"_blank\">Fahrzeughalter im Fuhrpark ermitteln<\/a><br><\/li>\n<li><a href=\"https:\/\/vimcar.de\/boxenstopp\/lexikon\/car-policy\/\" target=\"_blank\">Car Policy<\/a><br><\/li><li><a href=\"https:\/\/vimcar.de\/boxenstopp\/lexikon\/flottenversicherung\/\" target=\"_blank\" rel=\"noopener\">Flottenversicherung<\/a><\/li>\n<\/ul>\t\t\t\t\t\t<\/div>\n\t\t\t\t<\/div>\n\t\t\t\t\t<\/div>\n\t\t<\/div>\n\t\t\t\t<div class=\"elementor-column elementor-col-50 elementor-inner-column elementor-element elementor-element-155ff63\" data-id=\"155ff63\" data-element_type=\"column\">\n\t\t\t<div class=\"elementor-widget-wrap elementor-element-populated\">\n\t\t\t\t\t\t<div class=\"elementor-element elementor-element-7eb9679 elementor-widget elementor-widget-text-editor\" data-id=\"7eb9679\" data-element_type=\"widget\" data-widget_type=\"text-editor.default\">\n\t\t\t\t<div class=\"elementor-widget-container\">\n\t\t\t\t\t\t\t<ul>\n<li><a href=\"https:\/\/vimcar.de\/boxenstopp\/ressourcenbereich\/protokoll-erstunterweisung\/\">Protokoll Erstunterweisung<\/a><\/li>\n<li><a href=\"https:\/\/vimcar.de\/boxenstopp\/ressourcenbereich\/anbietervergleich-online-uvv-schulungen\/\">eBook \u00dcbersicht Online UVV Schulungen<\/a><\/li>\n<li><a href=\"https:\/\/vimcar.de\/boxenstopp\/ressourcenbereich\/formular-fuehrerscheinkontrolle\/\">Formular F\u00fchrerscheinkontrolle<\/a><\/li>\n<li><a href=\"https:\/\/vimcar.de\/boxenstopp\/lexikon\/halterhaftung\/\">Halterhaftung<\/a><\/li>\n<li><a href=\"https:\/\/vimcar.de\/boxenstopp\/blog\/halterhaftung-im-fuhrpark\/\">Halterhaftung im Fuhrpark<\/a><\/li>\n<li><a href=\"https:\/\/vimcar.de\/boxenstopp\/ressourcenbereich\/dienstwagenueberlassungsvertrag\/\">Dienstwagen\u00fcberlassungsvertrag<\/a><\/li>\n<li><a href=\"https:\/\/vimcar.de\/boxenstopp\/ressourcenbereich\/mustervertrag-car-policy\/\">Car Policy Muster<\/a><\/li>\n<li><a href=\"https:\/\/vimcar.de\/boxenstopp\/lexikon\/ladungssicherung\/\">Ladungssicherung<\/a><\/li>\n<li><a href=\"https:\/\/vimcar.de\/boxenstopp\/blog\/kein-gaffer-sein-haertere-strafen-fuer-schaulustige-am-unfallort\/\">H\u00e4rtere Strafen f\u00fcr Gaffer<\/a><\/li>\n<li><a href=\"https:\/\/vimcar.de\/boxenstopp\/blog\/uvv-pruefung-kosten\/\" target=\"_blank\">Kosten der UVV Pr\u00fcfung im Fuhrpark<\/a><br><\/li>\n<li><a href=\"https:\/\/vimcar.de\/boxenstopp\/blog\/uvv-pruefung-firmenwagen\/\" target=\"_blank\">UVV Pr\u00fcfung bei Firmenwagen<\/a><br><\/li><li><a href=\"https:\/\/vimcar.de\/boxenstopp\/ressourcenbereich\/checkliste-flottenversicherung-privat\/\">Checkliste Flottenversicherung<\/a><\/li>\n<\/ul>\t\t\t\t\t\t<\/div>\n\t\t\t\t<\/div>\n\t\t\t\t\t<\/div>\n\t\t<\/div>\n\t\t\t\t\t<\/div>\n\t\t<\/section>\n\t\t\t\t\t<\/div>\n\t\t<\/div>\n\t\t\t\t\t<\/div>\n\t\t<\/section>\n\t\t\t\t<\/div>\n\t\t","protected":false},"excerpt":{"rendered":"<p>Im Artikel erfahren Sie: Zweck der GUV: Schutz f\u00fcr Arbeitst\u00e4tige bei Arbeitsunf\u00e4llen, Berufserkrankungen und arbeitsbedingten Gesundheitsgefahren. Beitragsberechnung: Basiert auf Finanzbedarf, Arbeitsentgelt des Versicherten und Gefahrklasse des Unternehmens. Anwendung im Fuhrpark: Deckt Sch\u00e4den und Unf\u00e4lle bei dienstlicher Nutzung von Fahrzeugen im Fuhrpark ab. Gesetzliche Unfallversicherung Definition Die deutsche gesetzliche Unfallversicherung, kurz GUV genannt, stellt eine der [&hellip;]<\/p>\n","protected":false},"author":30,"featured_media":0,"parent":4813,"menu_order":0,"comment_status":"closed","ping_status":"closed","template":"","meta":{"footnotes":"","_wp_rev_ctl_limit":""},"yoast_head":"<!-- This site is optimized with the Yoast SEO Premium plugin v21.5 (Yoast SEO v21.5) - https:\/\/yoast.com\/wordpress\/plugins\/seo\/ -->\n<title>Gesetzliche Unfallversicherung - Vimcar Boxenstopp<\/title>\n<meta name=\"description\" content=\"Lesen Sie jetzt den Artikel zu der Gesetzlichen Unfallversicherung in dem Boxenstopp Lexikon. Informieren Sie sich jetzt.\" \/>\n<meta name=\"robots\" content=\"index, follow, max-snippet:-1, max-image-preview:large, max-video-preview:-1\" \/>\n<link rel=\"canonical\" href=\"https:\/\/vimcar.de\/boxenstopp\/lexikon\/gesetzliche-unfallversicherung\/\" \/>\n<meta property=\"og:locale\" content=\"de_DE\" \/>\n<meta property=\"og:type\" content=\"article\" \/>\n<meta property=\"og:title\" content=\"Gesetzliche Unfallversicherung\" \/>\n<meta property=\"og:description\" content=\"Lesen Sie jetzt den Artikel zu der Gesetzlichen Unfallversicherung in dem Boxenstopp Lexikon. Informieren Sie sich jetzt.\" \/>\n<meta property=\"og:url\" content=\"https:\/\/vimcar.de\/boxenstopp\/lexikon\/gesetzliche-unfallversicherung\/\" \/>\n<meta property=\"og:site_name\" content=\"Vimcar Boxenstopp\" \/>\n<meta property=\"article:publisher\" content=\"https:\/\/www.facebook.com\/vimcar\" \/>\n<meta property=\"article:modified_time\" content=\"2024-03-25T12:12:37+00:00\" \/>\n<meta property=\"og:image\" content=\"https:\/\/vimcar.de\/boxenstopp\/wp-content\/uploads\/2020\/11\/GUV-Versicherung-Fuhrpark.jpg\" \/>\n<meta name=\"twitter:card\" content=\"summary_large_image\" \/>\n<meta name=\"twitter:site\" content=\"@goVimcar\" \/>\n<meta name=\"twitter:label1\" content=\"Gesch\u00e4tzte Lesezeit\" \/>\n\t<meta name=\"twitter:data1\" content=\"10\u00a0Minuten\" \/>\n<!-- \/ Yoast SEO Premium plugin. -->","yoast_head_json":{"title":"Gesetzliche Unfallversicherung - Vimcar Boxenstopp","description":"Lesen Sie jetzt den Artikel zu der Gesetzlichen Unfallversicherung in dem Boxenstopp Lexikon. Informieren Sie sich jetzt.","robots":{"index":"index","follow":"follow","max-snippet":"max-snippet:-1","max-image-preview":"max-image-preview:large","max-video-preview":"max-video-preview:-1"},"canonical":"https:\/\/vimcar.de\/boxenstopp\/lexikon\/gesetzliche-unfallversicherung\/","og_locale":"de_DE","og_type":"article","og_title":"Gesetzliche Unfallversicherung","og_description":"Lesen Sie jetzt den Artikel zu der Gesetzlichen Unfallversicherung in dem Boxenstopp Lexikon. Informieren Sie sich jetzt.","og_url":"https:\/\/vimcar.de\/boxenstopp\/lexikon\/gesetzliche-unfallversicherung\/","og_site_name":"Vimcar Boxenstopp","article_publisher":"https:\/\/www.facebook.com\/vimcar","article_modified_time":"2024-03-25T12:12:37+00:00","og_image":[{"url":"https:\/\/vimcar.de\/boxenstopp\/wp-content\/uploads\/2020\/11\/GUV-Versicherung-Fuhrpark.jpg"}],"twitter_card":"summary_large_image","twitter_site":"@goVimcar","twitter_misc":{"Gesch\u00e4tzte Lesezeit":"10\u00a0Minuten"},"schema":{"@context":"https:\/\/schema.org","@graph":[{"@type":"WebPage","@id":"https:\/\/vimcar.de\/boxenstopp\/lexikon\/gesetzliche-unfallversicherung\/","url":"https:\/\/vimcar.de\/boxenstopp\/lexikon\/gesetzliche-unfallversicherung\/","name":"Gesetzliche Unfallversicherung - Vimcar Boxenstopp","isPartOf":{"@id":"https:\/\/vimcar.de\/boxenstopp\/#website"},"datePublished":"2019-05-08T15:14:19+00:00","dateModified":"2024-03-25T12:12:37+00:00","description":"Lesen Sie jetzt den Artikel zu der Gesetzlichen Unfallversicherung in dem Boxenstopp Lexikon. Informieren Sie sich jetzt.","breadcrumb":{"@id":"https:\/\/vimcar.de\/boxenstopp\/lexikon\/gesetzliche-unfallversicherung\/#breadcrumb"},"inLanguage":"de","potentialAction":[{"@type":"ReadAction","target":["https:\/\/vimcar.de\/boxenstopp\/lexikon\/gesetzliche-unfallversicherung\/"]}]},{"@type":"BreadcrumbList","@id":"https:\/\/vimcar.de\/boxenstopp\/lexikon\/gesetzliche-unfallversicherung\/#breadcrumb","itemListElement":[{"@type":"ListItem","position":1,"name":"Startseite","item":"https:\/\/vimcar.de\/boxenstopp\/"},{"@type":"ListItem","position":2,"name":"Das Fuhrparklexikon","item":"https:\/\/vimcar.de\/boxenstopp\/lexikon\/"},{"@type":"ListItem","position":3,"name":"Gesetzliche Unfallversicherung"}]},{"@type":"WebSite","@id":"https:\/\/vimcar.de\/boxenstopp\/#website","url":"https:\/\/vimcar.de\/boxenstopp\/","name":"Vimcar Boxenstopp","description":"- Die Lernplattform f\u00fcr Fuhrparkleiter","publisher":{"@id":"https:\/\/vimcar.de\/boxenstopp\/#organization"},"potentialAction":[{"@type":"SearchAction","target":{"@type":"EntryPoint","urlTemplate":"https:\/\/vimcar.de\/boxenstopp\/?s={search_term_string}"},"query-input":"required name=search_term_string"}],"inLanguage":"de"},{"@type":"Organization","@id":"https:\/\/vimcar.de\/boxenstopp\/#organization","name":"Vimcar Boxenstopp - Fuhrparkwissen","url":"https:\/\/vimcar.de\/boxenstopp\/","logo":{"@type":"ImageObject","inLanguage":"de","@id":"https:\/\/vimcar.de\/boxenstopp\/#\/schema\/logo\/image\/","url":"https:\/\/vimcar.de\/boxenstopp\/wp-content\/uploads\/2020\/10\/logo-vimcar-boxenstopp.png","contentUrl":"https:\/\/vimcar.de\/boxenstopp\/wp-content\/uploads\/2020\/10\/logo-vimcar-boxenstopp.png","width":250,"height":50,"caption":"Vimcar Boxenstopp - Fuhrparkwissen"},"image":{"@id":"https:\/\/vimcar.de\/boxenstopp\/#\/schema\/logo\/image\/"},"sameAs":["https:\/\/www.facebook.com\/vimcar","https:\/\/twitter.com\/goVimcar","https:\/\/www.instagram.com\/vimcar_official\/","https:\/\/de.linkedin.com\/company\/vimcar","https:\/\/www.pinterest.de\/vimcar\/","https:\/\/www.youtube.com\/channel\/UCWRajoA7OnWsAw-ezAahZPg"]}]}},"_links":{"self":[{"href":"https:\/\/vimcar.de\/boxenstopp\/wp-json\/wp\/v2\/pages\/1219"}],"collection":[{"href":"https:\/\/vimcar.de\/boxenstopp\/wp-json\/wp\/v2\/pages"}],"about":[{"href":"https:\/\/vimcar.de\/boxenstopp\/wp-json\/wp\/v2\/types\/page"}],"author":[{"embeddable":true,"href":"https:\/\/vimcar.de\/boxenstopp\/wp-json\/wp\/v2\/users\/30"}],"replies":[{"embeddable":true,"href":"https:\/\/vimcar.de\/boxenstopp\/wp-json\/wp\/v2\/comments?post=1219"}],"version-history":[{"count":6,"href":"https:\/\/vimcar.de\/boxenstopp\/wp-json\/wp\/v2\/pages\/1219\/revisions"}],"predecessor-version":[{"id":49561,"href":"https:\/\/vimcar.de\/boxenstopp\/wp-json\/wp\/v2\/pages\/1219\/revisions\/49561"}],"up":[{"embeddable":true,"href":"https:\/\/vimcar.de\/boxenstopp\/wp-json\/wp\/v2\/pages\/4813"}],"wp:attachment":[{"href":"https:\/\/vimcar.de\/boxenstopp\/wp-json\/wp\/v2\/media?parent=1219"}],"curies":[{"name":"wp","href":"https:\/\/api.w.org\/{rel}","templated":true}]}}