{"id":1223,"date":"2019-05-08T17:18:45","date_gmt":"2019-05-08T15:18:45","guid":{"rendered":"https:\/\/vimcar.de\/boxenstopp\/?page_id=1223"},"modified":"2024-08-26T10:30:42","modified_gmt":"2024-08-26T08:30:42","slug":"lenk-und-ruhezeiten","status":"publish","type":"page","link":"https:\/\/vimcar.de\/boxenstopp\/lexikon\/lenk-und-ruhezeiten\/","title":{"rendered":"Lenk- und Ruhezeiten"},"content":{"rendered":"\t\t<div data-elementor-type=\"wp-page\" data-elementor-id=\"1223\" class=\"elementor elementor-1223\" data-elementor-post-type=\"page\">\n\t\t\t\t\t\t<section class=\"elementor-section elementor-top-section elementor-element elementor-element-e19a0f9 elementor-section-boxed elementor-section-height-default elementor-section-height-default\" data-id=\"e19a0f9\" data-element_type=\"section\">\n\t\t\t\t\t\t<div class=\"elementor-container elementor-column-gap-default\">\n\t\t\t\t\t<div class=\"elementor-column elementor-col-100 elementor-top-column elementor-element elementor-element-152d788\" data-id=\"152d788\" data-element_type=\"column\">\n\t\t\t<div class=\"elementor-widget-wrap elementor-element-populated\">\n\t\t\t\t\t\t<div class=\"elementor-element elementor-element-7ef9c3d9 elementor-widget elementor-widget-heading\" data-id=\"7ef9c3d9\" data-element_type=\"widget\" data-widget_type=\"heading.default\">\n\t\t\t\t<div class=\"elementor-widget-container\">\n\t\t\t<h3 class=\"elementor-heading-title elementor-size-default\">Im Artikel erfahren Sie:<\/h3>\t\t<\/div>\n\t\t\t\t<\/div>\n\t\t\t\t<div class=\"elementor-element elementor-element-5cfa194d elementor-widget elementor-widget-spacer\" data-id=\"5cfa194d\" data-element_type=\"widget\" data-widget_type=\"spacer.default\">\n\t\t\t\t<div class=\"elementor-widget-container\">\n\t\t\t\t\t<div class=\"elementor-spacer\">\n\t\t\t<div class=\"elementor-spacer-inner\"><\/div>\n\t\t<\/div>\n\t\t\t\t<\/div>\n\t\t\t\t<\/div>\n\t\t\t\t<div class=\"elementor-element elementor-element-2562c60 elementor-widget elementor-widget-text-editor\" data-id=\"2562c60\" data-element_type=\"widget\" data-widget_type=\"text-editor.default\">\n\t\t\t\t<div class=\"elementor-widget-container\">\n\t\t\t\t\t\t\t<ol>\n<li>\n<p><strong>Grundlagen der Lenk- und Ruhezeiten:\u00a0<\/strong>Gesetzliche Vorgaben f\u00fcr Lkw-Fahrer bez\u00fcglich der maximalen Fahrtzeiten und der erforderlichen Pausen.\u00a0<\/p>\n<\/li>\n<li>\n<p><strong>Spezifische Regelungen f\u00fcr Lkw-Fahrer<\/strong>: Die Tageslenkzeit betr\u00e4gt maximal 9 Stunden, kann aber zweimal pro Woche auf 10 Stunden erh\u00f6ht werden.\u00a0<\/p>\n<\/li>\n<li>\n<p><strong>Konsequenzen bei Nichteinhaltung<\/strong>: Verst\u00f6\u00dfe gegen die Lenk- und Ruhezeiten k\u00f6nnen zu hohen Geldstrafen f\u00fcr Fahrer und f\u00fcr Unternehmen f\u00fchren.\u00a0<\/p>\n<\/li>\n<\/ol>\t\t\t\t\t\t<\/div>\n\t\t\t\t<\/div>\n\t\t\t\t\t<\/div>\n\t\t<\/div>\n\t\t\t\t\t<\/div>\n\t\t<\/section>\n\t\t\t\t<section class=\"elementor-section elementor-top-section elementor-element elementor-element-57ac3a1f elementor-section-boxed elementor-section-height-default elementor-section-height-default\" data-id=\"57ac3a1f\" data-element_type=\"section\">\n\t\t\t\t\t\t<div class=\"elementor-container elementor-column-gap-default\">\n\t\t\t\t\t<div class=\"elementor-column elementor-col-100 elementor-top-column elementor-element elementor-element-14b48891\" data-id=\"14b48891\" data-element_type=\"column\">\n\t\t\t<div class=\"elementor-widget-wrap elementor-element-populated\">\n\t\t\t\t\t\t<div class=\"elementor-element elementor-element-3f4307ab elementor-widget elementor-widget-heading\" data-id=\"3f4307ab\" data-element_type=\"widget\" data-widget_type=\"heading.default\">\n\t\t\t\t<div class=\"elementor-widget-container\">\n\t\t\t<h2 class=\"elementor-heading-title elementor-size-default\">Grundlagen der Lenk- und Ruhezeiten<\/h2>\t\t<\/div>\n\t\t\t\t<\/div>\n\t\t\t\t<div class=\"elementor-element elementor-element-35568da5 elementor-widget elementor-widget-spacer\" data-id=\"35568da5\" data-element_type=\"widget\" data-widget_type=\"spacer.default\">\n\t\t\t\t<div class=\"elementor-widget-container\">\n\t\t\t\t\t<div class=\"elementor-spacer\">\n\t\t\t<div class=\"elementor-spacer-inner\"><\/div>\n\t\t<\/div>\n\t\t\t\t<\/div>\n\t\t\t\t<\/div>\n\t\t\t\t\t<\/div>\n\t\t<\/div>\n\t\t\t\t\t<\/div>\n\t\t<\/section>\n\t\t\t\t<section class=\"elementor-section elementor-top-section elementor-element elementor-element-2ae6f121 elementor-section-boxed elementor-section-height-default elementor-section-height-default\" data-id=\"2ae6f121\" data-element_type=\"section\">\n\t\t\t\t\t\t<div class=\"elementor-container elementor-column-gap-default\">\n\t\t\t\t\t<div class=\"elementor-column elementor-col-100 elementor-top-column elementor-element elementor-element-52467643\" data-id=\"52467643\" data-element_type=\"column\">\n\t\t\t<div class=\"elementor-widget-wrap elementor-element-populated\">\n\t\t\t\t\t\t<div class=\"elementor-element elementor-element-16a855c1 elementor-widget elementor-widget-text-editor\" data-id=\"16a855c1\" data-element_type=\"widget\" data-widget_type=\"text-editor.default\">\n\t\t\t\t<div class=\"elementor-widget-container\">\n\t\t\t\t\t\t\t<p><strong>Lenk- und Ruhezeiten sind vor allem f\u00fcr LKW-Fahrer wichtig und regeln die maximalen Fahrtzeiten sowie die erforderlichen Ruhezeiten.<\/strong> Zu beachten sind Lenk- und Ruhezeiten bei Fahrten zur gewerblichen G\u00fcter- und zur Personenbef\u00f6rderung. Das Lenk- und Ruhezeiten Gesetz wird in Deutschland in der <a href=\"https:\/\/www.gesetze-im-internet.de\/fpersv\/__1.html\">Fahrpersonal-Verordnung<\/a> geregelt. Europaweit gilt die seit 2006 g\u00fcltige <a href=\"https:\/\/eur-lex.europa.eu\/legal-content\/DE\/TXT\/?uri=CELEX%3A32006R0561\">Verordnung EG 561\/2006<\/a> in allen Mitgliedsstaaten der EU. Nicht zu verwechseln sind die Lkw Lenk- und Ruhezeiten mit den Arbeitszeiten. In die Arbeitszeit fallen auch T\u00e4tigkeiten wie das Be- und Entladen der Fahrzeuge sowie weitere T\u00e4tigkeiten nach Vorschrift. Damit sind auch die Vorgaben bez\u00fcglich der Arbeitszeiten f\u00fcr Lkw-Fahrer relevant. <br \/><br \/><strong>Darum sind Lenk- und Ruhezeiten wichtig:<\/strong> <br \/><br \/>\u2022 Sicherheit im Stra\u00dfenverkehr <br \/>\u2022 Gesundheit der Fahrer <br \/>\u2022 Rechtliche Konsequenzen f\u00fcr Fahrer und Unternehmen bei Missachtung <br \/><br \/><strong>Diese Personen m\u00fcssen die Lenk- und Ruhezeiten einhalten:<\/strong> <br \/><br \/>\u2022 Fahrer von Kraftfahrzeugen zur G\u00fcterbef\u00f6rderung ab einem Gesamtgewicht von 2,8 Tonnen <br \/>\u2022 Fahrer von Fahrzeugen zur Personenbef\u00f6rderung mit mehr als 9 Personen <br \/><br \/><strong>Unterschiede zwischen Lkw und Pkw Vorschriften:<\/strong><br \/><br \/><\/p>\n<table style=\"font-weight: 400;\">\n<tbody>\n<tr>\n<td width=\"201\">\n<p><strong>Vorschriften<\/strong><\/p>\n<\/td>\n<td width=\"201\">\n<p><strong>Lkw<\/strong><\/p>\n<\/td>\n<td width=\"201\">\n<p><strong>Pkw<\/strong><\/p>\n<\/td>\n<\/tr>\n<tr>\n<td width=\"201\">\n<p><strong>Dokumentation der Fahrten<\/strong><\/p>\n<\/td>\n<td width=\"201\">\n<p>Dokumentation ist erforderlich<\/p>\n<\/td>\n<td width=\"201\">\n<p>Dokumentation ist nicht erforderlich<\/p>\n<\/td>\n<\/tr>\n<tr>\n<td width=\"201\">\n<p><strong>Gesetzliche Grundlagen<\/strong><\/p>\n<\/td>\n<td width=\"201\">\n<p>EG 561\/2006\/ Fahrpersonal-Verordnung<\/p>\n<\/td>\n<td width=\"201\">\n<p>Arbeitszeitgesetz<\/p>\n<\/td>\n<\/tr>\n<tr>\n<td width=\"201\">\n<p><strong>Maximale Lenkzeiten<\/strong><\/p>\n<\/td>\n<td width=\"201\">\n<p>Max. 9 Stunden\/ zweimal w\u00f6chentlich 10 Stunden<\/p>\n<\/td>\n<td width=\"201\">\n<p>8 bis maximal 10 Stunden<\/p>\n<\/td>\n<\/tr>\n<tr>\n<td width=\"201\">\n<p><strong>Ruhezeiten<\/strong><\/p>\n<\/td>\n<td width=\"201\">\n<p>Min. 11 Stunden (mit Ausnahmen)<\/p>\n<\/td>\n<td width=\"201\">\n<p>Keine strengen Vorgaben<\/p>\n<\/td>\n<\/tr>\n<tr>\n<td width=\"201\">\n<p><strong>Pausen<\/strong><\/p>\n<\/td>\n<td width=\"201\">\n<p>45 Minuten nach 4,5 Stunden<\/p>\n<\/td>\n<td width=\"201\">\n<p>Ab 6 Stunden: 30 Minuten<br \/>Ab 9 Stunden: 45 Minuten<\/p>\n<\/td>\n<\/tr>\n<\/tbody>\n<\/table>\t\t\t\t\t\t<\/div>\n\t\t\t\t<\/div>\n\t\t\t\t\t<\/div>\n\t\t<\/div>\n\t\t\t\t\t<\/div>\n\t\t<\/section>\n\t\t\t\t<section class=\"elementor-section elementor-top-section elementor-element elementor-element-3d105fdb elementor-section-boxed elementor-section-height-default elementor-section-height-default\" data-id=\"3d105fdb\" data-element_type=\"section\">\n\t\t\t\t\t\t<div class=\"elementor-container elementor-column-gap-default\">\n\t\t\t\t\t<div class=\"elementor-column elementor-col-100 elementor-top-column elementor-element elementor-element-1589b609\" data-id=\"1589b609\" data-element_type=\"column\">\n\t\t\t<div class=\"elementor-widget-wrap elementor-element-populated\">\n\t\t\t\t\t\t<div class=\"elementor-element elementor-element-46353df8 elementor-widget elementor-widget-image\" data-id=\"46353df8\" data-element_type=\"widget\" data-widget_type=\"image.default\">\n\t\t\t\t<div class=\"elementor-widget-container\">\n\t\t\t\t\t\t\t\t\t\t\t\t\t<img fetchpriority=\"high\" decoding=\"async\" width=\"800\" height=\"466\" src=\"https:\/\/vimcar.de\/boxenstopp\/wp-content\/uploads\/2024\/08\/Lenk-und-Ruhezeiten-Lkw.webp\" class=\"attachment-large size-large wp-image-51576\" alt=\"Lenk- und Ruhezeiten Lkw\" srcset=\"https:\/\/vimcar.de\/boxenstopp\/wp-content\/uploads\/2024\/08\/Lenk-und-Ruhezeiten-Lkw.webp 1000w, https:\/\/vimcar.de\/boxenstopp\/wp-content\/uploads\/2024\/08\/Lenk-und-Ruhezeiten-Lkw-300x175.webp 300w, https:\/\/vimcar.de\/boxenstopp\/wp-content\/uploads\/2024\/08\/Lenk-und-Ruhezeiten-Lkw-768x448.webp 768w\" sizes=\"(max-width: 800px) 100vw, 800px\" \/>\t\t\t\t\t\t\t\t\t\t\t\t\t<\/div>\n\t\t\t\t<\/div>\n\t\t\t\t\t<\/div>\n\t\t<\/div>\n\t\t\t\t\t<\/div>\n\t\t<\/section>\n\t\t\t\t<section class=\"elementor-section elementor-top-section elementor-element elementor-element-1440de16 elementor-section-boxed elementor-section-height-default elementor-section-height-default\" data-id=\"1440de16\" data-element_type=\"section\">\n\t\t\t\t\t\t<div class=\"elementor-container elementor-column-gap-default\">\n\t\t\t\t\t<div class=\"elementor-column elementor-col-100 elementor-top-column elementor-element elementor-element-690b2749\" data-id=\"690b2749\" data-element_type=\"column\">\n\t\t\t<div class=\"elementor-widget-wrap elementor-element-populated\">\n\t\t\t\t\t\t<div class=\"elementor-element elementor-element-7c1bb8b elementor-widget elementor-widget-heading\" data-id=\"7c1bb8b\" data-element_type=\"widget\" data-widget_type=\"heading.default\">\n\t\t\t\t<div class=\"elementor-widget-container\">\n\t\t\t<h2 class=\"elementor-heading-title elementor-size-default\">Lenkzeiten: Vorschriften und Beispiele <\/h2>\t\t<\/div>\n\t\t\t\t<\/div>\n\t\t\t\t<div class=\"elementor-element elementor-element-b4845b2 elementor-widget elementor-widget-spacer\" data-id=\"b4845b2\" data-element_type=\"widget\" data-widget_type=\"spacer.default\">\n\t\t\t\t<div class=\"elementor-widget-container\">\n\t\t\t\t\t<div class=\"elementor-spacer\">\n\t\t\t<div class=\"elementor-spacer-inner\"><\/div>\n\t\t<\/div>\n\t\t\t\t<\/div>\n\t\t\t\t<\/div>\n\t\t\t\t<div class=\"elementor-element elementor-element-57c78ec5 elementor-widget elementor-widget-text-editor\" data-id=\"57c78ec5\" data-element_type=\"widget\" data-widget_type=\"text-editor.default\">\n\t\t\t\t<div class=\"elementor-widget-container\">\n\t\t\t\t\t\t\t<p style=\"font-weight: 400;\"><strong>Die Lenkzeiten sind f\u00fcr Lkw-Fahrer klar geregelt.<\/strong> Als Lenkzeit gilt die <strong>gesamte Dauer der Fahrt\u00e4tigkeit<\/strong>. Standzeiten an Bahnschranken, Ampeln, Staus, Kreuzungen oder Wartezeiten bei Grenz\u00fcberg\u00e4ngen fallen mit unter die Lenkzeiten. Die Fahrt vom Wohnsitz zum Arbeitsplatz gilt jedoch nicht als Lenkzeit.<\/p>\n<p style=\"font-weight: 400;\">\u00a0Es gilt:<\/p>\n<ul>\n<li>Tageslenkzeit von maximal 9 Stunden<\/li>\n<li>Zweimal w\u00f6chentlich 10 Stunden Lenkzeit<\/li>\n<li>Wochenlenkzeit von maximal 56 Stunden<\/li>\n<li>Bei 2 Wochen nicht mehr als 90 Stunden Lenkzeit gesamt<\/li>\n<li>Fahrtunterbrechungen: nach 4,5 Stunden 45 Minuten Pause<\/li>\n<\/ul>\n<p style=\"font-weight: 400;\"><br \/>Eine Fahrt ist nach <strong>4,5 Stunden zu unterbrechen<\/strong>. Bei Lenk- und Ruhezeiten l\u00e4sst sich die <strong>Pause splitten<\/strong>. Die 45 Minuten Pause l\u00e4sst sich in eine Pause von 15 Minuten und dann von 30 Minuten aufteilen. Warten Lkw-Fahrer an Grenz\u00fcberg\u00e4ngen oder stehen im Stau, gilt dies als Lenkzeit. Schlie\u00dflich handelt es sich nicht um eine Erholungspause.<\/p>\t\t\t\t\t\t<\/div>\n\t\t\t\t<\/div>\n\t\t\t\t<div class=\"elementor-element elementor-element-327f2d15 elementor-widget elementor-widget-spacer\" data-id=\"327f2d15\" data-element_type=\"widget\" data-widget_type=\"spacer.default\">\n\t\t\t\t<div class=\"elementor-widget-container\">\n\t\t\t\t\t<div class=\"elementor-spacer\">\n\t\t\t<div class=\"elementor-spacer-inner\"><\/div>\n\t\t<\/div>\n\t\t\t\t<\/div>\n\t\t\t\t<\/div>\n\t\t\t\t\t<\/div>\n\t\t<\/div>\n\t\t\t\t\t<\/div>\n\t\t<\/section>\n\t\t\t\t<section class=\"elementor-section elementor-top-section elementor-element elementor-element-2d416b7a elementor-section-boxed elementor-section-height-default elementor-section-height-default\" data-id=\"2d416b7a\" data-element_type=\"section\">\n\t\t\t\t\t\t<div class=\"elementor-container elementor-column-gap-default\">\n\t\t\t\t\t<div class=\"elementor-column elementor-col-100 elementor-top-column elementor-element elementor-element-4c948d74\" data-id=\"4c948d74\" data-element_type=\"column\">\n\t\t\t<div class=\"elementor-widget-wrap elementor-element-populated\">\n\t\t\t\t\t\t<div class=\"elementor-element elementor-element-b92238 elementor-widget elementor-widget-image\" data-id=\"b92238\" data-element_type=\"widget\" data-widget_type=\"image.default\">\n\t\t\t\t<div class=\"elementor-widget-container\">\n\t\t\t\t\t\t\t\t\t\t\t\t\t<img decoding=\"async\" width=\"800\" height=\"466\" src=\"https:\/\/vimcar.de\/boxenstopp\/wp-content\/uploads\/2024\/08\/Lkw-Lenk-und-Ruhezeiten-Sicherheit.webp\" class=\"attachment-large size-large wp-image-51577\" alt=\"Lkw Lenk- und Ruhezeiten Sicherheit Stra\u00dfenverkehr\" srcset=\"https:\/\/vimcar.de\/boxenstopp\/wp-content\/uploads\/2024\/08\/Lkw-Lenk-und-Ruhezeiten-Sicherheit.webp 1000w, https:\/\/vimcar.de\/boxenstopp\/wp-content\/uploads\/2024\/08\/Lkw-Lenk-und-Ruhezeiten-Sicherheit-300x175.webp 300w, https:\/\/vimcar.de\/boxenstopp\/wp-content\/uploads\/2024\/08\/Lkw-Lenk-und-Ruhezeiten-Sicherheit-768x448.webp 768w\" sizes=\"(max-width: 800px) 100vw, 800px\" \/>\t\t\t\t\t\t\t\t\t\t\t\t\t<\/div>\n\t\t\t\t<\/div>\n\t\t\t\t\t<\/div>\n\t\t<\/div>\n\t\t\t\t\t<\/div>\n\t\t<\/section>\n\t\t\t\t<section class=\"elementor-section elementor-top-section elementor-element elementor-element-760efb65 elementor-section-boxed elementor-section-height-default elementor-section-height-default\" data-id=\"760efb65\" data-element_type=\"section\">\n\t\t\t\t\t\t<div class=\"elementor-container elementor-column-gap-default\">\n\t\t\t\t\t<div class=\"elementor-column elementor-col-100 elementor-top-column elementor-element elementor-element-3298f47f\" data-id=\"3298f47f\" data-element_type=\"column\">\n\t\t\t<div class=\"elementor-widget-wrap elementor-element-populated\">\n\t\t\t\t\t\t<div class=\"elementor-element elementor-element-f503b04 elementor-widget elementor-widget-spacer\" data-id=\"f503b04\" data-element_type=\"widget\" data-widget_type=\"spacer.default\">\n\t\t\t\t<div class=\"elementor-widget-container\">\n\t\t\t\t\t<div class=\"elementor-spacer\">\n\t\t\t<div class=\"elementor-spacer-inner\"><\/div>\n\t\t<\/div>\n\t\t\t\t<\/div>\n\t\t\t\t<\/div>\n\t\t\t\t<div class=\"elementor-element elementor-element-29d6c73a elementor-widget elementor-widget-heading\" data-id=\"29d6c73a\" data-element_type=\"widget\" data-widget_type=\"heading.default\">\n\t\t\t\t<div class=\"elementor-widget-container\">\n\t\t\t<h2 class=\"elementor-heading-title elementor-size-default\">Ruhezeiten: Vorschriften und Beispiele <\/h2>\t\t<\/div>\n\t\t\t\t<\/div>\n\t\t\t\t<div class=\"elementor-element elementor-element-3307f986 elementor-widget elementor-widget-spacer\" data-id=\"3307f986\" data-element_type=\"widget\" data-widget_type=\"spacer.default\">\n\t\t\t\t<div class=\"elementor-widget-container\">\n\t\t\t\t\t<div class=\"elementor-spacer\">\n\t\t\t<div class=\"elementor-spacer-inner\"><\/div>\n\t\t<\/div>\n\t\t\t\t<\/div>\n\t\t\t\t<\/div>\n\t\t\t\t<div class=\"elementor-element elementor-element-52bc13f3 elementor-widget elementor-widget-text-editor\" data-id=\"52bc13f3\" data-element_type=\"widget\" data-widget_type=\"text-editor.default\">\n\t\t\t\t<div class=\"elementor-widget-container\">\n\t\t\t\t\t\t\t<p style=\"font-weight: 400;\"><strong>Um Erm\u00fcdung f\u00fcr Lkw-Fahrer zu vermeiden sind Ruhezeiten gesetzlich festgehalten.<\/strong> Wichtig ist, dass der Fahrer tats\u00e4chlich ruht und sich nicht in Arbeitsbereitschaft befindet. Zeiten auf <strong>F\u00e4hren oder auf dem Beifahrersitz<\/strong> z\u00e4hlen als Ruhezeit. Es gilt:<\/p>\n<ul>\n<li>T\u00e4gliche Ruhezeiten von mindestens 11 Stunden <strong>innerhalb von 24 Stunden<\/strong><\/li>\n<li>Aufteilung der t\u00e4glichen Ruhezeiten m\u00f6glich \u2013 erst 3 und dann 9 Stunden<\/li>\n<li>Verk\u00fcrzungsm\u00f6glichkeiten auf mindestens 9 Stunden Ruhezeit<\/li>\n<li>W\u00f6chentliche Ruhezeiten von mindestens 45 Stunden in einem <strong>zusammenh\u00e4ngenden Zeitraum<\/strong><\/li>\n<li>Sp\u00e4testens nach 6 Tagen a 24 Stunden: Wochenruhezeit erforderlich<\/li>\n<li>Ruhezeiten bei Doppelbesatzung: Verk\u00fcrzung der t\u00e4glichen Ruhezeit auf 9 Stunden innerhalb von 30 Stunden m\u00f6glich<\/li>\n<\/ul>\n<p style=\"font-weight: 400;\"><br \/>Die Ruhezeiten sind <strong>nicht an Kalendertage<\/strong> gebunden. Beginnt der Arbeitstag um 5 Uhr morgens, endet er am n\u00e4chsten Tag um 5 Uhr. Innerhalb dieser Zeit m\u00fcssen Fahrer Ruhezeiten von mindestens 11 Stunden einhalten. Die Ruhezeit darf in einer <strong>Schlafkabine im Lkw<\/strong> verbracht werden, falls vorhanden. Das gilt aber nicht f\u00fcr die Wochenruhezeit!<\/p>\t\t\t\t\t\t<\/div>\n\t\t\t\t<\/div>\n\t\t\t\t<div class=\"elementor-element elementor-element-c77d3d9 elementor-widget elementor-widget-spacer\" data-id=\"c77d3d9\" data-element_type=\"widget\" data-widget_type=\"spacer.default\">\n\t\t\t\t<div class=\"elementor-widget-container\">\n\t\t\t\t\t<div class=\"elementor-spacer\">\n\t\t\t<div class=\"elementor-spacer-inner\"><\/div>\n\t\t<\/div>\n\t\t\t\t<\/div>\n\t\t\t\t<\/div>\n\t\t\t\t<div class=\"elementor-element elementor-element-4395336b elementor-widget__width-initial elementor-widget elementor-widget-image\" data-id=\"4395336b\" data-element_type=\"widget\" data-widget_type=\"image.default\">\n\t\t\t\t<div class=\"elementor-widget-container\">\n\t\t\t\t\t\t\t\t\t\t\t\t\t<img decoding=\"async\" width=\"800\" height=\"466\" src=\"https:\/\/vimcar.de\/boxenstopp\/wp-content\/uploads\/2024\/08\/Lenk-und-Ruhezeiten-Pausen.webp\" class=\"attachment-large size-large wp-image-51578\" alt=\"Lenk- und Ruhezeiten Pausen falsch\" srcset=\"https:\/\/vimcar.de\/boxenstopp\/wp-content\/uploads\/2024\/08\/Lenk-und-Ruhezeiten-Pausen.webp 1000w, https:\/\/vimcar.de\/boxenstopp\/wp-content\/uploads\/2024\/08\/Lenk-und-Ruhezeiten-Pausen-300x175.webp 300w, https:\/\/vimcar.de\/boxenstopp\/wp-content\/uploads\/2024\/08\/Lenk-und-Ruhezeiten-Pausen-768x448.webp 768w\" sizes=\"(max-width: 800px) 100vw, 800px\" \/>\t\t\t\t\t\t\t\t\t\t\t\t\t<\/div>\n\t\t\t\t<\/div>\n\t\t\t\t\t<\/div>\n\t\t<\/div>\n\t\t\t\t\t<\/div>\n\t\t<\/section>\n\t\t\t\t<section class=\"elementor-section elementor-top-section elementor-element elementor-element-4c30510c elementor-section-boxed elementor-section-height-default elementor-section-height-default\" data-id=\"4c30510c\" data-element_type=\"section\">\n\t\t\t\t\t\t<div class=\"elementor-container elementor-column-gap-default\">\n\t\t\t\t\t<div class=\"elementor-column elementor-col-100 elementor-top-column elementor-element elementor-element-28d6b76b\" data-id=\"28d6b76b\" data-element_type=\"column\">\n\t\t\t<div class=\"elementor-widget-wrap\">\n\t\t\t\t\t\t\t<\/div>\n\t\t<\/div>\n\t\t\t\t\t<\/div>\n\t\t<\/section>\n\t\t\t\t<section class=\"elementor-section elementor-top-section elementor-element elementor-element-7ed0de16 elementor-section-boxed elementor-section-height-default elementor-section-height-default\" data-id=\"7ed0de16\" data-element_type=\"section\">\n\t\t\t\t\t\t<div class=\"elementor-container elementor-column-gap-default\">\n\t\t\t\t\t<div class=\"elementor-column elementor-col-100 elementor-top-column elementor-element elementor-element-559d177\" data-id=\"559d177\" data-element_type=\"column\">\n\t\t\t<div class=\"elementor-widget-wrap elementor-element-populated\">\n\t\t\t\t\t\t<div class=\"elementor-element elementor-element-5e3f2848 elementor-widget elementor-widget-spacer\" data-id=\"5e3f2848\" data-element_type=\"widget\" data-widget_type=\"spacer.default\">\n\t\t\t\t<div class=\"elementor-widget-container\">\n\t\t\t\t\t<div class=\"elementor-spacer\">\n\t\t\t<div class=\"elementor-spacer-inner\"><\/div>\n\t\t<\/div>\n\t\t\t\t<\/div>\n\t\t\t\t<\/div>\n\t\t\t\t<div class=\"elementor-element elementor-element-bfc63ae elementor-widget elementor-widget-heading\" data-id=\"bfc63ae\" data-element_type=\"widget\" data-widget_type=\"heading.default\">\n\t\t\t\t<div class=\"elementor-widget-container\">\n\t\t\t<h2 class=\"elementor-heading-title elementor-size-default\">Lenk- und Ruhezeiten Lkw: Besonderheiten und Ausnahmen <\/h2>\t\t<\/div>\n\t\t\t\t<\/div>\n\t\t\t\t<div class=\"elementor-element elementor-element-41f2a922 elementor-widget elementor-widget-spacer\" data-id=\"41f2a922\" data-element_type=\"widget\" data-widget_type=\"spacer.default\">\n\t\t\t\t<div class=\"elementor-widget-container\">\n\t\t\t\t\t<div class=\"elementor-spacer\">\n\t\t\t<div class=\"elementor-spacer-inner\"><\/div>\n\t\t<\/div>\n\t\t\t\t<\/div>\n\t\t\t\t<\/div>\n\t\t\t\t<div class=\"elementor-element elementor-element-10da0d5a elementor-widget elementor-widget-text-editor\" data-id=\"10da0d5a\" data-element_type=\"widget\" data-widget_type=\"text-editor.default\">\n\t\t\t\t<div class=\"elementor-widget-container\">\n\t\t\t\t\t\t\t<p style=\"font-weight: 400;\"><strong>Es gibt Besonderheiten und Ausnahmen bei den Lenk- und Ruhezeiten wie die Notstandsklausel, die f\u00fcr den Fuhrpark relevant sind.<\/strong> Grunds\u00e4tzlich gelten die genannten Vorschriften nicht f\u00fcr Busfahrer, wenn die Linienstrecke maximal 50 Kilometer betr\u00e4gt. F\u00fcr Fahrzeuge zur Pannenhilfe sowie f\u00fcr Fahrzeuge aus dem Bereich Katastrophenhilfe, f\u00fcr die Feuerwehr und f\u00fcr Einsatzwagen gelten die Vorschriften nicht.<\/p>\n<p style=\"font-weight: 400;\">Diese Besonderheiten sind zu beachten:<\/p>\n<p><strong>Notstandsklausel gema\u0308\u00df VO (EG) Nr. 561\/2006 Artikel 12<\/strong><\/p>\n<ul>\n<li>Greift, wenn es <strong>keine geeignete Haltem\u00f6glichkeit<\/strong> gibt<\/li>\n<li>Kein willk\u00fcrlicher Gebrauch: Es muss ein spontanes Ereignis vorliegen<\/li>\n<li>Eine geeignete Haltem\u00f6glichkeit darf nicht bewusst umfahren werden<\/li>\n<li>Geeignete Begr\u00fcndungen: Sicherheit des Fahrzeugf\u00fchrers oder der Ladung<\/li>\n<li>Handschriftliche Dokumentation der Nutzung der Notstandsklausel zum Vorzeigen bei Kontrollen<\/li>\n<\/ul>\n<p><strong><br \/>Regelungen bei Fahrten in Wohnortna\u0308he<\/strong><\/p>\n<p style=\"font-weight: 400;\">Wer sich nach Art. 12\/561 in Wohnortn\u00e4he befindet, darf die <strong>Lenkzeiten des Lkw um bis zu zwei Stunden \u00fcberschreiten<\/strong>. Voraussetzung daf\u00fcr ist eine ausreichend lange Ruhepause im Anschluss. Bei einer verk\u00fcrzten Wochenruhezeit f\u00fcr Lkws ist eine \u00dcberschreitung der Lenkzeit von maximal 1 Stunde m\u00f6glich.<\/p>\t\t\t\t\t\t<\/div>\n\t\t\t\t<\/div>\n\t\t\t\t\t<\/div>\n\t\t<\/div>\n\t\t\t\t\t<\/div>\n\t\t<\/section>\n\t\t\t\t<section class=\"elementor-section elementor-top-section elementor-element elementor-element-47dff3a6 elementor-section-boxed elementor-section-height-default elementor-section-height-default\" data-id=\"47dff3a6\" data-element_type=\"section\">\n\t\t\t\t\t\t<div class=\"elementor-container elementor-column-gap-default\">\n\t\t\t\t\t<div class=\"elementor-column elementor-col-100 elementor-top-column elementor-element elementor-element-3776c04a\" data-id=\"3776c04a\" data-element_type=\"column\">\n\t\t\t<div class=\"elementor-widget-wrap elementor-element-populated\">\n\t\t\t\t\t\t<div class=\"elementor-element elementor-element-ab6ece9 elementor-widget elementor-widget-heading\" data-id=\"ab6ece9\" data-element_type=\"widget\" data-widget_type=\"heading.default\">\n\t\t\t\t<div class=\"elementor-widget-container\">\n\t\t\t<h2 class=\"elementor-heading-title elementor-size-default\">Dokumentation und Kontrolle der Lenk- und Ruhezeiten <\/h2>\t\t<\/div>\n\t\t\t\t<\/div>\n\t\t\t\t<div class=\"elementor-element elementor-element-117b033 elementor-widget elementor-widget-text-editor\" data-id=\"117b033\" data-element_type=\"widget\" data-widget_type=\"text-editor.default\">\n\t\t\t\t<div class=\"elementor-widget-container\">\n\t\t\t\t\t\t\t<p style=\"font-weight: 400;\"><strong>Es gilt bei Lenk- und Ruhezeiten die Pflicht zur Dokumentation und Aufbewahrung der Aufzeichnungen.<\/strong> Ab einer Gesamtmasse von 3,5 Tonnen muss eine digitale Aufzeichnung durch ein Tachometer im Fahrzeug erfolgen. Die <strong>handschriftliche Dokumentation<\/strong> der Lenk- und Ruhezeiten durch das sogenannte\u00a0<a href=\"https:\/\/vimcar.de\/boxenstopp\/lexikon\/tageskontrollblatt\/\">Tageskontrollblatt\u00a0<\/a>ist bei einer Gesamtmasse <strong>zwischen 2,8 und 3,5 Tonnen<\/strong> m\u00f6glich. Die Dokumentation ist f\u00fcr ein Jahr vom Unternehmen aufzubewahren. Vorlagen unterst\u00fctzen dabei, mit weniger Aufwand ein geeignetes Format zur Dokumentation der Lenk- und Ruhezeiten zu nutzen.<\/p>\n<p style=\"font-weight: 400;\">Es gibt verschiedene Lenk- und Ruhezeiten Apps auf dem Markt. Diese dienen der pers\u00f6nlichen \u00dcbersicht und ersetzen kein Tageskontrollblatt oder die digitale Dokumentation. Mit Unterst\u00fctzung einer Fuhrparksoftware f\u00e4llt es leicht, die Daten aller Fahrer immer auf einem Blick zu haben. Eine Verkn\u00fcpfung mit digitalen L\u00f6sungen ist f\u00fcr den \u00dcberblick m\u00f6glich.<\/p>\n<p style=\"font-weight: 400;\">Bei der <strong>Kontrolle durch Beh\u00f6rden<\/strong> sind die Aufzeichnungen vorzulegen. Fehlende Aufzeichnungen sowie nicht eingehaltene Lenk- und Ruhezeiten f\u00fchren zu Problemen f\u00fcr Fahrer und Unternehmen.<\/p>\t\t\t\t\t\t<\/div>\n\t\t\t\t<\/div>\n\t\t\t\t<div class=\"elementor-element elementor-element-57db8036 elementor-widget elementor-widget-spacer\" data-id=\"57db8036\" data-element_type=\"widget\" data-widget_type=\"spacer.default\">\n\t\t\t\t<div class=\"elementor-widget-container\">\n\t\t\t\t\t<div class=\"elementor-spacer\">\n\t\t\t<div class=\"elementor-spacer-inner\"><\/div>\n\t\t<\/div>\n\t\t\t\t<\/div>\n\t\t\t\t<\/div>\n\t\t\t\t\t<\/div>\n\t\t<\/div>\n\t\t\t\t\t<\/div>\n\t\t<\/section>\n\t\t\t\t<section class=\"elementor-section elementor-top-section elementor-element elementor-element-24471c46 elementor-section-boxed elementor-section-height-default elementor-section-height-default\" data-id=\"24471c46\" data-element_type=\"section\">\n\t\t\t\t\t\t<div class=\"elementor-container elementor-column-gap-default\">\n\t\t\t\t\t<div class=\"elementor-column elementor-col-100 elementor-top-column elementor-element elementor-element-22ed55a4\" data-id=\"22ed55a4\" data-element_type=\"column\">\n\t\t\t<div class=\"elementor-widget-wrap elementor-element-populated\">\n\t\t\t\t\t\t<div class=\"elementor-element elementor-element-65d6f9f elementor-widget elementor-widget-heading\" data-id=\"65d6f9f\" data-element_type=\"widget\" data-widget_type=\"heading.default\">\n\t\t\t\t<div class=\"elementor-widget-container\">\n\t\t\t<h2 class=\"elementor-heading-title elementor-size-default\">Gefahren und Probleme bei Nichteinhaltung der Lenk- und Ruhezeiten <\/h2>\t\t<\/div>\n\t\t\t\t<\/div>\n\t\t\t\t<div class=\"elementor-element elementor-element-5228067 elementor-widget elementor-widget-text-editor\" data-id=\"5228067\" data-element_type=\"widget\" data-widget_type=\"text-editor.default\">\n\t\t\t\t<div class=\"elementor-widget-container\">\n\t\t\t\t\t\t\t<p style=\"font-weight: 400;\"><strong>Handelt es sich um fahrl\u00e4ssige Verst\u00f6\u00dfe gegen das Arbeitszeitgesetz sind bis zu 15.000 Euro Bu\u00dfgeld m\u00f6glich.<\/strong> Ist die Gesundheit oder Sicherheit der Fahrer durch den Versto\u00df bedroht, sind <strong>Freiheitsstrafen bis zu einem Jahr<\/strong> m\u00f6glich. Die Sicherheit im Stra\u00dfenverkehr zu gef\u00e4hrden geht daher mit empfindlichen rechtlichen und finanziellen Risiken einher.<\/p><p style=\"font-weight: 400;\">Die <strong>Nichteinhaltung der Lenk- und Ruhezeiten nach Fahrpersonalverordnung\/ Verordnung EG 561\/2006<\/strong> f\u00fchrt zu Bu\u00dfgeldern zwischen 180 und 1.500 Euro f\u00fcr Fahrer und f\u00fcr Fahrzeughalter. H\u00e4ufige Verst\u00f6\u00dfe an dieser Stelle sind:<\/p><ul><li>T\u00e4gliche Ruhezeiten werden unterschritten<\/li><li>Die maximale Tageslenkzeit wird \u00fcberschritten<\/li><li>K\u00fcrzere Pausen als vorgeschrieben<\/li><li>Die Wochenruhezeit wird nicht richtig durchgef\u00fchrt<\/li><li>Willk\u00fcrliche Anwendung der Notstandsklausel<\/li><li>Dokumentation wie das Tageskontrollblatt wird nicht mitgef\u00fchrt\/ nicht richtig ausgef\u00fcllt<\/li><\/ul><p style=\"font-weight: 400;\">Die Berechnung der Strafen h\u00e4ngt vom Versto\u00df gegen die Gesetze ab und ist an dieser Stelle im <a href=\"https:\/\/vimcar.de\/boxenstopp\/lexikon\/bussgeldkatalog\/\">Bu\u00dfgeldkatalog<\/a> genauer aufgef\u00fchrt:<\/p><table style=\"font-weight: 400;\"><tbody><tr><td width=\"201\"><p><strong>Versto\u00df<\/strong><\/p><\/td><td width=\"201\"><p><strong>Bu\u00dfgeld Fahrer<\/strong><\/p><\/td><td width=\"201\"><p><strong>Bu\u00dfgeld Unternehmen<\/strong><\/p><\/td><\/tr><tr><td width=\"201\"><p><strong>T\u00e4gliche Ruhezeit nicht eingehalten<\/strong><\/p><\/td><td width=\"201\">\u00a0<\/td><td width=\"201\">\u00a0<\/td><\/tr><tr><td width=\"201\"><p>1 Stunde weniger<\/p><\/td><td width=\"201\"><p>30,00 Euro<\/p><\/td><td width=\"201\">\u00a0<\/td><\/tr><tr><td width=\"201\"><p>Zwischen 1 und 3 Stunden weniger<\/p><\/td><td width=\"201\"><p>30,00 Euro pro Stunde<\/p><\/td><td width=\"201\"><p>90,00 Euro<\/p><\/td><\/tr><tr><td width=\"201\"><p>Mehr als 3 Stunden weniger<\/p><\/td><td width=\"201\"><p>60,00 Euro pro Stunde<\/p><\/td><td width=\"201\"><p>180,00 Euro<\/p><\/td><\/tr><tr><td width=\"201\"><p><strong>Zu kurze Lenkzeitunterbrechung<\/strong><\/p><\/td><td width=\"201\">\u00a0<\/td><td width=\"201\">\u00a0<\/td><\/tr><tr><td width=\"201\"><p>Maximal 15 Minuten<\/p><\/td><td width=\"201\"><p>30,00 Euro<\/p><\/td><td width=\"201\"><p>90,00 Euro<\/p><\/td><\/tr><tr><td width=\"201\"><p>Mehr als 15 Minuten<\/p><\/td><td width=\"201\"><p>60,00 Euro (pro 15 Minuten)<\/p><\/td><td width=\"201\"><p>180,00 Euro<\/p><\/td><\/tr><tr><td width=\"201\"><p><strong>Tageslenkzeit \u00fcberschritten<\/strong><\/p><\/td><td width=\"201\">\u00a0<\/td><td width=\"201\">\u00a0<\/td><\/tr><tr><td width=\"201\"><p>Maximal 1 Stunde<\/p><\/td><td width=\"201\"><p>30,00 Euro<\/p><\/td><td width=\"201\">\u00a0<\/td><\/tr><tr><td width=\"201\"><p>Maximal 2 Stunden<\/p><\/td><td width=\"201\"><p>30,00 Euro (pro halbe Stunde)<\/p><\/td><td width=\"201\"><p>90,00 Euro<\/p><\/td><\/tr><tr><td width=\"201\"><p>Mehr als 2 Stunden<\/p><\/td><td width=\"201\"><p>60,00 Euro (pro halbe Stunde)<\/p><\/td><td width=\"201\"><p>180,00 Euro<\/p><\/td><\/tr><tr><td width=\"201\"><p><strong>Fahrerkarte (Dokumentation) nicht mitf\u00fchren oder vorzeigen<\/strong><\/p><\/td><td width=\"201\">\u00a0<\/td><td width=\"201\">\u00a0<\/td><\/tr><tr><td width=\"201\"><p>Erschwerte Kontrolle<\/p><\/td><td width=\"201\"><p>75,00 Euro<\/p><\/td><td width=\"201\">\u00a0 \u00a0 \u00a0\u00a0<\/td><\/tr><tr><td width=\"201\"><p>Nicht m\u00f6gliche Kontrolle<\/p><\/td><td width=\"201\"><p>250,00 Euro<\/p><\/td><td width=\"201\">\u00a0<\/td><\/tr><\/tbody><\/table>\t\t\t\t\t\t<\/div>\n\t\t\t\t<\/div>\n\t\t\t\t<div class=\"elementor-element elementor-element-6a4709c elementor-widget elementor-widget-heading\" data-id=\"6a4709c\" data-element_type=\"widget\" data-widget_type=\"heading.default\">\n\t\t\t\t<div class=\"elementor-widget-container\">\n\t\t\t<h2 class=\"elementor-heading-title elementor-size-default\">L\u00f6sung: Einfache Einhaltung der Lenk- und Ruhezeiten mit der Vimcar-Vorlage <\/h2>\t\t<\/div>\n\t\t\t\t<\/div>\n\t\t\t\t<div class=\"elementor-element elementor-element-4c273fd elementor-widget elementor-widget-text-editor\" data-id=\"4c273fd\" data-element_type=\"widget\" data-widget_type=\"text-editor.default\">\n\t\t\t\t<div class=\"elementor-widget-container\">\n\t\t\t\t\t\t\t<p style=\"font-weight: 400;\"><strong>F\u00fcr Fahrzeuge mit einem Gesamtgewicht zwischen 2,8 und 3,5 Tonnen bietet sich als einfache L\u00f6sung ein Tageskontrollblatt an.<\/strong> Fuhrparkverantwortliche ersparen sich durch die praktische <strong>Vimcar-Vorlage<\/strong> den Aufwand der Erstellung einer Vorlage. Alle wichtigen Informationen sind in der Vorlage enthalten.<\/p><p style=\"font-weight: 400;\"><strong>So geht es:<\/strong><\/p><ul><li>Geben Sie Ihre E-Mail Adresse an<\/li><li>Erhalten Sie nach wenigen Minuten die Vorlage im PDF Format<\/li><li>Drucken Sie das Tageskontrollblatt aus und erf\u00fcllen Sie alle gesetzlichen Vorgaben<\/li><\/ul><p style=\"font-weight: 400;\"><br \/>Laden Sie jetzt Ihre kostenlose Vorlage f\u00fcr das <a href=\"https:\/\/vimcar.de\/boxenstopp\/lexikon\/tageskontrollblatt\/#tageskontrollblatt\">Tageskontrollblatt<\/a> herunter!<\/p>\t\t\t\t\t\t<\/div>\n\t\t\t\t<\/div>\n\t\t\t\t<div class=\"elementor-element elementor-element-1c25cd5e elementor-widget elementor-widget-heading\" data-id=\"1c25cd5e\" data-element_type=\"widget\" data-widget_type=\"heading.default\">\n\t\t\t\t<div class=\"elementor-widget-container\">\n\t\t\t<h2 class=\"elementor-heading-title elementor-size-default\">FAQ zu den Lenk- und Ruhezeiten<\/h2>\t\t<\/div>\n\t\t\t\t<\/div>\n\t\t\t\t<div class=\"elementor-element elementor-element-5b1dd9cc elementor-widget elementor-widget-spacer\" data-id=\"5b1dd9cc\" data-element_type=\"widget\" data-widget_type=\"spacer.default\">\n\t\t\t\t<div class=\"elementor-widget-container\">\n\t\t\t\t\t<div class=\"elementor-spacer\">\n\t\t\t<div class=\"elementor-spacer-inner\"><\/div>\n\t\t<\/div>\n\t\t\t\t<\/div>\n\t\t\t\t<\/div>\n\t\t\t\t<div class=\"elementor-element elementor-element-10f67a38 elementor-widget elementor-widget-heading\" data-id=\"10f67a38\" data-element_type=\"widget\" data-widget_type=\"heading.default\">\n\t\t\t\t<div class=\"elementor-widget-container\">\n\t\t\t<h3 class=\"elementor-heading-title elementor-size-default\">1. Was sind Lenk- und Ruhezeiten und warum sind sie wichtig?<\/h3>\t\t<\/div>\n\t\t\t\t<\/div>\n\t\t\t\t<div class=\"elementor-element elementor-element-265ba1fa elementor-widget elementor-widget-text-editor\" data-id=\"265ba1fa\" data-element_type=\"widget\" data-widget_type=\"text-editor.default\">\n\t\t\t\t<div class=\"elementor-widget-container\">\n\t\t\t\t\t\t\t<p>Lenk- und Ruhezeiten sind gesetzliche Vorgaben f\u00fcr Lkw-Fahrer bez\u00fcglich der Fahrt- und Standzeiten. Diese Regeln sollen Erm\u00fcdung am Steuer vermeiden und die Sicherheit im Stra\u00dfenverkehr verbessern.<\/p>\t\t\t\t\t\t<\/div>\n\t\t\t\t<\/div>\n\t\t\t\t<div class=\"elementor-element elementor-element-1c9ecdd4 elementor-widget elementor-widget-heading\" data-id=\"1c9ecdd4\" data-element_type=\"widget\" data-widget_type=\"heading.default\">\n\t\t\t\t<div class=\"elementor-widget-container\">\n\t\t\t<h3 class=\"elementor-heading-title elementor-size-default\">2. Welche spezifischen Regelungen gelten f\u00fcr Lkw-Fahrer?<\/h3>\t\t<\/div>\n\t\t\t\t<\/div>\n\t\t\t\t<div class=\"elementor-element elementor-element-5851c460 elementor-widget elementor-widget-text-editor\" data-id=\"5851c460\" data-element_type=\"widget\" data-widget_type=\"text-editor.default\">\n\t\t\t\t<div class=\"elementor-widget-container\">\n\t\t\t\t\t\t\t<p>Durch den Einsatz moderner Technologien und Fuhrparkmanagement-Software kann ein Fuhrparkleiter Prozesse optimieren, Kosten einsparen und die Effizienz steigern.<\/p>\t\t\t\t\t\t<\/div>\n\t\t\t\t<\/div>\n\t\t\t\t<div class=\"elementor-element elementor-element-65109110 elementor-widget elementor-widget-heading\" data-id=\"65109110\" data-element_type=\"widget\" data-widget_type=\"heading.default\">\n\t\t\t\t<div class=\"elementor-widget-container\">\n\t\t\t<h3 class=\"elementor-heading-title elementor-size-default\">3. Welche rechtlichen Pflichten hat ein Fuhrparkleiter?<\/h3>\t\t<\/div>\n\t\t\t\t<\/div>\n\t\t\t\t<div class=\"elementor-element elementor-element-51da5863 elementor-widget elementor-widget-text-editor\" data-id=\"51da5863\" data-element_type=\"widget\" data-widget_type=\"text-editor.default\">\n\t\t\t\t<div class=\"elementor-widget-container\">\n\t\t\t\t\t\t\t<p>Ein Fuhrparkleiter muss st\u00e4ndig auf dem Laufenden bleiben, um sicherzustellen, dass alle Fahrzeuge und Prozesse den aktuellen rechtlichen Vorgaben und Standards entsprechen.<\/p>\t\t\t\t\t\t<\/div>\n\t\t\t\t<\/div>\n\t\t\t\t<div class=\"elementor-element elementor-element-6d334318 elementor-widget elementor-widget-heading\" data-id=\"6d334318\" data-element_type=\"widget\" data-widget_type=\"heading.default\">\n\t\t\t\t<div class=\"elementor-widget-container\">\n\t\t\t<h3 class=\"elementor-heading-title elementor-size-default\">4. Welche Strafen drohen bei Nichteinhaltung der Lenk- und Ruhezeiten?<\/h3>\t\t<\/div>\n\t\t\t\t<\/div>\n\t\t\t\t<div class=\"elementor-element elementor-element-39091dbe elementor-widget elementor-widget-text-editor\" data-id=\"39091dbe\" data-element_type=\"widget\" data-widget_type=\"text-editor.default\">\n\t\t\t\t<div class=\"elementor-widget-container\">\n\t\t\t\t\t\t\t<p>Verst\u00f6\u00dfe gegen die Lenk- und Ruhezeiten k\u00f6nnen zu hohen Geldstrafen f\u00fcr Fahrer und Unternehmen f\u00fchren. Die Strafen k\u00f6nnen bis zu 5.000 Euro f\u00fcr Fahrer und 15.000 Euro f\u00fcr Unternehmen betragen.<\/p>\t\t\t\t\t\t<\/div>\n\t\t\t\t<\/div>\n\t\t\t\t<div class=\"elementor-element elementor-element-1d1de84c elementor-widget elementor-widget-heading\" data-id=\"1d1de84c\" data-element_type=\"widget\" data-widget_type=\"heading.default\">\n\t\t\t\t<div class=\"elementor-widget-container\">\n\t\t\t<h3 class=\"elementor-heading-title elementor-size-default\">5. Wie werden die Lenk- und Ruhezeiten dokumentiert?<\/h3>\t\t<\/div>\n\t\t\t\t<\/div>\n\t\t\t\t<div class=\"elementor-element elementor-element-14b9e2a6 elementor-widget elementor-widget-text-editor\" data-id=\"14b9e2a6\" data-element_type=\"widget\" data-widget_type=\"text-editor.default\">\n\t\t\t\t<div class=\"elementor-widget-container\">\n\t\t\t\t\t\t\t<p>Die Lenk- und Ruhezeiten werden durch Tachometer im Fahrzeug aufgezeichnet. Diese zeichnen auch absolvierte Pausen des Fahrers auf. Es gibt zus\u00e4tzlich Apps f\u00fcr eine pers\u00f6nliche \u00dcbersicht. Bei einem Gesamtgewicht zwischen 2,8 und 3,5 Tonnen ist eine handschriftliche Aufzeichnung in Form von einem Tageskontrollblatt \u00fcblich.\u00a0<\/p>\t\t\t\t\t\t<\/div>\n\t\t\t\t<\/div>\n\t\t\t\t\t<\/div>\n\t\t<\/div>\n\t\t\t\t\t<\/div>\n\t\t<\/section>\n\t\t\t\t<section class=\"elementor-section elementor-top-section elementor-element elementor-element-34097733 elementor-section-boxed elementor-section-height-default elementor-section-height-default\" data-id=\"34097733\" data-element_type=\"section\">\n\t\t\t\t\t\t<div class=\"elementor-container elementor-column-gap-default\">\n\t\t\t\t\t<div class=\"elementor-column elementor-col-50 elementor-top-column elementor-element elementor-element-52cd41c\" data-id=\"52cd41c\" data-element_type=\"column\">\n\t\t\t<div class=\"elementor-widget-wrap elementor-element-populated\">\n\t\t\t\t\t\t<div class=\"elementor-element elementor-element-78e201f elementor-widget elementor-widget-heading\" data-id=\"78e201f\" data-element_type=\"widget\" data-widget_type=\"heading.default\">\n\t\t\t\t<div class=\"elementor-widget-container\">\n\t\t\t<h2 class=\"elementor-heading-title elementor-size-default\">Folgende Artikel k\u00f6nnten Sie auch interessieren:<\/h2>\t\t<\/div>\n\t\t\t\t<\/div>\n\t\t\t\t<section class=\"elementor-section elementor-inner-section elementor-element elementor-element-52e481c elementor-section-boxed elementor-section-height-default elementor-section-height-default\" data-id=\"52e481c\" data-element_type=\"section\">\n\t\t\t\t\t\t<div class=\"elementor-container elementor-column-gap-default\">\n\t\t\t\t\t<div class=\"elementor-column elementor-col-50 elementor-inner-column elementor-element elementor-element-bfeb9d2\" data-id=\"bfeb9d2\" data-element_type=\"column\">\n\t\t\t<div class=\"elementor-widget-wrap elementor-element-populated\">\n\t\t\t\t\t\t<div class=\"elementor-element elementor-element-78b0402 elementor-widget elementor-widget-text-editor\" data-id=\"78b0402\" data-element_type=\"widget\" data-widget_type=\"text-editor.default\">\n\t\t\t\t<div class=\"elementor-widget-container\">\n\t\t\t\t\t\t\t<ul>\n<li><a href=\"https:\/\/vimcar.de\/boxenstopp\/lexikon\/unfallverhuetungsvorschriften-allgemein\">Unfallverh\u00fctungsvorschriften<\/a><\/li>\n<li><a href=\"https:\/\/vimcar.de\/boxenstopp\/lexikon\/fahrtenbuchschreiber\/\">Fahrtenbuchschreiber<\/a><\/li>\n<li><a href=\"https:\/\/vimcar.de\/boxenstopp\/lexikon\/fuhrparkleiter\">Fuhrparkleiter<\/a><\/li>\n<li><a href=\"https:\/\/vimcar.de\/boxenstopp\/ressourcenbereich\/protokoll-erstunterweisung\">Protokoll zur Erstunterweisung\u00a0<\/a><\/li>\n<li><a href=\"https:\/\/vimcar.de\/boxenstopp\/ressourcenbereich\/ladungssicherungsrechner\/\">Ladungssicherungsrechner<\/a><\/li>\n<li><a href=\"https:\/\/vimcar.de\/boxenstopp\/ressourcenbereich\/fragebogen-jaehrliche-fahrerunterweisung\/\">Fragebogen zur j\u00e4hrlichen Fahrerunterweisung<\/a><\/li>\n<li><a href=\"https:\/\/vimcar.de\/boxenstopp\/ressourcenbereich\/formular-fuehrerscheinkontrolle\/\">Formular f\u00fcr die F\u00fchrerscheinkontrolle<\/a><\/li>\n<li><a href=\"https:\/\/vimcar.de\/boxenstopp\/ressourcenbereich\/ebook-kraftstoff-sparen\/\" target=\"_blank\" rel=\"noopener\">eBook zum Kraftstoffsparen\u00a0<\/a><\/li>\n<li><a style=\"text-align: inherit; font-family: var( --e-global-typography-text-font-family ), Source Sans Pro; font-weight: var( --e-global-typography-text-font-weight );\" href=\"https:\/\/vimcar.de\/boxenstopp\/lexikon\/reifenlabel\/\">Reifenlabel<\/a><\/li>\n<li><a href=\"https:\/\/vimcar.de\/boxenstopp\/ressourcenbereich\/boxenstopp-fuhrparkwissen-newsletter\/\" target=\"_blank\" rel=\"noopener\">Boxenstopp Fuhrparkwissen Newsletter<\/a><\/li>\n<li><a href=\"https:\/\/vimcar.de\/boxenstopp\/lexikon\/arbeitsschutzunterweisung\/\">Arbeitsschutzunterweisung<\/a><\/li>\n<li><a href=\"https:\/\/vimcar.de\/boxenstopp\/lexikon\/oelwechsel\/\">\u00d6lwechsel<\/a><\/li>\n<li><a href=\"https:\/\/vimcar.de\/boxenstopp\/lexikon\/winterreifen\/\">Winterreifen<\/a><\/li>\n<li><a href=\"https:\/\/vimcar.de\/boxenstopp\/lexikon\/haltelinienverstoss\/\">Haltelinienversto\u00df<\/a><\/li>\n<li><a href=\"https:\/\/vimcar.de\/boxenstopp\/lexikon\/wegeunfall\/\">Wegeunfall<\/a><\/li>\n<\/ul>\t\t\t\t\t\t<\/div>\n\t\t\t\t<\/div>\n\t\t\t\t\t<\/div>\n\t\t<\/div>\n\t\t\t\t<div class=\"elementor-column elementor-col-50 elementor-inner-column elementor-element elementor-element-d5d0f47\" data-id=\"d5d0f47\" data-element_type=\"column\">\n\t\t\t<div class=\"elementor-widget-wrap elementor-element-populated\">\n\t\t\t\t\t\t<div class=\"elementor-element elementor-element-ba40562 elementor-widget elementor-widget-text-editor\" data-id=\"ba40562\" data-element_type=\"widget\" data-widget_type=\"text-editor.default\">\n\t\t\t\t<div class=\"elementor-widget-container\">\n\t\t\t\t\t\t\t<ul>\n<li>eBook&nbsp;<a href=\"https:\/\/vimcar.de\/boxenstopp\/ressourcenbereich\/ebook-datenschutz-fuhrpark\/\">Datenschutz im Fuhrpark<\/a><\/li>\n<li><a href=\"https:\/\/vimcar.de\/boxenstopp\/ressourcenbereich\/checkliste-taegliche-uvv-kontrolle-fahrzeugen\/\">UVV Checkliste zur t\u00e4glichen Fahrzeugkontrolle<\/a><\/li>\n<li>Mustervertrag&nbsp;<a href=\"https:\/\/vimcar.de\/boxenstopp\/ressourcenbereich\/mustervertrag-car-policy\/\">Car Policy<\/a><\/li>\n<li><a href=\"https:\/\/vimcar.de\/boxenstopp\/ressourcenbereich\/unfallbericht\/\">Unfallbericht<\/a><\/li>\n<li><a href=\"https:\/\/vimcar.de\/boxenstopp\/nachhaltigkeit-im-fuhrpark\/\">Nachhaltigkeit im Fuhrpark<\/a><\/li>\n<li><a href=\"https:\/\/vimcar.de\/boxenstopp\/blog\/auswirkungen-fahrverhalten\/\">Auswirkungen von Stress auf Fahrverhalten<\/a><\/li>\n<li><a href=\"https:\/\/vimcar.de\/boxenstopp\/blog\/fuhrparkmanagement-kommunen\/\">Fuhrparkmanagement in Kommunen<\/a><\/li>\n<li><a href=\"https:\/\/vimcar.de\/boxenstopp\/ressourcenbereich\/uvv-pruefung-lkw\/\" target=\"_blank\" rel=\"noopener\">UVV Pr\u00fcfung von Lkw&nbsp;<\/a><\/li>\n<li><a href=\"https:\/\/vimcar.de\/boxenstopp\/ressourcenbereich\/formular-fuehrerscheinkontrolle\/\" target=\"_blank\">Formular zur F\u00fchrerscheinkontrolle&nbsp;<\/a><\/li>\n<li><a href=\"https:\/\/vimcar.de\/boxenstopp\/ressourcenbereich\/leitfaden-schadenabwicklung\/\" target=\"_blank\" rel=\"noopener\" style=\"text-align: inherit; font-family: var( --e-global-typography-text-font-family ), Source Sans Pro; font-weight: var( --e-global-typography-text-font-weight );\">Leitfaden zur Schadenabwicklung<\/a><br><\/li><li><a href=\"https:\/\/vimcar.de\/boxenstopp\/lexikon\/kabotage\/\">Kabotage: Definition &amp; Bestimmungen im Kabotageverkehr<\/a><br><\/li>\n<\/ul>\t\t\t\t\t\t<\/div>\n\t\t\t\t<\/div>\n\t\t\t\t\t<\/div>\n\t\t<\/div>\n\t\t\t\t\t<\/div>\n\t\t<\/section>\n\t\t\t\t<div class=\"elementor-element elementor-element-31fac74 elementor-share-buttons--view-icon elementor-share-buttons--skin-minimal elementor-share-buttons--color-custom elementor-share-buttons--shape-square elementor-grid-0 elementor-widget elementor-widget-global elementor-global-10410 elementor-widget-share-buttons\" data-id=\"31fac74\" data-element_type=\"widget\" data-widget_type=\"share-buttons.default\">\n\t\t\t\t<div class=\"elementor-widget-container\">\n\t\t\t\t\t<div class=\"elementor-grid\">\n\t\t\t\t\t\t\t\t<div class=\"elementor-grid-item\">\n\t\t\t\t\t\t<div\n\t\t\t\t\t\t\tclass=\"elementor-share-btn elementor-share-btn_facebook\"\n\t\t\t\t\t\t\trole=\"button\"\n\t\t\t\t\t\t\ttabindex=\"0\"\n\t\t\t\t\t\t\taria-label=\"Teilen auf facebook\"\n\t\t\t\t\t\t>\n\t\t\t\t\t\t\t\t\t\t\t\t\t\t\t<span class=\"elementor-share-btn__icon\">\n\t\t\t\t\t\t\t\t<svg class=\"e-font-icon-svg e-fab-facebook\" viewBox=\"0 0 512 512\" xmlns=\"http:\/\/www.w3.org\/2000\/svg\"><path d=\"M504 256C504 119 393 8 256 8S8 119 8 256c0 123.78 90.69 226.38 209.25 245V327.69h-63V256h63v-54.64c0-62.15 37-96.48 93.67-96.48 27.14 0 55.52 4.84 55.52 4.84v61h-31.28c-30.8 0-40.41 19.12-40.41 38.73V256h68.78l-11 71.69h-57.78V501C413.31 482.38 504 379.78 504 256z\"><\/path><\/svg>\t\t\t\t\t\t\t<\/span>\n\t\t\t\t\t\t\t\t\t\t\t\t\t\t\t\t\t\t\t\t<\/div>\n\t\t\t\t\t<\/div>\n\t\t\t\t\t\t\t\t\t<div class=\"elementor-grid-item\">\n\t\t\t\t\t\t<div\n\t\t\t\t\t\t\tclass=\"elementor-share-btn elementor-share-btn_twitter\"\n\t\t\t\t\t\t\trole=\"button\"\n\t\t\t\t\t\t\ttabindex=\"0\"\n\t\t\t\t\t\t\taria-label=\"Teilen auf twitter\"\n\t\t\t\t\t\t>\n\t\t\t\t\t\t\t\t\t\t\t\t\t\t\t<span class=\"elementor-share-btn__icon\">\n\t\t\t\t\t\t\t\t<svg class=\"e-font-icon-svg e-fab-twitter\" viewBox=\"0 0 512 512\" xmlns=\"http:\/\/www.w3.org\/2000\/svg\"><path d=\"M459.37 151.716c.325 4.548.325 9.097.325 13.645 0 138.72-105.583 298.558-298.558 298.558-59.452 0-114.68-17.219-161.137-47.106 8.447.974 16.568 1.299 25.34 1.299 49.055 0 94.213-16.568 130.274-44.832-46.132-.975-84.792-31.188-98.112-72.772 6.498.974 12.995 1.624 19.818 1.624 9.421 0 18.843-1.3 27.614-3.573-48.081-9.747-84.143-51.98-84.143-102.985v-1.299c13.969 7.797 30.214 12.67 47.431 13.319-28.264-18.843-46.781-51.005-46.781-87.391 0-19.492 5.197-37.36 14.294-52.954 51.655 63.675 129.3 105.258 216.365 109.807-1.624-7.797-2.599-15.918-2.599-24.04 0-57.828 46.782-104.934 104.934-104.934 30.213 0 57.502 12.67 76.67 33.137 23.715-4.548 46.456-13.32 66.599-25.34-7.798 24.366-24.366 44.833-46.132 57.827 21.117-2.273 41.584-8.122 60.426-16.243-14.292 20.791-32.161 39.308-52.628 54.253z\"><\/path><\/svg>\t\t\t\t\t\t\t<\/span>\n\t\t\t\t\t\t\t\t\t\t\t\t\t\t\t\t\t\t\t\t<\/div>\n\t\t\t\t\t<\/div>\n\t\t\t\t\t\t\t\t\t<div class=\"elementor-grid-item\">\n\t\t\t\t\t\t<div\n\t\t\t\t\t\t\tclass=\"elementor-share-btn elementor-share-btn_linkedin\"\n\t\t\t\t\t\t\trole=\"button\"\n\t\t\t\t\t\t\ttabindex=\"0\"\n\t\t\t\t\t\t\taria-label=\"Teilen auf linkedin\"\n\t\t\t\t\t\t>\n\t\t\t\t\t\t\t\t\t\t\t\t\t\t\t<span class=\"elementor-share-btn__icon\">\n\t\t\t\t\t\t\t\t<svg class=\"e-font-icon-svg e-fab-linkedin\" viewBox=\"0 0 448 512\" xmlns=\"http:\/\/www.w3.org\/2000\/svg\"><path d=\"M416 32H31.9C14.3 32 0 46.5 0 64.3v383.4C0 465.5 14.3 480 31.9 480H416c17.6 0 32-14.5 32-32.3V64.3c0-17.8-14.4-32.3-32-32.3zM135.4 416H69V202.2h66.5V416zm-33.2-243c-21.3 0-38.5-17.3-38.5-38.5S80.9 96 102.2 96c21.2 0 38.5 17.3 38.5 38.5 0 21.3-17.2 38.5-38.5 38.5zm282.1 243h-66.4V312c0-24.8-.5-56.7-34.5-56.7-34.6 0-39.9 27-39.9 54.9V416h-66.4V202.2h63.7v29.2h.9c8.9-16.8 30.6-34.5 62.9-34.5 67.2 0 79.7 44.3 79.7 101.9V416z\"><\/path><\/svg>\t\t\t\t\t\t\t<\/span>\n\t\t\t\t\t\t\t\t\t\t\t\t\t\t\t\t\t\t\t\t<\/div>\n\t\t\t\t\t<\/div>\n\t\t\t\t\t\t\t\t\t<div class=\"elementor-grid-item\">\n\t\t\t\t\t\t<div\n\t\t\t\t\t\t\tclass=\"elementor-share-btn elementor-share-btn_pinterest\"\n\t\t\t\t\t\t\trole=\"button\"\n\t\t\t\t\t\t\ttabindex=\"0\"\n\t\t\t\t\t\t\taria-label=\"Teilen auf pinterest\"\n\t\t\t\t\t\t>\n\t\t\t\t\t\t\t\t\t\t\t\t\t\t\t<span class=\"elementor-share-btn__icon\">\n\t\t\t\t\t\t\t\t<svg class=\"e-font-icon-svg e-fab-pinterest\" viewBox=\"0 0 496 512\" xmlns=\"http:\/\/www.w3.org\/2000\/svg\"><path d=\"M496 256c0 137-111 248-248 248-25.6 0-50.2-3.9-73.4-11.1 10.1-16.5 25.2-43.5 30.8-65 3-11.6 15.4-59 15.4-59 8.1 15.4 31.7 28.5 56.8 28.5 74.8 0 128.7-68.8 128.7-154.3 0-81.9-66.9-143.2-152.9-143.2-107 0-163.9 71.8-163.9 150.1 0 36.4 19.4 81.7 50.3 96.1 4.7 2.2 7.2 1.2 8.3-3.3.8-3.4 5-20.3 6.9-28.1.6-2.5.3-4.7-1.7-7.1-10.1-12.5-18.3-35.3-18.3-56.6 0-54.7 41.4-107.6 112-107.6 60.9 0 103.6 41.5 103.6 100.9 0 67.1-33.9 113.6-78 113.6-24.3 0-42.6-20.1-36.7-44.8 7-29.5 20.5-61.3 20.5-82.6 0-19-10.2-34.9-31.4-34.9-24.9 0-44.9 25.7-44.9 60.2 0 22 7.4 36.8 7.4 36.8s-24.5 103.8-29 123.2c-5 21.4-3 51.6-.9 71.2C65.4 450.9 0 361.1 0 256 0 119 111 8 248 8s248 111 248 248z\"><\/path><\/svg>\t\t\t\t\t\t\t<\/span>\n\t\t\t\t\t\t\t\t\t\t\t\t\t\t\t\t\t\t\t\t<\/div>\n\t\t\t\t\t<\/div>\n\t\t\t\t\t\t<\/div>\n\t\t\t\t<\/div>\n\t\t\t\t<\/div>\n\t\t\t\t\t<\/div>\n\t\t<\/div>\n\t\t\t\t<div class=\"elementor-column elementor-col-50 elementor-top-column elementor-element elementor-element-6e1b7e15\" data-id=\"6e1b7e15\" data-element_type=\"column\">\n\t\t\t<div class=\"elementor-widget-wrap\">\n\t\t\t\t\t\t\t<\/div>\n\t\t<\/div>\n\t\t\t\t\t<\/div>\n\t\t<\/section>\n\t\t\t\t<section class=\"elementor-section elementor-top-section elementor-element elementor-element-45cd0fbd elementor-section-boxed elementor-section-height-default elementor-section-height-default\" data-id=\"45cd0fbd\" data-element_type=\"section\">\n\t\t\t\t\t\t<div class=\"elementor-container elementor-column-gap-default\">\n\t\t\t\t\t<div class=\"elementor-column elementor-col-100 elementor-top-column elementor-element elementor-element-1112a94d\" data-id=\"1112a94d\" data-element_type=\"column\">\n\t\t\t<div class=\"elementor-widget-wrap elementor-element-populated\">\n\t\t\t\t\t\t<div class=\"elementor-element elementor-element-521e3be2 elementor-author-box--avatar-yes elementor-author-box--name-yes elementor-author-box--biography-yes elementor-author-box--link-no elementor-widget elementor-widget-author-box\" data-id=\"521e3be2\" data-element_type=\"widget\" data-widget_type=\"author-box.default\">\n\t\t\t\t<div class=\"elementor-widget-container\">\n\t\t\t\t\t<div class=\"elementor-author-box\">\n\t\t\t\t\t\t\t<div  class=\"elementor-author-box__avatar\">\n\t\t\t\t\t<img decoding=\"async\" src=\"https:\/\/secure.gravatar.com\/avatar\/2b51192d984e9f66f152f06de192c88f?s=300&#038;d=mm&#038;r=g\" alt=\"Bild von Lexikon\" loading=\"lazy\">\n\t\t\t\t<\/div>\n\t\t\t\n\t\t\t<div class=\"elementor-author-box__text\">\n\t\t\t\t\t\t\t\t\t<div >\n\t\t\t\t\t\t<h4 class=\"elementor-author-box__name\">\n\t\t\t\t\t\t\tLexikon\t\t\t\t\t\t<\/h4>\n\t\t\t\t\t<\/div>\n\t\t\t\t\n\t\t\t\t\t\t\t\t\t<div class=\"elementor-author-box__bio\">\n\t\t\t\t\t\t\t\t\t\t\t<\/div>\n\t\t\t\t\n\t\t\t\t\t\t\t<\/div>\n\t\t<\/div>\n\t\t\t\t<\/div>\n\t\t\t\t<\/div>\n\t\t\t\t\t<\/div>\n\t\t<\/div>\n\t\t\t\t\t<\/div>\n\t\t<\/section>\n\t\t\t\t<\/div>\n\t\t","protected":false},"excerpt":{"rendered":"<p>Im Artikel erfahren Sie: Grundlagen der Lenk- und Ruhezeiten:\u00a0Gesetzliche Vorgaben f\u00fcr Lkw-Fahrer bez\u00fcglich der maximalen Fahrtzeiten und der erforderlichen Pausen.\u00a0 Spezifische Regelungen f\u00fcr Lkw-Fahrer: Die Tageslenkzeit betr\u00e4gt maximal 9 Stunden, kann aber zweimal pro Woche auf 10 Stunden erh\u00f6ht werden.\u00a0 Konsequenzen bei Nichteinhaltung: Verst\u00f6\u00dfe gegen die Lenk- und Ruhezeiten k\u00f6nnen zu hohen Geldstrafen f\u00fcr Fahrer [&hellip;]<\/p>\n","protected":false},"author":30,"featured_media":0,"parent":4813,"menu_order":0,"comment_status":"closed","ping_status":"closed","template":"","meta":{"footnotes":"","_wp_rev_ctl_limit":""},"yoast_head":"<!-- This site is optimized with the Yoast SEO Premium plugin v21.5 (Yoast SEO v21.5) - https:\/\/yoast.com\/wordpress\/plugins\/seo\/ -->\n<title>Lenk- und Ruhezeiten - Alle Infos auf einen Blick<\/title>\n<meta name=\"description\" content=\"Was genau sind Lenk- und Ruhezeiten? Erfahren Sie, wie Sie die Pflicht im Fuhrpark einhalten k\u00f6nnen. [Inklusiver kostenloser Vorlage]\" \/>\n<meta name=\"robots\" content=\"index, follow, max-snippet:-1, max-image-preview:large, max-video-preview:-1\" \/>\n<link rel=\"canonical\" href=\"https:\/\/vimcar.de\/boxenstopp\/lexikon\/lenk-und-ruhezeiten\/\" \/>\n<meta property=\"og:locale\" content=\"de_DE\" \/>\n<meta property=\"og:type\" content=\"article\" \/>\n<meta property=\"og:title\" content=\"Lenk- und Ruhezeiten\" \/>\n<meta property=\"og:description\" content=\"Was genau sind Lenk- und Ruhezeiten? Erfahren Sie, wie Sie die Pflicht im Fuhrpark einhalten k\u00f6nnen. [Inklusiver kostenloser Vorlage]\" \/>\n<meta property=\"og:url\" content=\"https:\/\/vimcar.de\/boxenstopp\/lexikon\/lenk-und-ruhezeiten\/\" \/>\n<meta property=\"og:site_name\" content=\"Vimcar Boxenstopp\" \/>\n<meta property=\"article:publisher\" content=\"https:\/\/www.facebook.com\/vimcar\" \/>\n<meta property=\"article:modified_time\" content=\"2024-08-26T08:30:42+00:00\" \/>\n<meta property=\"og:image\" content=\"https:\/\/vimcar.de\/boxenstopp\/wp-content\/uploads\/2024\/08\/Lenk-und-Ruhezeiten-Lkw.webp\" \/>\n<meta name=\"twitter:card\" content=\"summary_large_image\" \/>\n<meta name=\"twitter:site\" content=\"@goVimcar\" \/>\n<meta name=\"twitter:label1\" content=\"Gesch\u00e4tzte Lesezeit\" \/>\n\t<meta name=\"twitter:data1\" content=\"10\u00a0Minuten\" \/>\n<!-- \/ Yoast SEO Premium plugin. -->","yoast_head_json":{"title":"Lenk- und Ruhezeiten - Alle Infos auf einen Blick","description":"Was genau sind Lenk- und Ruhezeiten? Erfahren Sie, wie Sie die Pflicht im Fuhrpark einhalten k\u00f6nnen. [Inklusiver kostenloser Vorlage]","robots":{"index":"index","follow":"follow","max-snippet":"max-snippet:-1","max-image-preview":"max-image-preview:large","max-video-preview":"max-video-preview:-1"},"canonical":"https:\/\/vimcar.de\/boxenstopp\/lexikon\/lenk-und-ruhezeiten\/","og_locale":"de_DE","og_type":"article","og_title":"Lenk- und Ruhezeiten","og_description":"Was genau sind Lenk- und Ruhezeiten? Erfahren Sie, wie Sie die Pflicht im Fuhrpark einhalten k\u00f6nnen. [Inklusiver kostenloser Vorlage]","og_url":"https:\/\/vimcar.de\/boxenstopp\/lexikon\/lenk-und-ruhezeiten\/","og_site_name":"Vimcar Boxenstopp","article_publisher":"https:\/\/www.facebook.com\/vimcar","article_modified_time":"2024-08-26T08:30:42+00:00","og_image":[{"url":"https:\/\/vimcar.de\/boxenstopp\/wp-content\/uploads\/2024\/08\/Lenk-und-Ruhezeiten-Lkw.webp"}],"twitter_card":"summary_large_image","twitter_site":"@goVimcar","twitter_misc":{"Gesch\u00e4tzte Lesezeit":"10\u00a0Minuten"},"schema":{"@context":"https:\/\/schema.org","@graph":[{"@type":"WebPage","@id":"https:\/\/vimcar.de\/boxenstopp\/lexikon\/lenk-und-ruhezeiten\/","url":"https:\/\/vimcar.de\/boxenstopp\/lexikon\/lenk-und-ruhezeiten\/","name":"Lenk- und Ruhezeiten - Alle Infos auf einen Blick","isPartOf":{"@id":"https:\/\/vimcar.de\/boxenstopp\/#website"},"datePublished":"2019-05-08T15:18:45+00:00","dateModified":"2024-08-26T08:30:42+00:00","description":"Was genau sind Lenk- und Ruhezeiten? Erfahren Sie, wie Sie die Pflicht im Fuhrpark einhalten k\u00f6nnen. [Inklusiver kostenloser Vorlage]","breadcrumb":{"@id":"https:\/\/vimcar.de\/boxenstopp\/lexikon\/lenk-und-ruhezeiten\/#breadcrumb"},"inLanguage":"de","potentialAction":[{"@type":"ReadAction","target":["https:\/\/vimcar.de\/boxenstopp\/lexikon\/lenk-und-ruhezeiten\/"]}]},{"@type":"BreadcrumbList","@id":"https:\/\/vimcar.de\/boxenstopp\/lexikon\/lenk-und-ruhezeiten\/#breadcrumb","itemListElement":[{"@type":"ListItem","position":1,"name":"Startseite","item":"https:\/\/vimcar.de\/boxenstopp\/"},{"@type":"ListItem","position":2,"name":"Das Fuhrparklexikon","item":"https:\/\/vimcar.de\/boxenstopp\/lexikon\/"},{"@type":"ListItem","position":3,"name":"Lenk- und Ruhezeiten"}]},{"@type":"WebSite","@id":"https:\/\/vimcar.de\/boxenstopp\/#website","url":"https:\/\/vimcar.de\/boxenstopp\/","name":"Vimcar Boxenstopp","description":"- Die Lernplattform f\u00fcr Fuhrparkleiter","publisher":{"@id":"https:\/\/vimcar.de\/boxenstopp\/#organization"},"potentialAction":[{"@type":"SearchAction","target":{"@type":"EntryPoint","urlTemplate":"https:\/\/vimcar.de\/boxenstopp\/?s={search_term_string}"},"query-input":"required name=search_term_string"}],"inLanguage":"de"},{"@type":"Organization","@id":"https:\/\/vimcar.de\/boxenstopp\/#organization","name":"Vimcar Boxenstopp - Fuhrparkwissen","url":"https:\/\/vimcar.de\/boxenstopp\/","logo":{"@type":"ImageObject","inLanguage":"de","@id":"https:\/\/vimcar.de\/boxenstopp\/#\/schema\/logo\/image\/","url":"https:\/\/vimcar.de\/boxenstopp\/wp-content\/uploads\/2020\/10\/logo-vimcar-boxenstopp.png","contentUrl":"https:\/\/vimcar.de\/boxenstopp\/wp-content\/uploads\/2020\/10\/logo-vimcar-boxenstopp.png","width":250,"height":50,"caption":"Vimcar Boxenstopp - Fuhrparkwissen"},"image":{"@id":"https:\/\/vimcar.de\/boxenstopp\/#\/schema\/logo\/image\/"},"sameAs":["https:\/\/www.facebook.com\/vimcar","https:\/\/twitter.com\/goVimcar","https:\/\/www.instagram.com\/vimcar_official\/","https:\/\/de.linkedin.com\/company\/vimcar","https:\/\/www.pinterest.de\/vimcar\/","https:\/\/www.youtube.com\/channel\/UCWRajoA7OnWsAw-ezAahZPg"]}]}},"_links":{"self":[{"href":"https:\/\/vimcar.de\/boxenstopp\/wp-json\/wp\/v2\/pages\/1223"}],"collection":[{"href":"https:\/\/vimcar.de\/boxenstopp\/wp-json\/wp\/v2\/pages"}],"about":[{"href":"https:\/\/vimcar.de\/boxenstopp\/wp-json\/wp\/v2\/types\/page"}],"author":[{"embeddable":true,"href":"https:\/\/vimcar.de\/boxenstopp\/wp-json\/wp\/v2\/users\/30"}],"replies":[{"embeddable":true,"href":"https:\/\/vimcar.de\/boxenstopp\/wp-json\/wp\/v2\/comments?post=1223"}],"version-history":[{"count":51,"href":"https:\/\/vimcar.de\/boxenstopp\/wp-json\/wp\/v2\/pages\/1223\/revisions"}],"predecessor-version":[{"id":51669,"href":"https:\/\/vimcar.de\/boxenstopp\/wp-json\/wp\/v2\/pages\/1223\/revisions\/51669"}],"up":[{"embeddable":true,"href":"https:\/\/vimcar.de\/boxenstopp\/wp-json\/wp\/v2\/pages\/4813"}],"wp:attachment":[{"href":"https:\/\/vimcar.de\/boxenstopp\/wp-json\/wp\/v2\/media?parent=1223"}],"curies":[{"name":"wp","href":"https:\/\/api.w.org\/{rel}","templated":true}]}}