{"id":14427,"date":"2020-10-19T14:59:35","date_gmt":"2020-10-19T12:59:35","guid":{"rendered":"https:\/\/vimcar.de\/boxenstopp-staging\/?page_id=14427"},"modified":"2021-08-20T12:24:24","modified_gmt":"2021-08-20T10:24:24","slug":"ladestation","status":"publish","type":"page","link":"https:\/\/vimcar.de\/boxenstopp\/lexikon\/ladestation\/","title":{"rendered":"Ladestation"},"content":{"rendered":"\t\t<div data-elementor-type=\"wp-page\" data-elementor-id=\"14427\" class=\"elementor elementor-14427\" data-elementor-post-type=\"page\">\n\t\t\t\t\t\t<section class=\"elementor-section elementor-top-section elementor-element elementor-element-ffff0d1 elementor-section-boxed elementor-section-height-default elementor-section-height-default\" data-id=\"ffff0d1\" data-element_type=\"section\">\n\t\t\t\t\t\t<div class=\"elementor-container elementor-column-gap-default\">\n\t\t\t\t\t<div class=\"elementor-column elementor-col-100 elementor-top-column elementor-element elementor-element-bb9a794\" data-id=\"bb9a794\" data-element_type=\"column\">\n\t\t\t<div class=\"elementor-widget-wrap elementor-element-populated\">\n\t\t\t\t\t\t<div class=\"elementor-element elementor-element-d5ab73c elementor-widget elementor-widget-text-editor\" data-id=\"d5ab73c\" data-element_type=\"widget\" data-widget_type=\"text-editor.default\">\n\t\t\t\t<div class=\"elementor-widget-container\">\n\t\t\t\t\t\t\t<p><i><span style=\"font-weight: 400;\">Ob per Steckdose, an einer \u00f6ffentlichen Ladestation oder mit einer eigenen Wallbox: Das E-Auto l\u00e4sst sich unterschiedlich aufladen. Hier spielt es au\u00dferdem eine gro\u00dfe Rolle wo das Elektroauto an der Ladestation geladen werden kann &#8211; zuhause, am Arbeitsplatz, unterwegs? Wie das am besten funktioniert und welche Steuervorteile winken, lesen Sie hier. <\/span><\/i><\/p>\t\t\t\t\t\t<\/div>\n\t\t\t\t<\/div>\n\t\t\t\t<div class=\"elementor-element elementor-element-fd4e997 elementor-widget elementor-widget-heading\" data-id=\"fd4e997\" data-element_type=\"widget\" data-widget_type=\"heading.default\">\n\t\t\t\t<div class=\"elementor-widget-container\">\n\t\t\t<h2 class=\"elementor-heading-title elementor-size-default\">Elektroautos \u2013 laden leicht gemacht<\/h2>\t\t<\/div>\n\t\t\t\t<\/div>\n\t\t\t\t<div class=\"elementor-element elementor-element-cad8cf1 elementor-widget elementor-widget-text-editor\" data-id=\"cad8cf1\" data-element_type=\"widget\" data-widget_type=\"text-editor.default\">\n\t\t\t\t<div class=\"elementor-widget-container\">\n\t\t\t\t\t\t\t<p><span style=\"font-weight: 400;\">Die Reichweite von E-Autos ist in den vergangenen Jahren immer gr\u00f6\u00dfer geworden. Das liegt zum einen an den immer leistungsst\u00e4rkeren Akkus. Aber auch das Netz von \u00f6ffentlichen Stromtankstellen w\u00e4chst immer weiter. In der Stadt sind einige Parkpl\u00e4tze mit \u00f6ffentlichen Ladestationen f\u00fcr E-Autos reserviert. Die Ladezeit eines Elektroautos h\u00e4ngt dabei immer von der Batteriekapazit\u00e4t sowie der Ladeinfrastruktur ab. An der heimischen Steckdose kann das Aufladen bis zu 14 Stunden dauern. Moderne Schnellladestation tanken den Wagen hingegen in nur 20 Minuten auf. Doch wie sieht das Angebot an Ladestationen aus \u2013 und wie wird geladen?<\/span><\/p>\t\t\t\t\t\t<\/div>\n\t\t\t\t<\/div>\n\t\t\t\t<section class=\"elementor-section elementor-inner-section elementor-element elementor-element-9ad30ca elementor-section-boxed elementor-section-height-default elementor-section-height-default\" data-id=\"9ad30ca\" data-element_type=\"section\">\n\t\t\t\t\t\t<div class=\"elementor-container elementor-column-gap-default\">\n\t\t\t\t\t<div class=\"elementor-column elementor-col-50 elementor-inner-column elementor-element elementor-element-db4a949\" data-id=\"db4a949\" data-element_type=\"column\">\n\t\t\t<div class=\"elementor-widget-wrap elementor-element-populated\">\n\t\t\t\t\t\t<div class=\"elementor-element elementor-element-638ebaf elementor-widget elementor-widget-heading\" data-id=\"638ebaf\" data-element_type=\"widget\" data-widget_type=\"heading.default\">\n\t\t\t\t<div class=\"elementor-widget-container\">\n\t\t\t<h3 class=\"elementor-heading-title elementor-size-default\">Ladestation zuhause<\/h3>\t\t<\/div>\n\t\t\t\t<\/div>\n\t\t\t\t<div class=\"elementor-element elementor-element-b2799e9 elementor-widget elementor-widget-text-editor\" data-id=\"b2799e9\" data-element_type=\"widget\" data-widget_type=\"text-editor.default\">\n\t\t\t\t<div class=\"elementor-widget-container\">\n\t\t\t\t\t\t\t<p>Wer sein Elektroauto an einer Ladestation im eigenen Haus laden m\u00f6chte, ben\u00f6tigt eine sogenannte Wallbox. Diese Box wird an das Stromnetz angeschlossen und am Haus oder in der Garage installiert. Handelt es sich bei dem Elektroauto um einen Firmenwagen, kann diese Wallbox beim Arbeitgeber angefordert werden. Eine Ladestation zuhause hat den Vorteil, dass das Fahrzeug bequem beispielsweise \u00fcber Nacht geladen werden kann und am n\u00e4chsten Tag wieder sofort einsatzbereit ist.\u00a0<\/p>\t\t\t\t\t\t<\/div>\n\t\t\t\t<\/div>\n\t\t\t\t<div class=\"elementor-element elementor-element-84cba83 elementor-widget elementor-widget-heading\" data-id=\"84cba83\" data-element_type=\"widget\" data-widget_type=\"heading.default\">\n\t\t\t\t<div class=\"elementor-widget-container\">\n\t\t\t<h3 class=\"elementor-heading-title elementor-size-default\">\u00d6ffentliche Ladestationen<\/h3>\t\t<\/div>\n\t\t\t\t<\/div>\n\t\t\t\t<div class=\"elementor-element elementor-element-a7b88a8 elementor-widget elementor-widget-text-editor\" data-id=\"a7b88a8\" data-element_type=\"widget\" data-widget_type=\"text-editor.default\">\n\t\t\t\t<div class=\"elementor-widget-container\">\n\t\t\t\t\t\t\t<p>Hat man keine M\u00f6glichkeit das Elektrofahrzeug zuhause zu laden, muss man auf eine \u00f6ffentliche Ladestation zur\u00fcckgreifen. Die Ladeinfrastruktur ist in den vergangenen Jahren weiter gewachsen, weshalb viele eine Ladestation in der N\u00e4he finden k\u00f6nnen. Diese Ladestationen k\u00f6nnen mit einer Ladekarte aktiviert werden. Die \u00f6ffentlichen Ladestationen unterscheiden sich unter anderem in ihrer Leistung, welche meist Auswirkungen auf die Schnelligkeit der Ladung des Fahrzeuges hat. Verschiedene Anbieter stellen diese Ladestationen, weshalb es f\u00fcr die unterschiedlichen Stationen verschiedene Ladekarten gibt.<\/p>\t\t\t\t\t\t<\/div>\n\t\t\t\t<\/div>\n\t\t\t\t\t<\/div>\n\t\t<\/div>\n\t\t\t\t<div class=\"elementor-column elementor-col-50 elementor-inner-column elementor-element elementor-element-578b262\" data-id=\"578b262\" data-element_type=\"column\">\n\t\t\t<div class=\"elementor-widget-wrap elementor-element-populated\">\n\t\t\t\t\t\t<div class=\"elementor-element elementor-element-9d22476 elementor-widget elementor-widget-spacer\" data-id=\"9d22476\" data-element_type=\"widget\" data-widget_type=\"spacer.default\">\n\t\t\t\t<div class=\"elementor-widget-container\">\n\t\t\t\t\t<div class=\"elementor-spacer\">\n\t\t\t<div class=\"elementor-spacer-inner\"><\/div>\n\t\t<\/div>\n\t\t\t\t<\/div>\n\t\t\t\t<\/div>\n\t\t\t\t<div class=\"elementor-element elementor-element-d887f45 elementor-widget elementor-widget-image\" data-id=\"d887f45\" data-element_type=\"widget\" data-widget_type=\"image.default\">\n\t\t\t\t<div class=\"elementor-widget-container\">\n\t\t\t\t\t\t\t\t\t\t\t\t\t<img fetchpriority=\"high\" decoding=\"async\" width=\"800\" height=\"671\" src=\"https:\/\/vimcar.de\/boxenstopp\/wp-content\/uploads\/2021\/03\/TR-Bild-Website-Optimization-1.jpg\" class=\"attachment-large size-large wp-image-21414\" alt=\"Wallboxen Ladestation\" srcset=\"https:\/\/vimcar.de\/boxenstopp\/wp-content\/uploads\/2021\/03\/TR-Bild-Website-Optimization-1.jpg 940w, https:\/\/vimcar.de\/boxenstopp\/wp-content\/uploads\/2021\/03\/TR-Bild-Website-Optimization-1-300x251.jpg 300w, https:\/\/vimcar.de\/boxenstopp\/wp-content\/uploads\/2021\/03\/TR-Bild-Website-Optimization-1-768x644.jpg 768w, https:\/\/vimcar.de\/boxenstopp\/wp-content\/uploads\/2021\/03\/TR-Bild-Website-Optimization-1-24x20.jpg 24w, https:\/\/vimcar.de\/boxenstopp\/wp-content\/uploads\/2021\/03\/TR-Bild-Website-Optimization-1-36x30.jpg 36w, https:\/\/vimcar.de\/boxenstopp\/wp-content\/uploads\/2021\/03\/TR-Bild-Website-Optimization-1-48x40.jpg 48w\" sizes=\"(max-width: 800px) 100vw, 800px\" \/>\t\t\t\t\t\t\t\t\t\t\t\t\t<\/div>\n\t\t\t\t<\/div>\n\t\t\t\t\t<\/div>\n\t\t<\/div>\n\t\t\t\t\t<\/div>\n\t\t<\/section>\n\t\t\t\t<div class=\"elementor-element elementor-element-b673e87 elementor-widget elementor-widget-heading\" data-id=\"b673e87\" data-element_type=\"widget\" data-widget_type=\"heading.default\">\n\t\t\t\t<div class=\"elementor-widget-container\">\n\t\t\t<h2 class=\"elementor-heading-title elementor-size-default\">Ladearten: AC oder DC?\u200b<\/h2>\t\t<\/div>\n\t\t\t\t<\/div>\n\t\t\t\t<div class=\"elementor-element elementor-element-4b5582d elementor-widget elementor-widget-text-editor\" data-id=\"4b5582d\" data-element_type=\"widget\" data-widget_type=\"text-editor.default\">\n\t\t\t\t<div class=\"elementor-widget-container\">\n\t\t\t\t\t\t\t<p>Das AC-Laden (f\u00fcr Alternating Current\/Wechselstrom) kennt man vom Hausstrom. Die AC-Ladegeschwindigkeiten betragen in der Regel zwischen 3,7 und 43,6 kW. DC-Laden (f\u00fcr Direct Current\/Gleichstrom) ist ein System zum schnellen Aufladen an \u00f6ffentlichen Pl\u00e4tzen. Sie bieten Ladeleistungen bis 300 kW.<\/p>\t\t\t\t\t\t<\/div>\n\t\t\t\t<\/div>\n\t\t\t\t<div class=\"elementor-element elementor-element-8da93ce elementor-widget elementor-widget-heading\" data-id=\"8da93ce\" data-element_type=\"widget\" data-widget_type=\"heading.default\">\n\t\t\t\t<div class=\"elementor-widget-container\">\n\t\t\t<h2 class=\"elementor-heading-title elementor-size-default\">Steckdose \u2013 langes und schonendes Laden\n<\/h2>\t\t<\/div>\n\t\t\t\t<\/div>\n\t\t\t\t<div class=\"elementor-element elementor-element-a7cb00c elementor-widget elementor-widget-text-editor\" data-id=\"a7cb00c\" data-element_type=\"widget\" data-widget_type=\"text-editor.default\">\n\t\t\t\t<div class=\"elementor-widget-container\">\n\t\t\t\t\t\t\t<p>Einfach und schonend lassen sich Batterien bequem \u00fcber Nacht an der normalen Steckdose aufladen. Wegen der niedrigen Leistung herk\u00f6mmlicher 230-Volt-Steckdosen von 2,3 kW kann das jedoch bis zu 14 Stunden dauern. Gerade bei \u00e4lteren Anlagen sollte man sich von einem Fachmann daf\u00fcr gr\u00fcnes Licht geben lassen \u2013 die hohe Leistungsabgabe \u00fcber mehrere Stunden ist nicht f\u00fcr jede Steckdose zu empfehlen.<\/p>\t\t\t\t\t\t<\/div>\n\t\t\t\t<\/div>\n\t\t\t\t\t<\/div>\n\t\t<\/div>\n\t\t\t\t\t<\/div>\n\t\t<\/section>\n\t\t\t\t<section class=\"elementor-section elementor-top-section elementor-element elementor-element-8035fb3 elementor-section-boxed elementor-section-height-default elementor-section-height-default\" data-id=\"8035fb3\" data-element_type=\"section\">\n\t\t\t\t\t\t<div class=\"elementor-container elementor-column-gap-default\">\n\t\t\t\t\t<div class=\"elementor-column elementor-col-100 elementor-top-column elementor-element elementor-element-450c6e2\" data-id=\"450c6e2\" data-element_type=\"column\">\n\t\t\t<div class=\"elementor-widget-wrap elementor-element-populated\">\n\t\t\t\t\t\t<section class=\"elementor-section elementor-inner-section elementor-element elementor-element-81715a8 elementor-section-boxed elementor-section-height-default elementor-section-height-default\" data-id=\"81715a8\" data-element_type=\"section\">\n\t\t\t\t\t\t<div class=\"elementor-container elementor-column-gap-default\">\n\t\t\t\t\t<div class=\"elementor-column elementor-col-50 elementor-inner-column elementor-element elementor-element-482bb11\" data-id=\"482bb11\" data-element_type=\"column\">\n\t\t\t<div class=\"elementor-widget-wrap elementor-element-populated\">\n\t\t\t\t\t\t<div class=\"elementor-element elementor-element-7d18f2a elementor-widget elementor-widget-image\" data-id=\"7d18f2a\" data-element_type=\"widget\" data-widget_type=\"image.default\">\n\t\t\t\t<div class=\"elementor-widget-container\">\n\t\t\t\t\t\t\t\t\t\t<figure class=\"wp-caption\">\n\t\t\t\t\t\t\t\t\t\t<img decoding=\"async\" width=\"640\" height=\"428\" src=\"https:\/\/vimcar.de\/boxenstopp\/wp-content\/uploads\/2020\/10\/Ladestation_2.jpg\" class=\"attachment-large size-large wp-image-14430\" alt=\"Ladestationen\" srcset=\"https:\/\/vimcar.de\/boxenstopp\/wp-content\/uploads\/2020\/10\/Ladestation_2.jpg 640w, https:\/\/vimcar.de\/boxenstopp\/wp-content\/uploads\/2020\/10\/Ladestation_2-300x201.jpg 300w, https:\/\/vimcar.de\/boxenstopp\/wp-content\/uploads\/2020\/10\/Ladestation_2-24x16.jpg 24w, https:\/\/vimcar.de\/boxenstopp\/wp-content\/uploads\/2020\/10\/Ladestation_2-36x24.jpg 36w, https:\/\/vimcar.de\/boxenstopp\/wp-content\/uploads\/2020\/10\/Ladestation_2-48x32.jpg 48w\" sizes=\"(max-width: 640px) 100vw, 640px\" \/>\t\t\t\t\t\t\t\t\t\t\t<figcaption class=\"widget-image-caption wp-caption-text\">An einer Ladestation k\u00f6nnen meist mehrere Fahrzeuge gleichzeitig geladen werden.<\/figcaption>\n\t\t\t\t\t\t\t\t\t\t<\/figure>\n\t\t\t\t\t\t\t<\/div>\n\t\t\t\t<\/div>\n\t\t\t\t\t<\/div>\n\t\t<\/div>\n\t\t\t\t<div class=\"elementor-column elementor-col-50 elementor-inner-column elementor-element elementor-element-fbe2386\" data-id=\"fbe2386\" data-element_type=\"column\">\n\t\t\t<div class=\"elementor-widget-wrap elementor-element-populated\">\n\t\t\t\t\t\t<div class=\"elementor-element elementor-element-c9c8b5b elementor-widget elementor-widget-image\" data-id=\"c9c8b5b\" data-element_type=\"widget\" data-widget_type=\"image.default\">\n\t\t\t\t<div class=\"elementor-widget-container\">\n\t\t\t\t\t\t\t\t\t\t<figure class=\"wp-caption\">\n\t\t\t\t\t\t\t\t\t\t<img decoding=\"async\" width=\"640\" height=\"427\" src=\"https:\/\/vimcar.de\/boxenstopp\/wp-content\/uploads\/2020\/10\/Ladestation_1.jpg\" class=\"attachment-large size-large wp-image-14429\" alt=\"Elektroauto wird geladen\" srcset=\"https:\/\/vimcar.de\/boxenstopp\/wp-content\/uploads\/2020\/10\/Ladestation_1.jpg 640w, https:\/\/vimcar.de\/boxenstopp\/wp-content\/uploads\/2020\/10\/Ladestation_1-300x200.jpg 300w, https:\/\/vimcar.de\/boxenstopp\/wp-content\/uploads\/2020\/10\/Ladestation_1-24x16.jpg 24w, https:\/\/vimcar.de\/boxenstopp\/wp-content\/uploads\/2020\/10\/Ladestation_1-36x24.jpg 36w, https:\/\/vimcar.de\/boxenstopp\/wp-content\/uploads\/2020\/10\/Ladestation_1-48x32.jpg 48w\" sizes=\"(max-width: 640px) 100vw, 640px\" \/>\t\t\t\t\t\t\t\t\t\t\t<figcaption class=\"widget-image-caption wp-caption-text\">Die Lage der \"Steckdose\" des Fahrzeuges variiert je nach Fahrzeugtyp und Marke.<\/figcaption>\n\t\t\t\t\t\t\t\t\t\t<\/figure>\n\t\t\t\t\t\t\t<\/div>\n\t\t\t\t<\/div>\n\t\t\t\t\t<\/div>\n\t\t<\/div>\n\t\t\t\t\t<\/div>\n\t\t<\/section>\n\t\t\t\t<div class=\"elementor-element elementor-element-acd3cae elementor-widget elementor-widget-heading\" data-id=\"acd3cae\" data-element_type=\"widget\" data-widget_type=\"heading.default\">\n\t\t\t\t<div class=\"elementor-widget-container\">\n\t\t\t<h2 class=\"elementor-heading-title elementor-size-default\">Wallbox \u2013 schnell und leistungsstark\n<\/h2>\t\t<\/div>\n\t\t\t\t<\/div>\n\t\t\t\t<div class=\"elementor-element elementor-element-e7dcc85 elementor-widget elementor-widget-text-editor\" data-id=\"e7dcc85\" data-element_type=\"widget\" data-widget_type=\"text-editor.default\">\n\t\t\t\t<div class=\"elementor-widget-container\">\n\t\t\t\t\t\t\t<p>Die \u00fcberwiegende Mehrheit aller Fahrer laden ihr Auto zu Hause an einer eigenen Ladestation, der Wallbox (Kosten etwa zwischen 800 und 2500 Euro) auf. Die Ladestation ist normalerweise im Geb\u00e4ude oder Carport installiert und verbindet das Stromnetz mit dem Ladekabelstecker. Mit bis zu 22kW braucht die Batterie zwischen zwei und sechs Stunden um vollst\u00e4ndig aufzuladen.<\/p>\t\t\t\t\t\t<\/div>\n\t\t\t\t<\/div>\n\t\t\t\t<div class=\"elementor-element elementor-element-1b4a84a elementor-widget elementor-widget-heading\" data-id=\"1b4a84a\" data-element_type=\"widget\" data-widget_type=\"heading.default\">\n\t\t\t\t<div class=\"elementor-widget-container\">\n\t\t\t<h2 class=\"elementor-heading-title elementor-size-default\">Weitere Ladestationen \n<\/h2>\t\t<\/div>\n\t\t\t\t<\/div>\n\t\t\t\t<div class=\"elementor-element elementor-element-960232d elementor-widget elementor-widget-text-editor\" data-id=\"960232d\" data-element_type=\"widget\" data-widget_type=\"text-editor.default\">\n\t\t\t\t<div class=\"elementor-widget-container\">\n\t\t\t\t\t\t\t<p>Lades\u00e4ulen oder Schnelllades\u00e4ulen stehen im \u00f6ffentlichen Raum und unterscheiden sich durch die Form des Steckers und in der Ladezeit. Mit bis zu 300kW dauert das Laden zwischen 20 Minuten und vier Stunden. Neben dem Aspekt der Umweltfreundlichkeit f\u00e4hrt man mit Strom sogar preiswerter als mit konventionellem Treibstoff. Die Durchschnittswerte ergeben f\u00fcr einen Renault Zoe bei einem Verbrauch von 13,3 kWh auf 100 Kilometern und einem Strompreis von 27,79 Cent Kosten in H\u00f6he von 3,50 \u20ac. Pro Kilometer w\u00e4ren das lediglich 3,5 Cent. Die Fahrt in einem Benziner w\u00fcrde etwa das Doppelte kosten.<\/p>\t\t\t\t\t\t<\/div>\n\t\t\t\t<\/div>\n\t\t\t\t\t<\/div>\n\t\t<\/div>\n\t\t\t\t\t<\/div>\n\t\t<\/section>\n\t\t\t\t<section class=\"elementor-section elementor-top-section elementor-element elementor-element-44eb676 elementor-section-boxed elementor-section-height-default elementor-section-height-default\" data-id=\"44eb676\" data-element_type=\"section\">\n\t\t\t\t\t\t<div class=\"elementor-container elementor-column-gap-default\">\n\t\t\t\t\t<div class=\"elementor-column elementor-col-100 elementor-top-column elementor-element elementor-element-0c5365a\" data-id=\"0c5365a\" data-element_type=\"column\">\n\t\t\t<div class=\"elementor-widget-wrap elementor-element-populated\">\n\t\t\t\t\t\t<section class=\"elementor-section elementor-inner-section elementor-element elementor-element-bd92c9e elementor-section-boxed elementor-section-height-default elementor-section-height-default\" data-id=\"bd92c9e\" data-element_type=\"section\">\n\t\t\t\t\t\t<div class=\"elementor-container elementor-column-gap-default\">\n\t\t\t\t\t<div class=\"elementor-column elementor-col-50 elementor-inner-column elementor-element elementor-element-3cda331\" data-id=\"3cda331\" data-element_type=\"column\">\n\t\t\t<div class=\"elementor-widget-wrap elementor-element-populated\">\n\t\t\t\t\t\t<div class=\"elementor-element elementor-element-744c4f7 elementor-widget elementor-widget-heading\" data-id=\"744c4f7\" data-element_type=\"widget\" data-widget_type=\"heading.default\">\n\t\t\t\t<div class=\"elementor-widget-container\">\n\t\t\t<h2 class=\"elementor-heading-title elementor-size-default\">F\u00f6rderung f\u00fcr E-Ladeinfrastruktur\n<\/h2>\t\t<\/div>\n\t\t\t\t<\/div>\n\t\t\t\t<div class=\"elementor-element elementor-element-19bb768 elementor-widget elementor-widget-text-editor\" data-id=\"19bb768\" data-element_type=\"widget\" data-widget_type=\"text-editor.default\">\n\t\t\t\t<div class=\"elementor-widget-container\">\n\t\t\t\t\t\t\t<p><span style=\"font-weight: 400;\">Einige Landesregierungen haben umfangreiche F\u00f6rderprogramme gestartet, um ein fl\u00e4chendeckendes Netz an Ladeinfrastruktur zu schaffen. So bietet Nordrhein-Westfalen unter www.progres.nrw F\u00f6rderbausteine f\u00fcr private und nicht private Antragsteller zum Aufbau von station\u00e4ren \u00f6ffentlich und nicht \u00f6ffentlich zug\u00e4nglichen Ladepunkten (AC-Ladepunkte). Dabei m\u00fcssen die Ladepunkte \u00fcber eine Leistung von 11 bis 22 kW verf\u00fcgen und von einem Elektriker installiert werden. F\u00fcr nicht \u00f6ffentliche Ladepunkte spendiert der Staat 50 Prozent der zuwendungsf\u00e4higen Ausgaben, maximal 1.000 Euro pro Ladepunkt. F\u00fcr \u00f6ffentliche Ladepunkte: 50 Prozent der zuwendungsf\u00e4higen Ausgaben, maximal 5.000 Euro pro Ladepunkt.<\/span><\/p>\t\t\t\t\t\t<\/div>\n\t\t\t\t<\/div>\n\t\t\t\t<div class=\"elementor-element elementor-element-71513c9 elementor-widget elementor-widget-heading\" data-id=\"71513c9\" data-element_type=\"widget\" data-widget_type=\"heading.default\">\n\t\t\t\t<div class=\"elementor-widget-container\">\n\t\t\t<h2 class=\"elementor-heading-title elementor-size-default\">Laden mit Steuervorteilen \n<\/h2>\t\t<\/div>\n\t\t\t\t<\/div>\n\t\t\t\t<div class=\"elementor-element elementor-element-1015eae elementor-widget elementor-widget-text-editor\" data-id=\"1015eae\" data-element_type=\"widget\" data-widget_type=\"text-editor.default\">\n\t\t\t\t<div class=\"elementor-widget-container\">\n\t\t\t\t\t\t\t<p><span style=\"font-weight: 400;\">Besteht die M\u00f6glichkeit, sein E-Auto beim Arbeitgeber zu laden, ist das steuerfrei. Auch Stromkosten, die zu Hause f\u00fcrs Laden eines E-Dienstwagens anfallen und vom Arbeitgeber erstattet werden, gelten als steuerfreier Auslagenersatz. Und noch ein Steuerspartrick: Spendiert der Arbeitgeber seinen Angestellten eine eigene h\u00e4usliche Wallbox, muss er diesen Bonus nicht versteuern. Einzige H\u00fcrde: Der Arbeitgeber erkl\u00e4rt sich dazu bereit, 25 Prozent der Wallbox-Kosten einmalig als Lohnsteuer ans Finanzamt abzuf\u00fchren. <\/span><\/p>\t\t\t\t\t\t<\/div>\n\t\t\t\t<\/div>\n\t\t\t\t\t<\/div>\n\t\t<\/div>\n\t\t\t\t<div class=\"elementor-column elementor-col-50 elementor-inner-column elementor-element elementor-element-8b5e021\" data-id=\"8b5e021\" data-element_type=\"column\">\n\t\t\t<div class=\"elementor-widget-wrap elementor-element-populated\">\n\t\t\t\t\t\t<div class=\"elementor-element elementor-element-d670aec elementor-widget elementor-widget-image\" data-id=\"d670aec\" data-element_type=\"widget\" data-widget_type=\"image.default\">\n\t\t\t\t<div class=\"elementor-widget-container\">\n\t\t\t\t\t\t\t\t\t\t\t\t\t<img loading=\"lazy\" decoding=\"async\" width=\"562\" height=\"1000\" src=\"https:\/\/vimcar.de\/boxenstopp\/wp-content\/uploads\/2020\/10\/Ladestation_3.jpg\" class=\"attachment-full size-full wp-image-14431\" alt=\"Ladestation\" srcset=\"https:\/\/vimcar.de\/boxenstopp\/wp-content\/uploads\/2020\/10\/Ladestation_3.jpg 562w, https:\/\/vimcar.de\/boxenstopp\/wp-content\/uploads\/2020\/10\/Ladestation_3-169x300.jpg 169w, https:\/\/vimcar.de\/boxenstopp\/wp-content\/uploads\/2020\/10\/Ladestation_3-576x1024.jpg 576w, https:\/\/vimcar.de\/boxenstopp\/wp-content\/uploads\/2020\/10\/Ladestation_3-13x24.jpg 13w, https:\/\/vimcar.de\/boxenstopp\/wp-content\/uploads\/2020\/10\/Ladestation_3-20x36.jpg 20w, https:\/\/vimcar.de\/boxenstopp\/wp-content\/uploads\/2020\/10\/Ladestation_3-27x48.jpg 27w\" sizes=\"(max-width: 562px) 100vw, 562px\" \/>\t\t\t\t\t\t\t\t\t\t\t\t\t<\/div>\n\t\t\t\t<\/div>\n\t\t\t\t\t<\/div>\n\t\t<\/div>\n\t\t\t\t\t<\/div>\n\t\t<\/section>\n\t\t\t\t\t<\/div>\n\t\t<\/div>\n\t\t\t\t\t<\/div>\n\t\t<\/section>\n\t\t\t\t<section class=\"elementor-section elementor-top-section elementor-element elementor-element-a35c4e2 elementor-section-boxed elementor-section-height-default elementor-section-height-default\" data-id=\"a35c4e2\" data-element_type=\"section\">\n\t\t\t\t\t\t<div class=\"elementor-container elementor-column-gap-default\">\n\t\t\t\t\t<div class=\"elementor-column elementor-col-100 elementor-top-column elementor-element elementor-element-fc84b98\" data-id=\"fc84b98\" data-element_type=\"column\">\n\t\t\t<div class=\"elementor-widget-wrap elementor-element-populated\">\n\t\t\t\t\t\t<div class=\"elementor-element elementor-element-98d6231 elementor-widget elementor-widget-heading\" data-id=\"98d6231\" data-element_type=\"widget\" data-widget_type=\"heading.default\">\n\t\t\t\t<div class=\"elementor-widget-container\">\n\t\t\t<h2 class=\"elementor-heading-title elementor-size-default\">Weitere Artikel zum Thema:<\/h2>\t\t<\/div>\n\t\t\t\t<\/div>\n\t\t\t\t<section class=\"elementor-section elementor-inner-section elementor-element elementor-element-ade8204 elementor-section-boxed elementor-section-height-default elementor-section-height-default\" data-id=\"ade8204\" data-element_type=\"section\">\n\t\t\t\t\t\t<div class=\"elementor-container elementor-column-gap-default\">\n\t\t\t\t\t<div class=\"elementor-column elementor-col-50 elementor-inner-column elementor-element elementor-element-f6b94a7\" data-id=\"f6b94a7\" data-element_type=\"column\">\n\t\t\t<div class=\"elementor-widget-wrap elementor-element-populated\">\n\t\t\t\t\t\t<div class=\"elementor-element elementor-element-f55e29f elementor-widget elementor-widget-text-editor\" data-id=\"f55e29f\" data-element_type=\"widget\" data-widget_type=\"text-editor.default\">\n\t\t\t\t<div class=\"elementor-widget-container\">\n\t\t\t\t\t\t\t<ul>\n<li>Checkliste zur&nbsp;<a href=\"https:\/\/vimcar.de\/boxenstopp\/ressourcenbereich\/checkliste-implementierung-ladeinfrastruktur\/\">Implementierung einer Ladeinfrastruktur<\/a><\/li>\n<li><a href=\"https:\/\/vimcar.de\/boxenstopp\/blog\/foerderungen-fuer-elektrofahrzeuge-im-fuhrpark\/\">F\u00f6rderungen f\u00fcr Elektrofahrzeuge im Fuhrpark<\/a><\/li>\n<li><a href=\"https:\/\/vimcar.de\/boxenstopp\/blog\/firmenwagenversteuerung-elektroautos\/\">Firmenwagenversteuerung von Elektroautos<\/a><\/li>\n<li>Welche&nbsp;<a href=\"https:\/\/vimcar.de\/boxenstopp\/blog\/welche-massnahmen-tragen-zur-umweltschonung-bei-im-fuhrpark\/\">Ma\u00dfnahmen tragen zur Umweltschonung bei im Fuhrpark?<\/a><\/li>\n<li><a href=\"https:\/\/vimcar.de\/boxenstopp\/blog\/outcome-klimapaket\/\">Outcome Klimapaket<\/a><\/li>\n<li><a href=\"https:\/\/vimcar.de\/boxenstopp\/lexikon\/co2-obergrenze-was-gibt-es-zu-beachten\/\">CO2 Obergrenze<\/a><\/li>\n<li><a href=\"https:\/\/vimcar.de\/boxenstopp\/blog\/elektrische-dienstwagen-laden\/\">Elektrische Dienstwagen \u2013 zuhause laden, zentral abrechnen und von F\u00f6rderung profitieren<\/a><\/li>\n<li><a href=\"https:\/\/vimcar.de\/boxenstopp\/lexikon\/wltp\/\" target=\"_blank\" rel=\"noopener\">WLTP<\/a><\/li><li><a href=\"https:\/\/vimcar.de\/boxenstopp\/blog\/verbrenner-ausstieg\/\">Verbrenner-Ausstieg: Was planen die Hersteller?<\/a><br><\/li>\n<\/ul>\t\t\t\t\t\t<\/div>\n\t\t\t\t<\/div>\n\t\t\t\t\t<\/div>\n\t\t<\/div>\n\t\t\t\t<div class=\"elementor-column elementor-col-50 elementor-inner-column elementor-element elementor-element-f80a774\" data-id=\"f80a774\" data-element_type=\"column\">\n\t\t\t<div class=\"elementor-widget-wrap elementor-element-populated\">\n\t\t\t\t\t\t<div class=\"elementor-element elementor-element-e491f7d elementor-widget elementor-widget-text-editor\" data-id=\"e491f7d\" data-element_type=\"widget\" data-widget_type=\"text-editor.default\">\n\t\t\t\t<div class=\"elementor-widget-container\">\n\t\t\t\t\t\t\t<ul>\n<li><a href=\"https:\/\/vimcar.de\/boxenstopp\/lexikon\/mikromobilitaet\/\">Mikromobilit\u00e4t<\/a><\/li>\n<li><a href=\"https:\/\/vimcar.de\/boxenstopp\/blog\/elektrofahrzeuge-im-fuhrpark\/\">Elektroautos im Fuhrpark<\/a><\/li>\n<li><a href=\"https:\/\/vimcar.de\/boxenstopp\/blog\/alternative-antriebe\/\">Alternative Antriebe<\/a><\/li>\n<li><a href=\"https:\/\/vimcar.de\/boxenstopp\/blog\/tipps-nachhaltige-fuhrpark-strategie\/\">Tipps f\u00fcr nachhaltigere Fuhrpark-Strategie<\/a><\/li>\n<li><a href=\"https:\/\/vimcar.de\/boxenstopp\/lexikon\/telematiksystem\/\">Telematiksystem<\/a><\/li>\n<li><a href=\"https:\/\/vimcar.de\/boxenstopp\/blog\/co2-richtlinien-oesterreich\/\" target=\"_blank\" rel=\"noopener\">CO2 Richtlinien \u00d6sterreich<\/a><\/li>\n<li><a href=\"https:\/\/vimcar.de\/boxenstopp\/blog\/co2-neutralitaet\/\">CO2 Neutralit\u00e4t von Betrieben<\/a><\/li>\n<li><a href=\"https:\/\/vimcar.de\/boxenstopp\/blog\/nachhaltigkeit-2021\/\" target=\"_blank\">Nachhaltigkeit im Fuhrpark &#8211; Was Fuhrparkleiter 2021 angehen sollten<\/a><br><\/li><li><a href=\"https:\/\/vimcar.de\/boxenstopp\/blog\/tco-elektroautos\/\" target=\"_blank\">TCO bei Elektrofahrzeugen<\/a><br><\/li>\n<\/ul>\t\t\t\t\t\t<\/div>\n\t\t\t\t<\/div>\n\t\t\t\t\t<\/div>\n\t\t<\/div>\n\t\t\t\t\t<\/div>\n\t\t<\/section>\n\t\t\t\t\t<\/div>\n\t\t<\/div>\n\t\t\t\t\t<\/div>\n\t\t<\/section>\n\t\t\t\t<\/div>\n\t\t","protected":false},"excerpt":{"rendered":"<p>Ob per Steckdose, an einer \u00f6ffentlichen Ladestation oder mit einer eigenen Wallbox: Das E-Auto l\u00e4sst sich unterschiedlich aufladen. Hier spielt es au\u00dferdem eine gro\u00dfe Rolle wo das Elektroauto an der Ladestation geladen werden kann &#8211; zuhause, am Arbeitsplatz, unterwegs? Wie das am besten funktioniert und welche Steuervorteile winken, lesen Sie hier. Elektroautos \u2013 laden leicht [&hellip;]<\/p>\n","protected":false},"author":30,"featured_media":0,"parent":4813,"menu_order":0,"comment_status":"closed","ping_status":"closed","template":"","meta":{"footnotes":"","_wp_rev_ctl_limit":""},"yoast_head":"<!-- This site is optimized with the Yoast SEO Premium plugin v21.5 (Yoast SEO v21.5) - https:\/\/yoast.com\/wordpress\/plugins\/seo\/ -->\n<title>Ladestation - Vimcar Boxenstopp<\/title>\n<meta name=\"description\" content=\"Wie sieht eine Ladestation f\u00fcr ein Elektrofahrzeug eigentlich aus? Wie ist Sie aufgebaut? Mehr zu diesem Thema erfahren Sie hier.\" \/>\n<meta name=\"robots\" content=\"index, follow, max-snippet:-1, max-image-preview:large, max-video-preview:-1\" \/>\n<link rel=\"canonical\" href=\"https:\/\/vimcar.de\/boxenstopp\/lexikon\/ladestation\/\" \/>\n<meta property=\"og:locale\" content=\"de_DE\" \/>\n<meta property=\"og:type\" content=\"article\" \/>\n<meta property=\"og:title\" content=\"Ladestation\" \/>\n<meta property=\"og:description\" content=\"Wie sieht eine Ladestation f\u00fcr ein Elektrofahrzeug eigentlich aus? Wie ist Sie aufgebaut? Mehr zu diesem Thema erfahren Sie hier.\" \/>\n<meta property=\"og:url\" content=\"https:\/\/vimcar.de\/boxenstopp\/lexikon\/ladestation\/\" \/>\n<meta property=\"og:site_name\" content=\"Vimcar Boxenstopp\" \/>\n<meta property=\"article:publisher\" content=\"https:\/\/www.facebook.com\/vimcar\" \/>\n<meta property=\"article:modified_time\" content=\"2021-08-20T10:24:24+00:00\" \/>\n<meta property=\"og:image\" content=\"http:\/\/vimcar.de\/boxenstopp\/wp-content\/uploads\/2021\/03\/TR-Bild-Website-Optimization-1.jpg\" \/>\n<meta name=\"twitter:card\" content=\"summary_large_image\" \/>\n<meta name=\"twitter:site\" content=\"@goVimcar\" \/>\n<meta name=\"twitter:label1\" content=\"Gesch\u00e4tzte Lesezeit\" \/>\n\t<meta name=\"twitter:data1\" content=\"5\u00a0Minuten\" \/>\n<!-- \/ Yoast SEO Premium plugin. -->","yoast_head_json":{"title":"Ladestation - Vimcar Boxenstopp","description":"Wie sieht eine Ladestation f\u00fcr ein Elektrofahrzeug eigentlich aus? Wie ist Sie aufgebaut? Mehr zu diesem Thema erfahren Sie hier.","robots":{"index":"index","follow":"follow","max-snippet":"max-snippet:-1","max-image-preview":"max-image-preview:large","max-video-preview":"max-video-preview:-1"},"canonical":"https:\/\/vimcar.de\/boxenstopp\/lexikon\/ladestation\/","og_locale":"de_DE","og_type":"article","og_title":"Ladestation","og_description":"Wie sieht eine Ladestation f\u00fcr ein Elektrofahrzeug eigentlich aus? Wie ist Sie aufgebaut? Mehr zu diesem Thema erfahren Sie hier.","og_url":"https:\/\/vimcar.de\/boxenstopp\/lexikon\/ladestation\/","og_site_name":"Vimcar Boxenstopp","article_publisher":"https:\/\/www.facebook.com\/vimcar","article_modified_time":"2021-08-20T10:24:24+00:00","og_image":[{"url":"http:\/\/vimcar.de\/boxenstopp\/wp-content\/uploads\/2021\/03\/TR-Bild-Website-Optimization-1.jpg"}],"twitter_card":"summary_large_image","twitter_site":"@goVimcar","twitter_misc":{"Gesch\u00e4tzte Lesezeit":"5\u00a0Minuten"},"schema":{"@context":"https:\/\/schema.org","@graph":[{"@type":"WebPage","@id":"https:\/\/vimcar.de\/boxenstopp\/lexikon\/ladestation\/","url":"https:\/\/vimcar.de\/boxenstopp\/lexikon\/ladestation\/","name":"Ladestation - Vimcar Boxenstopp","isPartOf":{"@id":"https:\/\/vimcar.de\/boxenstopp\/#website"},"datePublished":"2020-10-19T12:59:35+00:00","dateModified":"2021-08-20T10:24:24+00:00","description":"Wie sieht eine Ladestation f\u00fcr ein Elektrofahrzeug eigentlich aus? Wie ist Sie aufgebaut? Mehr zu diesem Thema erfahren Sie hier.","breadcrumb":{"@id":"https:\/\/vimcar.de\/boxenstopp\/lexikon\/ladestation\/#breadcrumb"},"inLanguage":"de","potentialAction":[{"@type":"ReadAction","target":["https:\/\/vimcar.de\/boxenstopp\/lexikon\/ladestation\/"]}]},{"@type":"BreadcrumbList","@id":"https:\/\/vimcar.de\/boxenstopp\/lexikon\/ladestation\/#breadcrumb","itemListElement":[{"@type":"ListItem","position":1,"name":"Startseite","item":"https:\/\/vimcar.de\/boxenstopp\/"},{"@type":"ListItem","position":2,"name":"Das Fuhrparklexikon","item":"https:\/\/vimcar.de\/boxenstopp\/lexikon\/"},{"@type":"ListItem","position":3,"name":"Ladestation"}]},{"@type":"WebSite","@id":"https:\/\/vimcar.de\/boxenstopp\/#website","url":"https:\/\/vimcar.de\/boxenstopp\/","name":"Vimcar Boxenstopp","description":"- Die Lernplattform f\u00fcr Fuhrparkleiter","publisher":{"@id":"https:\/\/vimcar.de\/boxenstopp\/#organization"},"potentialAction":[{"@type":"SearchAction","target":{"@type":"EntryPoint","urlTemplate":"https:\/\/vimcar.de\/boxenstopp\/?s={search_term_string}"},"query-input":"required name=search_term_string"}],"inLanguage":"de"},{"@type":"Organization","@id":"https:\/\/vimcar.de\/boxenstopp\/#organization","name":"Vimcar Boxenstopp - Fuhrparkwissen","url":"https:\/\/vimcar.de\/boxenstopp\/","logo":{"@type":"ImageObject","inLanguage":"de","@id":"https:\/\/vimcar.de\/boxenstopp\/#\/schema\/logo\/image\/","url":"https:\/\/vimcar.de\/boxenstopp\/wp-content\/uploads\/2020\/10\/logo-vimcar-boxenstopp.png","contentUrl":"https:\/\/vimcar.de\/boxenstopp\/wp-content\/uploads\/2020\/10\/logo-vimcar-boxenstopp.png","width":250,"height":50,"caption":"Vimcar Boxenstopp - Fuhrparkwissen"},"image":{"@id":"https:\/\/vimcar.de\/boxenstopp\/#\/schema\/logo\/image\/"},"sameAs":["https:\/\/www.facebook.com\/vimcar","https:\/\/twitter.com\/goVimcar","https:\/\/www.instagram.com\/vimcar_official\/","https:\/\/de.linkedin.com\/company\/vimcar","https:\/\/www.pinterest.de\/vimcar\/","https:\/\/www.youtube.com\/channel\/UCWRajoA7OnWsAw-ezAahZPg"]}]}},"_links":{"self":[{"href":"https:\/\/vimcar.de\/boxenstopp\/wp-json\/wp\/v2\/pages\/14427"}],"collection":[{"href":"https:\/\/vimcar.de\/boxenstopp\/wp-json\/wp\/v2\/pages"}],"about":[{"href":"https:\/\/vimcar.de\/boxenstopp\/wp-json\/wp\/v2\/types\/page"}],"author":[{"embeddable":true,"href":"https:\/\/vimcar.de\/boxenstopp\/wp-json\/wp\/v2\/users\/30"}],"replies":[{"embeddable":true,"href":"https:\/\/vimcar.de\/boxenstopp\/wp-json\/wp\/v2\/comments?post=14427"}],"version-history":[{"count":0,"href":"https:\/\/vimcar.de\/boxenstopp\/wp-json\/wp\/v2\/pages\/14427\/revisions"}],"up":[{"embeddable":true,"href":"https:\/\/vimcar.de\/boxenstopp\/wp-json\/wp\/v2\/pages\/4813"}],"wp:attachment":[{"href":"https:\/\/vimcar.de\/boxenstopp\/wp-json\/wp\/v2\/media?parent=14427"}],"curies":[{"name":"wp","href":"https:\/\/api.w.org\/{rel}","templated":true}]}}