{"id":1625,"date":"2023-07-25T18:22:19","date_gmt":"2023-07-25T16:22:19","guid":{"rendered":"https:\/\/vimcar.de\/boxenstopp\/?page_id=1625"},"modified":"2023-07-25T18:46:40","modified_gmt":"2023-07-25T16:46:40","slug":"arbeitsweg","status":"publish","type":"page","link":"https:\/\/vimcar.de\/boxenstopp\/lexikon\/arbeitsweg\/","title":{"rendered":"Arbeitsweg"},"content":{"rendered":"\t\t<div data-elementor-type=\"wp-page\" data-elementor-id=\"1625\" class=\"elementor elementor-1625\" data-elementor-post-type=\"page\">\n\t\t\t\t\t\t<section class=\"elementor-section elementor-top-section elementor-element elementor-element-7288c1b2 elementor-section-boxed elementor-section-height-default elementor-section-height-default\" data-id=\"7288c1b2\" data-element_type=\"section\">\n\t\t\t\t\t\t<div class=\"elementor-container elementor-column-gap-default\">\n\t\t\t\t\t<div class=\"elementor-column elementor-col-100 elementor-top-column elementor-element elementor-element-7c79abd7\" data-id=\"7c79abd7\" data-element_type=\"column\">\n\t\t\t<div class=\"elementor-widget-wrap elementor-element-populated\">\n\t\t\t\t\t\t<div class=\"elementor-element elementor-element-1db2175 elementor-widget elementor-widget-text-editor\" data-id=\"1db2175\" data-element_type=\"widget\" data-widget_type=\"text-editor.default\">\n\t\t\t\t<div class=\"elementor-widget-container\">\n\t\t\t\t\t\t\t<p>Generell stellt der Arbeitsweg die Strecke zwischen Wohnung und der ersten T\u00e4tigkeitsst\u00e4tte dar. Es ist m\u00f6glich in der Steuererkl\u00e4rung den einfachen Arbeitsweg von Ihrer Wohnung zur ersten T\u00e4tigkeitsst\u00e4tte mit 0,30 Euro pro Kilometer abzusetzen. Um Ihre pers\u00f6nliche maximale Steuerersparnis zu erreichen, sollten Sie die Arbeitstage, f\u00fcr die Sie einen Arbeitsweg geltend machen k\u00f6nnen, berechnen.<\/p>\t\t\t\t\t\t<\/div>\n\t\t\t\t<\/div>\n\t\t\t\t<div class=\"elementor-element elementor-element-833c8f0 elementor-widget elementor-widget-button\" data-id=\"833c8f0\" data-element_type=\"widget\" data-widget_type=\"button.default\">\n\t\t\t\t<div class=\"elementor-widget-container\">\n\t\t\t\t\t<div class=\"elementor-button-wrapper\">\n\t\t\t<a class=\"elementor-button elementor-button-link elementor-size-md\" href=\"#ratgeber-kategorien\">\n\t\t\t\t\t\t<span class=\"elementor-button-content-wrapper\">\n\t\t\t\t\t\t\t\t\t<span class=\"elementor-button-text\">Hier Ratgeber zur Fahrtenkategorisierung erhalten<\/span>\n\t\t\t\t\t<\/span>\n\t\t\t\t\t<\/a>\n\t\t<\/div>\n\t\t\t\t<\/div>\n\t\t\t\t<\/div>\n\t\t\t\t<div class=\"elementor-element elementor-element-095f9f8 elementor-widget elementor-widget-spacer\" data-id=\"095f9f8\" data-element_type=\"widget\" data-widget_type=\"spacer.default\">\n\t\t\t\t<div class=\"elementor-widget-container\">\n\t\t\t\t\t<div class=\"elementor-spacer\">\n\t\t\t<div class=\"elementor-spacer-inner\"><\/div>\n\t\t<\/div>\n\t\t\t\t<\/div>\n\t\t\t\t<\/div>\n\t\t\t\t<div class=\"elementor-element elementor-element-d0cad51 elementor-widget elementor-widget-heading\" data-id=\"d0cad51\" data-element_type=\"widget\" data-widget_type=\"heading.default\">\n\t\t\t\t<div class=\"elementor-widget-container\">\n\t\t\t<h2 class=\"elementor-heading-title elementor-size-default\">Arbeitsweg - Eine Definition<\/h2>\t\t<\/div>\n\t\t\t\t<\/div>\n\t\t\t\t<section class=\"elementor-section elementor-inner-section elementor-element elementor-element-9449d73 elementor-section-boxed elementor-section-height-default elementor-section-height-default\" data-id=\"9449d73\" data-element_type=\"section\">\n\t\t\t\t\t\t<div class=\"elementor-container elementor-column-gap-default\">\n\t\t\t\t\t<div class=\"elementor-column elementor-col-50 elementor-inner-column elementor-element elementor-element-9b52614\" data-id=\"9b52614\" data-element_type=\"column\">\n\t\t\t<div class=\"elementor-widget-wrap elementor-element-populated\">\n\t\t\t\t\t\t<div class=\"elementor-element elementor-element-9d69721 elementor-widget elementor-widget-image\" data-id=\"9d69721\" data-element_type=\"widget\" data-widget_type=\"image.default\">\n\t\t\t\t<div class=\"elementor-widget-container\">\n\t\t\t\t\t\t\t\t\t\t\t\t\t<img fetchpriority=\"high\" decoding=\"async\" width=\"640\" height=\"427\" src=\"https:\/\/vimcar.de\/boxenstopp\/wp-content\/uploads\/2020\/10\/Arbeitsweg.jpg\" class=\"attachment-large size-large wp-image-14239\" alt=\"Auto h\u00e4lt an einem Zebrastreifen\" srcset=\"https:\/\/vimcar.de\/boxenstopp\/wp-content\/uploads\/2020\/10\/Arbeitsweg.jpg 640w, https:\/\/vimcar.de\/boxenstopp\/wp-content\/uploads\/2020\/10\/Arbeitsweg-300x200.jpg 300w, https:\/\/vimcar.de\/boxenstopp\/wp-content\/uploads\/2020\/10\/Arbeitsweg-24x16.jpg 24w, https:\/\/vimcar.de\/boxenstopp\/wp-content\/uploads\/2020\/10\/Arbeitsweg-36x24.jpg 36w, https:\/\/vimcar.de\/boxenstopp\/wp-content\/uploads\/2020\/10\/Arbeitsweg-48x32.jpg 48w\" sizes=\"(max-width: 640px) 100vw, 640px\" \/>\t\t\t\t\t\t\t\t\t\t\t\t\t<\/div>\n\t\t\t\t<\/div>\n\t\t\t\t\t<\/div>\n\t\t<\/div>\n\t\t\t\t<div class=\"elementor-column elementor-col-50 elementor-inner-column elementor-element elementor-element-0ea03a0\" data-id=\"0ea03a0\" data-element_type=\"column\">\n\t\t\t<div class=\"elementor-widget-wrap elementor-element-populated\">\n\t\t\t\t\t\t<div class=\"elementor-element elementor-element-a75ba5e elementor-widget elementor-widget-text-editor\" data-id=\"a75ba5e\" data-element_type=\"widget\" data-widget_type=\"text-editor.default\">\n\t\t\t\t<div class=\"elementor-widget-container\">\n\t\t\t\t\t\t\t<p>Wer einen\u00a0<a href=\"https:\/\/vimcar.de\/boxenstopp\/lexikon\/firmenwagen\/\" target=\"_blank\" rel=\"noreferrer noopener\" aria-label=\"Firmenwagen (\u00f6ffnet in neuem Tab)\">Firmenwagen<\/a>\u00a0besitzt, stellt sich vielleicht die Frage, ob der Arbeitsweg eine <a href=\"https:\/\/vimcar.de\/boxenstopp\/lexikon\/betriebsfahrt\/\" target=\"_blank\" rel=\"noopener\">Betriebsfahrt<\/a> oder Privatfahrt darstellt. Denn die richtige Kategorisierung macht einen gro\u00dfen Unterschied bei der Berechnung des geldwerten Vorteils. Fakt ist, dass der Arbeitsweg eine eigene Kategorie darstellt und weder als Betriebs-, noch als\u00a0<a href=\"https:\/\/vimcar.de\/boxenstopp\/lexikon\/privatfahrt\" target=\"_blank\" rel=\"noreferrer noopener\" aria-label=\"Privatfahrt (\u00f6ffnet in neuem Tab)\">Privatfahrt\u00a0<\/a>deklariert wird.<br \/>Der Arbeitsweg ist grunds\u00e4tzlich die Strecke zwischen der Wohnung und ersten T\u00e4tigkeitsst\u00e4tte. Die erste T\u00e4tigkeitsst\u00e4tte ist eine betriebliche Einrichtung Ihres Arbeitgebers, wie beispielsweise Ihr zugeordnetes B\u00fcro. Nutzen Sie f\u00fcr die Strecke ins B\u00fcro den Firmenwagen, entsteht ein geldwerter Vorteil. F\u00fcr Personen, die im Home Office t\u00e4tig sind, gibt es daher keine erste T\u00e4tigkeitsst\u00e4tte und somit keinen Arbeitsweg.<\/p>\t\t\t\t\t\t<\/div>\n\t\t\t\t<\/div>\n\t\t\t\t\t<\/div>\n\t\t<\/div>\n\t\t\t\t\t<\/div>\n\t\t<\/section>\n\t\t\t\t<div class=\"elementor-element elementor-element-062433c elementor-widget elementor-widget-heading\" data-id=\"062433c\" data-element_type=\"widget\" data-widget_type=\"heading.default\">\n\t\t\t\t<div class=\"elementor-widget-container\">\n\t\t\t<h2 class=\"elementor-heading-title elementor-size-default\">Versteuerung vom Arbeitsweg im Fahrtenbuch<\/h2>\t\t<\/div>\n\t\t\t\t<\/div>\n\t\t\t\t<div class=\"elementor-element elementor-element-ed6f244 elementor-widget elementor-widget-text-editor\" data-id=\"ed6f244\" data-element_type=\"widget\" data-widget_type=\"text-editor.default\">\n\t\t\t\t<div class=\"elementor-widget-container\">\n\t\t\t\t\t\t\t<p><strong>Das bedeutet:<\/strong>\u00a0Die Fahrt zur Arbeit wird wie die Privatfahrt versteuert, jedoch zu einem niedrigeren Prozentsatz. Bei der 1-%-Methode wird beispielsweise die Entfernungspauschale von 0,03 % abgezogen.<\/p><p>Grunds\u00e4tzlich k\u00f6nnen Sie also in der Steuererkl\u00e4rung die\u00a0<a href=\"https:\/\/vimcar.de\/boxenstopp\/lexikon\/entfernungspauschale\" target=\"_blank\" rel=\"noreferrer noopener\" aria-label=\" (\u00f6ffnet in neuem Tab)\">Entfernungspauschale<\/a>\u00a0angeben. Bei der Entfernungspauschale k\u00f6nnen Sie, egal ob zu Fu\u00df, mit \u00f6ffentlichen Verkehrsmitteln oder mit Firmenwagen, f\u00fcr einen Arbeitsweg 0,3 Euro steuerlich geltend machen. Geben Sie den Arbeitsweg doppelt an, wird nur 0,15 Euro pro Fahrt als Werbungskosten angesetzt. Denn das Finanzamt erlaubt pauschal nur eine einfache Strecke zwischen Wohnung und T\u00e4tigkeitsst\u00e4tte pro Tag. Daher empfiehlt es sich, nur eine Fahrt pro Tag als Arbeitsweg zu kategorisieren. Sind Ihnen 30 Cent zu wenig, haben Sie die M\u00f6glichkeit die tats\u00e4chlichen Kosten nachzuweisen. Hierf\u00fcr nutzen Sie das\u00a0<a href=\"https:\/\/vimcar.de\/fahrtenbuch\" target=\"_blank\" rel=\"noopener\">Fahrtenbuch<\/a>\u00a0und notieren die tats\u00e4chlich gefahrenen Kilometer sowie die Betriebskosten f\u00fcr Benzin, Versicherung etc. per Quittung.<\/p><p><span style=\"text-decoration: underline;\"><strong>Achtung<\/strong>:<\/span> Die genaue Abrechnung des Arbeitsweges kann sich von Berufsgruppe zu Berufsgruppe unterscheiden. Deshalb ist eine R\u00fccksprache mit Ihrem\u00a0<a href=\"https:\/\/vimcar.de\/boxenstopp\/lexikon\/steuerberater\" target=\"_blank\" rel=\"noreferrer noopener\" aria-label=\"Steuerberater (\u00f6ffnet in neuem Tab)\">Steuerberater\u00a0<\/a>zu empfehlen.\u00a0<span style=\"color: var( --e-global-color-text ); font-family: var( --e-global-typography-text-font-family ), Source Sans Pro; font-weight: var( --e-global-typography-text-font-weight );\">In diesem Artikel finden Sie zus\u00e4tzlich einen Ratgeber zum Kategorisierung im Fahrtenbuch. Er erkl\u00e4rt Ihnen, welche verschiedenen Kategorien (Arbeitsweg, Privatfahrt, Betriebsfahrt, Mischfahrt) es gibt und wann eine Fahrt zu dieser geh\u00f6rt.<\/span><\/p>\t\t\t\t\t\t<\/div>\n\t\t\t\t<\/div>\n\t\t\t\t<div class=\"elementor-element elementor-element-ce674ba elementor-widget elementor-widget-heading\" data-id=\"ce674ba\" data-element_type=\"widget\" data-widget_type=\"heading.default\">\n\t\t\t\t<div class=\"elementor-widget-container\">\n\t\t\t<h2 class=\"elementor-heading-title elementor-size-default\">Arbeitsweg - hin und zur\u00fcck - im Fahrtenbuch<\/h2>\t\t<\/div>\n\t\t\t\t<\/div>\n\t\t\t\t<div class=\"elementor-element elementor-element-67cbdba elementor-widget elementor-widget-text-editor\" data-id=\"67cbdba\" data-element_type=\"widget\" data-widget_type=\"text-editor.default\">\n\t\t\t\t<div class=\"elementor-widget-container\">\n\t\t\t\t\t\t\t<p><span style=\"font-weight: 400;\">Wenn Sie einen Dienstwagen f\u00fcr den Arbeitsweg verwenden, so gibt es bei der Kategorisierung einiges zu beachten. Erstens: Wie sind die Fahrten von der Wohnung zur Arbeitsst\u00e4tte im Fahrtenbuch eingestuft? Legen Sie im Firmenwagen den Arbeitsweg zur\u00fcck, sollten Sie wissen, ob dieser Weg als Betriebsfahrt oder als Privatfahrt gilt. Kommt zum Dienstwagen Arbeitsweg zus\u00e4tzlich noch eine Mischfahrt oder eine Familienheimfahrt dazu, ist es umso wichtiger, auf Transparenz zu achten.\u00a0<\/span><\/p>\t\t\t\t\t\t<\/div>\n\t\t\t\t<\/div>\n\t\t\t\t<div class=\"elementor-element elementor-element-b620c3c elementor-widget elementor-widget-heading\" data-id=\"b620c3c\" data-element_type=\"widget\" data-widget_type=\"heading.default\">\n\t\t\t\t<div class=\"elementor-widget-container\">\n\t\t\t<h3 class=\"elementor-heading-title elementor-size-default\">Der Arbeitsweg als eigene Kategorie<\/h3>\t\t<\/div>\n\t\t\t\t<\/div>\n\t\t\t\t<div class=\"elementor-element elementor-element-9c8237e elementor-widget elementor-widget-text-editor\" data-id=\"9c8237e\" data-element_type=\"widget\" data-widget_type=\"text-editor.default\">\n\t\t\t\t<div class=\"elementor-widget-container\">\n\t\t\t\t\t\t\t<p><span style=\"font-weight: 400;\">Um Klarheit zu bekommen, empfiehlt es sich, den Firmenwagen Arbeitsweg genauer unter die Lupe zu nehmen. Dieser f\u00e4llt n\u00e4mlich weder in die Kategorie der Betriebsfahrten, noch in die der Privatfahrten. Es handelt sich dabei um jene Strecke, die Sie zwischen Ihrem Wohnort und der ersten T\u00e4tigkeitsst\u00e4tte zur\u00fccklegen, um ihre Arbeit zu starten.\u00a0\u00a0<\/span><\/p>\t\t\t\t\t\t<\/div>\n\t\t\t\t<\/div>\n\t\t\t\t<div class=\"elementor-element elementor-element-7bca93c elementor-widget elementor-widget-heading\" data-id=\"7bca93c\" data-element_type=\"widget\" data-widget_type=\"heading.default\">\n\t\t\t\t<div class=\"elementor-widget-container\">\n\t\t\t<h3 class=\"elementor-heading-title elementor-size-default\">Die Escape-Klausel beim Arbeitsweg mit Dienstwagen\n<\/h3>\t\t<\/div>\n\t\t\t\t<\/div>\n\t\t\t\t<div class=\"elementor-element elementor-element-0d80b2d elementor-widget elementor-widget-text-editor\" data-id=\"0d80b2d\" data-element_type=\"widget\" data-widget_type=\"text-editor.default\">\n\t\t\t\t<div class=\"elementor-widget-container\">\n\t\t\t\t\t\t\t<p><span style=\"font-weight: 400;\">Eine Variante, um den Dienstwagen Arbeitsweg zu kategorisieren. Hier versteuern Sie den Firmenwagen Arbeitsweg als eine Privatfahrt mit niedrigerem Prozentsatz. Diese sogenannte 1-%-Methode hat den Vorteil, dass Sie Fahrten von der Wohnung zur Arbeitsst\u00e4tte im Fahrtenbuch als Entfernungspauschale angeben k\u00f6nnen. Es spielt keine Rolle, ob Sie mit \u00f6ffentlichen Verkehrsmitteln, zu Fu\u00df oder mit dem Firmenwagen den Arbeitsweg zur\u00fccklegen. Sie k\u00f6nnen steuerlich pro Arbeitsweg 0,3 Euro pro Kilometer lukrieren. Allerdings ist es nicht m\u00f6glich, im Fahrtenbuch den Arbeitsweg hin und zur\u00fcck geltend zu machen.\u00a0\u00a0<\/span><\/p>\t\t\t\t\t\t<\/div>\n\t\t\t\t<\/div>\n\t\t\t\t<div class=\"elementor-element elementor-element-9384aac elementor-widget elementor-widget-heading\" data-id=\"9384aac\" data-element_type=\"widget\" data-widget_type=\"heading.default\">\n\t\t\t\t<div class=\"elementor-widget-container\">\n\t\t\t<h3 class=\"elementor-heading-title elementor-size-default\">Fahrten von der Wohnung zur Arbeitsst\u00e4tte im Fahrtenbuch<\/h3>\t\t<\/div>\n\t\t\t\t<\/div>\n\t\t\t\t<div class=\"elementor-element elementor-element-22c9e62 elementor-widget elementor-widget-text-editor\" data-id=\"22c9e62\" data-element_type=\"widget\" data-widget_type=\"text-editor.default\">\n\t\t\t\t<div class=\"elementor-widget-container\">\n\t\t\t\t\t\t\t<p><span style=\"font-weight: 400;\">Erscheint Ihnen die Kilometerpauschale von 0,3 Euro pro Arbeitstag zu gering, k\u00f6nnen Sie die Fahrten von der Wohnung zur Arbeitsst\u00e4tte im Fahrtenbuch eintragen. In diesem Fall werden auch die Betriebskosten f\u00fcr den Treibstoff und die Versicherung ber\u00fccksichtigt. Mit Quittung und Eintr\u00e4gen im Fahrtenbuch ist der Arbeitsweg hin und zur\u00fcck zu dokumentieren.\u00a0<\/span><\/p>\t\t\t\t\t\t<\/div>\n\t\t\t\t<\/div>\n\t\t\t\t<div class=\"elementor-element elementor-element-55074fe elementor-widget elementor-widget-spacer\" data-id=\"55074fe\" data-element_type=\"widget\" data-widget_type=\"spacer.default\">\n\t\t\t\t<div class=\"elementor-widget-container\">\n\t\t\t\t\t<div class=\"elementor-spacer\">\n\t\t\t<div class=\"elementor-spacer-inner\"><\/div>\n\t\t<\/div>\n\t\t\t\t<\/div>\n\t\t\t\t<\/div>\n\t\t\t\t<div class=\"elementor-element elementor-element-bc5d77a elementor-widget elementor-widget-html\" data-id=\"bc5d77a\" data-element_type=\"widget\" data-widget_type=\"html.default\">\n\t\t\t\t<div class=\"elementor-widget-container\">\n\t\t\t<span id=\"ratgeber-kategorien\"> <\/span>\t\t<\/div>\n\t\t\t\t<\/div>\n\t\t\t\t\t<\/div>\n\t\t<\/div>\n\t\t\t\t\t<\/div>\n\t\t<\/section>\n\t\t\t\t<section class=\"elementor-section elementor-top-section elementor-element elementor-element-c0c9fcf elementor-section-boxed elementor-section-height-default elementor-section-height-default\" data-id=\"c0c9fcf\" data-element_type=\"section\">\n\t\t\t\t\t\t<div class=\"elementor-container elementor-column-gap-default\">\n\t\t\t\t\t<div class=\"elementor-column elementor-col-100 elementor-top-column elementor-element elementor-element-57e8b1a\" data-id=\"57e8b1a\" data-element_type=\"column\" data-settings=\"{&quot;background_background&quot;:&quot;classic&quot;}\">\n\t\t\t<div class=\"elementor-widget-wrap elementor-element-populated\">\n\t\t\t\t\t\t<div class=\"elementor-element elementor-element-950ae4f elementor-widget elementor-widget-heading\" data-id=\"950ae4f\" data-element_type=\"widget\" data-widget_type=\"heading.default\">\n\t\t\t\t<div class=\"elementor-widget-container\">\n\t\t\t<h2 class=\"elementor-heading-title elementor-size-default\">Hier Ratgeber zur Fahrtenkategorisierung herunterladen<br> &amp; keine Fehler mehr machen!<\/h2>\t\t<\/div>\n\t\t\t\t<\/div>\n\t\t\t\t<section class=\"elementor-section elementor-inner-section elementor-element elementor-element-49ddcc3 elementor-section-boxed elementor-section-height-default elementor-section-height-default\" data-id=\"49ddcc3\" data-element_type=\"section\">\n\t\t\t\t\t\t<div class=\"elementor-container elementor-column-gap-default\">\n\t\t\t\t\t<div class=\"elementor-column elementor-col-50 elementor-inner-column elementor-element elementor-element-2f6cd3d\" data-id=\"2f6cd3d\" data-element_type=\"column\">\n\t\t\t<div class=\"elementor-widget-wrap elementor-element-populated\">\n\t\t\t\t\t\t<div class=\"elementor-element elementor-element-c99c368 elementor-widget elementor-widget-shortcode\" data-id=\"c99c368\" data-element_type=\"widget\" data-widget_type=\"shortcode.default\">\n\t\t\t\t<div class=\"elementor-widget-container\">\n\t\t\t\t\t<div class=\"elementor-shortcode\"><script>(function() {\n\twindow.mc4wp = window.mc4wp || {\n\t\tlisteners: [],\n\t\tforms: {\n\t\t\ton: function(evt, cb) {\n\t\t\t\twindow.mc4wp.listeners.push(\n\t\t\t\t\t{\n\t\t\t\t\t\tevent   : evt,\n\t\t\t\t\t\tcallback: cb\n\t\t\t\t\t}\n\t\t\t\t);\n\t\t\t}\n\t\t}\n\t}\n})();\n<\/script><!-- Mailchimp for WordPress v4.9.7 - https:\/\/wordpress.org\/plugins\/mailchimp-for-wp\/ --><form id=\"mc4wp-form-1\" class=\"mc4wp-form mc4wp-form-3789 mc4wp-form-styles-builder mc4wp-ajax\" method=\"post\" data-id=\"3789\" data-name=\"UF - Guide zur Fahrtenkategorisierung\" ><div class=\"mc4wp-form-fields\"><input type=\"hidden\" name=\"UTMSOURCE\" value=\"\">\r\n<input type=\"hidden\" name=\"UTMTERM\" value=\"\">\r\n<input type=\"hidden\" name=\"UTMCAMP\" value=\"\">\r\n<input type=\"hidden\" name=\"UTMMEDIUM\" value=\"\">\r\n<input type=\"hidden\" name=\"FUNNEL_ST\" value=\"ContentLead\">\r\n<input type=\"hidden\" name=\"DOI\" value=\"Explicit\">\r\n<input type=\"hidden\" name=\"BL\" value=\"false\">\r\n<input type=\"hidden\" name=\"SRCS\" value=\"BS\">\r\n<input type=\"hidden\" name=\"LEAD_SR\" value=\"SimpleForm\">\r\n<input type=\"hidden\" name=\"REFE\" value=\"https:\/\/vimcar.de\/boxenstopp\/wp-json\/wp\/v2\/pages\/1625\/\">\r\n<input type=\"hidden\" name=\"C_NAME\" value=\"BS_Guide_Fahrtenkategorien\">\r\n\r\n<!-- Email Input -->\r\n<input type=\"email\" name=\"EMAIL\" placeholder=\"E-Mail-Adresse*\" required \/>\r\n\r\n<!-- Consent Checkbox -->\r\n<p style=\"font-size: 15px;\">\r\n    <input name=\"AGREE_TO_TERMS\" type=\"checkbox\" value=\"1\" required>\r\n    Hiermit akzeptiere ich die \r\n    <a href=\"https:\/\/vimcar.de\/agb\" target=\"_blank\" rel=\"noopener noreferrer\">AGB<\/a> und \r\n    <a href=\"https:\/\/vimcar.de\/datenschutz\" target=\"_blank\" rel=\"noopener noreferrer\">Datenschutzbestimmungen<\/a> der Vimcar GmbH.\r\n<\/p>\r\n\r\n<!-- Submit Button -->\r\n<input type=\"submit\" value=\"herunterladen\" \/>\r\n\r\n<!-- GDPR Note -->\r\n<p style=\"font-size: 14px;\">\r\n    Wir nutzen Ihre Daten zur Bereitstellung unserer Dienstleistung. Durch das Absenden dieses Formulars akzeptieren Sie, von uns per Mail und Telefon kontaktiert zu werden. \r\n    Sie k\u00f6nnen diese Einwilligung jederzeit mit Wirkung f\u00fcr die Zukunft widerrufen.\r\n<\/p>\r\n<\/div><label style=\"display: none !important;\">Wenn du ein Mensch bist, lasse das Feld leer: <input type=\"text\" name=\"_mc4wp_honeypot\" value=\"\" tabindex=\"-1\" autocomplete=\"off\" \/><\/label><input type=\"hidden\" name=\"_mc4wp_timestamp\" value=\"1777669342\" \/><input type=\"hidden\" name=\"_mc4wp_form_id\" value=\"3789\" \/><input type=\"hidden\" name=\"_mc4wp_form_element_id\" value=\"mc4wp-form-1\" \/><div class=\"mc4wp-response\"><\/div><\/form><!-- \/ Mailchimp for WordPress Plugin --><\/div>\n\t\t\t\t<\/div>\n\t\t\t\t<\/div>\n\t\t\t\t\t<\/div>\n\t\t<\/div>\n\t\t\t\t<div class=\"elementor-column elementor-col-50 elementor-inner-column elementor-element elementor-element-b8c9f7b\" data-id=\"b8c9f7b\" data-element_type=\"column\">\n\t\t\t<div class=\"elementor-widget-wrap elementor-element-populated\">\n\t\t\t\t\t\t<div class=\"elementor-element elementor-element-32d8c9f elementor-widget elementor-widget-image\" data-id=\"32d8c9f\" data-element_type=\"widget\" data-widget_type=\"image.default\">\n\t\t\t\t<div class=\"elementor-widget-container\">\n\t\t\t\t\t\t\t\t\t\t\t\t\t<img decoding=\"async\" width=\"800\" height=\"600\" src=\"https:\/\/vimcar.de\/boxenstopp\/wp-content\/uploads\/2022\/04\/Arbeitsweg-Ratgeber.png\" class=\"attachment-large size-large wp-image-34492\" alt=\"Ratgeber zur Fahrtenkategorisierung in Hand gehalten\" srcset=\"https:\/\/vimcar.de\/boxenstopp\/wp-content\/uploads\/2022\/04\/Arbeitsweg-Ratgeber.png 800w, https:\/\/vimcar.de\/boxenstopp\/wp-content\/uploads\/2022\/04\/Arbeitsweg-Ratgeber-300x225.png 300w, https:\/\/vimcar.de\/boxenstopp\/wp-content\/uploads\/2022\/04\/Arbeitsweg-Ratgeber-768x576.png 768w, https:\/\/vimcar.de\/boxenstopp\/wp-content\/uploads\/2022\/04\/Arbeitsweg-Ratgeber-24x18.png 24w, https:\/\/vimcar.de\/boxenstopp\/wp-content\/uploads\/2022\/04\/Arbeitsweg-Ratgeber-36x27.png 36w, https:\/\/vimcar.de\/boxenstopp\/wp-content\/uploads\/2022\/04\/Arbeitsweg-Ratgeber-48x36.png 48w\" sizes=\"(max-width: 800px) 100vw, 800px\" \/>\t\t\t\t\t\t\t\t\t\t\t\t\t<\/div>\n\t\t\t\t<\/div>\n\t\t\t\t\t<\/div>\n\t\t<\/div>\n\t\t\t\t\t<\/div>\n\t\t<\/section>\n\t\t\t\t\t<\/div>\n\t\t<\/div>\n\t\t\t\t\t<\/div>\n\t\t<\/section>\n\t\t\t\t<section class=\"elementor-section elementor-top-section elementor-element elementor-element-00568c2 elementor-section-boxed elementor-section-height-default elementor-section-height-default\" data-id=\"00568c2\" data-element_type=\"section\">\n\t\t\t\t\t\t<div class=\"elementor-container elementor-column-gap-default\">\n\t\t\t\t\t<div class=\"elementor-column elementor-col-100 elementor-top-column elementor-element elementor-element-959aa70\" data-id=\"959aa70\" data-element_type=\"column\">\n\t\t\t<div class=\"elementor-widget-wrap elementor-element-populated\">\n\t\t\t\t\t\t<div class=\"elementor-element elementor-element-53d88b8 elementor-widget elementor-widget-heading\" data-id=\"53d88b8\" data-element_type=\"widget\" data-widget_type=\"heading.default\">\n\t\t\t\t<div class=\"elementor-widget-container\">\n\t\t\t<h2 class=\"elementor-heading-title elementor-size-default\">Mehr zum Thema Fahrtenkategorisierung<\/h2>\t\t<\/div>\n\t\t\t\t<\/div>\n\t\t\t\t<div class=\"elementor-element elementor-element-c4ea620 elementor-widget elementor-widget-text-editor\" data-id=\"c4ea620\" data-element_type=\"widget\" data-widget_type=\"text-editor.default\">\n\t\t\t\t<div class=\"elementor-widget-container\">\n\t\t\t\t\t\t\t<ul><li><a href=\"https:\/\/vimcar.de\/boxenstopp\/lexikon\/betriebsfahrt\">Arbeitsweg<\/a><\/li><li><a href=\"https:\/\/vimcar.de\/boxenstopp\/exikon\/betriebsfahrt\">Betriebsfahrt<\/a><\/li><li><a href=\"https:\/\/vimcar.de\/boxenstopp\/lexikon\/privatfahrt\">Privatfahrt<\/a><\/li><li><a href=\"https:\/\/vimcar.de\/boxenstopp\/lexikon\/mischfahrt\">Mischfahrt<\/a><\/li><li><a href=\"https:\/\/vimcar.de\/boxenstopp\/lexikon\/fahrtenkategorien\">Fahrtenkategorien<\/a><\/li><li><a href=\"https:\/\/vimcar.de\/boxenstopp\/lexikon\/familienheimfahrten\">Familienheimfahrt<\/a><\/li><\/ul>\t\t\t\t\t\t<\/div>\n\t\t\t\t<\/div>\n\t\t\t\t\t<\/div>\n\t\t<\/div>\n\t\t\t\t\t<\/div>\n\t\t<\/section>\n\t\t\t\t<\/div>\n\t\t","protected":false},"excerpt":{"rendered":"<p>Generell stellt der Arbeitsweg die Strecke zwischen Wohnung und der ersten T\u00e4tigkeitsst\u00e4tte dar. Es ist m\u00f6glich in der Steuererkl\u00e4rung den einfachen Arbeitsweg von Ihrer Wohnung zur ersten T\u00e4tigkeitsst\u00e4tte mit 0,30 Euro pro Kilometer abzusetzen. Um Ihre pers\u00f6nliche maximale Steuerersparnis zu erreichen, sollten Sie die Arbeitstage, f\u00fcr die Sie einen Arbeitsweg geltend machen k\u00f6nnen, berechnen. Hier [&hellip;]<\/p>\n","protected":false},"author":30,"featured_media":0,"parent":4813,"menu_order":0,"comment_status":"closed","ping_status":"closed","template":"","meta":{"footnotes":"","_wp_rev_ctl_limit":""},"yoast_head":"<!-- This site is optimized with the Yoast SEO Premium plugin v21.5 (Yoast SEO v21.5) - https:\/\/yoast.com\/wordpress\/plugins\/seo\/ -->\n<title>Arbeitsweg | Lexikonartikel - Vimcar Boxenstopp<\/title>\n<meta name=\"description\" content=\"Lese jetzt den Lexikonartikel zum Arbeitsweg. Erfahren, was genau der Arbeitsweg ist und wann Sie Fahrten als diesen kategorisieren m\u00fcssen.\" \/>\n<meta name=\"robots\" content=\"index, follow, max-snippet:-1, max-image-preview:large, max-video-preview:-1\" \/>\n<link rel=\"canonical\" href=\"https:\/\/vimcar.de\/boxenstopp\/lexikon\/arbeitsweg\/\" \/>\n<meta property=\"og:locale\" content=\"de_DE\" \/>\n<meta property=\"og:type\" content=\"article\" \/>\n<meta property=\"og:title\" content=\"Arbeitsweg\" \/>\n<meta property=\"og:description\" content=\"Lese jetzt den Lexikonartikel zum Arbeitsweg. Erfahren, was genau der Arbeitsweg ist und wann Sie Fahrten als diesen kategorisieren m\u00fcssen.\" \/>\n<meta property=\"og:url\" content=\"https:\/\/vimcar.de\/boxenstopp\/lexikon\/arbeitsweg\/\" \/>\n<meta property=\"og:site_name\" content=\"Vimcar Boxenstopp\" \/>\n<meta property=\"article:publisher\" content=\"https:\/\/www.facebook.com\/vimcar\" \/>\n<meta property=\"article:modified_time\" content=\"2023-07-25T16:46:40+00:00\" \/>\n<meta property=\"og:image\" content=\"https:\/\/vimcar.de\/boxenstopp\/wp-content\/uploads\/2020\/10\/Arbeitsweg.jpg\" \/>\n<meta name=\"twitter:card\" content=\"summary_large_image\" \/>\n<meta name=\"twitter:site\" content=\"@goVimcar\" \/>\n<meta name=\"twitter:label1\" content=\"Gesch\u00e4tzte Lesezeit\" \/>\n\t<meta name=\"twitter:data1\" content=\"5\u00a0Minuten\" \/>\n<!-- \/ Yoast SEO Premium plugin. -->","yoast_head_json":{"title":"Arbeitsweg | Lexikonartikel - Vimcar Boxenstopp","description":"Lese jetzt den Lexikonartikel zum Arbeitsweg. Erfahren, was genau der Arbeitsweg ist und wann Sie Fahrten als diesen kategorisieren m\u00fcssen.","robots":{"index":"index","follow":"follow","max-snippet":"max-snippet:-1","max-image-preview":"max-image-preview:large","max-video-preview":"max-video-preview:-1"},"canonical":"https:\/\/vimcar.de\/boxenstopp\/lexikon\/arbeitsweg\/","og_locale":"de_DE","og_type":"article","og_title":"Arbeitsweg","og_description":"Lese jetzt den Lexikonartikel zum Arbeitsweg. Erfahren, was genau der Arbeitsweg ist und wann Sie Fahrten als diesen kategorisieren m\u00fcssen.","og_url":"https:\/\/vimcar.de\/boxenstopp\/lexikon\/arbeitsweg\/","og_site_name":"Vimcar Boxenstopp","article_publisher":"https:\/\/www.facebook.com\/vimcar","article_modified_time":"2023-07-25T16:46:40+00:00","og_image":[{"url":"https:\/\/vimcar.de\/boxenstopp\/wp-content\/uploads\/2020\/10\/Arbeitsweg.jpg"}],"twitter_card":"summary_large_image","twitter_site":"@goVimcar","twitter_misc":{"Gesch\u00e4tzte Lesezeit":"5\u00a0Minuten"},"schema":{"@context":"https:\/\/schema.org","@graph":[{"@type":"WebPage","@id":"https:\/\/vimcar.de\/boxenstopp\/lexikon\/arbeitsweg\/","url":"https:\/\/vimcar.de\/boxenstopp\/lexikon\/arbeitsweg\/","name":"Arbeitsweg | Lexikonartikel - Vimcar Boxenstopp","isPartOf":{"@id":"https:\/\/vimcar.de\/boxenstopp\/#website"},"datePublished":"2023-07-25T16:22:19+00:00","dateModified":"2023-07-25T16:46:40+00:00","description":"Lese jetzt den Lexikonartikel zum Arbeitsweg. Erfahren, was genau der Arbeitsweg ist und wann Sie Fahrten als diesen kategorisieren m\u00fcssen.","breadcrumb":{"@id":"https:\/\/vimcar.de\/boxenstopp\/lexikon\/arbeitsweg\/#breadcrumb"},"inLanguage":"de","potentialAction":[{"@type":"ReadAction","target":["https:\/\/vimcar.de\/boxenstopp\/lexikon\/arbeitsweg\/"]}]},{"@type":"BreadcrumbList","@id":"https:\/\/vimcar.de\/boxenstopp\/lexikon\/arbeitsweg\/#breadcrumb","itemListElement":[{"@type":"ListItem","position":1,"name":"Startseite","item":"https:\/\/vimcar.de\/boxenstopp\/"},{"@type":"ListItem","position":2,"name":"Das Fuhrparklexikon","item":"https:\/\/vimcar.de\/boxenstopp\/lexikon\/"},{"@type":"ListItem","position":3,"name":"Arbeitsweg"}]},{"@type":"WebSite","@id":"https:\/\/vimcar.de\/boxenstopp\/#website","url":"https:\/\/vimcar.de\/boxenstopp\/","name":"Vimcar Boxenstopp","description":"- Die Lernplattform f\u00fcr Fuhrparkleiter","publisher":{"@id":"https:\/\/vimcar.de\/boxenstopp\/#organization"},"potentialAction":[{"@type":"SearchAction","target":{"@type":"EntryPoint","urlTemplate":"https:\/\/vimcar.de\/boxenstopp\/?s={search_term_string}"},"query-input":"required name=search_term_string"}],"inLanguage":"de"},{"@type":"Organization","@id":"https:\/\/vimcar.de\/boxenstopp\/#organization","name":"Vimcar Boxenstopp - Fuhrparkwissen","url":"https:\/\/vimcar.de\/boxenstopp\/","logo":{"@type":"ImageObject","inLanguage":"de","@id":"https:\/\/vimcar.de\/boxenstopp\/#\/schema\/logo\/image\/","url":"https:\/\/vimcar.de\/boxenstopp\/wp-content\/uploads\/2020\/10\/logo-vimcar-boxenstopp.png","contentUrl":"https:\/\/vimcar.de\/boxenstopp\/wp-content\/uploads\/2020\/10\/logo-vimcar-boxenstopp.png","width":250,"height":50,"caption":"Vimcar Boxenstopp - Fuhrparkwissen"},"image":{"@id":"https:\/\/vimcar.de\/boxenstopp\/#\/schema\/logo\/image\/"},"sameAs":["https:\/\/www.facebook.com\/vimcar","https:\/\/twitter.com\/goVimcar","https:\/\/www.instagram.com\/vimcar_official\/","https:\/\/de.linkedin.com\/company\/vimcar","https:\/\/www.pinterest.de\/vimcar\/","https:\/\/www.youtube.com\/channel\/UCWRajoA7OnWsAw-ezAahZPg"]}]}},"_links":{"self":[{"href":"https:\/\/vimcar.de\/boxenstopp\/wp-json\/wp\/v2\/pages\/1625"}],"collection":[{"href":"https:\/\/vimcar.de\/boxenstopp\/wp-json\/wp\/v2\/pages"}],"about":[{"href":"https:\/\/vimcar.de\/boxenstopp\/wp-json\/wp\/v2\/types\/page"}],"author":[{"embeddable":true,"href":"https:\/\/vimcar.de\/boxenstopp\/wp-json\/wp\/v2\/users\/30"}],"replies":[{"embeddable":true,"href":"https:\/\/vimcar.de\/boxenstopp\/wp-json\/wp\/v2\/comments?post=1625"}],"version-history":[{"count":0,"href":"https:\/\/vimcar.de\/boxenstopp\/wp-json\/wp\/v2\/pages\/1625\/revisions"}],"up":[{"embeddable":true,"href":"https:\/\/vimcar.de\/boxenstopp\/wp-json\/wp\/v2\/pages\/4813"}],"wp:attachment":[{"href":"https:\/\/vimcar.de\/boxenstopp\/wp-json\/wp\/v2\/media?parent=1625"}],"curies":[{"name":"wp","href":"https:\/\/api.w.org\/{rel}","templated":true}]}}