{"id":1627,"date":"2023-07-25T18:22:26","date_gmt":"2023-07-25T16:22:26","guid":{"rendered":"https:\/\/vimcar.de\/boxenstopp\/?page_id=1627"},"modified":"2023-07-25T18:46:38","modified_gmt":"2023-07-25T16:46:38","slug":"betriebsfahrt","status":"publish","type":"page","link":"https:\/\/vimcar.de\/boxenstopp\/lexikon\/betriebsfahrt\/","title":{"rendered":"Betriebsfahrt"},"content":{"rendered":"\t\t<div data-elementor-type=\"wp-page\" data-elementor-id=\"1627\" class=\"elementor elementor-1627\" data-elementor-post-type=\"page\">\n\t\t\t\t\t\t<section class=\"elementor-section elementor-top-section elementor-element elementor-element-302e8ce elementor-section-boxed elementor-section-height-default elementor-section-height-default\" data-id=\"302e8ce\" data-element_type=\"section\">\n\t\t\t\t\t\t<div class=\"elementor-container elementor-column-gap-default\">\n\t\t\t\t\t<div class=\"elementor-column elementor-col-100 elementor-top-column elementor-element elementor-element-b2362b2\" data-id=\"b2362b2\" data-element_type=\"column\">\n\t\t\t<div class=\"elementor-widget-wrap elementor-element-populated\">\n\t\t\t\t\t\t<div class=\"elementor-element elementor-element-793a93f elementor-widget elementor-widget-text-editor\" data-id=\"793a93f\" data-element_type=\"widget\" data-widget_type=\"text-editor.default\">\n\t\t\t\t<div class=\"elementor-widget-container\">\n\t\t\t\t\t\t\t<p style=\"box-sizing: border-box; line-height: 1.62; margin: 0px 0px 1.62rem; color: #000000; font-family: AvenirLTStd-Medium, 'Source Sans Pro'; font-size: 17.6px; font-style: normal; font-variant-ligatures: normal; font-variant-caps: normal; font-weight: 400; letter-spacing: normal; orphans: 2; text-align: start; text-indent: 0px; text-transform: none; white-space: normal; widows: 2; word-spacing: 0px; -webkit-text-stroke-width: 0px; background-color: #ffffff; text-decoration-style: initial; text-decoration-color: initial;\">Betriebsfahrten sind alle get\u00e4tigten Fahrten, die aus gesch\u00e4ftlichen Gr\u00fcnden stattfinden. Darunter fallen beispielsweise Fahrten, die den Fahrer aufgrund von Gesch\u00e4ftsabschl\u00fcssen oder Angebotsunterbreitungen zu Kunden oder Gesch\u00e4ftspartnern f\u00fchren. Bei der Betriebsfahrt ist es au\u00dferdem wichtig, die vom Fiskus geforderten Details vollst\u00e4ndig im\u00a0<a style=\"box-sizing: border-box; background-color: transparent; color: #313541; text-decoration: none; outline: 0px; box-shadow: none;\" href=\"https:\/\/vimcar.de\/fahrtenbuch\" target=\"_blank\" rel=\"noopener\">Fahrtenbuch<\/a>\u00a0anzugeben.<\/p>\t\t\t\t\t\t<\/div>\n\t\t\t\t<\/div>\n\t\t\t\t<div class=\"elementor-element elementor-element-1ee3b28 elementor-widget elementor-widget-button\" data-id=\"1ee3b28\" data-element_type=\"widget\" data-widget_type=\"button.default\">\n\t\t\t\t<div class=\"elementor-widget-container\">\n\t\t\t\t\t<div class=\"elementor-button-wrapper\">\n\t\t\t<a class=\"elementor-button elementor-button-link elementor-size-md\" href=\"#betriebsfahrt-ratgeber\">\n\t\t\t\t\t\t<span class=\"elementor-button-content-wrapper\">\n\t\t\t\t\t\t\t\t\t<span class=\"elementor-button-text\">Zum kostenlosen Ratgeber<\/span>\n\t\t\t\t\t<\/span>\n\t\t\t\t\t<\/a>\n\t\t<\/div>\n\t\t\t\t<\/div>\n\t\t\t\t<\/div>\n\t\t\t\t<div class=\"elementor-element elementor-element-c26a621 elementor-widget elementor-widget-heading\" data-id=\"c26a621\" data-element_type=\"widget\" data-widget_type=\"heading.default\">\n\t\t\t\t<div class=\"elementor-widget-container\">\n\t\t\t<h2 class=\"elementor-heading-title elementor-size-default\">Die Betriebsfahrt<\/h2>\t\t<\/div>\n\t\t\t\t<\/div>\n\t\t\t\t<div class=\"elementor-element elementor-element-0906f56 elementor-widget elementor-widget-text-editor\" data-id=\"0906f56\" data-element_type=\"widget\" data-widget_type=\"text-editor.default\">\n\t\t\t\t<div class=\"elementor-widget-container\">\n\t\t\t\t\t\t\t<p><img fetchpriority=\"high\" decoding=\"async\" class=\" wp-image-9319 alignright\" src=\"https:\/\/vimcar.de\/boxenstopp\/wp-content\/uploads\/2020\/01\/Commute-min.jpg\" alt=\"Ein Pendler im Dienstwagen\" width=\"402\" height=\"268\" \/>Betriebsfahrten stellen im Gegensatz zur\u00a0<a href=\"https:\/\/vimcar.de\/boxenstopp\/lexikon\/privatfahrt\/\" target=\"_blank\" rel=\"noreferrer noopener\">Privatfahrt<\/a>\u00a0alle Fahrten dar, die aus gesch\u00e4ftlichen Gr\u00fcnden zur\u00fcckgelegt wurden. Hierzu geh\u00f6ren die Fahrten zu Gesch\u00e4ftskunden, Partnern oder Lieferanten. Dazu geh\u00f6ren also nicht der Weg zum Fitnessstudio, der kurze Zwischenstopp beim Supermarkt oder der Familienurlaub in Italien &#8211; also alle privaten Fahrten. Die Fahrt von der Wohnst\u00e4tte zum B\u00fcro wird als <a href=\"https:\/\/vimcar.de\/boxenstopp\/lexikon\/arbeitsweg\/\">Arbeitsweg<\/a> kategorisiert und nicht wie eine Betriebsfahrt behandelt.<\/p><p>Unternehmen stellen oftmals f\u00fcr gesch\u00e4ftliche Fahrten Dienstwagen bereit. Denn vor allem f\u00fcr Au\u00dfendienstmitarbeiter oder Selbstst\u00e4ndige ist der Firmenwagen eine flexible L\u00f6sung, um zu Gesch\u00e4ftspartnern und -kunden zu kommen. Nutzen Sie den Wagen neben Betriebsfahrten auch privat, m\u00fcssen Sie die 1-Prozent-Methode oder das Fahrtenbuch verwenden. Dabei m\u00fcssen Sie die mit dem Dienstwagen verbundenen Kosten in der Gewinnermittlung ansetzen. Grunds\u00e4tzlich ist die private Nutzung des Wagens zu versteuern.<\/p>\t\t\t\t\t\t<\/div>\n\t\t\t\t<\/div>\n\t\t\t\t<div class=\"elementor-element elementor-element-9656fab elementor-widget elementor-widget-heading\" data-id=\"9656fab\" data-element_type=\"widget\" data-widget_type=\"heading.default\">\n\t\t\t\t<div class=\"elementor-widget-container\">\n\t\t\t<h2 class=\"elementor-heading-title elementor-size-default\">Betriebsfahrten im Fahrtenbuch<\/h2>\t\t<\/div>\n\t\t\t\t<\/div>\n\t\t\t\t\t<\/div>\n\t\t<\/div>\n\t\t\t\t\t<\/div>\n\t\t<\/section>\n\t\t\t\t<section class=\"elementor-section elementor-top-section elementor-element elementor-element-f66711c elementor-section-boxed elementor-section-height-default elementor-section-height-default\" data-id=\"f66711c\" data-element_type=\"section\">\n\t\t\t\t\t\t<div class=\"elementor-container elementor-column-gap-default\">\n\t\t\t\t\t<div class=\"elementor-column elementor-col-100 elementor-top-column elementor-element elementor-element-4c56758\" data-id=\"4c56758\" data-element_type=\"column\">\n\t\t\t<div class=\"elementor-widget-wrap elementor-element-populated\">\n\t\t\t\t\t\t<section class=\"elementor-section elementor-inner-section elementor-element elementor-element-c8838ce elementor-section-boxed elementor-section-height-default elementor-section-height-default\" data-id=\"c8838ce\" data-element_type=\"section\">\n\t\t\t\t\t\t<div class=\"elementor-container elementor-column-gap-default\">\n\t\t\t\t\t<div class=\"elementor-column elementor-col-50 elementor-inner-column elementor-element elementor-element-410f438\" data-id=\"410f438\" data-element_type=\"column\">\n\t\t\t<div class=\"elementor-widget-wrap elementor-element-populated\">\n\t\t\t\t\t\t<div class=\"elementor-element elementor-element-d9e8acc elementor-widget elementor-widget-text-editor\" data-id=\"d9e8acc\" data-element_type=\"widget\" data-widget_type=\"text-editor.default\">\n\t\t\t\t<div class=\"elementor-widget-container\">\n\t\t\t\t\t\t\t<p><span style=\"text-align: inherit; color: var( --e-global-color-text ); font-family: var( --e-global-typography-text-font-family ); font-weight: var( --e-global-typography-text-font-weight );\">Innerhalb eines Fahrtenbuches m\u00fcssen Sie Betriebsfahrten richtig dokumentieren. Denn das Finanzamt braucht bestimmte Daten um nachvollziehen zu k\u00f6nnen, dass die zur\u00fcckgelegte Fahrt tats\u00e4chlich betrieblich war. Diese Daten m\u00fcssen Sie immer bei dienstlichen Fahrten angeben:<\/span><\/p><ul><li>Datum der gesch\u00e4ftlichen Fahrt<\/li><li>Beginn und Ende (Uhrzeit) der Fahrt<\/li><li>Ankunft und Abfahrt bei Zwischenstopps<\/li><li>Kilometerstand zu Beginn und Ende der Fahrt<\/li><li>Reiseroute<\/li><li>Reisezweck und -grund (Beispiel: Kundenbesuch)<\/li><\/ul>\t\t\t\t\t\t<\/div>\n\t\t\t\t<\/div>\n\t\t\t\t\t<\/div>\n\t\t<\/div>\n\t\t\t\t<div class=\"elementor-column elementor-col-50 elementor-inner-column elementor-element elementor-element-fce740e\" data-id=\"fce740e\" data-element_type=\"column\">\n\t\t\t<div class=\"elementor-widget-wrap elementor-element-populated\">\n\t\t\t\t\t\t<div class=\"elementor-element elementor-element-d27e75e elementor-widget elementor-widget-image\" data-id=\"d27e75e\" data-element_type=\"widget\" data-widget_type=\"image.default\">\n\t\t\t\t<div class=\"elementor-widget-container\">\n\t\t\t\t\t\t\t\t\t\t<figure class=\"wp-caption\">\n\t\t\t\t\t\t\t\t\t\t<img decoding=\"async\" width=\"768\" height=\"329\" src=\"https:\/\/vimcar.de\/boxenstopp\/wp-content\/uploads\/2020\/10\/Betriebsfahrt-768x329-1.png\" class=\"attachment-large size-large wp-image-14213\" alt=\"Betriebsfahrt\" srcset=\"https:\/\/vimcar.de\/boxenstopp\/wp-content\/uploads\/2020\/10\/Betriebsfahrt-768x329-1.png 768w, https:\/\/vimcar.de\/boxenstopp\/wp-content\/uploads\/2020\/10\/Betriebsfahrt-768x329-1-300x129.png 300w, https:\/\/vimcar.de\/boxenstopp\/wp-content\/uploads\/2020\/10\/Betriebsfahrt-768x329-1-24x10.png 24w, https:\/\/vimcar.de\/boxenstopp\/wp-content\/uploads\/2020\/10\/Betriebsfahrt-768x329-1-36x15.png 36w, https:\/\/vimcar.de\/boxenstopp\/wp-content\/uploads\/2020\/10\/Betriebsfahrt-768x329-1-48x21.png 48w\" sizes=\"(max-width: 768px) 100vw, 768px\" \/>\t\t\t\t\t\t\t\t\t\t\t<figcaption class=\"widget-image-caption wp-caption-text\">Einblick in das elektronische Fahrtenbuch von Vimcar.<\/figcaption>\n\t\t\t\t\t\t\t\t\t\t<\/figure>\n\t\t\t\t\t\t\t<\/div>\n\t\t\t\t<\/div>\n\t\t\t\t\t<\/div>\n\t\t<\/div>\n\t\t\t\t\t<\/div>\n\t\t<\/section>\n\t\t\t\t\t<\/div>\n\t\t<\/div>\n\t\t\t\t\t<\/div>\n\t\t<\/section>\n\t\t\t\t<section class=\"elementor-section elementor-top-section elementor-element elementor-element-ec2b800 elementor-section-boxed elementor-section-height-default elementor-section-height-default\" data-id=\"ec2b800\" data-element_type=\"section\">\n\t\t\t\t\t\t<div class=\"elementor-container elementor-column-gap-default\">\n\t\t\t\t\t<div class=\"elementor-column elementor-col-100 elementor-top-column elementor-element elementor-element-bb3a8eb\" data-id=\"bb3a8eb\" data-element_type=\"column\">\n\t\t\t<div class=\"elementor-widget-wrap elementor-element-populated\">\n\t\t\t\t\t\t<div class=\"elementor-element elementor-element-7a5ab05 elementor-widget elementor-widget-text-editor\" data-id=\"7a5ab05\" data-element_type=\"widget\" data-widget_type=\"text-editor.default\">\n\t\t\t\t<div class=\"elementor-widget-container\">\n\t\t\t\t\t\t\t<p>Ist Ihnen die h\u00e4ndische Aufzeichnung zu aufwendig, empfiehlt sich ein\u00a0<a href=\"https:\/\/vimcar.de\/fahrtenbuch\" target=\"_blank\" rel=\"noopener\">elektronisches Fahrtenbuch<\/a>. Dabei werden die Fahrten automatisch aufgezeichnet und Ihre Zeit gespart. Durch einen Klick wird die Fahrt als Betriebsfahrt kategorisiert und die l\u00e4stige Zettelwirtschaft entf\u00e4llt. Wenn Sie gleich mehrere Fahrten kategorisieren m\u00f6chten, ist das mit der Sammelkategorisierung von Fahrten ebenfalls m\u00f6glich.<\/p><p>Nicht jede Fahrt f\u00fchrt auf dem schnellsten Weg zum Kunden. Denn wenn Sie beispielsweise auf dem abendlichen Weg von der Arbeit nach Hause noch einen Stopp im Sportstudio machen, handelt es sich um eine\u00a0<a href=\"https:\/\/vimcar.de\/boxenstopp\/lexikon\/mischfahrt\/\" target=\"_blank\" rel=\"noreferrer noopener\" aria-label=\" (\u00f6ffnet in neuem Tab)\">Mischfahrt<\/a>.<\/p>\t\t\t\t\t\t<\/div>\n\t\t\t\t<\/div>\n\t\t\t\t<div class=\"elementor-element elementor-element-107b2fc elementor-widget elementor-widget-html\" data-id=\"107b2fc\" data-element_type=\"widget\" data-widget_type=\"html.default\">\n\t\t\t\t<div class=\"elementor-widget-container\">\n\t\t\t<span id=\"betriebsfahrt-ratgeber\"> <\/span>\t\t<\/div>\n\t\t\t\t<\/div>\n\t\t\t\t\t<\/div>\n\t\t<\/div>\n\t\t\t\t\t<\/div>\n\t\t<\/section>\n\t\t\t\t<section class=\"elementor-section elementor-top-section elementor-element elementor-element-541f5f8 elementor-section-boxed elementor-section-height-default elementor-section-height-default\" data-id=\"541f5f8\" data-element_type=\"section\" data-settings=\"{&quot;background_background&quot;:&quot;classic&quot;}\">\n\t\t\t\t\t\t<div class=\"elementor-container elementor-column-gap-default\">\n\t\t\t\t\t<div class=\"elementor-column elementor-col-100 elementor-top-column elementor-element elementor-element-dba6d9a\" data-id=\"dba6d9a\" data-element_type=\"column\">\n\t\t\t<div class=\"elementor-widget-wrap elementor-element-populated\">\n\t\t\t\t\t\t<div class=\"elementor-element elementor-element-981f0e6 elementor-widget elementor-widget-spacer\" data-id=\"981f0e6\" data-element_type=\"widget\" data-widget_type=\"spacer.default\">\n\t\t\t\t<div class=\"elementor-widget-container\">\n\t\t\t\t\t<div class=\"elementor-spacer\">\n\t\t\t<div class=\"elementor-spacer-inner\"><\/div>\n\t\t<\/div>\n\t\t\t\t<\/div>\n\t\t\t\t<\/div>\n\t\t\t\t<section class=\"elementor-section elementor-inner-section elementor-element elementor-element-94d78a3 elementor-section-boxed elementor-section-height-default elementor-section-height-default\" data-id=\"94d78a3\" data-element_type=\"section\">\n\t\t\t\t\t\t<div class=\"elementor-container elementor-column-gap-default\">\n\t\t\t\t\t<div class=\"elementor-column elementor-col-50 elementor-inner-column elementor-element elementor-element-fc91a6a\" data-id=\"fc91a6a\" data-element_type=\"column\" data-settings=\"{&quot;background_background&quot;:&quot;classic&quot;}\">\n\t\t\t<div class=\"elementor-widget-wrap elementor-element-populated\">\n\t\t\t\t\t\t<div class=\"elementor-element elementor-element-5b5e200 elementor-widget elementor-widget-heading\" data-id=\"5b5e200\" data-element_type=\"widget\" data-widget_type=\"heading.default\">\n\t\t\t\t<div class=\"elementor-widget-container\">\n\t\t\t<h2 class=\"elementor-heading-title elementor-size-default\">Hier Ratgeber zur Fahrtenkategorisierung herunterladen und keine Fehler mehr machen!<\/h2>\t\t<\/div>\n\t\t\t\t<\/div>\n\t\t\t\t<div class=\"elementor-element elementor-element-3fbd4c1 elementor-widget elementor-widget-text-editor\" data-id=\"3fbd4c1\" data-element_type=\"widget\" data-widget_type=\"text-editor.default\">\n\t\t\t\t<div class=\"elementor-widget-container\">\n\t\t\t\t\t\t\t<p>Sind Sie sich unsicher, wie Sie Fahrten richtig kategorisieren m\u00fcssen? Laden Sie jetzt den Guide herunter. Der kostenlose Ratgeber erkl\u00e4rt Ihnen, was die Unterschiede zwischen Arbeitsweg, Betriebsfahrt, Privatfahrt und Mischfahrt sind und welche Sonderf\u00e4lle es zu beachten gilt.<\/p>\t\t\t\t\t\t<\/div>\n\t\t\t\t<\/div>\n\t\t\t\t<div class=\"elementor-element elementor-element-db00496 elementor-widget elementor-widget-shortcode\" data-id=\"db00496\" data-element_type=\"widget\" data-widget_type=\"shortcode.default\">\n\t\t\t\t<div class=\"elementor-widget-container\">\n\t\t\t\t\t<div class=\"elementor-shortcode\"><script>(function() {\n\twindow.mc4wp = window.mc4wp || {\n\t\tlisteners: [],\n\t\tforms: {\n\t\t\ton: function(evt, cb) {\n\t\t\t\twindow.mc4wp.listeners.push(\n\t\t\t\t\t{\n\t\t\t\t\t\tevent   : evt,\n\t\t\t\t\t\tcallback: cb\n\t\t\t\t\t}\n\t\t\t\t);\n\t\t\t}\n\t\t}\n\t}\n})();\n<\/script><!-- Mailchimp for WordPress v4.9.7 - https:\/\/wordpress.org\/plugins\/mailchimp-for-wp\/ --><form id=\"mc4wp-form-1\" class=\"mc4wp-form mc4wp-form-3789 mc4wp-form-styles-builder mc4wp-ajax\" method=\"post\" data-id=\"3789\" data-name=\"UF - Guide zur Fahrtenkategorisierung\" ><div class=\"mc4wp-form-fields\"><input type=\"hidden\" name=\"UTMSOURCE\" value=\"\">\r\n<input type=\"hidden\" name=\"UTMTERM\" value=\"\">\r\n<input type=\"hidden\" name=\"UTMCAMP\" value=\"\">\r\n<input type=\"hidden\" name=\"UTMMEDIUM\" value=\"\">\r\n<input type=\"hidden\" name=\"FUNNEL_ST\" value=\"ContentLead\">\r\n<input type=\"hidden\" name=\"DOI\" value=\"Explicit\">\r\n<input type=\"hidden\" name=\"BL\" value=\"false\">\r\n<input type=\"hidden\" name=\"SRCS\" value=\"BS\">\r\n<input type=\"hidden\" name=\"LEAD_SR\" value=\"SimpleForm\">\r\n<input type=\"hidden\" name=\"REFE\" value=\"https:\/\/vimcar.de\/boxenstopp\/wp-json\/wp\/v2\/pages\/1627\/\">\r\n<input type=\"hidden\" name=\"C_NAME\" value=\"BS_Guide_Fahrtenkategorien\">\r\n\r\n<!-- Email Input -->\r\n<input type=\"email\" name=\"EMAIL\" placeholder=\"E-Mail-Adresse*\" required \/>\r\n\r\n<!-- Consent Checkbox -->\r\n<p style=\"font-size: 15px;\">\r\n    <input name=\"AGREE_TO_TERMS\" type=\"checkbox\" value=\"1\" required>\r\n    Hiermit akzeptiere ich die \r\n    <a href=\"https:\/\/vimcar.de\/agb\" target=\"_blank\" rel=\"noopener noreferrer\">AGB<\/a> und \r\n    <a href=\"https:\/\/vimcar.de\/datenschutz\" target=\"_blank\" rel=\"noopener noreferrer\">Datenschutzbestimmungen<\/a> der Vimcar GmbH.\r\n<\/p>\r\n\r\n<!-- Submit Button -->\r\n<input type=\"submit\" value=\"herunterladen\" \/>\r\n\r\n<!-- GDPR Note -->\r\n<p style=\"font-size: 14px;\">\r\n    Wir nutzen Ihre Daten zur Bereitstellung unserer Dienstleistung. Durch das Absenden dieses Formulars akzeptieren Sie, von uns per Mail und Telefon kontaktiert zu werden. \r\n    Sie k\u00f6nnen diese Einwilligung jederzeit mit Wirkung f\u00fcr die Zukunft widerrufen.\r\n<\/p>\r\n<\/div><label style=\"display: none !important;\">Wenn du ein Mensch bist, lasse das Feld leer: <input type=\"text\" name=\"_mc4wp_honeypot\" value=\"\" tabindex=\"-1\" autocomplete=\"off\" \/><\/label><input type=\"hidden\" name=\"_mc4wp_timestamp\" value=\"1777513121\" \/><input type=\"hidden\" name=\"_mc4wp_form_id\" value=\"3789\" \/><input type=\"hidden\" name=\"_mc4wp_form_element_id\" value=\"mc4wp-form-1\" \/><div class=\"mc4wp-response\"><\/div><\/form><!-- \/ Mailchimp for WordPress Plugin --><\/div>\n\t\t\t\t<\/div>\n\t\t\t\t<\/div>\n\t\t\t\t\t<\/div>\n\t\t<\/div>\n\t\t\t\t<div class=\"elementor-column elementor-col-50 elementor-inner-column elementor-element elementor-element-53ab667\" data-id=\"53ab667\" data-element_type=\"column\" data-settings=\"{&quot;background_background&quot;:&quot;classic&quot;}\">\n\t\t\t<div class=\"elementor-widget-wrap elementor-element-populated\">\n\t\t\t\t\t\t<div class=\"elementor-element elementor-element-b53caa4 elementor-widget elementor-widget-heading\" data-id=\"b53caa4\" data-element_type=\"widget\" data-widget_type=\"heading.default\">\n\t\t\t\t<div class=\"elementor-widget-container\">\n\t\t\t<h2 class=\"elementor-heading-title elementor-size-default\">Fahrtenbuch lieber digital f\u00fchren?<\/h2>\t\t<\/div>\n\t\t\t\t<\/div>\n\t\t\t\t<div class=\"elementor-element elementor-element-117d10b elementor-widget elementor-widget-text-editor\" data-id=\"117d10b\" data-element_type=\"widget\" data-widget_type=\"text-editor.default\">\n\t\t\t\t<div class=\"elementor-widget-container\">\n\t\t\t\t\t\t\t<p>Fahrtenb\u00fccher handschriftlich f\u00fchren kostet nicht nur viel Zeit, sondern ist auch fehlerhaft. Alle Fahrten m\u00fcssen manuell aufgeschrieben und kategorisiert werden. Nicht selten passiert ein Fehler und das Finanzamt akzeptiert das Fahrtenbuch nicht.<\/p><p>Eine L\u00f6sung bietet ein elektronisches Fahrtenbuch wie von dem Anbieter Vimcar. Fahrten werden automatisch aufgezeichnet und m\u00fcssen nur per App kategorisiert werden.\u00a0<\/p>\t\t\t\t\t\t<\/div>\n\t\t\t\t<\/div>\n\t\t\t\t<div class=\"elementor-element elementor-element-fb8cae7 elementor-widget elementor-widget-button\" data-id=\"fb8cae7\" data-element_type=\"widget\" data-widget_type=\"button.default\">\n\t\t\t\t<div class=\"elementor-widget-container\">\n\t\t\t\t\t<div class=\"elementor-button-wrapper\">\n\t\t\t<a class=\"elementor-button elementor-button-link elementor-size-md elementor-animation-pulse\" href=\"https:\/\/vimcar.de\/fahrtenbuch?utm_medium=organic&#038;utm_source=organic&#038;utm_campaign=de_fb_organic_organic_sale_betriebsfahrt-bs\" target=\"_blank\">\n\t\t\t\t\t\t<span class=\"elementor-button-content-wrapper\">\n\t\t\t\t\t\t\t\t\t<span class=\"elementor-button-text\">MEHR ERFAHREN<\/span>\n\t\t\t\t\t<\/span>\n\t\t\t\t\t<\/a>\n\t\t<\/div>\n\t\t\t\t<\/div>\n\t\t\t\t<\/div>\n\t\t\t\t\t<\/div>\n\t\t<\/div>\n\t\t\t\t\t<\/div>\n\t\t<\/section>\n\t\t\t\t<div class=\"elementor-element elementor-element-4ce78b2 elementor-widget elementor-widget-spacer\" data-id=\"4ce78b2\" data-element_type=\"widget\" data-widget_type=\"spacer.default\">\n\t\t\t\t<div class=\"elementor-widget-container\">\n\t\t\t\t\t<div class=\"elementor-spacer\">\n\t\t\t<div class=\"elementor-spacer-inner\"><\/div>\n\t\t<\/div>\n\t\t\t\t<\/div>\n\t\t\t\t<\/div>\n\t\t\t\t\t<\/div>\n\t\t<\/div>\n\t\t\t\t\t<\/div>\n\t\t<\/section>\n\t\t\t\t<section class=\"elementor-section elementor-top-section elementor-element elementor-element-71a9923 elementor-section-boxed elementor-section-height-default elementor-section-height-default\" data-id=\"71a9923\" data-element_type=\"section\">\n\t\t\t\t\t\t<div class=\"elementor-container elementor-column-gap-default\">\n\t\t\t\t\t<div class=\"elementor-column elementor-col-100 elementor-top-column elementor-element elementor-element-67f615b\" data-id=\"67f615b\" data-element_type=\"column\">\n\t\t\t<div class=\"elementor-widget-wrap elementor-element-populated\">\n\t\t\t\t\t\t<div class=\"elementor-element elementor-element-ea7e8a6 elementor-widget elementor-widget-heading\" data-id=\"ea7e8a6\" data-element_type=\"widget\" data-widget_type=\"heading.default\">\n\t\t\t\t<div class=\"elementor-widget-container\">\n\t\t\t<h2 class=\"elementor-heading-title elementor-size-default\">Sonderf\u00e4lle bei der Betriebsfahrt<\/h2>\t\t<\/div>\n\t\t\t\t<\/div>\n\t\t\t\t\t<\/div>\n\t\t<\/div>\n\t\t\t\t\t<\/div>\n\t\t<\/section>\n\t\t\t\t<section class=\"elementor-section elementor-top-section elementor-element elementor-element-dbe0169 elementor-section-boxed elementor-section-height-default elementor-section-height-default\" data-id=\"dbe0169\" data-element_type=\"section\">\n\t\t\t\t\t\t<div class=\"elementor-container elementor-column-gap-default\">\n\t\t\t\t\t<div class=\"elementor-column elementor-col-100 elementor-top-column elementor-element elementor-element-0368ea5\" data-id=\"0368ea5\" data-element_type=\"column\">\n\t\t\t<div class=\"elementor-widget-wrap elementor-element-populated\">\n\t\t\t\t\t\t<div class=\"elementor-element elementor-element-0743bab elementor-widget elementor-widget-text-editor\" data-id=\"0743bab\" data-element_type=\"widget\" data-widget_type=\"text-editor.default\">\n\t\t\t\t<div class=\"elementor-widget-container\">\n\t\t\t\t\t\t\t<p><strong>1.<\/strong>\u00a0Wenn Sie auf einer Gesch\u00e4ftsreise sind und von Ihrem Gesch\u00e4ftspartner zur \u00dcbernachtung ins Hotel fahren, k\u00f6nnen Sie die Fahrt sowie R\u00fcckfahrt zum Kunden am n\u00e4chsten Morgen jeweils als Betriebsfahrt hinterlegen.<\/p>\n<p><strong>2.<\/strong>\u00a0Fahrten in die die Werkstatt d\u00fcrfen als Betriebsfahrten zugeordnet werden, wenn das Unternehmen der Halter des Fahrzeuges ist und es sich nicht um ein Privatfahrzeug handelt.<\/p>\n<p><strong>3.<\/strong>\u00a0Auch f\u00fcr\u00a0<a href=\"https:\/\/vimcar.de\/boxenstopp\/lexikon\/familienheimfahrt\/\" target=\"_blank\" rel=\"noopener\">Familienheimfahrten<\/a>, wenn Sie unter der Woche in dem Ort Ihrer ersten T\u00e4tigkeitsst\u00e4tte wohnen und \u00fcber das Wochenende zu Ihrer Familie an einen anderen Wohnort fahren und dort wohnen, gibt es besondere Regelungen.\u00a0<\/p>\t\t\t\t\t\t<\/div>\n\t\t\t\t<\/div>\n\t\t\t\t<div class=\"elementor-element elementor-element-a164ba2 elementor-widget elementor-widget-heading\" data-id=\"a164ba2\" data-element_type=\"widget\" data-widget_type=\"heading.default\">\n\t\t\t\t<div class=\"elementor-widget-container\">\n\t\t\t<h2 class=\"elementor-heading-title elementor-size-default\">Fehler beim Eintragen von Betriebsfahrten\n<\/h2>\t\t<\/div>\n\t\t\t\t<\/div>\n\t\t\t\t<div class=\"elementor-element elementor-element-a8b6125 elementor-widget elementor-widget-text-editor\" data-id=\"a8b6125\" data-element_type=\"widget\" data-widget_type=\"text-editor.default\">\n\t\t\t\t<div class=\"elementor-widget-container\">\n\t\t\t\t\t\t\t<p><span style=\"font-weight: 400;\">Alle Eintragungen im Fahrtenbuch sollten sehr sorgf\u00e4ltig vorgenommen werden. Denn die vollst\u00e4ndige Fahrtenbuchf\u00fchrung ist wichtig, damit alle Fahrten auch korrekt zugeordnet, verbucht und steuerlich im Rahmen der Kosten geltend gemacht werden k\u00f6nnen. Wichtig ist daher zum einen die Unterscheidung, ob ein Arbeitsweg, eine Privatfahrt oder aber eine Betriebsfahrt vorgenommen wurde. Hiernach richten sich dann auch die wichtigen Eintragungen im Fahrtenbuch. Eine Betriebsfahrt findet immer aus gesch\u00e4ftlichen Gr\u00fcnden statt. Dabei kann es sich um Fahrten zu Gesch\u00e4ftspartnern oder zu Kunden handeln. Allerdings sind auch Fahrten zur Tankstelle, in die Werkstatt oder zur Fahrzeugw\u00e4sche Betriebsfahrten.<\/span><\/p>\t\t\t\t\t\t<\/div>\n\t\t\t\t<\/div>\n\t\t\t\t<div class=\"elementor-element elementor-element-c909bed elementor-widget elementor-widget-heading\" data-id=\"c909bed\" data-element_type=\"widget\" data-widget_type=\"heading.default\">\n\t\t\t\t<div class=\"elementor-widget-container\">\n\t\t\t<h3 class=\"elementor-heading-title elementor-size-default\">Details zu gesch\u00e4ftliche Fahrten im Fahrtenbuch\n<\/h3>\t\t<\/div>\n\t\t\t\t<\/div>\n\t\t\t\t<div class=\"elementor-element elementor-element-36458d9 elementor-widget elementor-widget-text-editor\" data-id=\"36458d9\" data-element_type=\"widget\" data-widget_type=\"text-editor.default\">\n\t\t\t\t<div class=\"elementor-widget-container\">\n\t\t\t\t\t\t\t<p><span style=\"font-weight: 400;\">F\u00fcr die korrekte Fahrtenbuchf\u00fchrung ist es bei Betriebsfahrten erforderlich, dass alle wesentlichen Fahrtendetails im Fahrtenbuch bei Hin- und R\u00fcckfahrten aufgef\u00fchrt sind. Hierzu geh\u00f6ren das Datum der Betriebsfahrt. Hierbei werden zumeist der Beginn und das Ende der Fahrt mittels Uhrzeit notiert. Werden w\u00e4hrend der Fahrt Zwischenstopps gemacht, so ist die Ankunftszeit und die Abfahrtszeit zu dokumentieren. Weiterhin m\u00fcssen immer die Kilometerst\u00e4nde zu Beginn und zum Ende der Fahrt festgehalten werden. Dar\u00fcber hinaus sollte die Reiseroute notiert sein. Damit \u00fcberpr\u00fcfbar ist, dass eine Betriebsfahrt stattgefunden hat, m\u00fcssen auch immer der Zweck und der Grund der Fahrt notiert werden. Fehlen die wichtigen Details zur Fahrt, kann es sein, dass die Fahrten dann vom Finanzamt nicht als Betriebsfahrten gesehen werden und entsprechend keine Kostenerstattung steuerlich anerkannt wird.\u00a0<\/span><\/p>\t\t\t\t\t\t<\/div>\n\t\t\t\t<\/div>\n\t\t\t\t<div class=\"elementor-element elementor-element-14e9b2f elementor-widget elementor-widget-heading\" data-id=\"14e9b2f\" data-element_type=\"widget\" data-widget_type=\"heading.default\">\n\t\t\t\t<div class=\"elementor-widget-container\">\n\t\t\t<h2 class=\"elementor-heading-title elementor-size-default\">Wie kann man Betriebsfahrten automatisch aufzeichnen? \n<\/h2>\t\t<\/div>\n\t\t\t\t<\/div>\n\t\t\t\t<div class=\"elementor-element elementor-element-21b0121 elementor-widget elementor-widget-text-editor\" data-id=\"21b0121\" data-element_type=\"widget\" data-widget_type=\"text-editor.default\">\n\t\t\t\t<div class=\"elementor-widget-container\">\n\t\t\t\t\t\t\t<p><span style=\"font-weight: 400;\">Wer das Fahrtenbuch nicht h\u00e4ndisch f\u00fchren m\u00f6chte, kann ein digitales Fahrtenbuch als automatische Aufzeichnung nutzen. Elektronische Fahrtenb\u00fccher sind sehr praktisch. Hierbei werden die Fahrten vollkommen automatisch aufgezeichnet. Das l\u00e4stige notieren von Daten entf\u00e4llt und kann auch nicht vergessen werden. Mit nur einem Klick wird die Fahrt als eine Betriebsfahrt kategorisiert. Das elektronische Fahrtenbuch erfasst s\u00e4mtliche weitere Daten vollkommen automatisch. Hierzu geh\u00f6rt das Datum, der Kilometerstand bei Beginn und am Ende der Fahrt. Mit dieser Methode l\u00e4sst sich jede Hin- und R\u00fcckfahrt im Fahrtenbuch im Nachhinein sehr leicht nachweisen und bearbeiten. Per Knopfdruck liegen dann alle wesentlichen Daten f\u00fcr das Finanzamt vor.<\/span><\/p>\t\t\t\t\t\t<\/div>\n\t\t\t\t<\/div>\n\t\t\t\t<div class=\"elementor-element elementor-element-6eda4cf elementor-widget elementor-widget-heading\" data-id=\"6eda4cf\" data-element_type=\"widget\" data-widget_type=\"heading.default\">\n\t\t\t\t<div class=\"elementor-widget-container\">\n\t\t\t<h3 class=\"elementor-heading-title elementor-size-default\">Einblick in ein elektronisches Fahrtenbuch<\/h3>\t\t<\/div>\n\t\t\t\t<\/div>\n\t\t\t\t<div class=\"elementor-element elementor-element-fcd4435 elementor-widget elementor-widget-video\" data-id=\"fcd4435\" data-element_type=\"widget\" data-settings=\"{&quot;youtube_url&quot;:&quot;https:\\\/\\\/www.youtube.com\\\/watch?v=oaYV37BK2Fs&quot;,&quot;lazy_load&quot;:&quot;yes&quot;,&quot;video_type&quot;:&quot;youtube&quot;}\" data-widget_type=\"video.default\">\n\t\t\t\t<div class=\"elementor-widget-container\">\n\t\t\t\t\t<div class=\"elementor-wrapper elementor-open-inline\">\n\t\t\t<div class=\"elementor-video\"><\/div>\t\t<\/div>\n\t\t\t\t<\/div>\n\t\t\t\t<\/div>\n\t\t\t\t<div class=\"elementor-element elementor-element-e08ad8e elementor-widget elementor-widget-heading\" data-id=\"e08ad8e\" data-element_type=\"widget\" data-widget_type=\"heading.default\">\n\t\t\t\t<div class=\"elementor-widget-container\">\n\t\t\t<h2 class=\"elementor-heading-title elementor-size-default\">Kosten bei Betriebsreisen \n<\/h2>\t\t<\/div>\n\t\t\t\t<\/div>\n\t\t\t\t<div class=\"elementor-element elementor-element-d35d33f elementor-widget elementor-widget-text-editor\" data-id=\"d35d33f\" data-element_type=\"widget\" data-widget_type=\"text-editor.default\">\n\t\t\t\t<div class=\"elementor-widget-container\">\n\t\t\t\t\t\t\t<p><span style=\"font-weight: 400;\">Wird ein Fahrzeug trotz der Betriebsfahrten auch f\u00fcr Privatfahrten verwendet, ist die Nutzung entsprechend nach dem Fahrtenbuch f\u00fcr Hin- und R\u00fcckfahrten oder aber nach der 1-Prozent-Methode entsprechend zu versteuern. Alle Kosten, die f\u00fcr das Fahrzeug entstehen k\u00f6nnen entsprechend der Nutzung dann beim Finanzamt geltend gemacht werden. Hierzu ist es immer erforderlich, auch die Kosten, die f\u00fcr die Betriebsreisen anstehen, aufzuzeichnen. So kann auch das Fahrtenbuch Tanken eintragen wichtig werden.\u00a0<\/span><\/p>\t\t\t\t\t\t<\/div>\n\t\t\t\t<\/div>\n\t\t\t\t<div class=\"elementor-element elementor-element-0d7d7a7 elementor-widget elementor-widget-heading\" data-id=\"0d7d7a7\" data-element_type=\"widget\" data-widget_type=\"heading.default\">\n\t\t\t\t<div class=\"elementor-widget-container\">\n\t\t\t<h3 class=\"elementor-heading-title elementor-size-default\">Tankkosten im Fahrtenbuch dokumentieren \n<\/h3>\t\t<\/div>\n\t\t\t\t<\/div>\n\t\t\t\t<div class=\"elementor-element elementor-element-1af56d3 elementor-widget elementor-widget-text-editor\" data-id=\"1af56d3\" data-element_type=\"widget\" data-widget_type=\"text-editor.default\">\n\t\t\t\t<div class=\"elementor-widget-container\">\n\t\t\t\t\t\t\t<p><span style=\"font-weight: 400;\">Weitere Kosten, die durch die Nutzung des Fahrzeugs entstehen, k\u00f6nnen f\u00fcr das Fahrtenbuch bei gesch\u00e4ftlichen Fahrten wichtig sein. Denn immerhin werden alle Fahrzeugkosten anhand der Nutzung beim Finanzamt geltend gemacht. Deshalb kann es auch sinnvoll sein, zwecks \u00dcbersichtlichkeit in das Fahrtenbuch das Tanken eintragen zu k\u00f6nnen. Dies gilt insbesondere f\u00fcr gesch\u00e4ftliche Fahrten im Fahrtenbuch. So ist eine klare Differenzierung der Kosten f\u00fcr die gesch\u00e4ftliche Nutzung des Fahrzeugs aus dem Fahrtenbuch gesch\u00e4ftliche Fahrten ersichtlich.\u00a0<\/span><\/p>\t\t\t\t\t\t<\/div>\n\t\t\t\t<\/div>\n\t\t\t\t\t<\/div>\n\t\t<\/div>\n\t\t\t\t\t<\/div>\n\t\t<\/section>\n\t\t\t\t<section class=\"elementor-section elementor-top-section elementor-element elementor-element-4857c09 elementor-section-boxed elementor-section-height-default elementor-section-height-default\" data-id=\"4857c09\" data-element_type=\"section\">\n\t\t\t\t\t\t<div class=\"elementor-container elementor-column-gap-default\">\n\t\t\t\t\t<div class=\"elementor-column elementor-col-100 elementor-top-column elementor-element elementor-element-28862c2\" data-id=\"28862c2\" data-element_type=\"column\">\n\t\t\t<div class=\"elementor-widget-wrap elementor-element-populated\">\n\t\t\t\t\t\t<div class=\"elementor-element elementor-element-ed48a31 elementor-widget elementor-widget-heading\" data-id=\"ed48a31\" data-element_type=\"widget\" data-widget_type=\"heading.default\">\n\t\t\t\t<div class=\"elementor-widget-container\">\n\t\t\t<h2 class=\"elementor-heading-title elementor-size-default\">Mehr zum Thema Fahrtenkategorisierung<\/h2>\t\t<\/div>\n\t\t\t\t<\/div>\n\t\t\t\t<div class=\"elementor-element elementor-element-2f9d11d elementor-widget elementor-widget-text-editor\" data-id=\"2f9d11d\" data-element_type=\"widget\" data-widget_type=\"text-editor.default\">\n\t\t\t\t<div class=\"elementor-widget-container\">\n\t\t\t\t\t\t\t<ul><li><a href=\"https:\/\/vimcar.de\/boxenstopp\/lexikon\/betriebsfahrt\">Arbeitsweg<\/a><\/li><li><a href=\"https:\/\/vimcar.de\/boxenstopp\/exikon\/betriebsfahrt\">Betriebsfahrt<\/a><\/li><li><a href=\"https:\/\/vimcar.de\/boxenstopp\/lexikon\/privatfahrt\">Privatfahrt<\/a><\/li><li><a href=\"https:\/\/vimcar.de\/boxenstopp\/lexikon\/mischfahrt\">Mischfahrt<\/a><\/li><li><a href=\"https:\/\/vimcar.de\/boxenstopp\/lexikon\/fahrtenkategorien\">Fahrtenkategorien<\/a><\/li><li><a href=\"https:\/\/vimcar.de\/boxenstopp\/lexikon\/familienheimfahrten\">Familienheimfahrt<\/a><\/li><\/ul>\t\t\t\t\t\t<\/div>\n\t\t\t\t<\/div>\n\t\t\t\t\t<\/div>\n\t\t<\/div>\n\t\t\t\t\t<\/div>\n\t\t<\/section>\n\t\t\t\t<\/div>\n\t\t","protected":false},"excerpt":{"rendered":"<p>Betriebsfahrten sind alle get\u00e4tigten Fahrten, die aus gesch\u00e4ftlichen Gr\u00fcnden stattfinden. Darunter fallen beispielsweise Fahrten, die den Fahrer aufgrund von Gesch\u00e4ftsabschl\u00fcssen oder Angebotsunterbreitungen zu Kunden oder Gesch\u00e4ftspartnern f\u00fchren. Bei der Betriebsfahrt ist es au\u00dferdem wichtig, die vom Fiskus geforderten Details vollst\u00e4ndig im&nbsp;Fahrtenbuch&nbsp;anzugeben. Zum kostenlosen Ratgeber Die Betriebsfahrt Betriebsfahrten stellen im Gegensatz zur&nbsp;Privatfahrt&nbsp;alle Fahrten dar, die aus [&hellip;]<\/p>\n","protected":false},"author":30,"featured_media":0,"parent":4813,"menu_order":0,"comment_status":"closed","ping_status":"closed","template":"","meta":{"footnotes":"","_wp_rev_ctl_limit":""},"yoast_head":"<!-- This site is optimized with the Yoast SEO Premium plugin v21.5 (Yoast SEO v21.5) - https:\/\/yoast.com\/wordpress\/plugins\/seo\/ -->\n<title>Betriebsfahrt | Lexikonartikel - Vimcar Boxenstopp<\/title>\n<meta name=\"description\" content=\"Lese jetzt den Lexikonartikel zur Betriebsfahrt. Erfahre, wann eine Fahrt eine Betriebsfahrt ist und welche Sonderf\u00e4lle es gibt.\" \/>\n<meta name=\"robots\" content=\"index, follow, max-snippet:-1, max-image-preview:large, max-video-preview:-1\" \/>\n<link rel=\"canonical\" href=\"https:\/\/vimcar.de\/boxenstopp\/lexikon\/betriebsfahrt\/\" \/>\n<meta property=\"og:locale\" content=\"de_DE\" \/>\n<meta property=\"og:type\" content=\"article\" \/>\n<meta property=\"og:title\" content=\"Betriebsfahrt\" \/>\n<meta property=\"og:description\" content=\"Lese jetzt den Lexikonartikel zur Betriebsfahrt. Erfahre, wann eine Fahrt eine Betriebsfahrt ist und welche Sonderf\u00e4lle es gibt.\" \/>\n<meta property=\"og:url\" content=\"https:\/\/vimcar.de\/boxenstopp\/lexikon\/betriebsfahrt\/\" \/>\n<meta property=\"og:site_name\" content=\"Vimcar Boxenstopp\" \/>\n<meta property=\"article:publisher\" content=\"https:\/\/www.facebook.com\/vimcar\" \/>\n<meta property=\"article:modified_time\" content=\"2023-07-25T16:46:38+00:00\" \/>\n<meta property=\"og:image\" content=\"http:\/\/vimcar.de\/boxenstopp\/wp-content\/uploads\/2020\/01\/Commute-min.jpg\" \/>\n<meta name=\"twitter:card\" content=\"summary_large_image\" \/>\n<meta name=\"twitter:site\" content=\"@goVimcar\" \/>\n<meta name=\"twitter:label1\" content=\"Gesch\u00e4tzte Lesezeit\" \/>\n\t<meta name=\"twitter:data1\" content=\"7\u00a0Minuten\" \/>\n<!-- \/ Yoast SEO Premium plugin. -->","yoast_head_json":{"title":"Betriebsfahrt | Lexikonartikel - Vimcar Boxenstopp","description":"Lese jetzt den Lexikonartikel zur Betriebsfahrt. Erfahre, wann eine Fahrt eine Betriebsfahrt ist und welche Sonderf\u00e4lle es gibt.","robots":{"index":"index","follow":"follow","max-snippet":"max-snippet:-1","max-image-preview":"max-image-preview:large","max-video-preview":"max-video-preview:-1"},"canonical":"https:\/\/vimcar.de\/boxenstopp\/lexikon\/betriebsfahrt\/","og_locale":"de_DE","og_type":"article","og_title":"Betriebsfahrt","og_description":"Lese jetzt den Lexikonartikel zur Betriebsfahrt. Erfahre, wann eine Fahrt eine Betriebsfahrt ist und welche Sonderf\u00e4lle es gibt.","og_url":"https:\/\/vimcar.de\/boxenstopp\/lexikon\/betriebsfahrt\/","og_site_name":"Vimcar Boxenstopp","article_publisher":"https:\/\/www.facebook.com\/vimcar","article_modified_time":"2023-07-25T16:46:38+00:00","og_image":[{"url":"http:\/\/vimcar.de\/boxenstopp\/wp-content\/uploads\/2020\/01\/Commute-min.jpg"}],"twitter_card":"summary_large_image","twitter_site":"@goVimcar","twitter_misc":{"Gesch\u00e4tzte Lesezeit":"7\u00a0Minuten"},"schema":{"@context":"https:\/\/schema.org","@graph":[{"@type":"WebPage","@id":"https:\/\/vimcar.de\/boxenstopp\/lexikon\/betriebsfahrt\/","url":"https:\/\/vimcar.de\/boxenstopp\/lexikon\/betriebsfahrt\/","name":"Betriebsfahrt | Lexikonartikel - Vimcar Boxenstopp","isPartOf":{"@id":"https:\/\/vimcar.de\/boxenstopp\/#website"},"datePublished":"2023-07-25T16:22:26+00:00","dateModified":"2023-07-25T16:46:38+00:00","description":"Lese jetzt den Lexikonartikel zur Betriebsfahrt. Erfahre, wann eine Fahrt eine Betriebsfahrt ist und welche Sonderf\u00e4lle es gibt.","breadcrumb":{"@id":"https:\/\/vimcar.de\/boxenstopp\/lexikon\/betriebsfahrt\/#breadcrumb"},"inLanguage":"de","potentialAction":[{"@type":"ReadAction","target":["https:\/\/vimcar.de\/boxenstopp\/lexikon\/betriebsfahrt\/"]}]},{"@type":"BreadcrumbList","@id":"https:\/\/vimcar.de\/boxenstopp\/lexikon\/betriebsfahrt\/#breadcrumb","itemListElement":[{"@type":"ListItem","position":1,"name":"Startseite","item":"https:\/\/vimcar.de\/boxenstopp\/"},{"@type":"ListItem","position":2,"name":"Das Fuhrparklexikon","item":"https:\/\/vimcar.de\/boxenstopp\/lexikon\/"},{"@type":"ListItem","position":3,"name":"Betriebsfahrt"}]},{"@type":"WebSite","@id":"https:\/\/vimcar.de\/boxenstopp\/#website","url":"https:\/\/vimcar.de\/boxenstopp\/","name":"Vimcar Boxenstopp","description":"- Die Lernplattform f\u00fcr Fuhrparkleiter","publisher":{"@id":"https:\/\/vimcar.de\/boxenstopp\/#organization"},"potentialAction":[{"@type":"SearchAction","target":{"@type":"EntryPoint","urlTemplate":"https:\/\/vimcar.de\/boxenstopp\/?s={search_term_string}"},"query-input":"required name=search_term_string"}],"inLanguage":"de"},{"@type":"Organization","@id":"https:\/\/vimcar.de\/boxenstopp\/#organization","name":"Vimcar Boxenstopp - Fuhrparkwissen","url":"https:\/\/vimcar.de\/boxenstopp\/","logo":{"@type":"ImageObject","inLanguage":"de","@id":"https:\/\/vimcar.de\/boxenstopp\/#\/schema\/logo\/image\/","url":"https:\/\/vimcar.de\/boxenstopp\/wp-content\/uploads\/2020\/10\/logo-vimcar-boxenstopp.png","contentUrl":"https:\/\/vimcar.de\/boxenstopp\/wp-content\/uploads\/2020\/10\/logo-vimcar-boxenstopp.png","width":250,"height":50,"caption":"Vimcar Boxenstopp - Fuhrparkwissen"},"image":{"@id":"https:\/\/vimcar.de\/boxenstopp\/#\/schema\/logo\/image\/"},"sameAs":["https:\/\/www.facebook.com\/vimcar","https:\/\/twitter.com\/goVimcar","https:\/\/www.instagram.com\/vimcar_official\/","https:\/\/de.linkedin.com\/company\/vimcar","https:\/\/www.pinterest.de\/vimcar\/","https:\/\/www.youtube.com\/channel\/UCWRajoA7OnWsAw-ezAahZPg"]}]}},"_links":{"self":[{"href":"https:\/\/vimcar.de\/boxenstopp\/wp-json\/wp\/v2\/pages\/1627"}],"collection":[{"href":"https:\/\/vimcar.de\/boxenstopp\/wp-json\/wp\/v2\/pages"}],"about":[{"href":"https:\/\/vimcar.de\/boxenstopp\/wp-json\/wp\/v2\/types\/page"}],"author":[{"embeddable":true,"href":"https:\/\/vimcar.de\/boxenstopp\/wp-json\/wp\/v2\/users\/30"}],"replies":[{"embeddable":true,"href":"https:\/\/vimcar.de\/boxenstopp\/wp-json\/wp\/v2\/comments?post=1627"}],"version-history":[{"count":0,"href":"https:\/\/vimcar.de\/boxenstopp\/wp-json\/wp\/v2\/pages\/1627\/revisions"}],"up":[{"embeddable":true,"href":"https:\/\/vimcar.de\/boxenstopp\/wp-json\/wp\/v2\/pages\/4813"}],"wp:attachment":[{"href":"https:\/\/vimcar.de\/boxenstopp\/wp-json\/wp\/v2\/media?parent=1627"}],"curies":[{"name":"wp","href":"https:\/\/api.w.org\/{rel}","templated":true}]}}