{"id":1645,"date":"2023-07-25T18:22:12","date_gmt":"2023-07-25T16:22:12","guid":{"rendered":"https:\/\/vimcar.de\/boxenstopp\/?page_id=1645"},"modified":"2025-07-23T10:44:00","modified_gmt":"2025-07-23T08:44:00","slug":"fahrtenkategorien","status":"publish","type":"page","link":"https:\/\/vimcar.de\/boxenstopp\/lexikon\/fahrtenkategorien\/","title":{"rendered":"Fahrtenkategorien"},"content":{"rendered":"\t\t<div data-elementor-type=\"wp-page\" data-elementor-id=\"1645\" class=\"elementor elementor-1645\" data-elementor-post-type=\"page\">\n\t\t\t\t\t\t<section class=\"elementor-section elementor-top-section elementor-element elementor-element-33ce6d4 elementor-section-boxed elementor-section-height-default elementor-section-height-default\" data-id=\"33ce6d4\" data-element_type=\"section\">\n\t\t\t\t\t\t<div class=\"elementor-container elementor-column-gap-default\">\n\t\t\t\t\t<div class=\"elementor-column elementor-col-100 elementor-top-column elementor-element elementor-element-7614ddb\" data-id=\"7614ddb\" data-element_type=\"column\">\n\t\t\t<div class=\"elementor-widget-wrap elementor-element-populated\">\n\t\t\t\t\t\t<div class=\"elementor-element elementor-element-6da2c1a elementor-widget elementor-widget-text-editor\" data-id=\"6da2c1a\" data-element_type=\"widget\" data-widget_type=\"text-editor.default\">\n\t\t\t\t<div class=\"elementor-widget-container\">\n\t\t\t\t\t\t\t<p>F\u00fcr ein g\u00fcltiges Fahrtenbuch ist es wichtig jede Fahrt in die Fahrtenkategorien Betriebsfahrt, Arbeitsweg oder Privatfahrt einzuordnen. Damit bei der Erfassung der get\u00e4tigten Fahrt nichts schief l\u00e4uft, erfahren Sie hier welche Informationen Sie in Ihrem Fahrtenbuch einbinden m\u00fcssen.<\/p>\t\t\t\t\t\t<\/div>\n\t\t\t\t<\/div>\n\t\t\t\t<div class=\"elementor-element elementor-element-ba0e4ad elementor-widget elementor-widget-button\" data-id=\"ba0e4ad\" data-element_type=\"widget\" data-widget_type=\"button.default\">\n\t\t\t\t<div class=\"elementor-widget-container\">\n\t\t\t\t\t<div class=\"elementor-button-wrapper\">\n\t\t\t<a class=\"elementor-button elementor-button-link elementor-size-sm\" href=\"#ratgeber-fahrtenkategorisierung\">\n\t\t\t\t\t\t<span class=\"elementor-button-content-wrapper\">\n\t\t\t\t\t\t\t\t\t<span class=\"elementor-button-text\">Hier Ratgeber erhalten <\/span>\n\t\t\t\t\t<\/span>\n\t\t\t\t\t<\/a>\n\t\t<\/div>\n\t\t\t\t<\/div>\n\t\t\t\t<\/div>\n\t\t\t\t<div class=\"elementor-element elementor-element-00cfca1 elementor-widget elementor-widget-heading\" data-id=\"00cfca1\" data-element_type=\"widget\" data-widget_type=\"heading.default\">\n\t\t\t\t<div class=\"elementor-widget-container\">\n\t\t\t<h2 class=\"elementor-heading-title elementor-size-default\">Privat oder betrieblich? \u2013 Die richtige Kategorisierung im Fahrtenbuch\n<\/h2>\t\t<\/div>\n\t\t\t\t<\/div>\n\t\t\t\t<div class=\"elementor-element elementor-element-dad3ff6 elementor-widget elementor-widget-text-editor\" data-id=\"dad3ff6\" data-element_type=\"widget\" data-widget_type=\"text-editor.default\">\n\t\t\t\t<div class=\"elementor-widget-container\">\n\t\t\t\t\t\t\t<p>Falls Sie anfangen m\u00f6chten, ein Fahrtenbuch zu f\u00fchren, stellt sich zuallererst die Frage der Fahrtenkategorisierung. Auf diesem Konzept ist ein Fahrtenbuch aufgebaut: Jede Fahrt, die Sie mit Ihrem\u00a0<a href=\"https:\/\/vimcar.de\/boxenstopp\/lexikon\/firmenwagen\" target=\"_blank\" rel=\"noreferrer noopener\">Firmenwagen<\/a>\u00a0t\u00e4tigen, muss einer der Fahrtenkategorien zugeordnet werden \u2013 <a href=\"https:\/\/vimcar.de\/boxenstopp\/lexikon\/betriebsfahrt\/\" target=\"_blank\" rel=\"noopener\">Betriebsfahrt<\/a>, Privatfahrt oder Arbeitsweg. Was genau sind aber die Grenzen dieser Fahrtenkategorien und was passiert, wenn eine Fahrt nicht so klar einzuordnen ist?<\/p>\t\t\t\t\t\t<\/div>\n\t\t\t\t<\/div>\n\t\t\t\t<div class=\"elementor-element elementor-element-f751e65 elementor-widget elementor-widget-heading\" data-id=\"f751e65\" data-element_type=\"widget\" data-widget_type=\"heading.default\">\n\t\t\t\t<div class=\"elementor-widget-container\">\n\t\t\t<h3 class=\"elementor-heading-title elementor-size-default\">Was ist eine Betriebsfahrt?<\/h3>\t\t<\/div>\n\t\t\t\t<\/div>\n\t\t\t\t<div class=\"elementor-element elementor-element-6177a21 elementor-widget elementor-widget-text-editor\" data-id=\"6177a21\" data-element_type=\"widget\" data-widget_type=\"text-editor.default\">\n\t\t\t\t<div class=\"elementor-widget-container\">\n\t\t\t\t\t\t\t<p>Betriebsfahrten sind alle get\u00e4tigten Fahrten, die aus gesch\u00e4ftlichen Gr\u00fcnden stattfinden. Darunter fallen beispielsweise Fahrten, die den Fahrer aufgrund von Gesch\u00e4ftsabschl\u00fcssen oder Angebotsunterbreitungen zu Kunden oder Gesch\u00e4ftspartnern f\u00fchren. Bei betrieblichen Fahrten ist es wichtig, die vom Fiskus geforderten Details vollst\u00e4ndig anzugeben. Keine andere Fahrt erfordert so viele Angaben bei der Dokumentation. Neben dem Kilometerstand sowie der Start- und Zieladresse m\u00fcssen Sie auch den getroffenen Gesch\u00e4ftspartner und Anlass des Besuches angeben.<\/p>\t\t\t\t\t\t<\/div>\n\t\t\t\t<\/div>\n\t\t\t\t<div class=\"elementor-element elementor-element-5332650 elementor-widget elementor-widget-heading\" data-id=\"5332650\" data-element_type=\"widget\" data-widget_type=\"heading.default\">\n\t\t\t\t<div class=\"elementor-widget-container\">\n\t\t\t<h3 class=\"elementor-heading-title elementor-size-default\">Was ist der Arbeitsweg?\u200b\u200b<\/h3>\t\t<\/div>\n\t\t\t\t<\/div>\n\t\t\t\t<div class=\"elementor-element elementor-element-f625c94 elementor-widget elementor-widget-text-editor\" data-id=\"f625c94\" data-element_type=\"widget\" data-widget_type=\"text-editor.default\">\n\t\t\t\t<div class=\"elementor-widget-container\">\n\t\t\t\t\t\t\t<p>Generell stellt der Arbeitsweg die Strecke zwischen der Wohnung und der Arbeitsst\u00e4tte dar, jedoch kann die Abrechnung sich von Berufsgruppe zu Berufsgruppe unterscheiden. Das hei\u00dft, dass Sie je nachdem, ob Sie selbstst\u00e4ndig, freiberuflich, angestellt oder ohne erste T\u00e4tigkeitsst\u00e4tte sind, Ihren genauen Einzelfall beachten sollten. Halten Sie hierzu einfach R\u00fccksprache mit Ihrem Steuerberater, um die beste L\u00f6sung f\u00fcr Ihren pers\u00f6nlichen Fall zu finden. Anders als bei einer reinen Betriebsfahrt, gen\u00fcgt bei der Dokumentation des Arbeitsweges die Kilometeranzahl sowie zus\u00e4tzlich Start- und Endpunkt der Fahrt. Sollten Sie aufgrund eines Staus oder einer Baustelle einen Umweg fahren m\u00fcssen, vermerken Sie dies am besten auch in Ihrem Fahrtenbuch, damit die zus\u00e4tzlichen Kilometer f\u00fcr das Finanzamt erkl\u00e4rt sind und kein Verdacht auf eine versteckte Privatfahrt entsteht.<\/p>\t\t\t\t\t\t<\/div>\n\t\t\t\t<\/div>\n\t\t\t\t<div class=\"elementor-element elementor-element-9a77c07 elementor-widget elementor-widget-heading\" data-id=\"9a77c07\" data-element_type=\"widget\" data-widget_type=\"heading.default\">\n\t\t\t\t<div class=\"elementor-widget-container\">\n\t\t\t<h3 class=\"elementor-heading-title elementor-size-default\">Was ist eine Privatfahrt?<\/h3>\t\t<\/div>\n\t\t\t\t<\/div>\n\t\t\t\t<div class=\"elementor-element elementor-element-ca115e6 elementor-widget elementor-widget-text-editor\" data-id=\"ca115e6\" data-element_type=\"widget\" data-widget_type=\"text-editor.default\">\n\t\t\t\t<div class=\"elementor-widget-container\">\n\t\t\t\t\t\t\t<p>Alle get\u00e4tigten Fahrten, die keinem dienstlichen Zweck zuzuordnen und die privater Natur sind, werden als\u00a0<a href=\"https:\/\/vimcar.de\/boxenstopp\/lexikon\/privatfahrt\" target=\"_blank\" rel=\"noreferrer noopener\">Privatfahrten<\/a>\u00a0bezeichnet. Dazu z\u00e4hlen beispielsweise Fahrten zum Einkaufen, zu Freunden und Verwandten oder zum Sport. F\u00fcr Privatfahrten gen\u00fcgen jeweils die Kilometerangaben, ohne Details zu Reiseweg und Reisezweck anzugeben.<\/p>\t\t\t\t\t\t<\/div>\n\t\t\t\t<\/div>\n\t\t\t\t<div class=\"elementor-element elementor-element-73a919b elementor-widget elementor-widget-spacer\" data-id=\"73a919b\" data-element_type=\"widget\" data-widget_type=\"spacer.default\">\n\t\t\t\t<div class=\"elementor-widget-container\">\n\t\t\t\t\t<div class=\"elementor-spacer\">\n\t\t\t<div class=\"elementor-spacer-inner\"><\/div>\n\t\t<\/div>\n\t\t\t\t<\/div>\n\t\t\t\t<\/div>\n\t\t\t\t<div class=\"elementor-element elementor-element-557e31a elementor-widget elementor-widget-html\" data-id=\"557e31a\" data-element_type=\"widget\" data-widget_type=\"html.default\">\n\t\t\t\t<div class=\"elementor-widget-container\">\n\t\t\t<span id=\"ratgeber-fahrtenkategorisierung\"> <\/span>\t\t<\/div>\n\t\t\t\t<\/div>\n\t\t\t\t<div class=\"elementor-element elementor-element-826ccc6 elementor-widget elementor-widget-button\" data-id=\"826ccc6\" data-element_type=\"widget\" data-widget_type=\"button.default\">\n\t\t\t\t<div class=\"elementor-widget-container\">\n\t\t\t\t\t<div class=\"elementor-button-wrapper\">\n\t\t\t<a class=\"elementor-button elementor-button-link elementor-size-lg\" href=\"#\">\n\t\t\t\t\t\t<span class=\"elementor-button-content-wrapper\">\n\t\t\t\t\t\t\t\t\t<span class=\"elementor-button-text\">GRATIS VORLAGE<\/span>\n\t\t\t\t\t<\/span>\n\t\t\t\t\t<\/a>\n\t\t<\/div>\n\t\t\t\t<\/div>\n\t\t\t\t<\/div>\n\t\t\t\t\t<\/div>\n\t\t<\/div>\n\t\t\t\t\t<\/div>\n\t\t<\/section>\n\t\t\t\t<section class=\"elementor-section elementor-top-section elementor-element elementor-element-7be603d elementor-section-boxed elementor-section-height-default elementor-section-height-default\" data-id=\"7be603d\" data-element_type=\"section\">\n\t\t\t\t\t\t<div class=\"elementor-container elementor-column-gap-default\">\n\t\t\t\t\t<div class=\"elementor-column elementor-col-100 elementor-top-column elementor-element elementor-element-6bd6263\" data-id=\"6bd6263\" data-element_type=\"column\" data-settings=\"{&quot;background_background&quot;:&quot;classic&quot;}\">\n\t\t\t<div class=\"elementor-widget-wrap elementor-element-populated\">\n\t\t\t\t\t\t<div class=\"elementor-element elementor-element-9409f92 elementor-widget elementor-widget-spacer\" data-id=\"9409f92\" data-element_type=\"widget\" data-widget_type=\"spacer.default\">\n\t\t\t\t<div class=\"elementor-widget-container\">\n\t\t\t\t\t<div class=\"elementor-spacer\">\n\t\t\t<div class=\"elementor-spacer-inner\"><\/div>\n\t\t<\/div>\n\t\t\t\t<\/div>\n\t\t\t\t<\/div>\n\t\t\t\t<div class=\"elementor-element elementor-element-e64b817 elementor-widget elementor-widget-heading\" data-id=\"e64b817\" data-element_type=\"widget\" data-widget_type=\"heading.default\">\n\t\t\t\t<div class=\"elementor-widget-container\">\n\t\t\t<h3 class=\"elementor-heading-title elementor-size-default\">Jetzt Ratgeber herunterladen und Fahrten richtig kategorisieren!<\/h3>\t\t<\/div>\n\t\t\t\t<\/div>\n\t\t\t\t<section class=\"elementor-section elementor-inner-section elementor-element elementor-element-3814002 elementor-section-boxed elementor-section-height-default elementor-section-height-default\" data-id=\"3814002\" data-element_type=\"section\">\n\t\t\t\t\t\t<div class=\"elementor-container elementor-column-gap-default\">\n\t\t\t\t\t<div class=\"elementor-column elementor-col-50 elementor-inner-column elementor-element elementor-element-e4e9b4f\" data-id=\"e4e9b4f\" data-element_type=\"column\">\n\t\t\t<div class=\"elementor-widget-wrap elementor-element-populated\">\n\t\t\t\t\t\t<div class=\"elementor-element elementor-element-73c864c elementor-widget elementor-widget-shortcode\" data-id=\"73c864c\" data-element_type=\"widget\" data-widget_type=\"shortcode.default\">\n\t\t\t\t<div class=\"elementor-widget-container\">\n\t\t\t\t\t<div class=\"elementor-shortcode\"><script>(function() {\n\twindow.mc4wp = window.mc4wp || {\n\t\tlisteners: [],\n\t\tforms: {\n\t\t\ton: function(evt, cb) {\n\t\t\t\twindow.mc4wp.listeners.push(\n\t\t\t\t\t{\n\t\t\t\t\t\tevent   : evt,\n\t\t\t\t\t\tcallback: cb\n\t\t\t\t\t}\n\t\t\t\t);\n\t\t\t}\n\t\t}\n\t}\n})();\n<\/script><!-- Mailchimp for WordPress v4.9.7 - https:\/\/wordpress.org\/plugins\/mailchimp-for-wp\/ --><form id=\"mc4wp-form-1\" class=\"mc4wp-form mc4wp-form-3789 mc4wp-form-styles-builder mc4wp-ajax\" method=\"post\" data-id=\"3789\" data-name=\"UF - Guide zur Fahrtenkategorisierung\" ><div class=\"mc4wp-form-fields\"><input type=\"hidden\" name=\"UTMSOURCE\" value=\"\">\r\n<input type=\"hidden\" name=\"UTMTERM\" value=\"\">\r\n<input type=\"hidden\" name=\"UTMCAMP\" value=\"\">\r\n<input type=\"hidden\" name=\"UTMMEDIUM\" value=\"\">\r\n<input type=\"hidden\" name=\"FUNNEL_ST\" value=\"ContentLead\">\r\n<input type=\"hidden\" name=\"DOI\" value=\"Explicit\">\r\n<input type=\"hidden\" name=\"BL\" value=\"false\">\r\n<input type=\"hidden\" name=\"SRCS\" value=\"BS\">\r\n<input type=\"hidden\" name=\"LEAD_SR\" value=\"SimpleForm\">\r\n<input type=\"hidden\" name=\"REFE\" value=\"https:\/\/vimcar.de\/boxenstopp\/wp-json\/wp\/v2\/pages\/1645\/\">\r\n<input type=\"hidden\" name=\"C_NAME\" value=\"BS_Guide_Fahrtenkategorien\">\r\n\r\n<!-- Email Input -->\r\n<input type=\"email\" name=\"EMAIL\" placeholder=\"E-Mail-Adresse*\" required \/>\r\n\r\n<!-- Consent Checkbox -->\r\n<p style=\"font-size: 15px;\">\r\n    <input name=\"AGREE_TO_TERMS\" type=\"checkbox\" value=\"1\" required>\r\n    Hiermit akzeptiere ich die \r\n    <a href=\"https:\/\/vimcar.de\/agb\" target=\"_blank\" rel=\"noopener noreferrer\">AGB<\/a> und \r\n    <a href=\"https:\/\/vimcar.de\/datenschutz\" target=\"_blank\" rel=\"noopener noreferrer\">Datenschutzbestimmungen<\/a> der Vimcar GmbH.\r\n<\/p>\r\n\r\n<!-- Submit Button -->\r\n<input type=\"submit\" value=\"herunterladen\" \/>\r\n\r\n<!-- GDPR Note -->\r\n<p style=\"font-size: 14px;\">\r\n    Wir nutzen Ihre Daten zur Bereitstellung unserer Dienstleistung. Durch das Absenden dieses Formulars akzeptieren Sie, von uns per Mail und Telefon kontaktiert zu werden. \r\n    Sie k\u00f6nnen diese Einwilligung jederzeit mit Wirkung f\u00fcr die Zukunft widerrufen.\r\n<\/p>\r\n<\/div><label style=\"display: none !important;\">Wenn du ein Mensch bist, lasse das Feld leer: <input type=\"text\" name=\"_mc4wp_honeypot\" value=\"\" tabindex=\"-1\" autocomplete=\"off\" \/><\/label><input type=\"hidden\" name=\"_mc4wp_timestamp\" value=\"1777577766\" \/><input type=\"hidden\" name=\"_mc4wp_form_id\" value=\"3789\" \/><input type=\"hidden\" name=\"_mc4wp_form_element_id\" value=\"mc4wp-form-1\" \/><div class=\"mc4wp-response\"><\/div><\/form><!-- \/ Mailchimp for WordPress Plugin --><\/div>\n\t\t\t\t<\/div>\n\t\t\t\t<\/div>\n\t\t\t\t\t<\/div>\n\t\t<\/div>\n\t\t\t\t<div class=\"elementor-column elementor-col-50 elementor-inner-column elementor-element elementor-element-9c3fc08\" data-id=\"9c3fc08\" data-element_type=\"column\">\n\t\t\t<div class=\"elementor-widget-wrap elementor-element-populated\">\n\t\t\t\t\t\t<div class=\"elementor-element elementor-element-4051a9a elementor-widget elementor-widget-image\" data-id=\"4051a9a\" data-element_type=\"widget\" data-widget_type=\"image.default\">\n\t\t\t\t<div class=\"elementor-widget-container\">\n\t\t\t\t\t\t\t\t\t\t\t\t\t<img fetchpriority=\"high\" decoding=\"async\" width=\"800\" height=\"600\" src=\"https:\/\/vimcar.de\/boxenstopp\/wp-content\/uploads\/2022\/03\/Fahrtenkategorien.webp\" class=\"attachment-large size-large wp-image-32984\" alt=\"Fahrtenkategorien\" srcset=\"https:\/\/vimcar.de\/boxenstopp\/wp-content\/uploads\/2022\/03\/Fahrtenkategorien.webp 800w, https:\/\/vimcar.de\/boxenstopp\/wp-content\/uploads\/2022\/03\/Fahrtenkategorien-300x225.webp 300w, https:\/\/vimcar.de\/boxenstopp\/wp-content\/uploads\/2022\/03\/Fahrtenkategorien-768x576.webp 768w\" sizes=\"(max-width: 800px) 100vw, 800px\" \/>\t\t\t\t\t\t\t\t\t\t\t\t\t<\/div>\n\t\t\t\t<\/div>\n\t\t\t\t\t<\/div>\n\t\t<\/div>\n\t\t\t\t\t<\/div>\n\t\t<\/section>\n\t\t\t\t\t<\/div>\n\t\t<\/div>\n\t\t\t\t\t<\/div>\n\t\t<\/section>\n\t\t\t\t<section class=\"elementor-section elementor-top-section elementor-element elementor-element-4ad7c3dc elementor-section-boxed elementor-section-height-default elementor-section-height-default\" data-id=\"4ad7c3dc\" data-element_type=\"section\" data-settings=\"{&quot;background_background&quot;:&quot;classic&quot;}\">\n\t\t\t\t\t\t<div class=\"elementor-container elementor-column-gap-default\">\n\t\t\t\t\t<div class=\"elementor-column elementor-col-100 elementor-top-column elementor-element elementor-element-51fd96d3\" data-id=\"51fd96d3\" data-element_type=\"column\">\n\t\t\t<div class=\"elementor-widget-wrap elementor-element-populated\">\n\t\t\t\t\t\t<div class=\"elementor-element elementor-element-13bdb21 elementor-widget elementor-widget-spacer\" data-id=\"13bdb21\" data-element_type=\"widget\" data-widget_type=\"spacer.default\">\n\t\t\t\t<div class=\"elementor-widget-container\">\n\t\t\t\t\t<div class=\"elementor-spacer\">\n\t\t\t<div class=\"elementor-spacer-inner\"><\/div>\n\t\t<\/div>\n\t\t\t\t<\/div>\n\t\t\t\t<\/div>\n\t\t\t\t<div class=\"elementor-element elementor-element-6a70187 elementor-widget elementor-widget-heading\" data-id=\"6a70187\" data-element_type=\"widget\" data-widget_type=\"heading.default\">\n\t\t\t\t<div class=\"elementor-widget-container\">\n\t\t\t<h2 class=\"elementor-heading-title elementor-size-default\">Welche Ausnahme- und Sonderf\u00e4lle gibt es?<\/h2>\t\t<\/div>\n\t\t\t\t<\/div>\n\t\t\t\t<div class=\"elementor-element elementor-element-5d6d75f elementor-widget elementor-widget-text-editor\" data-id=\"5d6d75f\" data-element_type=\"widget\" data-widget_type=\"text-editor.default\">\n\t\t\t\t<div class=\"elementor-widget-container\">\n\t\t\t\t\t\t\t<p>Manchmal l\u00e4sst sich nicht klar zuordnen, ob ein Weg aus privaten oder gesch\u00e4ftlichen Gr\u00fcnden zur\u00fcckgelegt wird. Das gilt beispielsweise, wenn Sie auf dem Weg zur Arbeit die Kinder an der Schule absetzen. Oder aber auch, wenn Sie nach einem Kundentermin direkt nach Hause fahren, ohne vorher noch einmal im B\u00fcro vorbeizuschauen. In solchen F\u00e4llen k\u00f6nnen Sie die Fahrt als Mischfahrt kategorisieren.<\/p>\t\t\t\t\t\t<\/div>\n\t\t\t\t<\/div>\n\t\t\t\t<div class=\"elementor-element elementor-element-7a2cd4a elementor-widget elementor-widget-heading\" data-id=\"7a2cd4a\" data-element_type=\"widget\" data-widget_type=\"heading.default\">\n\t\t\t\t<div class=\"elementor-widget-container\">\n\t\t\t<h2 class=\"elementor-heading-title elementor-size-default\">Die Vimcar Mischfahrt\n<\/h2>\t\t<\/div>\n\t\t\t\t<\/div>\n\t\t\t\t<div class=\"elementor-element elementor-element-7c12ecf elementor-widget elementor-widget-text-editor\" data-id=\"7c12ecf\" data-element_type=\"widget\" data-widget_type=\"text-editor.default\">\n\t\t\t\t<div class=\"elementor-widget-container\">\n\t\t\t\t\t\t\t<p><span style=\"font-weight: 400;\">Fahrten mit einem Dienstwagen sollten im\u00a0<\/span><a href=\"https:\/\/vimcar.de\/fahrtenbuch\" target=\"_blank\" rel=\"noopener\">Fahrtenbuch<\/a><span style=\"font-weight: 400;\">\u00a0richtig kategorisiert werden. Das gilt sowohl f\u00fcr Angestellte als auch Selbstst\u00e4ndige. Eine Unterteilung findet dabei in die oben beschriebenen Kategorien statt. Eine richtige Kategorisierung\u00a0 ist vor allem dann wichtig, wenn die FahrerInnen des Autos viele verschiedene Fahrten dieser Art miteinander mischt. Besonders dann kann eine Unterteilung in die vier verschiedenen Fahrtentypen helfen, einen \u00dcberblick zu bekommen und die entsprechenden Fahrten richtig geltend zu machen. Oft gibt es jedoch auch Fahrten, die sich nicht einfach einer Kategorie wie dem Vimcar Arbeitsweg, Betriebsfahrt oder Privatfahrt zuweisen lassen. Das sind sogenannte Vimcar Mischfahrten, welche bei privaten Umwegen und anderen Sonderf\u00e4llen zum Tragen kommen. Die Vimcar Mischfahrten m\u00fcssen gesondert dokumentiert werden, damit bei einer Auswertung am Ende des Jahres alle Strecken genauestens berechnet werden k\u00f6nnen. Liegt keine genaue Dokumentation mit passender Kategorisierung vor, sorgt die Auswertung des Fahrtenbuchs f\u00fcr Probleme.<\/span><\/p>\t\t\t\t\t\t<\/div>\n\t\t\t\t<\/div>\n\t\t\t\t<div class=\"elementor-element elementor-element-b77b4c3 elementor-widget elementor-widget-heading\" data-id=\"b77b4c3\" data-element_type=\"widget\" data-widget_type=\"heading.default\">\n\t\t\t\t<div class=\"elementor-widget-container\">\n\t\t\t<h2 class=\"elementor-heading-title elementor-size-default\">Video zur Fahrtenkategorisierung mit Vimcar<\/h2>\t\t<\/div>\n\t\t\t\t<\/div>\n\t\t\t\t<div class=\"elementor-element elementor-element-3e29be9 elementor-widget elementor-widget-video\" data-id=\"3e29be9\" data-element_type=\"widget\" data-settings=\"{&quot;youtube_url&quot;:&quot;https:\\\/\\\/www.youtube.com\\\/watch?v=nDreqCEMlvI&amp;feature=emb_logo&quot;,&quot;lazy_load&quot;:&quot;yes&quot;,&quot;video_type&quot;:&quot;youtube&quot;,&quot;controls&quot;:&quot;yes&quot;}\" data-widget_type=\"video.default\">\n\t\t\t\t<div class=\"elementor-widget-container\">\n\t\t\t\t\t<div class=\"elementor-wrapper elementor-open-inline\">\n\t\t\t<div class=\"elementor-video\"><\/div>\t\t<\/div>\n\t\t\t\t<\/div>\n\t\t\t\t<\/div>\n\t\t\t\t<div class=\"elementor-element elementor-element-59ca69e elementor-widget elementor-widget-heading\" data-id=\"59ca69e\" data-element_type=\"widget\" data-widget_type=\"heading.default\">\n\t\t\t\t<div class=\"elementor-widget-container\">\n\t\t\t<h2 class=\"elementor-heading-title elementor-size-default\">Fehler bei der Fahrtenkategorisierung<\/h2>\t\t<\/div>\n\t\t\t\t<\/div>\n\t\t\t\t<div class=\"elementor-element elementor-element-dccec88 elementor-widget elementor-widget-text-editor\" data-id=\"dccec88\" data-element_type=\"widget\" data-widget_type=\"text-editor.default\">\n\t\t\t\t<div class=\"elementor-widget-container\">\n\t\t\t\t\t\t\t<p><span style=\"font-weight: 400;\">Bei der manuellen F\u00fchrung eines Fahrtenbuchs kann es zu Fehlern kommen. Durch die schwammige Abgrenzung zwischen Privat- und Betriebsfahrt kann es passieren, dass eine private Fahrt unabsichtlich als betrieblich kategorisiert wird. Auch eine Abtrennung zwischen betrieblicher Fahrt und dem Arbeitsweg kann f\u00fcr Probleme sorgen. F\u00e4llt dem Finanzamt bei einer Pr\u00fcfung des Buches auf, dass Fahrten falsch eingeordnet wurden, kann sich die Versteuerung des Fahrzeugs ver\u00e4ndern. In diesem Fall drohen massive Steuernachzahlungen, die im schlimmsten Fall, zu einer enormen finanziellen Belastung werden. Deswegen sollten FirmenwagenfahrerInnen besonders auf die richtige Einordnung ihrer Fahrten achten. Mit einem elektronischen Fahrtenbuch wie von Vimcar k\u00f6nnen alle Fahrten in Vimcar Arbeitsweg, Privatfahrt oder Betriebsfahrt unterteilt werden.<\/span><\/p>\t\t\t\t\t\t<\/div>\n\t\t\t\t<\/div>\n\t\t\t\t<div class=\"elementor-element elementor-element-fd008a2 elementor-widget elementor-widget-heading\" data-id=\"fd008a2\" data-element_type=\"widget\" data-widget_type=\"heading.default\">\n\t\t\t\t<div class=\"elementor-widget-container\">\n\t\t\t<h2 class=\"elementor-heading-title elementor-size-default\">Einsatz digitaler Fahrtenb\u00fccher<\/h2>\t\t<\/div>\n\t\t\t\t<\/div>\n\t\t\t\t<div class=\"elementor-element elementor-element-f4ad2fb elementor-widget elementor-widget-text-editor\" data-id=\"f4ad2fb\" data-element_type=\"widget\" data-widget_type=\"text-editor.default\">\n\t\t\t\t<div class=\"elementor-widget-container\">\n\t\t\t\t\t\t\t<p><span style=\"font-weight: 400;\">Die Nutzung eines digitalen Fahrtenbuchs bietet eine Menge Vorteile. Zum einen sparen DienstwagenfahrerInnen bei der Nutzung eine Menge Zeit und k\u00f6nnen diese anders investieren. Zum anderen profitieren sie durch eine gro\u00dfe Anzahl verschiedener Assistenzen. Eine gro\u00dfe Erleichterung ist die Vimcar Mischfahrt, denn sie erlaubt die Unterteilung einer Fahrt in verschiedene Zwecke und das sogar Kilometergenau. Au\u00dferdem bietet das Vimcar Fahrtenbuch eine flexible M\u00f6glichkeit, Fahrten zusammenzuf\u00fchren und diese genau nach ihrem Nutzungszweck zu unterteilen. Diese Dinge w\u00e4ren bei einem herk\u00f6mmlichen analogen Fahrtenbuch undenkbar und resultieren in einer enormen Zeitersparnis.<\/span><\/p>\t\t\t\t\t\t<\/div>\n\t\t\t\t<\/div>\n\t\t\t\t<div class=\"elementor-element elementor-element-c554054 elementor-widget elementor-widget-heading\" data-id=\"c554054\" data-element_type=\"widget\" data-widget_type=\"heading.default\">\n\t\t\t\t<div class=\"elementor-widget-container\">\n\t\t\t<h3 class=\"elementor-heading-title elementor-size-default\">Mehr Sicherheit beim Fahrtenbuchf\u00fchren<\/h3>\t\t<\/div>\n\t\t\t\t<\/div>\n\t\t\t\t<div class=\"elementor-element elementor-element-f440fa8 elementor-widget elementor-widget-text-editor\" data-id=\"f440fa8\" data-element_type=\"widget\" data-widget_type=\"text-editor.default\">\n\t\t\t\t<div class=\"elementor-widget-container\">\n\t\t\t\t\t\t\t<p>Auch bietet das Vimcar Fahrtenbuch eine unkomplizierte Handhabung, die es erlaubt zuverl\u00e4ssig zu dokumentieren, welche FahrerInnen das Fahrzeug zu welcher Zeit benutzt haben. \u00c4nderungen oder Verbesserungen an bereits get\u00e4tigten Eintragungen sind ebenfalls m\u00f6glich und die praktische GPS-Unterst\u00fctzung sorgt f\u00fcr eine Automatisierung einiger l\u00e4stiger Arbeiten mit einem analogen Buch. Da es sich bei einem Fahrtenbuch um ein steuerliches Dokument handelt, ist es wichtig, dass auch eine digitale Version rechtssicher ist. Das digitale Fahrtenbuch bietet f\u00fcr Unternehmen eine volle Rechtssicherheit mit schnellem Support und garantierter Geld-Zur\u00fcck-Garantie.<\/p>\t\t\t\t\t\t<\/div>\n\t\t\t\t<\/div>\n\t\t\t\t\t<\/div>\n\t\t<\/div>\n\t\t\t\t\t<\/div>\n\t\t<\/section>\n\t\t\t\t<section class=\"elementor-section elementor-top-section elementor-element elementor-element-be4cd23 elementor-section-boxed elementor-section-height-default elementor-section-height-default\" data-id=\"be4cd23\" data-element_type=\"section\">\n\t\t\t\t\t\t<div class=\"elementor-container elementor-column-gap-default\">\n\t\t\t\t\t<div class=\"elementor-column elementor-col-100 elementor-top-column elementor-element elementor-element-4846c59\" data-id=\"4846c59\" data-element_type=\"column\">\n\t\t\t<div class=\"elementor-widget-wrap elementor-element-populated\">\n\t\t\t\t\t\t<div class=\"elementor-element elementor-element-3e27eac elementor-widget elementor-widget-heading\" data-id=\"3e27eac\" data-element_type=\"widget\" data-widget_type=\"heading.default\">\n\t\t\t\t<div class=\"elementor-widget-container\">\n\t\t\t<h2 class=\"elementor-heading-title elementor-size-default\">Mehr zum Thema Fahrtenkategorisierung<\/h2>\t\t<\/div>\n\t\t\t\t<\/div>\n\t\t\t\t<div class=\"elementor-element elementor-element-ee63751 elementor-widget elementor-widget-text-editor\" data-id=\"ee63751\" data-element_type=\"widget\" data-widget_type=\"text-editor.default\">\n\t\t\t\t<div class=\"elementor-widget-container\">\n\t\t\t\t\t\t\t<ul><li><a href=\"https:\/\/vimcar.de\/boxenstopp\/lexikon\/betriebsfahrt\">Arbeitsweg<\/a><\/li><li><a href=\"https:\/\/vimcar.de\/boxenstopp\/exikon\/betriebsfahrt\">Betriebsfahrt<\/a><\/li><li><a href=\"https:\/\/vimcar.de\/boxenstopp\/lexikon\/privatfahrt\">Privatfahrt<\/a><\/li><li><a href=\"https:\/\/vimcar.de\/boxenstopp\/lexikon\/mischfahrt\">Mischfahrt<\/a><\/li><li><a href=\"https:\/\/vimcar.de\/boxenstopp\/lexikon\/fahrtenkategorien\">Fahrtenkategorien<\/a><\/li><li><a href=\"https:\/\/vimcar.de\/boxenstopp\/lexikon\/familienheimfahrten\">Familienheimfahrt<\/a><\/li><\/ul>\t\t\t\t\t\t<\/div>\n\t\t\t\t<\/div>\n\t\t\t\t\t<\/div>\n\t\t<\/div>\n\t\t\t\t\t<\/div>\n\t\t<\/section>\n\t\t\t\t<\/div>\n\t\t","protected":false},"excerpt":{"rendered":"<p>F\u00fcr ein g\u00fcltiges Fahrtenbuch ist es wichtig jede Fahrt in die Fahrtenkategorien Betriebsfahrt, Arbeitsweg oder Privatfahrt einzuordnen. Damit bei der Erfassung der get\u00e4tigten Fahrt nichts schief l\u00e4uft, erfahren Sie hier welche Informationen Sie in Ihrem Fahrtenbuch einbinden m\u00fcssen. Hier Ratgeber erhalten Privat oder betrieblich? \u2013 Die richtige Kategorisierung im Fahrtenbuch Falls Sie anfangen m\u00f6chten, ein [&hellip;]<\/p>\n","protected":false},"author":30,"featured_media":0,"parent":4813,"menu_order":0,"comment_status":"closed","ping_status":"closed","template":"","meta":{"footnotes":"","_wp_rev_ctl_limit":""},"yoast_head":"<!-- This site is optimized with the Yoast SEO Premium plugin v21.5 (Yoast SEO v21.5) - https:\/\/yoast.com\/wordpress\/plugins\/seo\/ -->\n<title>Fahrtenkategorien | Lexikonartikel - Vimcar Boxenstopp<\/title>\n<meta name=\"description\" content=\"Lese jetzt den Artikel zu Fahrtenkategorien und erfahre, wie du richtig deine Fahrten im Fahrtenbuch kategorisieren.\" \/>\n<meta name=\"robots\" content=\"index, follow, max-snippet:-1, max-image-preview:large, max-video-preview:-1\" \/>\n<link rel=\"canonical\" href=\"https:\/\/vimcar.de\/boxenstopp\/lexikon\/fahrtenkategorien\/\" \/>\n<meta property=\"og:locale\" content=\"de_DE\" \/>\n<meta property=\"og:type\" content=\"article\" \/>\n<meta property=\"og:title\" content=\"Fahrtenkategorien\" \/>\n<meta property=\"og:description\" content=\"Lese jetzt den Artikel zu Fahrtenkategorien und erfahre, wie du richtig deine Fahrten im Fahrtenbuch kategorisieren.\" \/>\n<meta property=\"og:url\" content=\"https:\/\/vimcar.de\/boxenstopp\/lexikon\/fahrtenkategorien\/\" \/>\n<meta property=\"og:site_name\" content=\"Vimcar Boxenstopp\" \/>\n<meta property=\"article:publisher\" content=\"https:\/\/www.facebook.com\/vimcar\" \/>\n<meta property=\"article:modified_time\" content=\"2025-07-23T08:44:00+00:00\" \/>\n<meta property=\"og:image\" content=\"https:\/\/vimcar.de\/boxenstopp\/wp-content\/uploads\/2022\/03\/Fahrtenkategorien.webp\" \/>\n<meta name=\"twitter:card\" content=\"summary_large_image\" \/>\n<meta name=\"twitter:site\" content=\"@goVimcar\" \/>\n<meta name=\"twitter:label1\" content=\"Gesch\u00e4tzte Lesezeit\" \/>\n\t<meta name=\"twitter:data1\" content=\"6\u00a0Minuten\" \/>\n<!-- \/ Yoast SEO Premium plugin. -->","yoast_head_json":{"title":"Fahrtenkategorien | Lexikonartikel - Vimcar Boxenstopp","description":"Lese jetzt den Artikel zu Fahrtenkategorien und erfahre, wie du richtig deine Fahrten im Fahrtenbuch kategorisieren.","robots":{"index":"index","follow":"follow","max-snippet":"max-snippet:-1","max-image-preview":"max-image-preview:large","max-video-preview":"max-video-preview:-1"},"canonical":"https:\/\/vimcar.de\/boxenstopp\/lexikon\/fahrtenkategorien\/","og_locale":"de_DE","og_type":"article","og_title":"Fahrtenkategorien","og_description":"Lese jetzt den Artikel zu Fahrtenkategorien und erfahre, wie du richtig deine Fahrten im Fahrtenbuch kategorisieren.","og_url":"https:\/\/vimcar.de\/boxenstopp\/lexikon\/fahrtenkategorien\/","og_site_name":"Vimcar Boxenstopp","article_publisher":"https:\/\/www.facebook.com\/vimcar","article_modified_time":"2025-07-23T08:44:00+00:00","og_image":[{"url":"https:\/\/vimcar.de\/boxenstopp\/wp-content\/uploads\/2022\/03\/Fahrtenkategorien.webp"}],"twitter_card":"summary_large_image","twitter_site":"@goVimcar","twitter_misc":{"Gesch\u00e4tzte Lesezeit":"6\u00a0Minuten"},"schema":{"@context":"https:\/\/schema.org","@graph":[{"@type":"WebPage","@id":"https:\/\/vimcar.de\/boxenstopp\/lexikon\/fahrtenkategorien\/","url":"https:\/\/vimcar.de\/boxenstopp\/lexikon\/fahrtenkategorien\/","name":"Fahrtenkategorien | Lexikonartikel - Vimcar Boxenstopp","isPartOf":{"@id":"https:\/\/vimcar.de\/boxenstopp\/#website"},"datePublished":"2023-07-25T16:22:12+00:00","dateModified":"2025-07-23T08:44:00+00:00","description":"Lese jetzt den Artikel zu Fahrtenkategorien und erfahre, wie du richtig deine Fahrten im Fahrtenbuch kategorisieren.","breadcrumb":{"@id":"https:\/\/vimcar.de\/boxenstopp\/lexikon\/fahrtenkategorien\/#breadcrumb"},"inLanguage":"de","potentialAction":[{"@type":"ReadAction","target":["https:\/\/vimcar.de\/boxenstopp\/lexikon\/fahrtenkategorien\/"]}]},{"@type":"BreadcrumbList","@id":"https:\/\/vimcar.de\/boxenstopp\/lexikon\/fahrtenkategorien\/#breadcrumb","itemListElement":[{"@type":"ListItem","position":1,"name":"Startseite","item":"https:\/\/vimcar.de\/boxenstopp\/"},{"@type":"ListItem","position":2,"name":"Das Fuhrparklexikon","item":"https:\/\/vimcar.de\/boxenstopp\/lexikon\/"},{"@type":"ListItem","position":3,"name":"Fahrtenkategorien"}]},{"@type":"WebSite","@id":"https:\/\/vimcar.de\/boxenstopp\/#website","url":"https:\/\/vimcar.de\/boxenstopp\/","name":"Vimcar Boxenstopp","description":"- Die Lernplattform f\u00fcr Fuhrparkleiter","publisher":{"@id":"https:\/\/vimcar.de\/boxenstopp\/#organization"},"potentialAction":[{"@type":"SearchAction","target":{"@type":"EntryPoint","urlTemplate":"https:\/\/vimcar.de\/boxenstopp\/?s={search_term_string}"},"query-input":"required name=search_term_string"}],"inLanguage":"de"},{"@type":"Organization","@id":"https:\/\/vimcar.de\/boxenstopp\/#organization","name":"Vimcar Boxenstopp - Fuhrparkwissen","url":"https:\/\/vimcar.de\/boxenstopp\/","logo":{"@type":"ImageObject","inLanguage":"de","@id":"https:\/\/vimcar.de\/boxenstopp\/#\/schema\/logo\/image\/","url":"https:\/\/vimcar.de\/boxenstopp\/wp-content\/uploads\/2020\/10\/logo-vimcar-boxenstopp.png","contentUrl":"https:\/\/vimcar.de\/boxenstopp\/wp-content\/uploads\/2020\/10\/logo-vimcar-boxenstopp.png","width":250,"height":50,"caption":"Vimcar Boxenstopp - Fuhrparkwissen"},"image":{"@id":"https:\/\/vimcar.de\/boxenstopp\/#\/schema\/logo\/image\/"},"sameAs":["https:\/\/www.facebook.com\/vimcar","https:\/\/twitter.com\/goVimcar","https:\/\/www.instagram.com\/vimcar_official\/","https:\/\/de.linkedin.com\/company\/vimcar","https:\/\/www.pinterest.de\/vimcar\/","https:\/\/www.youtube.com\/channel\/UCWRajoA7OnWsAw-ezAahZPg"]}]}},"_links":{"self":[{"href":"https:\/\/vimcar.de\/boxenstopp\/wp-json\/wp\/v2\/pages\/1645"}],"collection":[{"href":"https:\/\/vimcar.de\/boxenstopp\/wp-json\/wp\/v2\/pages"}],"about":[{"href":"https:\/\/vimcar.de\/boxenstopp\/wp-json\/wp\/v2\/types\/page"}],"author":[{"embeddable":true,"href":"https:\/\/vimcar.de\/boxenstopp\/wp-json\/wp\/v2\/users\/30"}],"replies":[{"embeddable":true,"href":"https:\/\/vimcar.de\/boxenstopp\/wp-json\/wp\/v2\/comments?post=1645"}],"version-history":[{"count":4,"href":"https:\/\/vimcar.de\/boxenstopp\/wp-json\/wp\/v2\/pages\/1645\/revisions"}],"predecessor-version":[{"id":52671,"href":"https:\/\/vimcar.de\/boxenstopp\/wp-json\/wp\/v2\/pages\/1645\/revisions\/52671"}],"up":[{"embeddable":true,"href":"https:\/\/vimcar.de\/boxenstopp\/wp-json\/wp\/v2\/pages\/4813"}],"wp:attachment":[{"href":"https:\/\/vimcar.de\/boxenstopp\/wp-json\/wp\/v2\/media?parent=1645"}],"curies":[{"name":"wp","href":"https:\/\/api.w.org\/{rel}","templated":true}]}}