{"id":1676,"date":"2023-07-25T18:32:36","date_gmt":"2023-07-25T16:32:36","guid":{"rendered":"https:\/\/vimcar.de\/boxenstopp\/?page_id=1676"},"modified":"2023-07-25T18:46:34","modified_gmt":"2023-07-25T16:46:34","slug":"mischfahrt","status":"publish","type":"page","link":"https:\/\/vimcar.de\/boxenstopp\/lexikon\/mischfahrt\/","title":{"rendered":"Mischfahrt"},"content":{"rendered":"\t\t<div data-elementor-type=\"wp-page\" data-elementor-id=\"1676\" class=\"elementor elementor-1676\" data-elementor-post-type=\"page\">\n\t\t\t\t\t\t<section class=\"elementor-section elementor-top-section elementor-element elementor-element-36ca0adc elementor-section-boxed elementor-section-height-default elementor-section-height-default\" data-id=\"36ca0adc\" data-element_type=\"section\">\n\t\t\t\t\t\t<div class=\"elementor-container elementor-column-gap-default\">\n\t\t\t\t\t<div class=\"elementor-column elementor-col-100 elementor-top-column elementor-element elementor-element-235e507d\" data-id=\"235e507d\" data-element_type=\"column\">\n\t\t\t<div class=\"elementor-widget-wrap elementor-element-populated\">\n\t\t\t\t\t\t<section class=\"elementor-section elementor-inner-section elementor-element elementor-element-a44e086 elementor-section-boxed elementor-section-height-default elementor-section-height-default\" data-id=\"a44e086\" data-element_type=\"section\">\n\t\t\t\t\t\t<div class=\"elementor-container elementor-column-gap-default\">\n\t\t\t\t\t<div class=\"elementor-column elementor-col-50 elementor-inner-column elementor-element elementor-element-db9af82\" data-id=\"db9af82\" data-element_type=\"column\">\n\t\t\t<div class=\"elementor-widget-wrap elementor-element-populated\">\n\t\t\t\t\t\t<div class=\"elementor-element elementor-element-5403dfc elementor-widget elementor-widget-text-editor\" data-id=\"5403dfc\" data-element_type=\"widget\" data-widget_type=\"text-editor.default\">\n\t\t\t\t<div class=\"elementor-widget-container\">\n\t\t\t\t\t\t\t<p>Der Fiskus legt sehr viel Wert darauf, dass ein Fahrtenbuch gr\u00fcndlich gef\u00fchrt wird und untersucht ganz genau, ob sich Fehler eingeschlichen haben. Mit besonderer Aufmerksamkeit sollten Sie sich vor allem auch Umwegen und Mischfahrten widmen.\u00a0<span style=\"text-align: inherit; color: var( --e-global-color-text ); font-family: var( --e-global-typography-text-font-family ), Source Sans Pro; font-weight: var( --e-global-typography-text-font-weight );\">Eine Mischfahrt ist eine Fahrt mit einem Fahrzeug, die Sie weder als gesch\u00e4ftlich noch privat kategorisieren. Ein Beispiel w\u00e4re, wenn Sie auf dem Weg zur Arbeit Ihre Kinder zur Schule bringen. In diesem Fall gelten besondere Regelungen f\u00fcr die Dokumentation im Fahrtenbuch.<\/span><\/p>\t\t\t\t\t\t<\/div>\n\t\t\t\t<\/div>\n\t\t\t\t<div class=\"elementor-element elementor-element-6fdba91 elementor-widget elementor-widget-button\" data-id=\"6fdba91\" data-element_type=\"widget\" data-widget_type=\"button.default\">\n\t\t\t\t<div class=\"elementor-widget-container\">\n\t\t\t\t\t<div class=\"elementor-button-wrapper\">\n\t\t\t<a class=\"elementor-button elementor-button-link elementor-size-sm\" href=\"#ratgeber-mischfahrt\">\n\t\t\t\t\t\t<span class=\"elementor-button-content-wrapper\">\n\t\t\t\t\t\t\t\t\t<span class=\"elementor-button-text\">Hier Ratgeber zur Fahrtenkategorisierung erhalten<\/span>\n\t\t\t\t\t<\/span>\n\t\t\t\t\t<\/a>\n\t\t<\/div>\n\t\t\t\t<\/div>\n\t\t\t\t<\/div>\n\t\t\t\t\t<\/div>\n\t\t<\/div>\n\t\t\t\t<div class=\"elementor-column elementor-col-50 elementor-inner-column elementor-element elementor-element-6e959fb\" data-id=\"6e959fb\" data-element_type=\"column\">\n\t\t\t<div class=\"elementor-widget-wrap elementor-element-populated\">\n\t\t\t\t\t\t<div class=\"elementor-element elementor-element-7a617de elementor-widget elementor-widget-image\" data-id=\"7a617de\" data-element_type=\"widget\" data-widget_type=\"image.default\">\n\t\t\t\t<div class=\"elementor-widget-container\">\n\t\t\t\t\t\t\t\t\t\t\t\t\t<img fetchpriority=\"high\" decoding=\"async\" width=\"800\" height=\"409\" src=\"https:\/\/vimcar.de\/boxenstopp\/wp-content\/uploads\/2020\/01\/Mischfahrt-\u00dcbersichtz-1024x524.png\" class=\"attachment-large size-large wp-image-8908\" alt=\"\u00dcbersicht \u00fcber die Fahrten im Fahrtenbuch\" srcset=\"https:\/\/vimcar.de\/boxenstopp\/wp-content\/uploads\/2020\/01\/Mischfahrt-\u00dcbersichtz-1024x524.png 1024w, https:\/\/vimcar.de\/boxenstopp\/wp-content\/uploads\/2020\/01\/Mischfahrt-\u00dcbersichtz-300x154.png 300w, https:\/\/vimcar.de\/boxenstopp\/wp-content\/uploads\/2020\/01\/Mischfahrt-\u00dcbersichtz-768x393.png 768w, https:\/\/vimcar.de\/boxenstopp\/wp-content\/uploads\/2020\/01\/Mischfahrt-\u00dcbersichtz-1536x786.png 1536w, https:\/\/vimcar.de\/boxenstopp\/wp-content\/uploads\/2020\/01\/Mischfahrt-\u00dcbersichtz-24x12.png 24w, https:\/\/vimcar.de\/boxenstopp\/wp-content\/uploads\/2020\/01\/Mischfahrt-\u00dcbersichtz-36x18.png 36w, https:\/\/vimcar.de\/boxenstopp\/wp-content\/uploads\/2020\/01\/Mischfahrt-\u00dcbersichtz-48x25.png 48w, https:\/\/vimcar.de\/boxenstopp\/wp-content\/uploads\/2020\/01\/Mischfahrt-\u00dcbersichtz.png 1917w\" sizes=\"(max-width: 800px) 100vw, 800px\" \/>\t\t\t\t\t\t\t\t\t\t\t\t\t<\/div>\n\t\t\t\t<\/div>\n\t\t\t\t\t<\/div>\n\t\t<\/div>\n\t\t\t\t\t<\/div>\n\t\t<\/section>\n\t\t\t\t<div class=\"elementor-element elementor-element-cdfc87f elementor-widget elementor-widget-heading\" data-id=\"cdfc87f\" data-element_type=\"widget\" data-widget_type=\"heading.default\">\n\t\t\t\t<div class=\"elementor-widget-container\">\n\t\t\t<h2 class=\"elementor-heading-title elementor-size-default\">Die Mischfahrt und ihre richtige Kategorisierung\n<\/h2>\t\t<\/div>\n\t\t\t\t<\/div>\n\t\t\t\t<div class=\"elementor-element elementor-element-b8e959e elementor-widget elementor-widget-text-editor\" data-id=\"b8e959e\" data-element_type=\"widget\" data-widget_type=\"text-editor.default\">\n\t\t\t\t<div class=\"elementor-widget-container\">\n\t\t\t\t\t\t\t<p>Um Probleme mit dem Finanzamt zu vermeiden, ist es wichtig, Fahrten im\u00a0<a href=\"https:\/\/vimcar.de\/fahrtenbuch\" target=\"_blank\" rel=\"noopener\">Fahrtenbuch<\/a>\u00a0richtig zu dokumentieren. Doch manchmal ist es nicht so einfach, zwischen betrieblichen und privaten Wegen zu unterscheiden. Was passiert, wenn Sie auf dem Weg zum Gesch\u00e4ftspartner einen kleinen Umweg aus privaten Gr\u00fcnden machen? So setzen Sie vielleicht Ihr Kind auf dem Arbeitsweg schnell am Kindergarten ab oder planen einen Zwischenstopp im Fitnessstudio. Solch kleine Stopps sind grunds\u00e4tzlich nicht verboten &#8211; wichtig ist nur, dass Sie diese richtig kategorisieren.<\/p>\t\t\t\t\t\t<\/div>\n\t\t\t\t<\/div>\n\t\t\t\t<section class=\"elementor-section elementor-inner-section elementor-element elementor-element-9443752 elementor-section-boxed elementor-section-height-default elementor-section-height-default\" data-id=\"9443752\" data-element_type=\"section\">\n\t\t\t\t\t\t<div class=\"elementor-container elementor-column-gap-default\">\n\t\t\t\t\t<div class=\"elementor-column elementor-col-50 elementor-inner-column elementor-element elementor-element-19df6c6\" data-id=\"19df6c6\" data-element_type=\"column\">\n\t\t\t<div class=\"elementor-widget-wrap elementor-element-populated\">\n\t\t\t\t\t\t<div class=\"elementor-element elementor-element-9fc47f7 elementor-widget elementor-widget-image\" data-id=\"9fc47f7\" data-element_type=\"widget\" data-widget_type=\"image.default\">\n\t\t\t\t<div class=\"elementor-widget-container\">\n\t\t\t\t\t\t\t\t\t\t\t\t\t\t<a href=\"#ratgeber-mischfahrt\">\n\t\t\t\t\t\t\t<img decoding=\"async\" width=\"636\" height=\"900\" src=\"https:\/\/vimcar.de\/boxenstopp\/wp-content\/uploads\/2020\/10\/Ratgeber-zur-Fahrtenkategorisierung.jpg\" class=\"attachment-large size-large wp-image-15520\" alt=\"Ratgeber zur Fahrtenkategorisierung\" srcset=\"https:\/\/vimcar.de\/boxenstopp\/wp-content\/uploads\/2020\/10\/Ratgeber-zur-Fahrtenkategorisierung.jpg 636w, https:\/\/vimcar.de\/boxenstopp\/wp-content\/uploads\/2020\/10\/Ratgeber-zur-Fahrtenkategorisierung-212x300.jpg 212w, https:\/\/vimcar.de\/boxenstopp\/wp-content\/uploads\/2020\/10\/Ratgeber-zur-Fahrtenkategorisierung-17x24.jpg 17w, https:\/\/vimcar.de\/boxenstopp\/wp-content\/uploads\/2020\/10\/Ratgeber-zur-Fahrtenkategorisierung-25x36.jpg 25w, https:\/\/vimcar.de\/boxenstopp\/wp-content\/uploads\/2020\/10\/Ratgeber-zur-Fahrtenkategorisierung-34x48.jpg 34w\" sizes=\"(max-width: 636px) 100vw, 636px\" \/>\t\t\t\t\t\t\t\t<\/a>\n\t\t\t\t\t\t\t\t\t\t\t\t\t<\/div>\n\t\t\t\t<\/div>\n\t\t\t\t\t<\/div>\n\t\t<\/div>\n\t\t\t\t<div class=\"elementor-column elementor-col-50 elementor-inner-column elementor-element elementor-element-e660a0d\" data-id=\"e660a0d\" data-element_type=\"column\">\n\t\t\t<div class=\"elementor-widget-wrap elementor-element-populated\">\n\t\t\t\t\t\t<div class=\"elementor-element elementor-element-e8321da elementor-widget elementor-widget-heading\" data-id=\"e8321da\" data-element_type=\"widget\" data-widget_type=\"heading.default\">\n\t\t\t\t<div class=\"elementor-widget-container\">\n\t\t\t<h2 class=\"elementor-heading-title elementor-size-default\">Was genau ist eine Mischfahrt?\n<\/h2>\t\t<\/div>\n\t\t\t\t<\/div>\n\t\t\t\t<div class=\"elementor-element elementor-element-3116c55 elementor-widget elementor-widget-text-editor\" data-id=\"3116c55\" data-element_type=\"widget\" data-widget_type=\"text-editor.default\">\n\t\t\t\t<div class=\"elementor-widget-container\">\n\t\t\t\t\t\t\t<p>Die Mischfahrt ist eine Fahrt, welche aus einer Kombination aus betrieblichen und\u00a0privaten, oder dem\u00a0<a href=\"https:\/\/vimcar.de\/boxenstopp\/lexikon\/arbeitsweg\" target=\"_blank\" rel=\"noreferrer noopener\" aria-label=\"Arbeitsweg (\u00f6ffnet in neuem Tab)\">Arbeitsweg<\/a>\u00a0besteht. Sie entsteht immer dann, wenn der zur\u00fcckgelegte Weg nicht nur unter eine Kategorisierung, sondern mindestens zwei f\u00e4llt. Eine Mischfahrt kann auch dann entstehen, wenn der Fahrer einen Umweg aufgrund eines vorliegenden Staus macht. Ist der Umweg f\u00fcr das Finanzamt nicht nachvollziehbar, wird dem Fahrer hier schnell eine private Fahrt unterstellt. Ein Beispiel: Auf dem Nachhauseweg ruft Sie ein Kunde an und fragt ob Sie Zeit f\u00fcr einen kurzen Termin haben. Der kleine Zwischenstopp passt Ihnen in die Abendplanung, also willigen Sie ein. Ihr Arbeitsweg betr\u00e4gt normalerweise 20 km und hat sich nun durch den Umweg auf 25 km verl\u00e4ngert &#8211; was passiert jetzt? In solch einem Fall ist es ratsam, den Weg als einen Mischweg anzugeben. Denn hier k\u00f6nnen Sie einen Teil der Fahrt als Dienstweg kategorisieren und von der Steuer absetzen.<\/p>\t\t\t\t\t\t<\/div>\n\t\t\t\t<\/div>\n\t\t\t\t\t<\/div>\n\t\t<\/div>\n\t\t\t\t\t<\/div>\n\t\t<\/section>\n\t\t\t\t<div class=\"elementor-element elementor-element-b46b6de elementor-widget elementor-widget-heading\" data-id=\"b46b6de\" data-element_type=\"widget\" data-widget_type=\"heading.default\">\n\t\t\t\t<div class=\"elementor-widget-container\">\n\t\t\t<h2 class=\"elementor-heading-title elementor-size-default\">Die richtige Dokumentation\n<\/h2>\t\t<\/div>\n\t\t\t\t<\/div>\n\t\t\t\t<div class=\"elementor-element elementor-element-bb94bd0 elementor-widget elementor-widget-text-editor\" data-id=\"bb94bd0\" data-element_type=\"widget\" data-widget_type=\"text-editor.default\">\n\t\t\t\t<div class=\"elementor-widget-container\">\n\t\t\t\t\t\t\t<p><!-- wp:paragraph --><\/p>\n<p><!-- \/wp:paragraph --><!-- wp:heading --><\/p>\n<p>Bei der Versteuerung \u00fcber die <a href=\"https:\/\/vimcar.de\/boxenstopp\/lexikon\/1-prozent-regelung\" target=\"_blank\" rel=\"noreferrer noopener\" aria-label=\"1-%-Regelung (\u00f6ffnet in neuem Tab)\">1-%-Regelung<\/a> entf\u00e4llt die Dokumentation der Mischfahrt. Im Vergleich m\u00fcssen Sie bei der F\u00fchrung eines Fahrtenbuchs darauf achten, die Fahrten immer richtig anzugeben. Deswegen empfehlen wir, dass Sie bei Umwegen, wie umfahrenden Staus, immer ein Kommentar hinterlegen. Erkl\u00e4ren Sie in dem Kommentar, aus welchem Grund der l\u00e4ngere Weg entstand. Besteht die Mischfahrt aus einem Anteil Privat- und Betriebsfahrt, m\u00fcssen Sie bei einem handschriftlichen Fahrtenbuch jede Fahrt gesondert dokumentieren. Auch hier hilft ein Kommentar um Misstrauen zu verhindern. Ein privat-gef\u00fchrter Umweg, wie das Abholen der Kinder von der Schule, ist somit einfach gerechtfertigt.<\/p>\n<p>Hinweis: Sind Sie sich einmal unsicher, wie Sie Ihre Fahrt aufteilen und\u00a0<a href=\"https:\/\/vimcar.de\/boxenstopp\/lexikon\/fahrtenkategorien\" target=\"_blank\" rel=\"noreferrer noopener\" aria-label=\" (\u00f6ffnet in neuem Tab)\">kategorisieren<\/a>\u00a0sollen ist es ratsam bei Ihrem <a href=\"https:\/\/vimcar.de\/boxenstopp\/lexikon\/steuerberater\" target=\"_blank\" rel=\"noreferrer noopener\" aria-label=\"Steuerberater (\u00f6ffnet in neuem Tab)\">Steuerberater <\/a>nachzufragen. Denken Sie jedoch daran, dass Sie Fahrten innerhalb von sieben Tagen kategorisieren m\u00fcssen, damit Ihr Fahrtenbuch finanzkonform bleibt.<\/p>\n<p><!-- \/wp:columns --><\/p>\t\t\t\t\t\t<\/div>\n\t\t\t\t<\/div>\n\t\t\t\t<div class=\"elementor-element elementor-element-a907817 elementor-widget elementor-widget-spacer\" data-id=\"a907817\" data-element_type=\"widget\" data-widget_type=\"spacer.default\">\n\t\t\t\t<div class=\"elementor-widget-container\">\n\t\t\t\t\t<div class=\"elementor-spacer\">\n\t\t\t<div class=\"elementor-spacer-inner\"><\/div>\n\t\t<\/div>\n\t\t\t\t<\/div>\n\t\t\t\t<\/div>\n\t\t\t\t<div class=\"elementor-element elementor-element-eb92460 elementor-widget elementor-widget-html\" data-id=\"eb92460\" data-element_type=\"widget\" data-widget_type=\"html.default\">\n\t\t\t\t<div class=\"elementor-widget-container\">\n\t\t\t<span id=\"ratgeber-mischfahrt\"> <\/span>\t\t<\/div>\n\t\t\t\t<\/div>\n\t\t\t\t<div class=\"elementor-element elementor-element-24f8ecf elementor-widget elementor-widget-button\" data-id=\"24f8ecf\" data-element_type=\"widget\" data-widget_type=\"button.default\">\n\t\t\t\t<div class=\"elementor-widget-container\">\n\t\t\t\t\t<div class=\"elementor-button-wrapper\">\n\t\t\t<a class=\"elementor-button elementor-button-link elementor-size-lg\" href=\"#\">\n\t\t\t\t\t\t<span class=\"elementor-button-content-wrapper\">\n\t\t\t\t\t\t\t\t\t<span class=\"elementor-button-text\">GRATIS VORLAGE<\/span>\n\t\t\t\t\t<\/span>\n\t\t\t\t\t<\/a>\n\t\t<\/div>\n\t\t\t\t<\/div>\n\t\t\t\t<\/div>\n\t\t\t\t\t<\/div>\n\t\t<\/div>\n\t\t\t\t\t<\/div>\n\t\t<\/section>\n\t\t\t\t<section class=\"elementor-section elementor-top-section elementor-element elementor-element-d186ffc elementor-section-boxed elementor-section-height-default elementor-section-height-default\" data-id=\"d186ffc\" data-element_type=\"section\">\n\t\t\t\t\t\t<div class=\"elementor-container elementor-column-gap-default\">\n\t\t\t\t\t<div class=\"elementor-column elementor-col-100 elementor-top-column elementor-element elementor-element-4b61a1e\" data-id=\"4b61a1e\" data-element_type=\"column\" data-settings=\"{&quot;background_background&quot;:&quot;classic&quot;}\">\n\t\t\t<div class=\"elementor-widget-wrap elementor-element-populated\">\n\t\t\t\t\t\t<div class=\"elementor-element elementor-element-a460096 elementor-widget elementor-widget-spacer\" data-id=\"a460096\" data-element_type=\"widget\" data-widget_type=\"spacer.default\">\n\t\t\t\t<div class=\"elementor-widget-container\">\n\t\t\t\t\t<div class=\"elementor-spacer\">\n\t\t\t<div class=\"elementor-spacer-inner\"><\/div>\n\t\t<\/div>\n\t\t\t\t<\/div>\n\t\t\t\t<\/div>\n\t\t\t\t<div class=\"elementor-element elementor-element-a452e71 elementor-widget elementor-widget-heading\" data-id=\"a452e71\" data-element_type=\"widget\" data-widget_type=\"heading.default\">\n\t\t\t\t<div class=\"elementor-widget-container\">\n\t\t\t<h3 class=\"elementor-heading-title elementor-size-default\">Hier Ratgeber zur Fahrtenkategorisierung herunterladen!\u200b\u200b<\/h3>\t\t<\/div>\n\t\t\t\t<\/div>\n\t\t\t\t<section class=\"elementor-section elementor-inner-section elementor-element elementor-element-89cb5b8 elementor-section-boxed elementor-section-height-default elementor-section-height-default\" data-id=\"89cb5b8\" data-element_type=\"section\">\n\t\t\t\t\t\t<div class=\"elementor-container elementor-column-gap-default\">\n\t\t\t\t\t<div class=\"elementor-column elementor-col-50 elementor-inner-column elementor-element elementor-element-8122af3\" data-id=\"8122af3\" data-element_type=\"column\" data-settings=\"{&quot;background_background&quot;:&quot;classic&quot;}\">\n\t\t\t<div class=\"elementor-widget-wrap elementor-element-populated\">\n\t\t\t\t\t\t<div class=\"elementor-element elementor-element-34bc815 elementor-widget elementor-widget-shortcode\" data-id=\"34bc815\" data-element_type=\"widget\" data-widget_type=\"shortcode.default\">\n\t\t\t\t<div class=\"elementor-widget-container\">\n\t\t\t\t\t<div class=\"elementor-shortcode\"><script>(function() {\n\twindow.mc4wp = window.mc4wp || {\n\t\tlisteners: [],\n\t\tforms: {\n\t\t\ton: function(evt, cb) {\n\t\t\t\twindow.mc4wp.listeners.push(\n\t\t\t\t\t{\n\t\t\t\t\t\tevent   : evt,\n\t\t\t\t\t\tcallback: cb\n\t\t\t\t\t}\n\t\t\t\t);\n\t\t\t}\n\t\t}\n\t}\n})();\n<\/script><!-- Mailchimp for WordPress v4.9.7 - https:\/\/wordpress.org\/plugins\/mailchimp-for-wp\/ --><form id=\"mc4wp-form-1\" class=\"mc4wp-form mc4wp-form-3789 mc4wp-form-styles-builder mc4wp-ajax\" method=\"post\" data-id=\"3789\" data-name=\"UF - Guide zur Fahrtenkategorisierung\" ><div class=\"mc4wp-form-fields\"><input type=\"hidden\" name=\"UTMSOURCE\" value=\"\">\r\n<input type=\"hidden\" name=\"UTMTERM\" value=\"\">\r\n<input type=\"hidden\" name=\"UTMCAMP\" value=\"\">\r\n<input type=\"hidden\" name=\"UTMMEDIUM\" value=\"\">\r\n<input type=\"hidden\" name=\"FUNNEL_ST\" value=\"ContentLead\">\r\n<input type=\"hidden\" name=\"DOI\" value=\"Explicit\">\r\n<input type=\"hidden\" name=\"BL\" value=\"false\">\r\n<input type=\"hidden\" name=\"SRCS\" value=\"BS\">\r\n<input type=\"hidden\" name=\"LEAD_SR\" value=\"SimpleForm\">\r\n<input type=\"hidden\" name=\"REFE\" value=\"https:\/\/vimcar.de\/boxenstopp\/wp-json\/wp\/v2\/pages\/1676\/\">\r\n<input type=\"hidden\" name=\"C_NAME\" value=\"BS_Guide_Fahrtenkategorien\">\r\n\r\n<!-- Email Input -->\r\n<input type=\"email\" name=\"EMAIL\" placeholder=\"E-Mail-Adresse*\" required \/>\r\n\r\n<!-- Consent Checkbox -->\r\n<p style=\"font-size: 15px;\">\r\n    <input name=\"AGREE_TO_TERMS\" type=\"checkbox\" value=\"1\" required>\r\n    Hiermit akzeptiere ich die \r\n    <a href=\"https:\/\/vimcar.de\/agb\" target=\"_blank\" rel=\"noopener noreferrer\">AGB<\/a> und \r\n    <a href=\"https:\/\/vimcar.de\/datenschutz\" target=\"_blank\" rel=\"noopener noreferrer\">Datenschutzbestimmungen<\/a> der Vimcar GmbH.\r\n<\/p>\r\n\r\n<!-- Submit Button -->\r\n<input type=\"submit\" value=\"herunterladen\" \/>\r\n\r\n<!-- GDPR Note -->\r\n<p style=\"font-size: 14px;\">\r\n    Wir nutzen Ihre Daten zur Bereitstellung unserer Dienstleistung. Durch das Absenden dieses Formulars akzeptieren Sie, von uns per Mail und Telefon kontaktiert zu werden. \r\n    Sie k\u00f6nnen diese Einwilligung jederzeit mit Wirkung f\u00fcr die Zukunft widerrufen.\r\n<\/p>\r\n<\/div><label style=\"display: none !important;\">Wenn du ein Mensch bist, lasse das Feld leer: <input type=\"text\" name=\"_mc4wp_honeypot\" value=\"\" tabindex=\"-1\" autocomplete=\"off\" \/><\/label><input type=\"hidden\" name=\"_mc4wp_timestamp\" value=\"1777513498\" \/><input type=\"hidden\" name=\"_mc4wp_form_id\" value=\"3789\" \/><input type=\"hidden\" name=\"_mc4wp_form_element_id\" value=\"mc4wp-form-1\" \/><div class=\"mc4wp-response\"><\/div><\/form><!-- \/ Mailchimp for WordPress Plugin --><\/div>\n\t\t\t\t<\/div>\n\t\t\t\t<\/div>\n\t\t\t\t\t<\/div>\n\t\t<\/div>\n\t\t\t\t<div class=\"elementor-column elementor-col-50 elementor-inner-column elementor-element elementor-element-b5eea57\" data-id=\"b5eea57\" data-element_type=\"column\">\n\t\t\t<div class=\"elementor-widget-wrap elementor-element-populated\">\n\t\t\t\t\t\t<div class=\"elementor-element elementor-element-ab3b559 elementor-widget elementor-widget-image\" data-id=\"ab3b559\" data-element_type=\"widget\" data-widget_type=\"image.default\">\n\t\t\t\t<div class=\"elementor-widget-container\">\n\t\t\t\t\t\t\t\t\t\t\t\t\t<img decoding=\"async\" width=\"800\" height=\"600\" src=\"https:\/\/vimcar.de\/boxenstopp\/wp-content\/uploads\/2022\/04\/Arbeitsweg-Ratgeber.png\" class=\"attachment-large size-large wp-image-34492\" alt=\"Ratgeber zur Fahrtenkategorisierung in Hand gehalten\" srcset=\"https:\/\/vimcar.de\/boxenstopp\/wp-content\/uploads\/2022\/04\/Arbeitsweg-Ratgeber.png 800w, https:\/\/vimcar.de\/boxenstopp\/wp-content\/uploads\/2022\/04\/Arbeitsweg-Ratgeber-300x225.png 300w, https:\/\/vimcar.de\/boxenstopp\/wp-content\/uploads\/2022\/04\/Arbeitsweg-Ratgeber-768x576.png 768w, https:\/\/vimcar.de\/boxenstopp\/wp-content\/uploads\/2022\/04\/Arbeitsweg-Ratgeber-24x18.png 24w, https:\/\/vimcar.de\/boxenstopp\/wp-content\/uploads\/2022\/04\/Arbeitsweg-Ratgeber-36x27.png 36w, https:\/\/vimcar.de\/boxenstopp\/wp-content\/uploads\/2022\/04\/Arbeitsweg-Ratgeber-48x36.png 48w\" sizes=\"(max-width: 800px) 100vw, 800px\" \/>\t\t\t\t\t\t\t\t\t\t\t\t\t<\/div>\n\t\t\t\t<\/div>\n\t\t\t\t\t<\/div>\n\t\t<\/div>\n\t\t\t\t\t<\/div>\n\t\t<\/section>\n\t\t\t\t\t<\/div>\n\t\t<\/div>\n\t\t\t\t\t<\/div>\n\t\t<\/section>\n\t\t\t\t<section class=\"elementor-section elementor-top-section elementor-element elementor-element-a71a0b2 elementor-section-boxed elementor-section-height-default elementor-section-height-default\" data-id=\"a71a0b2\" data-element_type=\"section\">\n\t\t\t\t\t\t<div class=\"elementor-container elementor-column-gap-default\">\n\t\t\t\t\t<div class=\"elementor-column elementor-col-100 elementor-top-column elementor-element elementor-element-6ca5739\" data-id=\"6ca5739\" data-element_type=\"column\">\n\t\t\t<div class=\"elementor-widget-wrap elementor-element-populated\">\n\t\t\t\t\t\t<div class=\"elementor-element elementor-element-6db6d68 elementor-widget elementor-widget-spacer\" data-id=\"6db6d68\" data-element_type=\"widget\" data-widget_type=\"spacer.default\">\n\t\t\t\t<div class=\"elementor-widget-container\">\n\t\t\t\t\t<div class=\"elementor-spacer\">\n\t\t\t<div class=\"elementor-spacer-inner\"><\/div>\n\t\t<\/div>\n\t\t\t\t<\/div>\n\t\t\t\t<\/div>\n\t\t\t\t<div class=\"elementor-element elementor-element-830bea1 elementor-widget elementor-widget-heading\" data-id=\"830bea1\" data-element_type=\"widget\" data-widget_type=\"heading.default\">\n\t\t\t\t<div class=\"elementor-widget-container\">\n\t\t\t<h2 class=\"elementor-heading-title elementor-size-default\">Hilfsmittel zur Sorgfalt<\/h2>\t\t<\/div>\n\t\t\t\t<\/div>\n\t\t\t\t<div class=\"elementor-element elementor-element-ba6a2c2 elementor-widget elementor-widget-text-editor\" data-id=\"ba6a2c2\" data-element_type=\"widget\" data-widget_type=\"text-editor.default\">\n\t\t\t\t<div class=\"elementor-widget-container\">\n\t\t\t\t\t\t\t<p>Ein Fahrtenbuch muss bis ins kleinste Detail richtig gef\u00fchrt werden, um beim Finanzamt anerkannt zu werden \u2013 und doch kann sich der Aufwand finanziell erheblich lohnen. Mit einem Fahrtenbuch k\u00f6nnen vor allem diejenigen, die ihren Firmenwagen \u00fcberwiegend zu betrieblichen Zwecken aber auch anteilig privat nutzen, sparen. Bei der Steuerersparnis k\u00f6nnen z. B. elektronische Fahrtenb\u00fccher helfen, denn sie vereinfachen den Prozess des finanzamtkonformen Fahrtenbuchschreibens. Digitale Fahrtenb\u00fccher verhindern, dass im hektischen Arbeitstag das Fahrtenbuchschreiben untergeht. Gleichzeitig l\u00f6sen sie das Problem der Umwege und Mischfahrten.\u00a0Elektronische Fahrtenb\u00fccher zeichnen alle Fahrten automatisch auf und geben dem Nutzer die M\u00f6glichkeit, Fahrten im Nachhinein als Mischfahrt zu kennzeichnen. Somit wird es im Detail nachvollziehbar, wie viele Kilometer in welcher Kategorie zur\u00fcckgelegt wurden &#8211; der \u00c4rger mit dem Finanzamt bleibt aus.\u00a0Fahren Sie beispielsweises auf dem Weg zur ersten T\u00e4tigkeitsst\u00e4tte noch Ihre Kinder zur Kita, k\u00f6nnen Sie bei einigen elektronischen Fahrtenb\u00fcchern den Privat- und Betriebsanteil der Fahrt auf die jeweiligen Kilometer aufteilen. Die kann dann so aussehen: Bei einer Gesamtstrecke von 20 km, bei denen 15 km der Arbeitsweg w\u00e4ren und 5 km der zus\u00e4tzliche Weg zur Kita w\u00fcrden Sie in diesem Beispiel ganz einfach in einer entsprechenden Mischfahrt-Funktion 15 km als Arbeitsweg und 5 km als Privatfahrt kategorisieren. In der Gesamt\u00fcbersicht werden die Fahrten dann entsprechend dem Privat- oder eben dem Betriebsanteil zugeordnet, sodass Ihre Statistik nicht verf\u00e4lscht ist.<\/p>\t\t\t\t\t\t<\/div>\n\t\t\t\t<\/div>\n\t\t\t\t\t<\/div>\n\t\t<\/div>\n\t\t\t\t\t<\/div>\n\t\t<\/section>\n\t\t\t\t<section class=\"elementor-section elementor-top-section elementor-element elementor-element-03c49d1 elementor-section-boxed elementor-section-height-default elementor-section-height-default\" data-id=\"03c49d1\" data-element_type=\"section\">\n\t\t\t\t\t\t<div class=\"elementor-container elementor-column-gap-default\">\n\t\t\t\t\t<div class=\"elementor-column elementor-col-100 elementor-top-column elementor-element elementor-element-eedb737\" data-id=\"eedb737\" data-element_type=\"column\">\n\t\t\t<div class=\"elementor-widget-wrap elementor-element-populated\">\n\t\t\t\t\t\t<div class=\"elementor-element elementor-element-20fe685 elementor-widget elementor-widget-heading\" data-id=\"20fe685\" data-element_type=\"widget\" data-widget_type=\"heading.default\">\n\t\t\t\t<div class=\"elementor-widget-container\">\n\t\t\t<h2 class=\"elementor-heading-title elementor-size-default\">Fehler bei der Kategorisierung vermeiden<\/h2>\t\t<\/div>\n\t\t\t\t<\/div>\n\t\t\t\t<div class=\"elementor-element elementor-element-99a6af6 elementor-widget elementor-widget-text-editor\" data-id=\"99a6af6\" data-element_type=\"widget\" data-widget_type=\"text-editor.default\">\n\t\t\t\t<div class=\"elementor-widget-container\">\n\t\t\t\t\t\t\t<p><span style=\"font-weight: 400;\">Nicht alle Fahrten sind in digitalen Fahrtenb\u00fcchern wie von Vimcar als ein Arbeitsweg oder Dienstfahrt zu kategorisieren. Es gibt auch private Fahrten, die mit dem Dienstwagen h\u00e4ufig unternommen werden. Diese beiden Typen von Fahrten sollten im Fahrtenbuch immer deutlich getrennt kategorisiert und festgehalten werden. F\u00fcr die Absetzbarkeit des Dienstwagens und der Kosten hierf\u00fcr ist diese Differenzierung wichtig.<\/span><\/p>\t\t\t\t\t\t<\/div>\n\t\t\t\t<\/div>\n\t\t\t\t<div class=\"elementor-element elementor-element-9dfe69e elementor-widget elementor-widget-heading\" data-id=\"9dfe69e\" data-element_type=\"widget\" data-widget_type=\"heading.default\">\n\t\t\t\t<div class=\"elementor-widget-container\">\n\t\t\t<h3 class=\"elementor-heading-title elementor-size-default\">Mit Mischfahrten Wege voneinander trennen <\/h3>\t\t<\/div>\n\t\t\t\t<\/div>\n\t\t\t\t<div class=\"elementor-element elementor-element-dfbdf89 elementor-widget elementor-widget-text-editor\" data-id=\"dfbdf89\" data-element_type=\"widget\" data-widget_type=\"text-editor.default\">\n\t\t\t\t<div class=\"elementor-widget-container\">\n\t\t\t\t\t\t\t<p>H\u00e4ufig kommt es allerdings auch vor, dass sich sogenannte Mischfahrten ereignen. Diese resultieren daraus, dass unterwegs w\u00e4hrend der Dienstfahrt eine private Fahrt als Abstecher unternommen wird. Ein klassisches Beispiel ist hierf\u00fcr, dass auf dem Weg zur Arbeit mit dem Dienstwagen die Kinder zur Schule gebracht werden. Dann ist die Fahrt sowohl betrieblich als auch privat veranlasst. Es handelt sich hierbei um eine klassische Mischfahrt. F\u00fcr die korrekte steuerliche Abrechnung und Ber\u00fccksichtigung von Mischfahrten kommt es immer auf den Umfang der gefahrenen Umwege an, die exakt dokumentiert werden m\u00fcssen.<span style=\"text-align: inherit; color: var( --e-global-color-text ); font-family: var( --e-global-typography-text-font-family ), Source Sans Pro; font-weight: var( --e-global-typography-text-font-weight );\">\u00a0Ein korrekter Vermerk ber\u00fccksichtigt hierbei den Grund des Umwegs und auch die L\u00e4nge des Umwegs. Je exakter die Fahrten dokumentiert wurden, um so einfacher ist sp\u00e4ter nachvollziehbar, welcher Teil einer Fahrt betrieblich veranlasst oder privat war. Differenziert aufgef\u00fchrt kann im Nachhinein immer genau abgelesen werden, wie viele Kilometer einer Mischfahrt dann betrieblich veranlasst waren, und welche Fahrten mit welcher L\u00e4nge privat gefahren wurde. Dies gilt beispielsweise auch f\u00fcr Eintr\u00e4ge im Fahrtenbuch bei dem Umweg zu einer Tankstelle. Eintr\u00e4ge im Fahrtenbuch wie zum Tanken w\u00e4hrend einer Privatfahrt sollten dann \u00e4hnlich aufgeschl\u00fcsselt werden. Letztlich m\u00fcssen auch die Kosten f\u00fcr das Tanken entsprechend steuerlich geltend gemacht werden k\u00f6nnen, wenn der Fahrtenbuch Tankstelle Eintrag betrieblichen Gr\u00fcnden diente.\u00a0<\/span><\/p>\t\t\t\t\t\t<\/div>\n\t\t\t\t<\/div>\n\t\t\t\t<div class=\"elementor-element elementor-element-0827ffa elementor-widget elementor-widget-heading\" data-id=\"0827ffa\" data-element_type=\"widget\" data-widget_type=\"heading.default\">\n\t\t\t\t<div class=\"elementor-widget-container\">\n\t\t\t<h3 class=\"elementor-heading-title elementor-size-default\">Vorsicht beim Finanzamt \n<\/h3>\t\t<\/div>\n\t\t\t\t<\/div>\n\t\t\t\t<div class=\"elementor-element elementor-element-e02f702 elementor-widget elementor-widget-text-editor\" data-id=\"e02f702\" data-element_type=\"widget\" data-widget_type=\"text-editor.default\">\n\t\t\t\t<div class=\"elementor-widget-container\">\n\t\t\t\t\t\t\t<p><span style=\"font-weight: 400;\">Im Hinblick auf die private Nutzung eines Dienstwagens m\u00fcssen dem Finanzamt exakte Daten \u00fcbermittelt werden, die als Berechnungsgrundlage dienen. Wer hier nicht penibel den Vimcar Arbeitsweg von Privatfahrten dokumentiert, kann diesen wichtigen Nachweis f\u00fcr das Finanzamt als Berechnungsgrundlage nicht erbringen und muss damit rechnen, dass der Fiskus dann eine Sch\u00e4tzung vornimmt, die auch schlechter ausfallen kann, sodass eine h\u00f6here Versteuerung erfolgt.<\/span><\/p>\t\t\t\t\t\t<\/div>\n\t\t\t\t<\/div>\n\t\t\t\t\t<\/div>\n\t\t<\/div>\n\t\t\t\t\t<\/div>\n\t\t<\/section>\n\t\t\t\t<section class=\"elementor-section elementor-top-section elementor-element elementor-element-a7b3e0f elementor-section-boxed elementor-section-height-default elementor-section-height-default\" data-id=\"a7b3e0f\" data-element_type=\"section\">\n\t\t\t\t\t\t<div class=\"elementor-container elementor-column-gap-default\">\n\t\t\t\t\t<div class=\"elementor-column elementor-col-100 elementor-top-column elementor-element elementor-element-5605dd5\" data-id=\"5605dd5\" data-element_type=\"column\">\n\t\t\t<div class=\"elementor-widget-wrap elementor-element-populated\">\n\t\t\t\t\t\t<div class=\"elementor-element elementor-element-c92bf47 elementor-widget elementor-widget-heading\" data-id=\"c92bf47\" data-element_type=\"widget\" data-widget_type=\"heading.default\">\n\t\t\t\t<div class=\"elementor-widget-container\">\n\t\t\t<h2 class=\"elementor-heading-title elementor-size-default\">Mehr zum Thema Fahrtenkategorisierung<\/h2>\t\t<\/div>\n\t\t\t\t<\/div>\n\t\t\t\t<div class=\"elementor-element elementor-element-68186be elementor-widget elementor-widget-text-editor\" data-id=\"68186be\" data-element_type=\"widget\" data-widget_type=\"text-editor.default\">\n\t\t\t\t<div class=\"elementor-widget-container\">\n\t\t\t\t\t\t\t<ul><li><a href=\"https:\/\/vimcar.de\/boxenstopp\/lexikon\/betriebsfahrt\">Arbeitsweg<\/a><\/li><li><a href=\"https:\/\/vimcar.de\/boxenstopp\/exikon\/betriebsfahrt\">Betriebsfahrt<\/a><\/li><li><a href=\"https:\/\/vimcar.de\/boxenstopp\/lexikon\/privatfahrt\">Privatfahrt<\/a><\/li><li><a href=\"https:\/\/vimcar.de\/boxenstopp\/lexikon\/mischfahrt\">Mischfahrt<\/a><\/li><li><a href=\"https:\/\/vimcar.de\/boxenstopp\/lexikon\/fahrtenkategorien\" data-wplink-edit=\"true\">Fahrtenkategorien<\/a><\/li><li><a href=\"https:\/\/vimcar.de\/boxenstopp\/lexikon\/familienheimfahrten\">Familienheimfahrt<\/a><\/li><\/ul>\t\t\t\t\t\t<\/div>\n\t\t\t\t<\/div>\n\t\t\t\t\t<\/div>\n\t\t<\/div>\n\t\t\t\t\t<\/div>\n\t\t<\/section>\n\t\t\t\t<\/div>\n\t\t","protected":false},"excerpt":{"rendered":"<p>Der Fiskus legt sehr viel Wert darauf, dass ein Fahrtenbuch gr\u00fcndlich gef\u00fchrt wird und untersucht ganz genau, ob sich Fehler eingeschlichen haben. Mit besonderer Aufmerksamkeit sollten Sie sich vor allem auch Umwegen und Mischfahrten widmen.&nbsp;Eine Mischfahrt ist eine Fahrt mit einem Fahrzeug, die Sie weder als gesch\u00e4ftlich noch privat kategorisieren. Ein Beispiel w\u00e4re, wenn Sie [&hellip;]<\/p>\n","protected":false},"author":30,"featured_media":0,"parent":4813,"menu_order":0,"comment_status":"closed","ping_status":"closed","template":"","meta":{"footnotes":"","_wp_rev_ctl_limit":""},"yoast_head":"<!-- This site is optimized with the Yoast SEO Premium plugin v21.5 (Yoast SEO v21.5) - https:\/\/yoast.com\/wordpress\/plugins\/seo\/ -->\n<title>Mischfahrt | Lexikonartikel - Vimcar Boxenstopp<\/title>\n<meta name=\"description\" content=\"Erfahren Sie jetzt, was eine Mischfahrt ist. Du lernst wann Sie eine Fahrt als Mischfahrt kategorisieren m\u00fcssen.\" \/>\n<meta name=\"robots\" content=\"index, follow, max-snippet:-1, max-image-preview:large, max-video-preview:-1\" \/>\n<link rel=\"canonical\" href=\"https:\/\/vimcar.de\/boxenstopp\/lexikon\/mischfahrt\/\" \/>\n<meta property=\"og:locale\" content=\"de_DE\" \/>\n<meta property=\"og:type\" content=\"article\" \/>\n<meta property=\"og:title\" content=\"Mischfahrt\" \/>\n<meta property=\"og:description\" content=\"Erfahren Sie jetzt, was eine Mischfahrt ist. Du lernst wann Sie eine Fahrt als Mischfahrt kategorisieren m\u00fcssen.\" \/>\n<meta property=\"og:url\" content=\"https:\/\/vimcar.de\/boxenstopp\/lexikon\/mischfahrt\/\" \/>\n<meta property=\"og:site_name\" content=\"Vimcar Boxenstopp\" \/>\n<meta property=\"article:publisher\" content=\"https:\/\/www.facebook.com\/vimcar\" \/>\n<meta property=\"article:modified_time\" content=\"2023-07-25T16:46:34+00:00\" \/>\n<meta property=\"og:image\" content=\"https:\/\/vimcar.de\/boxenstopp\/wp-content\/uploads\/2020\/10\/Ratgeber-zur-Fahrtenkategorisierung.jpg\" \/>\n<meta name=\"twitter:card\" content=\"summary_large_image\" \/>\n<meta name=\"twitter:site\" content=\"@goVimcar\" \/>\n<meta name=\"twitter:label1\" content=\"Gesch\u00e4tzte Lesezeit\" \/>\n\t<meta name=\"twitter:data1\" content=\"7\u00a0Minuten\" \/>\n<!-- \/ Yoast SEO Premium plugin. -->","yoast_head_json":{"title":"Mischfahrt | Lexikonartikel - Vimcar Boxenstopp","description":"Erfahren Sie jetzt, was eine Mischfahrt ist. Du lernst wann Sie eine Fahrt als Mischfahrt kategorisieren m\u00fcssen.","robots":{"index":"index","follow":"follow","max-snippet":"max-snippet:-1","max-image-preview":"max-image-preview:large","max-video-preview":"max-video-preview:-1"},"canonical":"https:\/\/vimcar.de\/boxenstopp\/lexikon\/mischfahrt\/","og_locale":"de_DE","og_type":"article","og_title":"Mischfahrt","og_description":"Erfahren Sie jetzt, was eine Mischfahrt ist. Du lernst wann Sie eine Fahrt als Mischfahrt kategorisieren m\u00fcssen.","og_url":"https:\/\/vimcar.de\/boxenstopp\/lexikon\/mischfahrt\/","og_site_name":"Vimcar Boxenstopp","article_publisher":"https:\/\/www.facebook.com\/vimcar","article_modified_time":"2023-07-25T16:46:34+00:00","og_image":[{"url":"https:\/\/vimcar.de\/boxenstopp\/wp-content\/uploads\/2020\/10\/Ratgeber-zur-Fahrtenkategorisierung.jpg"}],"twitter_card":"summary_large_image","twitter_site":"@goVimcar","twitter_misc":{"Gesch\u00e4tzte Lesezeit":"7\u00a0Minuten"},"schema":{"@context":"https:\/\/schema.org","@graph":[{"@type":"WebPage","@id":"https:\/\/vimcar.de\/boxenstopp\/lexikon\/mischfahrt\/","url":"https:\/\/vimcar.de\/boxenstopp\/lexikon\/mischfahrt\/","name":"Mischfahrt | Lexikonartikel - Vimcar Boxenstopp","isPartOf":{"@id":"https:\/\/vimcar.de\/boxenstopp\/#website"},"datePublished":"2023-07-25T16:32:36+00:00","dateModified":"2023-07-25T16:46:34+00:00","description":"Erfahren Sie jetzt, was eine Mischfahrt ist. Du lernst wann Sie eine Fahrt als Mischfahrt kategorisieren m\u00fcssen.","breadcrumb":{"@id":"https:\/\/vimcar.de\/boxenstopp\/lexikon\/mischfahrt\/#breadcrumb"},"inLanguage":"de","potentialAction":[{"@type":"ReadAction","target":["https:\/\/vimcar.de\/boxenstopp\/lexikon\/mischfahrt\/"]}]},{"@type":"BreadcrumbList","@id":"https:\/\/vimcar.de\/boxenstopp\/lexikon\/mischfahrt\/#breadcrumb","itemListElement":[{"@type":"ListItem","position":1,"name":"Startseite","item":"https:\/\/vimcar.de\/boxenstopp\/"},{"@type":"ListItem","position":2,"name":"Das Fuhrparklexikon","item":"https:\/\/vimcar.de\/boxenstopp\/lexikon\/"},{"@type":"ListItem","position":3,"name":"Mischfahrt"}]},{"@type":"WebSite","@id":"https:\/\/vimcar.de\/boxenstopp\/#website","url":"https:\/\/vimcar.de\/boxenstopp\/","name":"Vimcar Boxenstopp","description":"- Die Lernplattform f\u00fcr Fuhrparkleiter","publisher":{"@id":"https:\/\/vimcar.de\/boxenstopp\/#organization"},"potentialAction":[{"@type":"SearchAction","target":{"@type":"EntryPoint","urlTemplate":"https:\/\/vimcar.de\/boxenstopp\/?s={search_term_string}"},"query-input":"required name=search_term_string"}],"inLanguage":"de"},{"@type":"Organization","@id":"https:\/\/vimcar.de\/boxenstopp\/#organization","name":"Vimcar Boxenstopp - Fuhrparkwissen","url":"https:\/\/vimcar.de\/boxenstopp\/","logo":{"@type":"ImageObject","inLanguage":"de","@id":"https:\/\/vimcar.de\/boxenstopp\/#\/schema\/logo\/image\/","url":"https:\/\/vimcar.de\/boxenstopp\/wp-content\/uploads\/2020\/10\/logo-vimcar-boxenstopp.png","contentUrl":"https:\/\/vimcar.de\/boxenstopp\/wp-content\/uploads\/2020\/10\/logo-vimcar-boxenstopp.png","width":250,"height":50,"caption":"Vimcar Boxenstopp - Fuhrparkwissen"},"image":{"@id":"https:\/\/vimcar.de\/boxenstopp\/#\/schema\/logo\/image\/"},"sameAs":["https:\/\/www.facebook.com\/vimcar","https:\/\/twitter.com\/goVimcar","https:\/\/www.instagram.com\/vimcar_official\/","https:\/\/de.linkedin.com\/company\/vimcar","https:\/\/www.pinterest.de\/vimcar\/","https:\/\/www.youtube.com\/channel\/UCWRajoA7OnWsAw-ezAahZPg"]}]}},"_links":{"self":[{"href":"https:\/\/vimcar.de\/boxenstopp\/wp-json\/wp\/v2\/pages\/1676"}],"collection":[{"href":"https:\/\/vimcar.de\/boxenstopp\/wp-json\/wp\/v2\/pages"}],"about":[{"href":"https:\/\/vimcar.de\/boxenstopp\/wp-json\/wp\/v2\/types\/page"}],"author":[{"embeddable":true,"href":"https:\/\/vimcar.de\/boxenstopp\/wp-json\/wp\/v2\/users\/30"}],"replies":[{"embeddable":true,"href":"https:\/\/vimcar.de\/boxenstopp\/wp-json\/wp\/v2\/comments?post=1676"}],"version-history":[{"count":0,"href":"https:\/\/vimcar.de\/boxenstopp\/wp-json\/wp\/v2\/pages\/1676\/revisions"}],"up":[{"embeddable":true,"href":"https:\/\/vimcar.de\/boxenstopp\/wp-json\/wp\/v2\/pages\/4813"}],"wp:attachment":[{"href":"https:\/\/vimcar.de\/boxenstopp\/wp-json\/wp\/v2\/media?parent=1676"}],"curies":[{"name":"wp","href":"https:\/\/api.w.org\/{rel}","templated":true}]}}