{"id":46485,"date":"2023-09-29T08:00:00","date_gmt":"2023-09-29T06:00:00","guid":{"rendered":"https:\/\/vimcar.de\/boxenstopp\/?page_id=46485"},"modified":"2023-12-04T10:16:34","modified_gmt":"2023-12-04T09:16:34","slug":"firmenwagen-versteuern","status":"publish","type":"page","link":"https:\/\/vimcar.de\/boxenstopp\/firmenwagen-versteuern\/","title":{"rendered":"Firmenwagen versteuern: alles Wissenswerte zur Dienstwagenbesteuerung\u200b"},"content":{"rendered":"\t\t<div data-elementor-type=\"wp-page\" data-elementor-id=\"46485\" class=\"elementor elementor-46485\" data-elementor-post-type=\"page\">\n\t\t\t\t\t\t<section class=\"elementor-section elementor-top-section elementor-element elementor-element-cac87ff elementor-section-boxed elementor-section-height-default elementor-section-height-default\" data-id=\"cac87ff\" data-element_type=\"section\">\n\t\t\t\t\t\t<div class=\"elementor-container elementor-column-gap-default\">\n\t\t\t\t\t<div class=\"elementor-column elementor-col-100 elementor-top-column elementor-element elementor-element-fb2d342\" data-id=\"fb2d342\" data-element_type=\"column\">\n\t\t\t<div class=\"elementor-widget-wrap elementor-element-populated\">\n\t\t\t\t\t\t<div class=\"elementor-element elementor-element-a550abf elementor-widget elementor-widget-heading\" data-id=\"a550abf\" data-element_type=\"widget\" data-widget_type=\"heading.default\">\n\t\t\t\t<div class=\"elementor-widget-container\">\n\t\t\t<h1 class=\"elementor-heading-title elementor-size-default\">Firmenwagen versteuern: Alles Wissenswerte zur Dienstwagenbesteuerung\u200b<\/h1>\t\t<\/div>\n\t\t\t\t<\/div>\n\t\t\t\t<div class=\"elementor-element elementor-element-1c02001 elementor-widget elementor-widget-menu-anchor\" data-id=\"1c02001\" data-element_type=\"widget\" data-widget_type=\"menu-anchor.default\">\n\t\t\t\t<div class=\"elementor-widget-container\">\n\t\t\t\t\t<div class=\"elementor-menu-anchor\" id=\"allelesen\"><\/div>\n\t\t\t\t<\/div>\n\t\t\t\t<\/div>\n\t\t\t\t\t<\/div>\n\t\t<\/div>\n\t\t\t\t\t<\/div>\n\t\t<\/section>\n\t\t\t\t<section class=\"elementor-section elementor-top-section elementor-element elementor-element-18405a54 elementor-section-boxed elementor-section-height-default elementor-section-height-default\" data-id=\"18405a54\" data-element_type=\"section\" data-settings=\"{&quot;background_background&quot;:&quot;classic&quot;}\">\n\t\t\t\t\t\t<div class=\"elementor-container elementor-column-gap-default\">\n\t\t\t\t\t<div class=\"elementor-column elementor-col-100 elementor-top-column elementor-element elementor-element-78665798\" data-id=\"78665798\" data-element_type=\"column\">\n\t\t\t<div class=\"elementor-widget-wrap elementor-element-populated\">\n\t\t\t\t\t\t<div class=\"elementor-element elementor-element-2a09e2a3 elementor-widget elementor-widget-text-editor\" data-id=\"2a09e2a3\" data-element_type=\"widget\" data-settings=\"{&quot;motion_fx_motion_fx_scrolling&quot;:&quot;yes&quot;,&quot;motion_fx_motion_fx_mouse&quot;:&quot;yes&quot;,&quot;motion_fx_devices&quot;:[&quot;desktop&quot;,&quot;tablet&quot;,&quot;mobile&quot;]}\" data-widget_type=\"text-editor.default\">\n\t\t\t\t<div class=\"elementor-widget-container\">\n\t\t\t\t\t\t\t<p>Willkommen bei unserer umfassenden Informationsquelle zur Firmenwagenversteuerung. Hier finden Sie informative Beitr\u00e4ge, Tipps und aktuelle Trends rund um die Besteuerung Ihres Dienstwagens, inklusive der 1-Prozent-Regelung, der Fahrtenbuch-Methode, dem geldwerter Vorteil und vieles mehr, um Ihre finanzielle Situation optimal zu gestalten.<\/p>\t\t\t\t\t\t<\/div>\n\t\t\t\t<\/div>\n\t\t\t\t\t<\/div>\n\t\t<\/div>\n\t\t\t\t\t<\/div>\n\t\t<\/section>\n\t\t\t\t<section class=\"elementor-section elementor-top-section elementor-element elementor-element-0061726 elementor-section-boxed elementor-section-height-default elementor-section-height-default\" data-id=\"0061726\" data-element_type=\"section\" data-settings=\"{&quot;background_background&quot;:&quot;classic&quot;,&quot;background_motion_fx_motion_fx_scrolling&quot;:&quot;yes&quot;,&quot;background_motion_fx_translateY_effect&quot;:&quot;yes&quot;,&quot;background_motion_fx_translateY_speed&quot;:{&quot;unit&quot;:&quot;px&quot;,&quot;size&quot;:2.9,&quot;sizes&quot;:[]},&quot;background_motion_fx_translateY_affectedRange&quot;:{&quot;unit&quot;:&quot;%&quot;,&quot;size&quot;:&quot;&quot;,&quot;sizes&quot;:{&quot;start&quot;:0,&quot;end&quot;:100}},&quot;background_motion_fx_devices&quot;:[&quot;desktop&quot;,&quot;tablet&quot;,&quot;mobile&quot;]}\">\n\t\t\t\t\t\t<div class=\"elementor-container elementor-column-gap-default\">\n\t\t\t\t\t<div class=\"elementor-column elementor-col-50 elementor-top-column elementor-element elementor-element-e49cc0f\" data-id=\"e49cc0f\" data-element_type=\"column\">\n\t\t\t<div class=\"elementor-widget-wrap elementor-element-populated\">\n\t\t\t\t\t\t<div class=\"elementor-element elementor-element-c443d89 elementor-widget__width-initial elementor-widget elementor-widget-heading\" data-id=\"c443d89\" data-element_type=\"widget\" data-widget_type=\"heading.default\">\n\t\t\t\t<div class=\"elementor-widget-container\">\n\t\t\t<h2 class=\"elementor-heading-title elementor-size-default\">Aktuelle Betr\u00e4ge zur Versteuerung<\/h2>\t\t<\/div>\n\t\t\t\t<\/div>\n\t\t\t\t\t<\/div>\n\t\t<\/div>\n\t\t\t\t<div class=\"elementor-column elementor-col-50 elementor-top-column elementor-element elementor-element-1210996\" data-id=\"1210996\" data-element_type=\"column\">\n\t\t\t<div class=\"elementor-widget-wrap elementor-element-populated\">\n\t\t\t\t\t\t<div class=\"elementor-element elementor-element-a45e678 elementor-widget__width-initial elementor-widget elementor-widget-image\" data-id=\"a45e678\" data-element_type=\"widget\" data-widget_type=\"image.default\">\n\t\t\t\t<div class=\"elementor-widget-container\">\n\t\t\t\t\t\t\t\t\t\t\t\t\t<img decoding=\"async\" src=\"https:\/\/vimcar.de\/boxenstopp\/wp-content\/uploads\/elementor\/thumbs\/Firmenwagen-versteuern-Blogbeitraege-Grafik-e1696196941334-qd8nng7o1qj90n2fphhqanyq1atw5l8bd23tt0itw0.png\" title=\"Firmenwagen versteuern Blogbeitra\u0308ge Grafik\" alt=\"Firmenwagen versteuern Blogbeitra\u0308ge Grafik\" loading=\"lazy\" \/>\t\t\t\t\t\t\t\t\t\t\t\t\t<\/div>\n\t\t\t\t<\/div>\n\t\t\t\t\t<\/div>\n\t\t<\/div>\n\t\t\t\t\t<\/div>\n\t\t<\/section>\n\t\t\t\t<section class=\"elementor-section elementor-top-section elementor-element elementor-element-5af82ae elementor-section-boxed elementor-section-height-default elementor-section-height-default\" data-id=\"5af82ae\" data-element_type=\"section\">\n\t\t\t\t\t\t<div class=\"elementor-container elementor-column-gap-default\">\n\t\t\t\t\t<div class=\"elementor-column elementor-col-100 elementor-top-column elementor-element elementor-element-c29a980\" data-id=\"c29a980\" data-element_type=\"column\">\n\t\t\t<div class=\"elementor-widget-wrap elementor-element-populated\">\n\t\t\t\t\t\t<div class=\"elementor-element elementor-element-411b2fb elementor-grid-2 elementor-grid-tablet-2 elementor-grid-mobile-1 elementor-posts--thumbnail-top elementor-card-shadow-yes elementor-posts__hover-gradient elementor-widget elementor-widget-posts\" data-id=\"411b2fb\" data-element_type=\"widget\" data-settings=\"{&quot;pagination_type&quot;:&quot;numbers_and_prev_next&quot;,&quot;cards_columns&quot;:&quot;2&quot;,&quot;cards_columns_tablet&quot;:&quot;2&quot;,&quot;cards_columns_mobile&quot;:&quot;1&quot;,&quot;cards_row_gap&quot;:{&quot;unit&quot;:&quot;px&quot;,&quot;size&quot;:35,&quot;sizes&quot;:[]},&quot;cards_row_gap_tablet&quot;:{&quot;unit&quot;:&quot;px&quot;,&quot;size&quot;:&quot;&quot;,&quot;sizes&quot;:[]},&quot;cards_row_gap_mobile&quot;:{&quot;unit&quot;:&quot;px&quot;,&quot;size&quot;:&quot;&quot;,&quot;sizes&quot;:[]}}\" data-widget_type=\"posts.cards\">\n\t\t\t\t<div class=\"elementor-widget-container\">\n\t\t\t\t\t<div class=\"elementor-posts-container elementor-posts elementor-posts--skin-cards elementor-grid\">\n\t\t\t\t<article class=\"elementor-post elementor-grid-item post-51508 post type-post status-publish format-standard has-post-thumbnail hentry category-blog tag-versteuerung\">\n\t\t\t<div class=\"elementor-post__card\">\n\t\t\t\t<a class=\"elementor-post__thumbnail__link\" href=\"https:\/\/vimcar.de\/boxenstopp\/blog\/privatwagen-oder-firmenwagen\/\" tabindex=\"-1\" ><div class=\"elementor-post__thumbnail\"><img fetchpriority=\"high\" decoding=\"async\" width=\"768\" height=\"512\" src=\"https:\/\/vimcar.de\/boxenstopp\/wp-content\/uploads\/2024\/07\/privatwagen-oder-firmenwagen-768x512.webp\" class=\"attachment-medium_large size-medium_large wp-image-51509\" alt=\"privatwagen oder firmenwagen parkplatz\" srcset=\"https:\/\/vimcar.de\/boxenstopp\/wp-content\/uploads\/2024\/07\/privatwagen-oder-firmenwagen-768x512.webp 768w, https:\/\/vimcar.de\/boxenstopp\/wp-content\/uploads\/2024\/07\/privatwagen-oder-firmenwagen-300x200.webp 300w, https:\/\/vimcar.de\/boxenstopp\/wp-content\/uploads\/2024\/07\/privatwagen-oder-firmenwagen.webp 780w\" sizes=\"(max-width: 768px) 100vw, 768px\" \/><\/div><\/a>\n\t\t\t\t<div class=\"elementor-post__badge\">Versteuerung<\/div>\n\t\t\t\t<div class=\"elementor-post__text\">\n\t\t\t\t<h3 class=\"elementor-post__title\">\n\t\t\t<a href=\"https:\/\/vimcar.de\/boxenstopp\/blog\/privatwagen-oder-firmenwagen\/\" >\n\t\t\t\tPrivatwagen oder Firmenwagen: Was ist die bessere Wahl?\t\t\t<\/a>\n\t\t<\/h3>\n\t\t\t\t<div class=\"elementor-post__excerpt\">\n\t\t\t<p>Viele Berufst\u00e4tige stehen fr\u00fcher oder sp\u00e4ter vor der Frage, ob sie sich einen eigenen Privatwagen leisten oder lieber einen Firmenwagen<\/p>\n\t\t<\/div>\n\t\t\t\t\t<div class=\"elementor-post__read-more-wrapper\">\n\t\t\n\t\t<a class=\"elementor-post__read-more\" href=\"https:\/\/vimcar.de\/boxenstopp\/blog\/privatwagen-oder-firmenwagen\/\" aria-label=\"Mehr \u00fcber Privatwagen oder Firmenwagen: Was ist die bessere Wahl?\" tabindex=\"-1\" >\n\t\t\tMehr erfahren \u2192\t\t<\/a>\n\n\t\t\t\t\t<\/div>\n\t\t\t\t<\/div>\n\t\t\t\t<div class=\"elementor-post__meta-data\">\n\t\t\t\t\t<span class=\"elementor-post-date\">\n\t\t\t26. November 2025\t\t<\/span>\n\t\t\t\t<\/div>\n\t\t\t\t\t<\/div>\n\t\t<\/article>\n\t\t\t\t<article class=\"elementor-post elementor-grid-item post-40393 post type-post status-publish format-standard has-post-thumbnail hentry category-blog tag-e-mobilitaet tag-news tag-versteuerung\">\n\t\t\t<div class=\"elementor-post__card\">\n\t\t\t\t<a class=\"elementor-post__thumbnail__link\" href=\"https:\/\/vimcar.de\/boxenstopp\/blog\/dienstwagenbesteuerung-hybrid-2025\/\" tabindex=\"-1\" ><div class=\"elementor-post__thumbnail\"><img decoding=\"async\" width=\"600\" height=\"400\" src=\"https:\/\/vimcar.de\/boxenstopp\/wp-content\/uploads\/2023\/01\/Dienstwagenbesteuerung-Hybrid-2023.jpg\" class=\"attachment-medium_large size-medium_large wp-image-40432\" alt=\"Hybridwagen\" srcset=\"https:\/\/vimcar.de\/boxenstopp\/wp-content\/uploads\/2023\/01\/Dienstwagenbesteuerung-Hybrid-2023.jpg 600w, https:\/\/vimcar.de\/boxenstopp\/wp-content\/uploads\/2023\/01\/Dienstwagenbesteuerung-Hybrid-2023-300x200.jpg 300w, https:\/\/vimcar.de\/boxenstopp\/wp-content\/uploads\/2023\/01\/Dienstwagenbesteuerung-Hybrid-2023-24x16.jpg 24w, https:\/\/vimcar.de\/boxenstopp\/wp-content\/uploads\/2023\/01\/Dienstwagenbesteuerung-Hybrid-2023-36x24.jpg 36w, https:\/\/vimcar.de\/boxenstopp\/wp-content\/uploads\/2023\/01\/Dienstwagenbesteuerung-Hybrid-2023-48x32.jpg 48w\" sizes=\"(max-width: 600px) 100vw, 600px\" \/><\/div><\/a>\n\t\t\t\t<div class=\"elementor-post__badge\">E-Mobilit\u00e4t<\/div>\n\t\t\t\t<div class=\"elementor-post__text\">\n\t\t\t\t<h3 class=\"elementor-post__title\">\n\t\t\t<a href=\"https:\/\/vimcar.de\/boxenstopp\/blog\/dienstwagenbesteuerung-hybrid-2025\/\" >\n\t\t\t\tHybrid Steuervorteil 2025: Was Sie \u00fcber die Besteuerung von Hybrid-Dienstwagen wissen m\u00fcssen\t\t\t<\/a>\n\t\t<\/h3>\n\t\t\t\t<div class=\"elementor-post__excerpt\">\n\t\t\t<p>Sie denken \u00fcber einen Hybrid-Dienstwagen nach oder fahren bereits einen? Dann sind Sie hier genau richtig \u2013 denn seit 2025<\/p>\n\t\t<\/div>\n\t\t\t\t\t<div class=\"elementor-post__read-more-wrapper\">\n\t\t\n\t\t<a class=\"elementor-post__read-more\" href=\"https:\/\/vimcar.de\/boxenstopp\/blog\/dienstwagenbesteuerung-hybrid-2025\/\" aria-label=\"Mehr \u00fcber Hybrid Steuervorteil 2025: Was Sie \u00fcber die Besteuerung von Hybrid-Dienstwagen wissen m\u00fcssen\" tabindex=\"-1\" >\n\t\t\tMehr erfahren \u2192\t\t<\/a>\n\n\t\t\t\t\t<\/div>\n\t\t\t\t<\/div>\n\t\t\t\t<div class=\"elementor-post__meta-data\">\n\t\t\t\t\t<span class=\"elementor-post-date\">\n\t\t\t10. August 2025\t\t<\/span>\n\t\t\t\t<\/div>\n\t\t\t\t\t<\/div>\n\t\t<\/article>\n\t\t\t\t<article class=\"elementor-post elementor-grid-item post-52649 post type-post status-publish format-standard has-post-thumbnail hentry category-blog tag-versteuerung\">\n\t\t\t<div class=\"elementor-post__card\">\n\t\t\t\t<a class=\"elementor-post__thumbnail__link\" href=\"https:\/\/vimcar.de\/boxenstopp\/blog\/fahrtenbuch-neueste-rechtsprechung\/\" tabindex=\"-1\" ><div class=\"elementor-post__thumbnail\"><img decoding=\"async\" width=\"768\" height=\"461\" src=\"https:\/\/vimcar.de\/boxenstopp\/wp-content\/uploads\/2025\/07\/Fahrtenbuch-Rechtsprechung-Vortschriften-2025-768x461.jpg\" class=\"attachment-medium_large size-medium_large wp-image-52658\" alt=\"Fahrtenbuch Rechtsprechung Vortschriften 2025\" srcset=\"https:\/\/vimcar.de\/boxenstopp\/wp-content\/uploads\/2025\/07\/Fahrtenbuch-Rechtsprechung-Vortschriften-2025-768x461.jpg 768w, https:\/\/vimcar.de\/boxenstopp\/wp-content\/uploads\/2025\/07\/Fahrtenbuch-Rechtsprechung-Vortschriften-2025-300x180.jpg 300w, https:\/\/vimcar.de\/boxenstopp\/wp-content\/uploads\/2025\/07\/Fahrtenbuch-Rechtsprechung-Vortschriften-2025.jpg 1000w\" sizes=\"(max-width: 768px) 100vw, 768px\" \/><\/div><\/a>\n\t\t\t\t<div class=\"elementor-post__badge\">Versteuerung<\/div>\n\t\t\t\t<div class=\"elementor-post__text\">\n\t\t\t\t<h3 class=\"elementor-post__title\">\n\t\t\t<a href=\"https:\/\/vimcar.de\/boxenstopp\/blog\/fahrtenbuch-neueste-rechtsprechung\/\" >\n\t\t\t\tFahrtenbuch neueste Rechtsprechung 2025: Was Sie beim Fahrtenbuch beachten m\u00fcssen\t\t\t<\/a>\n\t\t<\/h3>\n\t\t\t\t<div class=\"elementor-post__excerpt\">\n\t\t\t<p>Wer sein Fahrtenbuch korrekt f\u00fchren will, muss den neuesten Richterspruch kennen. Wir erkl\u00e4ren, was man beim Fahrtenbuch und zur neuesten<\/p>\n\t\t<\/div>\n\t\t\t\t\t<div class=\"elementor-post__read-more-wrapper\">\n\t\t\n\t\t<a class=\"elementor-post__read-more\" href=\"https:\/\/vimcar.de\/boxenstopp\/blog\/fahrtenbuch-neueste-rechtsprechung\/\" aria-label=\"Mehr \u00fcber Fahrtenbuch neueste Rechtsprechung 2025: Was Sie beim Fahrtenbuch beachten m\u00fcssen\" tabindex=\"-1\" >\n\t\t\tMehr erfahren \u2192\t\t<\/a>\n\n\t\t\t\t\t<\/div>\n\t\t\t\t<\/div>\n\t\t\t\t<div class=\"elementor-post__meta-data\">\n\t\t\t\t\t<span class=\"elementor-post-date\">\n\t\t\t3. Juli 2025\t\t<\/span>\n\t\t\t\t<\/div>\n\t\t\t\t\t<\/div>\n\t\t<\/article>\n\t\t\t\t<article class=\"elementor-post elementor-grid-item post-52609 post type-post status-publish format-standard has-post-thumbnail hentry category-blog tag-7-tage-regel tag-fahrtenbuch tag-finanzamtkonform tag-versteuerung\">\n\t\t\t<div class=\"elementor-post__card\">\n\t\t\t\t<a class=\"elementor-post__thumbnail__link\" href=\"https:\/\/vimcar.de\/boxenstopp\/blog\/7-tage-regel-fahrtenbuch\/\" tabindex=\"-1\" ><div class=\"elementor-post__thumbnail\"><img loading=\"lazy\" decoding=\"async\" width=\"768\" height=\"461\" src=\"https:\/\/vimcar.de\/boxenstopp\/wp-content\/uploads\/2025\/07\/7-Tage-Regel-Fahrtenbuch-Vimcar-Finanzamtkonform-768x461.jpg\" class=\"attachment-medium_large size-medium_large wp-image-52627\" alt=\"7 Tage Regel Fahrtenbuch\" srcset=\"https:\/\/vimcar.de\/boxenstopp\/wp-content\/uploads\/2025\/07\/7-Tage-Regel-Fahrtenbuch-Vimcar-Finanzamtkonform-768x461.jpg 768w, https:\/\/vimcar.de\/boxenstopp\/wp-content\/uploads\/2025\/07\/7-Tage-Regel-Fahrtenbuch-Vimcar-Finanzamtkonform-300x180.jpg 300w, https:\/\/vimcar.de\/boxenstopp\/wp-content\/uploads\/2025\/07\/7-Tage-Regel-Fahrtenbuch-Vimcar-Finanzamtkonform.jpg 1000w\" sizes=\"(max-width: 768px) 100vw, 768px\" \/><\/div><\/a>\n\t\t\t\t<div class=\"elementor-post__badge\">7 Tage Regel<\/div>\n\t\t\t\t<div class=\"elementor-post__text\">\n\t\t\t\t<h3 class=\"elementor-post__title\">\n\t\t\t<a href=\"https:\/\/vimcar.de\/boxenstopp\/blog\/7-tage-regel-fahrtenbuch\/\" >\n\t\t\t\t7-Tage-Regel Fahrtenbuch: Wer zu sp\u00e4t kommt, zahlt drauf\t\t\t<\/a>\n\t\t<\/h3>\n\t\t\t\t<div class=\"elementor-post__excerpt\">\n\t\t\t<p>Ein Fahrtenbuch ist das genaue Protokoll jeder Dienstfahrt \u2013 und f\u00fcr Unternehmer:innen\u00a0und Pendler wichtig. Wer es ernst nimmt, kann ordentlich<\/p>\n\t\t<\/div>\n\t\t\t\t\t<div class=\"elementor-post__read-more-wrapper\">\n\t\t\n\t\t<a class=\"elementor-post__read-more\" href=\"https:\/\/vimcar.de\/boxenstopp\/blog\/7-tage-regel-fahrtenbuch\/\" aria-label=\"Mehr \u00fcber 7-Tage-Regel Fahrtenbuch: Wer zu sp\u00e4t kommt, zahlt drauf\" tabindex=\"-1\" >\n\t\t\tMehr erfahren \u2192\t\t<\/a>\n\n\t\t\t\t\t<\/div>\n\t\t\t\t<\/div>\n\t\t\t\t<div class=\"elementor-post__meta-data\">\n\t\t\t\t\t<span class=\"elementor-post-date\">\n\t\t\t24. Juni 2025\t\t<\/span>\n\t\t\t\t<\/div>\n\t\t\t\t\t<\/div>\n\t\t<\/article>\n\t\t\t\t<\/div>\n\t\t\n\t\t\t\t<div class=\"e-load-more-anchor\" data-page=\"1\" data-max-page=\"19\" data-next-page=\"https:\/\/vimcar.de\/boxenstopp\/wp-json\/wp\/v2\/pages\/46485\/page\/2\/\"><\/div>\n\t\t\t\t<nav class=\"elementor-pagination\" aria-label=\"Seitennummerierung\">\n\t\t\t<span class=\"page-numbers prev\">Vorherige<\/span>\n<span aria-current=\"page\" class=\"page-numbers current\"><span class=\"elementor-screen-only\">Seite<\/span>1<\/span>\n<a class=\"page-numbers\" href=\"https:\/\/vimcar.de\/boxenstopp\/wp-json\/wp\/v2\/pages\/46485\/page\/2\/\"><span class=\"elementor-screen-only\">Seite<\/span>2<\/a>\n<a class=\"page-numbers\" href=\"https:\/\/vimcar.de\/boxenstopp\/wp-json\/wp\/v2\/pages\/46485\/page\/3\/\"><span class=\"elementor-screen-only\">Seite<\/span>3<\/a>\n<a class=\"page-numbers next\" href=\"https:\/\/vimcar.de\/boxenstopp\/wp-json\/wp\/v2\/pages\/46485\/page\/2\/\">N\u00e4chste<\/a>\t\t<\/nav>\n\t\t\t\t<\/div>\n\t\t\t\t<\/div>\n\t\t\t\t<div class=\"elementor-element elementor-element-b61df7c elementor-widget elementor-widget-spacer\" data-id=\"b61df7c\" data-element_type=\"widget\" data-widget_type=\"spacer.default\">\n\t\t\t\t<div class=\"elementor-widget-container\">\n\t\t\t\t\t<div class=\"elementor-spacer\">\n\t\t\t<div class=\"elementor-spacer-inner\"><\/div>\n\t\t<\/div>\n\t\t\t\t<\/div>\n\t\t\t\t<\/div>\n\t\t\t\t\t<\/div>\n\t\t<\/div>\n\t\t\t\t\t<\/div>\n\t\t<\/section>\n\t\t\t\t<section class=\"elementor-section elementor-top-section elementor-element elementor-element-ec3fc7b elementor-section-boxed elementor-section-height-default elementor-section-height-default\" data-id=\"ec3fc7b\" data-element_type=\"section\" data-settings=\"{&quot;background_background&quot;:&quot;classic&quot;,&quot;background_motion_fx_motion_fx_scrolling&quot;:&quot;yes&quot;,&quot;background_motion_fx_translateY_effect&quot;:&quot;yes&quot;,&quot;background_motion_fx_translateY_speed&quot;:{&quot;unit&quot;:&quot;px&quot;,&quot;size&quot;:2.9,&quot;sizes&quot;:[]},&quot;background_motion_fx_translateY_affectedRange&quot;:{&quot;unit&quot;:&quot;%&quot;,&quot;size&quot;:&quot;&quot;,&quot;sizes&quot;:{&quot;start&quot;:0,&quot;end&quot;:100}},&quot;background_motion_fx_devices&quot;:[&quot;desktop&quot;,&quot;tablet&quot;,&quot;mobile&quot;]}\">\n\t\t\t\t\t\t<div class=\"elementor-container elementor-column-gap-default\">\n\t\t\t\t\t<div class=\"elementor-column elementor-col-50 elementor-top-column elementor-element elementor-element-374f8d9\" data-id=\"374f8d9\" data-element_type=\"column\">\n\t\t\t<div class=\"elementor-widget-wrap elementor-element-populated\">\n\t\t\t\t\t\t<div class=\"elementor-element elementor-element-aa3a14e elementor-widget__width-initial elementor-widget elementor-widget-heading\" data-id=\"aa3a14e\" data-element_type=\"widget\" data-widget_type=\"heading.default\">\n\t\t\t\t<div class=\"elementor-widget-container\">\n\t\t\t<h2 class=\"elementor-heading-title elementor-size-default\"><h2 data-elementor-setting-key=\"title\" data-pen-placeholder=\"Eingabe hier...\" data-lt-tmp-id=\"lt-807053\" spellcheck=\"false\" data-gramm=\"false\" style=\"font-family: var( --e-global-typography-primary-font-family ), Source Sans Pro; font-weight: var( --e-global-typography-primary-font-weight ); letter-spacing: var( --e-global-typography-primary-letter-spacing );\">Neueste Fahrtenbuch Beitr\u00e4ge<\/h2><\/h2>\t\t<\/div>\n\t\t\t\t<\/div>\n\t\t\t\t\t<\/div>\n\t\t<\/div>\n\t\t\t\t<div class=\"elementor-column elementor-col-50 elementor-top-column elementor-element elementor-element-d1ee129\" data-id=\"d1ee129\" data-element_type=\"column\">\n\t\t\t<div class=\"elementor-widget-wrap elementor-element-populated\">\n\t\t\t\t\t\t<div class=\"elementor-element elementor-element-3b71a68 elementor-widget__width-initial elementor-widget elementor-widget-image\" data-id=\"3b71a68\" data-element_type=\"widget\" data-widget_type=\"image.default\">\n\t\t\t\t<div class=\"elementor-widget-container\">\n\t\t\t\t\t\t\t\t\t\t\t\t\t<img decoding=\"async\" src=\"https:\/\/vimcar.de\/boxenstopp\/wp-content\/uploads\/elementor\/thumbs\/Fahrtenbuch-Grafik-Artikel-e1696198394964-qd8or7rv6eyy6rb0i6aja4pqr4twsm3ihvobpfk8nk.png\" title=\"Fahrtenbuch Grafik Artikel\" alt=\"Fahrtenbuch Grafik Artikel\" loading=\"lazy\" \/>\t\t\t\t\t\t\t\t\t\t\t\t\t<\/div>\n\t\t\t\t<\/div>\n\t\t\t\t\t<\/div>\n\t\t<\/div>\n\t\t\t\t\t<\/div>\n\t\t<\/section>\n\t\t\t\t<section class=\"elementor-section elementor-top-section elementor-element elementor-element-d399280 elementor-section-boxed elementor-section-height-default elementor-section-height-default\" data-id=\"d399280\" data-element_type=\"section\">\n\t\t\t\t\t\t<div class=\"elementor-container elementor-column-gap-default\">\n\t\t\t\t\t<div class=\"elementor-column elementor-col-100 elementor-top-column elementor-element elementor-element-fad9341\" data-id=\"fad9341\" data-element_type=\"column\">\n\t\t\t<div class=\"elementor-widget-wrap elementor-element-populated\">\n\t\t\t\t\t\t<div class=\"elementor-element elementor-element-245a0e1 elementor-grid-2 elementor-grid-tablet-2 elementor-grid-mobile-1 elementor-posts--thumbnail-top elementor-card-shadow-yes elementor-posts__hover-gradient elementor-widget elementor-widget-posts\" data-id=\"245a0e1\" data-element_type=\"widget\" data-settings=\"{&quot;pagination_type&quot;:&quot;numbers_and_prev_next&quot;,&quot;cards_columns&quot;:&quot;2&quot;,&quot;cards_columns_tablet&quot;:&quot;2&quot;,&quot;cards_columns_mobile&quot;:&quot;1&quot;,&quot;cards_row_gap&quot;:{&quot;unit&quot;:&quot;px&quot;,&quot;size&quot;:35,&quot;sizes&quot;:[]},&quot;cards_row_gap_tablet&quot;:{&quot;unit&quot;:&quot;px&quot;,&quot;size&quot;:&quot;&quot;,&quot;sizes&quot;:[]},&quot;cards_row_gap_mobile&quot;:{&quot;unit&quot;:&quot;px&quot;,&quot;size&quot;:&quot;&quot;,&quot;sizes&quot;:[]}}\" data-widget_type=\"posts.cards\">\n\t\t\t\t<div class=\"elementor-widget-container\">\n\t\t\t\t\t<div class=\"elementor-posts-container elementor-posts elementor-posts--skin-cards elementor-grid\">\n\t\t\t\t<article class=\"elementor-post elementor-grid-item post-52609 post type-post status-publish format-standard has-post-thumbnail hentry category-blog tag-7-tage-regel tag-fahrtenbuch tag-finanzamtkonform tag-versteuerung\">\n\t\t\t<div class=\"elementor-post__card\">\n\t\t\t\t<a class=\"elementor-post__thumbnail__link\" href=\"https:\/\/vimcar.de\/boxenstopp\/blog\/7-tage-regel-fahrtenbuch\/\" tabindex=\"-1\" ><div class=\"elementor-post__thumbnail\"><img loading=\"lazy\" decoding=\"async\" width=\"768\" height=\"461\" src=\"https:\/\/vimcar.de\/boxenstopp\/wp-content\/uploads\/2025\/07\/7-Tage-Regel-Fahrtenbuch-Vimcar-Finanzamtkonform-768x461.jpg\" class=\"attachment-medium_large size-medium_large wp-image-52627\" alt=\"7 Tage Regel Fahrtenbuch\" srcset=\"https:\/\/vimcar.de\/boxenstopp\/wp-content\/uploads\/2025\/07\/7-Tage-Regel-Fahrtenbuch-Vimcar-Finanzamtkonform-768x461.jpg 768w, https:\/\/vimcar.de\/boxenstopp\/wp-content\/uploads\/2025\/07\/7-Tage-Regel-Fahrtenbuch-Vimcar-Finanzamtkonform-300x180.jpg 300w, https:\/\/vimcar.de\/boxenstopp\/wp-content\/uploads\/2025\/07\/7-Tage-Regel-Fahrtenbuch-Vimcar-Finanzamtkonform.jpg 1000w\" sizes=\"(max-width: 768px) 100vw, 768px\" \/><\/div><\/a>\n\t\t\t\t<div class=\"elementor-post__badge\">7 Tage Regel<\/div>\n\t\t\t\t<div class=\"elementor-post__text\">\n\t\t\t\t<h3 class=\"elementor-post__title\">\n\t\t\t<a href=\"https:\/\/vimcar.de\/boxenstopp\/blog\/7-tage-regel-fahrtenbuch\/\" >\n\t\t\t\t7-Tage-Regel Fahrtenbuch: Wer zu sp\u00e4t kommt, zahlt drauf\t\t\t<\/a>\n\t\t<\/h3>\n\t\t\t\t<div class=\"elementor-post__excerpt\">\n\t\t\t<p>Ein Fahrtenbuch ist das genaue Protokoll jeder Dienstfahrt \u2013 und f\u00fcr Unternehmer:innen\u00a0und Pendler wichtig. Wer es ernst nimmt, kann ordentlich<\/p>\n\t\t<\/div>\n\t\t\t\t\t<div class=\"elementor-post__read-more-wrapper\">\n\t\t\n\t\t<a class=\"elementor-post__read-more\" href=\"https:\/\/vimcar.de\/boxenstopp\/blog\/7-tage-regel-fahrtenbuch\/\" aria-label=\"Mehr \u00fcber 7-Tage-Regel Fahrtenbuch: Wer zu sp\u00e4t kommt, zahlt drauf\" tabindex=\"-1\" >\n\t\t\tMehr erfahren \u2192\t\t<\/a>\n\n\t\t\t\t\t<\/div>\n\t\t\t\t<\/div>\n\t\t\t\t<div class=\"elementor-post__meta-data\">\n\t\t\t\t\t<span class=\"elementor-post-date\">\n\t\t\t24. Juni 2025\t\t<\/span>\n\t\t\t\t<\/div>\n\t\t\t\t\t<\/div>\n\t\t<\/article>\n\t\t\t\t<article class=\"elementor-post elementor-grid-item post-40800 post type-post status-publish format-standard has-post-thumbnail hentry category-blog tag-fahrtenbuch tag-versteuerung\">\n\t\t\t<div class=\"elementor-post__card\">\n\t\t\t\t<a class=\"elementor-post__thumbnail__link\" href=\"https:\/\/vimcar.de\/boxenstopp\/blog\/fahrtenbuch-app-vergleich\/\" tabindex=\"-1\" ><div class=\"elementor-post__thumbnail\"><img loading=\"lazy\" decoding=\"async\" width=\"768\" height=\"448\" src=\"https:\/\/vimcar.de\/boxenstopp\/wp-content\/uploads\/2023\/02\/Digitale-Fahrtenbuch-App-Vergleich-768x448.jpg\" class=\"attachment-medium_large size-medium_large wp-image-41098\" alt=\"Digitale Fahrtenbuch App\" srcset=\"https:\/\/vimcar.de\/boxenstopp\/wp-content\/uploads\/2023\/02\/Digitale-Fahrtenbuch-App-Vergleich-768x448.jpg 768w, https:\/\/vimcar.de\/boxenstopp\/wp-content\/uploads\/2023\/02\/Digitale-Fahrtenbuch-App-Vergleich-300x175.jpg 300w, https:\/\/vimcar.de\/boxenstopp\/wp-content\/uploads\/2023\/02\/Digitale-Fahrtenbuch-App-Vergleich-1024x597.jpg 1024w, https:\/\/vimcar.de\/boxenstopp\/wp-content\/uploads\/2023\/02\/Digitale-Fahrtenbuch-App-Vergleich-24x14.jpg 24w, https:\/\/vimcar.de\/boxenstopp\/wp-content\/uploads\/2023\/02\/Digitale-Fahrtenbuch-App-Vergleich-36x21.jpg 36w, https:\/\/vimcar.de\/boxenstopp\/wp-content\/uploads\/2023\/02\/Digitale-Fahrtenbuch-App-Vergleich-48x28.jpg 48w, https:\/\/vimcar.de\/boxenstopp\/wp-content\/uploads\/2023\/02\/Digitale-Fahrtenbuch-App-Vergleich.jpg 1000w\" sizes=\"(max-width: 768px) 100vw, 768px\" \/><\/div><\/a>\n\t\t\t\t<div class=\"elementor-post__badge\">Fahrtenbuch<\/div>\n\t\t\t\t<div class=\"elementor-post__text\">\n\t\t\t\t<h3 class=\"elementor-post__title\">\n\t\t\t<a href=\"https:\/\/vimcar.de\/boxenstopp\/blog\/fahrtenbuch-app-vergleich\/\" >\n\t\t\t\tFahrtenbuch App Vergleich: Digital, sparsam und vom Finanzamt anerkannt\t\t\t<\/a>\n\t\t<\/h3>\n\t\t\t\t<div class=\"elementor-post__excerpt\">\n\t\t\t<p>Ob f\u00fcr Unternehmen mit einem gro\u00dfen Fuhrpark oder Selbst\u00e4ndige mit nur einem Fahrzeug: Fahrtenbuch-Apps sind mittlerweile unverzichtbar. Sie sparen Zeit,<\/p>\n\t\t<\/div>\n\t\t\t\t\t<div class=\"elementor-post__read-more-wrapper\">\n\t\t\n\t\t<a class=\"elementor-post__read-more\" href=\"https:\/\/vimcar.de\/boxenstopp\/blog\/fahrtenbuch-app-vergleich\/\" aria-label=\"Mehr \u00fcber Fahrtenbuch App Vergleich: Digital, sparsam und vom Finanzamt anerkannt\" tabindex=\"-1\" >\n\t\t\tMehr erfahren \u2192\t\t<\/a>\n\n\t\t\t\t\t<\/div>\n\t\t\t\t<\/div>\n\t\t\t\t<div class=\"elementor-post__meta-data\">\n\t\t\t\t\t<span class=\"elementor-post-date\">\n\t\t\t23. Juni 2025\t\t<\/span>\n\t\t\t\t<\/div>\n\t\t\t\t\t<\/div>\n\t\t<\/article>\n\t\t\t\t<article class=\"elementor-post elementor-grid-item post-52597 post type-post status-publish format-standard has-post-thumbnail hentry category-blog tag-fahrtenbuch tag-versteuerung\">\n\t\t\t<div class=\"elementor-post__card\">\n\t\t\t\t<a class=\"elementor-post__thumbnail__link\" href=\"https:\/\/vimcar.de\/boxenstopp\/blog\/manipulationssicheres-fahrtenbuch\/\" tabindex=\"-1\" ><div class=\"elementor-post__thumbnail\"><img loading=\"lazy\" decoding=\"async\" width=\"768\" height=\"461\" src=\"https:\/\/vimcar.de\/boxenstopp\/wp-content\/uploads\/2025\/06\/Manipulationssicheres-Fahrtenbuch-768x461.jpg\" class=\"attachment-medium_large size-medium_large wp-image-52648\" alt=\"Manipulationssicheres Fahrtenbuch\" srcset=\"https:\/\/vimcar.de\/boxenstopp\/wp-content\/uploads\/2025\/06\/Manipulationssicheres-Fahrtenbuch-768x461.jpg 768w, https:\/\/vimcar.de\/boxenstopp\/wp-content\/uploads\/2025\/06\/Manipulationssicheres-Fahrtenbuch-300x180.jpg 300w, https:\/\/vimcar.de\/boxenstopp\/wp-content\/uploads\/2025\/06\/Manipulationssicheres-Fahrtenbuch.jpg 1000w\" sizes=\"(max-width: 768px) 100vw, 768px\" \/><\/div><\/a>\n\t\t\t\t<div class=\"elementor-post__badge\">Fahrtenbuch<\/div>\n\t\t\t\t<div class=\"elementor-post__text\">\n\t\t\t\t<h3 class=\"elementor-post__title\">\n\t\t\t<a href=\"https:\/\/vimcar.de\/boxenstopp\/blog\/manipulationssicheres-fahrtenbuch\/\" >\n\t\t\t\tManipulationssicheres Fahrtenbuch: Warum das Finanzamt so genau hinschaut\t\t\t<\/a>\n\t\t<\/h3>\n\t\t\t\t<div class=\"elementor-post__excerpt\">\n\t\t\t<p>Der Firmenwagen ist poliert, der Tank gef\u00fcllt \u2013 doch wer bei der Fahrtenbuchf\u00fchrung schlampt, landet schneller beim Finanzamt als auf<\/p>\n\t\t<\/div>\n\t\t\t\t\t<div class=\"elementor-post__read-more-wrapper\">\n\t\t\n\t\t<a class=\"elementor-post__read-more\" href=\"https:\/\/vimcar.de\/boxenstopp\/blog\/manipulationssicheres-fahrtenbuch\/\" aria-label=\"Mehr \u00fcber Manipulationssicheres Fahrtenbuch: Warum das Finanzamt so genau hinschaut\" tabindex=\"-1\" >\n\t\t\tMehr erfahren \u2192\t\t<\/a>\n\n\t\t\t\t\t<\/div>\n\t\t\t\t<\/div>\n\t\t\t\t<div class=\"elementor-post__meta-data\">\n\t\t\t\t\t<span class=\"elementor-post-date\">\n\t\t\t19. Juni 2025\t\t<\/span>\n\t\t\t\t<\/div>\n\t\t\t\t\t<\/div>\n\t\t<\/article>\n\t\t\t\t<article class=\"elementor-post elementor-grid-item post-52454 post type-post status-publish format-standard has-post-thumbnail hentry category-blog tag-fahrtenbuch tag-versteuerung\">\n\t\t\t<div class=\"elementor-post__card\">\n\t\t\t\t<a class=\"elementor-post__thumbnail__link\" href=\"https:\/\/vimcar.de\/boxenstopp\/blog\/fahrtenbuch-finanzamt\/\" tabindex=\"-1\" ><div class=\"elementor-post__thumbnail\"><img loading=\"lazy\" decoding=\"async\" width=\"768\" height=\"512\" src=\"https:\/\/vimcar.de\/boxenstopp\/wp-content\/uploads\/2025\/03\/Fahrtenbuch-Finanzamt-768x512.webp\" class=\"attachment-medium_large size-medium_large wp-image-52455\" alt=\"Fahrtenbuch-Finanzamt Schreibtisch\" srcset=\"https:\/\/vimcar.de\/boxenstopp\/wp-content\/uploads\/2025\/03\/Fahrtenbuch-Finanzamt-768x512.webp 768w, https:\/\/vimcar.de\/boxenstopp\/wp-content\/uploads\/2025\/03\/Fahrtenbuch-Finanzamt-300x200.webp 300w, https:\/\/vimcar.de\/boxenstopp\/wp-content\/uploads\/2025\/03\/Fahrtenbuch-Finanzamt.webp 1000w\" sizes=\"(max-width: 768px) 100vw, 768px\" \/><\/div><\/a>\n\t\t\t\t<div class=\"elementor-post__badge\">Fahrtenbuch<\/div>\n\t\t\t\t<div class=\"elementor-post__text\">\n\t\t\t\t<h3 class=\"elementor-post__title\">\n\t\t\t<a href=\"https:\/\/vimcar.de\/boxenstopp\/blog\/fahrtenbuch-finanzamt\/\" >\n\t\t\t\tFahrtenbuch Finanzamt: 10 Kriterien f\u00fcr ein finanzamtkonformes digitales Fahrtenbuch\t\t\t<\/a>\n\t\t<\/h3>\n\t\t\t\t<div class=\"elementor-post__excerpt\">\n\t\t\t<p>Wer ein Fahrzeug gesch\u00e4ftlich nutzt und dabei Steuern sparen m\u00f6chte, kommt um ein Fahrtenbuch nicht herum. Doch aufgepasst: Das Finanzamt<\/p>\n\t\t<\/div>\n\t\t\t\t\t<div class=\"elementor-post__read-more-wrapper\">\n\t\t\n\t\t<a class=\"elementor-post__read-more\" href=\"https:\/\/vimcar.de\/boxenstopp\/blog\/fahrtenbuch-finanzamt\/\" aria-label=\"Mehr \u00fcber Fahrtenbuch Finanzamt: 10 Kriterien f\u00fcr ein finanzamtkonformes digitales Fahrtenbuch\" tabindex=\"-1\" >\n\t\t\tMehr erfahren \u2192\t\t<\/a>\n\n\t\t\t\t\t<\/div>\n\t\t\t\t<\/div>\n\t\t\t\t<div class=\"elementor-post__meta-data\">\n\t\t\t\t\t<span class=\"elementor-post-date\">\n\t\t\t20. M\u00e4rz 2025\t\t<\/span>\n\t\t\t\t<\/div>\n\t\t\t\t\t<\/div>\n\t\t<\/article>\n\t\t\t\t<\/div>\n\t\t\n\t\t\t\t<div class=\"e-load-more-anchor\" data-page=\"1\" data-max-page=\"9\" data-next-page=\"https:\/\/vimcar.de\/boxenstopp\/wp-json\/wp\/v2\/pages\/46485\/page\/2\/\"><\/div>\n\t\t\t\t<nav class=\"elementor-pagination\" aria-label=\"Seitennummerierung\">\n\t\t\t<span class=\"page-numbers prev\">Vorherige<\/span>\n<span aria-current=\"page\" class=\"page-numbers current\"><span class=\"elementor-screen-only\">Seite<\/span>1<\/span>\n<a class=\"page-numbers\" href=\"https:\/\/vimcar.de\/boxenstopp\/wp-json\/wp\/v2\/pages\/46485\/page\/2\/\"><span class=\"elementor-screen-only\">Seite<\/span>2<\/a>\n<a class=\"page-numbers\" href=\"https:\/\/vimcar.de\/boxenstopp\/wp-json\/wp\/v2\/pages\/46485\/page\/3\/\"><span class=\"elementor-screen-only\">Seite<\/span>3<\/a>\n<a class=\"page-numbers next\" href=\"https:\/\/vimcar.de\/boxenstopp\/wp-json\/wp\/v2\/pages\/46485\/page\/2\/\">N\u00e4chste<\/a>\t\t<\/nav>\n\t\t\t\t<\/div>\n\t\t\t\t<\/div>\n\t\t\t\t<div class=\"elementor-element elementor-element-19fcd7c elementor-widget elementor-widget-spacer\" data-id=\"19fcd7c\" data-element_type=\"widget\" data-widget_type=\"spacer.default\">\n\t\t\t\t<div class=\"elementor-widget-container\">\n\t\t\t\t\t<div class=\"elementor-spacer\">\n\t\t\t<div class=\"elementor-spacer-inner\"><\/div>\n\t\t<\/div>\n\t\t\t\t<\/div>\n\t\t\t\t<\/div>\n\t\t\t\t\t<\/div>\n\t\t<\/div>\n\t\t\t\t\t<\/div>\n\t\t<\/section>\n\t\t\t\t<section class=\"elementor-section elementor-top-section elementor-element elementor-element-c96482e elementor-section-boxed elementor-section-height-default elementor-section-height-default\" data-id=\"c96482e\" data-element_type=\"section\" data-settings=\"{&quot;background_background&quot;:&quot;classic&quot;}\">\n\t\t\t\t\t\t<div class=\"elementor-container elementor-column-gap-default\">\n\t\t\t\t\t<div class=\"elementor-column elementor-col-100 elementor-top-column elementor-element elementor-element-854f3cc\" data-id=\"854f3cc\" data-element_type=\"column\">\n\t\t\t<div class=\"elementor-widget-wrap elementor-element-populated\">\n\t\t\t\t\t\t<div class=\"elementor-element elementor-element-145ebb5 elementor-widget elementor-widget-heading\" data-id=\"145ebb5\" data-element_type=\"widget\" data-widget_type=\"heading.default\">\n\t\t\t\t<div class=\"elementor-widget-container\">\n\t\t\t<h2 class=\"elementor-heading-title elementor-size-default\">Unsere Ressourcen rund ums Fahrtenbuch<\/h2>\t\t<\/div>\n\t\t\t\t<\/div>\n\t\t\t\t\t<\/div>\n\t\t<\/div>\n\t\t\t\t\t<\/div>\n\t\t<\/section>\n\t\t\t\t<section class=\"elementor-section elementor-top-section elementor-element elementor-element-2f79c67 elementor-section-boxed elementor-section-height-default elementor-section-height-default\" data-id=\"2f79c67\" data-element_type=\"section\">\n\t\t\t\t\t\t<div class=\"elementor-container elementor-column-gap-default\">\n\t\t\t\t\t<div class=\"elementor-column elementor-col-100 elementor-top-column elementor-element elementor-element-241acab\" data-id=\"241acab\" data-element_type=\"column\">\n\t\t\t<div class=\"elementor-widget-wrap elementor-element-populated\">\n\t\t\t\t\t\t<div class=\"elementor-element elementor-element-02e96f2 elementor-grid-3 elementor-grid-tablet-2 elementor-grid-mobile-1 elementor-posts--thumbnail-top elementor-widget elementor-widget-posts\" data-id=\"02e96f2\" data-element_type=\"widget\" data-settings=\"{&quot;classic_columns&quot;:&quot;3&quot;,&quot;classic_columns_tablet&quot;:&quot;2&quot;,&quot;classic_columns_mobile&quot;:&quot;1&quot;,&quot;classic_row_gap&quot;:{&quot;unit&quot;:&quot;px&quot;,&quot;size&quot;:35,&quot;sizes&quot;:[]},&quot;classic_row_gap_tablet&quot;:{&quot;unit&quot;:&quot;px&quot;,&quot;size&quot;:&quot;&quot;,&quot;sizes&quot;:[]},&quot;classic_row_gap_mobile&quot;:{&quot;unit&quot;:&quot;px&quot;,&quot;size&quot;:&quot;&quot;,&quot;sizes&quot;:[]}}\" data-widget_type=\"posts.classic\">\n\t\t\t\t<div class=\"elementor-widget-container\">\n\t\t\t\t\t<div class=\"elementor-posts-container elementor-posts elementor-posts--skin-classic elementor-grid\">\n\t\t\t\t<article class=\"elementor-post elementor-grid-item post-6761 post type-post status-publish format-standard has-post-thumbnail hentry category-fahrtenbuch category-verwaltung category-ressourcenbereich\">\n\t\t\t\t<a class=\"elementor-post__thumbnail__link\" href=\"https:\/\/vimcar.de\/boxenstopp\/ressourcenbereich\/fahrtenbuch-vorlage\/\" tabindex=\"-1\" >\n\t\t\t<div class=\"elementor-post__thumbnail\"><img loading=\"lazy\" decoding=\"async\" width=\"300\" height=\"161\" src=\"https:\/\/vimcar.de\/boxenstopp\/wp-content\/uploads\/2019\/12\/Fahrtenbuch-Muster-e1646309016175-300x161.webp\" class=\"attachment-medium size-medium wp-image-32952\" alt=\"Fahrtenbuch Muster\" srcset=\"https:\/\/vimcar.de\/boxenstopp\/wp-content\/uploads\/2019\/12\/Fahrtenbuch-Muster-e1646309016175-300x161.webp 300w, https:\/\/vimcar.de\/boxenstopp\/wp-content\/uploads\/2019\/12\/Fahrtenbuch-Muster-e1646309016175.webp 400w\" sizes=\"(max-width: 300px) 100vw, 300px\" \/><\/div>\n\t\t<\/a>\n\t\t\t\t<div class=\"elementor-post__text\">\n\t\t\t\t<h3 class=\"elementor-post__title\">\n\t\t\t<a href=\"https:\/\/vimcar.de\/boxenstopp\/ressourcenbereich\/fahrtenbuch-vorlage\/\" >\n\t\t\t\tFahrtenbuch Vorlage: Vorteile, Anforderungen und der Weg zum digitalen Fahrtenbuch\t\t\t<\/a>\n\t\t<\/h3>\n\t\t\n\t\t<a class=\"elementor-post__read-more\" href=\"https:\/\/vimcar.de\/boxenstopp\/ressourcenbereich\/fahrtenbuch-vorlage\/\" aria-label=\"Mehr \u00fcber Fahrtenbuch Vorlage: Vorteile, Anforderungen und der Weg zum digitalen Fahrtenbuch\" tabindex=\"-1\" >\n\t\t\tMehr erfahren \u2192\t\t<\/a>\n\n\t\t\t\t<\/div>\n\t\t\t\t<\/article>\n\t\t\t\t<article class=\"elementor-post elementor-grid-item post-6629 post type-post status-publish format-standard has-post-thumbnail hentry category-fahrtenbuch category-verwaltung category-ressourcenbereich\">\n\t\t\t\t<a class=\"elementor-post__thumbnail__link\" href=\"https:\/\/vimcar.de\/boxenstopp\/ressourcenbereich\/antrag-korrektur-besteuerung\/\" tabindex=\"-1\" >\n\t\t\t<div class=\"elementor-post__thumbnail\"><img loading=\"lazy\" decoding=\"async\" width=\"300\" height=\"246\" src=\"https:\/\/vimcar.de\/boxenstopp\/wp-content\/uploads\/2019\/12\/Antrag-Korrektur-Versteuerung-e1618483320275.png\" class=\"attachment-medium size-medium wp-image-22754\" alt=\"Vorschau des Antrags zur Korrektur der Versteuerungsmethode\" srcset=\"https:\/\/vimcar.de\/boxenstopp\/wp-content\/uploads\/2019\/12\/Antrag-Korrektur-Versteuerung-e1618483320275.png 300w, https:\/\/vimcar.de\/boxenstopp\/wp-content\/uploads\/2019\/12\/Antrag-Korrektur-Versteuerung-e1618483320275-24x20.png 24w, https:\/\/vimcar.de\/boxenstopp\/wp-content\/uploads\/2019\/12\/Antrag-Korrektur-Versteuerung-e1618483320275-36x30.png 36w, https:\/\/vimcar.de\/boxenstopp\/wp-content\/uploads\/2019\/12\/Antrag-Korrektur-Versteuerung-e1618483320275-48x39.png 48w\" sizes=\"(max-width: 300px) 100vw, 300px\" \/><\/div>\n\t\t<\/a>\n\t\t\t\t<div class=\"elementor-post__text\">\n\t\t\t\t<h3 class=\"elementor-post__title\">\n\t\t\t<a href=\"https:\/\/vimcar.de\/boxenstopp\/ressourcenbereich\/antrag-korrektur-besteuerung\/\" >\n\t\t\t\tAntrag auf die Korrektur der Besteuerung des geldwerten Vorteils\t\t\t<\/a>\n\t\t<\/h3>\n\t\t\n\t\t<a class=\"elementor-post__read-more\" href=\"https:\/\/vimcar.de\/boxenstopp\/ressourcenbereich\/antrag-korrektur-besteuerung\/\" aria-label=\"Mehr \u00fcber Antrag auf die Korrektur der Besteuerung des geldwerten Vorteils\" tabindex=\"-1\" >\n\t\t\tMehr erfahren \u2192\t\t<\/a>\n\n\t\t\t\t<\/div>\n\t\t\t\t<\/article>\n\t\t\t\t<article class=\"elementor-post elementor-grid-item post-12246 post type-post status-publish format-standard has-post-thumbnail hentry category-digitales-fuhrparkmanagement category-fahrtenbuch category-ressourcenbereich\">\n\t\t\t\t<a class=\"elementor-post__thumbnail__link\" href=\"https:\/\/vimcar.de\/boxenstopp\/ressourcenbereich\/elektronisches-fahrtenbuch-vergleich\/\" tabindex=\"-1\" >\n\t\t\t<div class=\"elementor-post__thumbnail\"><img loading=\"lazy\" decoding=\"async\" width=\"300\" height=\"225\" src=\"https:\/\/vimcar.de\/boxenstopp\/wp-content\/uploads\/2020\/07\/Webp.net-resizeimage-1-300x225.png\" class=\"attachment-medium size-medium wp-image-26907\" alt=\"Vergleich elektronische Fahrtenb\u00fccher\" srcset=\"https:\/\/vimcar.de\/boxenstopp\/wp-content\/uploads\/2020\/07\/Webp.net-resizeimage-1-300x225.png 300w, https:\/\/vimcar.de\/boxenstopp\/wp-content\/uploads\/2020\/07\/Webp.net-resizeimage-1-24x18.png 24w, https:\/\/vimcar.de\/boxenstopp\/wp-content\/uploads\/2020\/07\/Webp.net-resizeimage-1-36x27.png 36w, https:\/\/vimcar.de\/boxenstopp\/wp-content\/uploads\/2020\/07\/Webp.net-resizeimage-1-48x36.png 48w, https:\/\/vimcar.de\/boxenstopp\/wp-content\/uploads\/2020\/07\/Webp.net-resizeimage-1.png 664w\" sizes=\"(max-width: 300px) 100vw, 300px\" \/><\/div>\n\t\t<\/a>\n\t\t\t\t<div class=\"elementor-post__text\">\n\t\t\t\t<h3 class=\"elementor-post__title\">\n\t\t\t<a href=\"https:\/\/vimcar.de\/boxenstopp\/ressourcenbereich\/elektronisches-fahrtenbuch-vergleich\/\" >\n\t\t\t\tElektronisches Fahrtenbuch Vergleich\t\t\t<\/a>\n\t\t<\/h3>\n\t\t\n\t\t<a class=\"elementor-post__read-more\" href=\"https:\/\/vimcar.de\/boxenstopp\/ressourcenbereich\/elektronisches-fahrtenbuch-vergleich\/\" aria-label=\"Mehr \u00fcber Elektronisches Fahrtenbuch Vergleich\" tabindex=\"-1\" >\n\t\t\tMehr erfahren \u2192\t\t<\/a>\n\n\t\t\t\t<\/div>\n\t\t\t\t<\/article>\n\t\t\t\t<\/div>\n\t\t\n\t\t\t\t<\/div>\n\t\t\t\t<\/div>\n\t\t\t\t<div class=\"elementor-element elementor-element-6e6fea9 elementor-widget elementor-widget-spacer\" data-id=\"6e6fea9\" data-element_type=\"widget\" data-widget_type=\"spacer.default\">\n\t\t\t\t<div class=\"elementor-widget-container\">\n\t\t\t\t\t<div class=\"elementor-spacer\">\n\t\t\t<div class=\"elementor-spacer-inner\"><\/div>\n\t\t<\/div>\n\t\t\t\t<\/div>\n\t\t\t\t<\/div>\n\t\t\t\t\t<\/div>\n\t\t<\/div>\n\t\t\t\t\t<\/div>\n\t\t<\/section>\n\t\t\t\t<section class=\"elementor-section elementor-top-section elementor-element elementor-element-c7f61dc elementor-section-boxed elementor-section-height-default elementor-section-height-default\" data-id=\"c7f61dc\" data-element_type=\"section\" data-settings=\"{&quot;background_background&quot;:&quot;classic&quot;}\">\n\t\t\t\t\t\t<div class=\"elementor-container elementor-column-gap-default\">\n\t\t\t\t\t<div class=\"elementor-column elementor-col-100 elementor-top-column elementor-element elementor-element-5d7ec6e\" data-id=\"5d7ec6e\" data-element_type=\"column\">\n\t\t\t<div class=\"elementor-widget-wrap elementor-element-populated\">\n\t\t\t\t\t\t<section class=\"elementor-section elementor-inner-section elementor-element elementor-element-f2c436e elementor-section-boxed elementor-section-height-default elementor-section-height-default\" data-id=\"f2c436e\" data-element_type=\"section\">\n\t\t\t\t\t\t<div class=\"elementor-container elementor-column-gap-default\">\n\t\t\t\t\t<div class=\"elementor-column elementor-col-50 elementor-inner-column elementor-element elementor-element-e584419\" data-id=\"e584419\" data-element_type=\"column\">\n\t\t\t<div class=\"elementor-widget-wrap elementor-element-populated\">\n\t\t\t\t\t\t<div class=\"elementor-element elementor-element-dcfdd28 elementor-widget elementor-widget-heading\" data-id=\"dcfdd28\" data-element_type=\"widget\" data-widget_type=\"heading.default\">\n\t\t\t\t<div class=\"elementor-widget-container\">\n\t\t\t<h2 class=\"elementor-heading-title elementor-size-default\">Webinar:<\/h2>\t\t<\/div>\n\t\t\t\t<\/div>\n\t\t\t\t<div class=\"elementor-element elementor-element-4e91eaf elementor-widget elementor-widget-text-editor\" data-id=\"4e91eaf\" data-element_type=\"widget\" data-widget_type=\"text-editor.default\">\n\t\t\t\t<div class=\"elementor-widget-container\">\n\t\t\t\t\t\t\t<p>Firmenwagenversteuerung leicht gemacht: Ein Einblick in das Vimcar Fahrtenbuch<\/p>\t\t\t\t\t\t<\/div>\n\t\t\t\t<\/div>\n\t\t\t\t<div class=\"elementor-element elementor-element-3d645e5 elementor-widget elementor-widget-text-editor\" data-id=\"3d645e5\" data-element_type=\"widget\" data-widget_type=\"text-editor.default\">\n\t\t\t\t<div class=\"elementor-widget-container\">\n\t\t\t\t\t\t\t<p>Erhalten Sie einen exklusiven Einblick in die vielf\u00e4ltigen Vorteile des Vimcar Fahrtenbuchs und erleben live, wie diese digitale L\u00f6sung Ihren Arbeitsalltag sp\u00fcrbar vereinfachen kann. Entdecken Sie, wie Sie mit dem Vimcar Fahrtenbuch nicht nur Zeit, sondern auch Steuern effizient einsparen k\u00f6nnen. Wir freuen uns darauf, Ihnen praktische Einblicke und wertvolle Tipps f\u00fcr eine optimierte Firmenwagenversteuerung zu bieten!<\/p>\t\t\t\t\t\t<\/div>\n\t\t\t\t<\/div>\n\t\t\t\t<div class=\"elementor-element elementor-element-592a870 elementor-align-center elementor-widget elementor-widget-button\" data-id=\"592a870\" data-element_type=\"widget\" data-widget_type=\"button.default\">\n\t\t\t\t<div class=\"elementor-widget-container\">\n\t\t\t\t\t<div class=\"elementor-button-wrapper\">\n\t\t\t<a class=\"elementor-button elementor-button-link elementor-size-lg\" href=\"https:\/\/attendee.gotowebinar.com\/register\/4397855631709139037?source=Boxenstopp+Hub+Page\">\n\t\t\t\t\t\t<span class=\"elementor-button-content-wrapper\">\n\t\t\t\t\t\t\t\t\t<span class=\"elementor-button-text\">Am Webinar teilnehmen<\/span>\n\t\t\t\t\t<\/span>\n\t\t\t\t\t<\/a>\n\t\t<\/div>\n\t\t\t\t<\/div>\n\t\t\t\t<\/div>\n\t\t\t\t\t<\/div>\n\t\t<\/div>\n\t\t\t\t<div class=\"elementor-column elementor-col-50 elementor-inner-column elementor-element elementor-element-7ac3743\" data-id=\"7ac3743\" data-element_type=\"column\">\n\t\t\t<div class=\"elementor-widget-wrap elementor-element-populated\">\n\t\t\t\t\t\t<div class=\"elementor-element elementor-element-20bf160 elementor-widget elementor-widget-image\" data-id=\"20bf160\" data-element_type=\"widget\" data-widget_type=\"image.default\">\n\t\t\t\t<div class=\"elementor-widget-container\">\n\t\t\t\t\t\t\t\t\t\t\t\t\t<img decoding=\"async\" src=\"https:\/\/vimcar.de\/boxenstopp\/wp-content\/uploads\/elementor\/thumbs\/Vimcar-Webinar-Winter-2023-2024-qgb4shv86h47fqf4bjv1dfq5sde81i6fpn1aguhmts.png\" title=\"Vimcar Webinar Winter 2023 2024\" alt=\"Vimcar Webinar Winter 2023 2024\" loading=\"lazy\" \/>\t\t\t\t\t\t\t\t\t\t\t\t\t<\/div>\n\t\t\t\t<\/div>\n\t\t\t\t\t<\/div>\n\t\t<\/div>\n\t\t\t\t\t<\/div>\n\t\t<\/section>\n\t\t\t\t\t<\/div>\n\t\t<\/div>\n\t\t\t\t\t<\/div>\n\t\t<\/section>\n\t\t\t\t<section class=\"elementor-section elementor-top-section elementor-element elementor-element-3775855 elementor-section-boxed elementor-section-height-default elementor-section-height-default\" data-id=\"3775855\" data-element_type=\"section\">\n\t\t\t\t\t\t<div class=\"elementor-container elementor-column-gap-default\">\n\t\t\t\t\t<div class=\"elementor-column elementor-col-100 elementor-top-column elementor-element elementor-element-11e2b6b\" data-id=\"11e2b6b\" data-element_type=\"column\">\n\t\t\t<div class=\"elementor-widget-wrap elementor-element-populated\">\n\t\t\t\t\t\t<div class=\"elementor-element elementor-element-11483db elementor-widget elementor-widget-spacer\" data-id=\"11483db\" data-element_type=\"widget\" data-widget_type=\"spacer.default\">\n\t\t\t\t<div class=\"elementor-widget-container\">\n\t\t\t\t\t<div class=\"elementor-spacer\">\n\t\t\t<div class=\"elementor-spacer-inner\"><\/div>\n\t\t<\/div>\n\t\t\t\t<\/div>\n\t\t\t\t<\/div>\n\t\t\t\t\t<\/div>\n\t\t<\/div>\n\t\t\t\t\t<\/div>\n\t\t<\/section>\n\t\t\t\t<section class=\"elementor-section elementor-top-section elementor-element elementor-element-6556d6d elementor-section-boxed elementor-section-height-default elementor-section-height-default\" data-id=\"6556d6d\" data-element_type=\"section\" data-settings=\"{&quot;background_background&quot;:&quot;classic&quot;}\">\n\t\t\t\t\t\t<div class=\"elementor-container elementor-column-gap-default\">\n\t\t\t\t\t<div class=\"elementor-column elementor-col-100 elementor-top-column elementor-element elementor-element-59f85b7\" data-id=\"59f85b7\" data-element_type=\"column\">\n\t\t\t<div class=\"elementor-widget-wrap elementor-element-populated\">\n\t\t\t\t\t\t<div class=\"elementor-element elementor-element-56fdb2d elementor-widget elementor-widget-heading\" data-id=\"56fdb2d\" data-element_type=\"widget\" data-widget_type=\"heading.default\">\n\t\t\t\t<div class=\"elementor-widget-container\">\n\t\t\t<h2 class=\"elementor-heading-title elementor-size-default\">Lexikon: Das ABC der Firmenwagenversteuerung\u200b<\/h2>\t\t<\/div>\n\t\t\t\t<\/div>\n\t\t\t\t\t<\/div>\n\t\t<\/div>\n\t\t\t\t\t<\/div>\n\t\t<\/section>\n\t\t\t\t<section class=\"elementor-section elementor-top-section elementor-element elementor-element-5a4ad5b elementor-section-boxed elementor-section-height-default elementor-section-height-default\" data-id=\"5a4ad5b\" data-element_type=\"section\">\n\t\t\t\t\t\t<div class=\"elementor-container elementor-column-gap-default\">\n\t\t\t\t\t<div class=\"elementor-column elementor-col-100 elementor-top-column elementor-element elementor-element-d164acf\" data-id=\"d164acf\" data-element_type=\"column\">\n\t\t\t<div class=\"elementor-widget-wrap elementor-element-populated\">\n\t\t\t\t\t\t<div class=\"elementor-element elementor-element-056b517 elementor-widget__width-inherit elementor-widget elementor-widget-image\" data-id=\"056b517\" data-element_type=\"widget\" data-widget_type=\"image.default\">\n\t\t\t\t<div class=\"elementor-widget-container\">\n\t\t\t\t\t\t\t\t\t\t\t\t\t<img loading=\"lazy\" decoding=\"async\" width=\"1000\" height=\"300\" src=\"https:\/\/vimcar.de\/boxenstopp\/wp-content\/uploads\/2023\/10\/Fahrtenbuch-und-Firmenwagen-versteuern.jpg\" class=\"attachment-full size-full wp-image-46547\" alt=\"Fahrtenbuch und Firmenwagen versteuern\" srcset=\"https:\/\/vimcar.de\/boxenstopp\/wp-content\/uploads\/2023\/10\/Fahrtenbuch-und-Firmenwagen-versteuern.jpg 1000w, https:\/\/vimcar.de\/boxenstopp\/wp-content\/uploads\/2023\/10\/Fahrtenbuch-und-Firmenwagen-versteuern-300x90.jpg 300w, https:\/\/vimcar.de\/boxenstopp\/wp-content\/uploads\/2023\/10\/Fahrtenbuch-und-Firmenwagen-versteuern-768x230.jpg 768w\" sizes=\"(max-width: 1000px) 100vw, 1000px\" \/>\t\t\t\t\t\t\t\t\t\t\t\t\t<\/div>\n\t\t\t\t<\/div>\n\t\t\t\t<div class=\"elementor-element elementor-element-74d1358 elementor-widget elementor-widget-text-editor\" data-id=\"74d1358\" data-element_type=\"widget\" data-widget_type=\"text-editor.default\">\n\t\t\t\t<div class=\"elementor-widget-container\">\n\t\t\t\t\t\t\t<p>Entdecken Sie aus unserem Lexikon umfassende Informationen zur Besteuerung von Firmenwagen. Von der 1-Prozent-Regelung bis zum geldwerten Vorteil bieten wir klare Erkl\u00e4rungen und wichtige Informationen zu den zentralen Begriffen und Themen im Bereich der Firmenwagenversteuerung.<\/p>\t\t\t\t\t\t<\/div>\n\t\t\t\t<\/div>\n\t\t\t\t\t<\/div>\n\t\t<\/div>\n\t\t\t\t\t<\/div>\n\t\t<\/section>\n\t\t\t\t<section class=\"elementor-section elementor-top-section elementor-element elementor-element-9011e1e elementor-section-boxed elementor-section-height-default elementor-section-height-default\" data-id=\"9011e1e\" data-element_type=\"section\">\n\t\t\t\t\t\t<div class=\"elementor-container elementor-column-gap-default\">\n\t\t\t\t\t<div class=\"elementor-column elementor-col-100 elementor-top-column elementor-element elementor-element-540bf79\" data-id=\"540bf79\" data-element_type=\"column\">\n\t\t\t<div class=\"elementor-widget-wrap elementor-element-populated\">\n\t\t\t\t\t\t<section class=\"elementor-section elementor-inner-section elementor-element elementor-element-79148e7 elementor-section-boxed elementor-section-height-default elementor-section-height-default\" data-id=\"79148e7\" data-element_type=\"section\">\n\t\t\t\t\t\t<div class=\"elementor-container elementor-column-gap-default\">\n\t\t\t\t\t<div class=\"elementor-column elementor-col-50 elementor-inner-column elementor-element elementor-element-f84e7cd\" data-id=\"f84e7cd\" data-element_type=\"column\">\n\t\t\t<div class=\"elementor-widget-wrap elementor-element-populated\">\n\t\t\t\t\t\t<div class=\"elementor-element elementor-element-43349b4 elementor-widget__width-initial elementor-widget elementor-widget-text-editor\" data-id=\"43349b4\" data-element_type=\"widget\" data-widget_type=\"text-editor.default\">\n\t\t\t\t<div class=\"elementor-widget-container\">\n\t\t\t\t\t\t\t<ul><li><strong><a href=\"https:\/\/vimcar.de\/boxenstopp\/lexikon\/1-prozent-regelung\/\">1-Prozent-Regelung<\/a><\/strong><\/li><li><strong><a href=\"https:\/\/vimcar.de\/boxenstopp\/lexikon\/arbeitsweg\/\">Arbeitsweg<\/a><\/strong><\/li><li><strong><a href=\"https:\/\/vimcar.de\/boxenstopp\/lexikon\/betriebsfahrt\/\">Betriebsfahrt<\/a><\/strong><\/li><li><strong><a href=\"https:\/\/vimcar.de\/boxenstopp\/lexikon\/betriebskosten\/\">Betriebskosten<\/a><\/strong><\/li><li><strong><a href=\"https:\/\/vimcar.de\/boxenstopp\/lexikon\/bruttolistenpreis\/\">Bruttolistenpreis<\/a><\/strong><\/li><li><strong><a href=\"https:\/\/vimcar.de\/boxenstopp\/lexikon\/car-allowance\/\">Car Allowance<\/a><\/strong><\/li><li><strong><a href=\"https:\/\/vimcar.de\/boxenstopp\/lexikon\/entfernungspauschale\/\">Entfernungspauschale<\/a><\/strong><\/li><li><strong><a href=\"https:\/\/vimcar.de\/boxenstopp\/lexikon\/fahrtenbuch-fuehren\/\">Fahrtenbuch f\u00fchren<\/a><\/strong><\/li><li><strong><a href=\"https:\/\/vimcar.de\/boxenstopp\/lexikon\/fahrtenbuchauflage\/\">Fahrtenbuchauflage \u00a731a StVZO<\/a><\/strong><\/li><li><strong><a href=\"https:\/\/vimcar.de\/boxenstopp\/lexikon\/fahrtenkategorien\/\">Fahrtenkategorien<\/a><\/strong><\/li><li><strong><a href=\"https:\/\/vimcar.de\/boxenstopp\/lexikon\/fahrtenbuchschreiber\/\">Fahrtenschreiber<\/a><\/strong><\/li><li><strong><a href=\"https:\/\/vimcar.de\/boxenstopp\/lexikon\/firmenfahrzeug\/\">Firmenfahrzeug<\/a><\/strong><\/li><li><strong><a href=\"https:\/\/vimcar.de\/boxenstopp\/lexikon\/firmenwagen\/\">Firmenwagen<\/a><\/strong><\/li><li><strong><a href=\"https:\/\/vimcar.de\/boxenstopp\/lexikon\/geldwerter-vorteil\/\">Geldwerter Vorteil<\/a><\/strong><\/li><\/ul>\t\t\t\t\t\t<\/div>\n\t\t\t\t<\/div>\n\t\t\t\t\t<\/div>\n\t\t<\/div>\n\t\t\t\t<div class=\"elementor-column elementor-col-50 elementor-inner-column elementor-element elementor-element-39e313f\" data-id=\"39e313f\" data-element_type=\"column\">\n\t\t\t<div class=\"elementor-widget-wrap elementor-element-populated\">\n\t\t\t\t\t\t<div class=\"elementor-element elementor-element-e86b1bd elementor-widget__width-initial elementor-widget elementor-widget-text-editor\" data-id=\"e86b1bd\" data-element_type=\"widget\" data-widget_type=\"text-editor.default\">\n\t\t\t\t<div class=\"elementor-widget-container\">\n\t\t\t\t\t\t\t<ul><li><strong><a href=\"https:\/\/vimcar.de\/boxenstopp\/lexikon\/gobd\/\">GoBD<\/a><\/strong><\/li><li><strong><a href=\"https:\/\/vimcar.de\/boxenstopp\/lexikon\/kfz-steuer\/\">Kfz Steuer<\/a><\/strong><\/li><li><strong><a href=\"https:\/\/vimcar.de\/boxenstopp\/lexikon\/kilometerpauschale\/\">Kilometerpauschale<\/a><\/strong><\/li><li><strong><a href=\"https:\/\/vimcar.de\/boxenstopp\/lexikon\/mischfahrt\/\">Mischfahrt<\/a><\/strong><\/li><li><strong><a href=\"https:\/\/vimcar.de\/boxenstopp\/lexikon\/nutzungsverbot-dienstwagen\/\">Nutzungsverbot Dienstwagen<\/a><\/strong><\/li><li><strong><a href=\"https:\/\/vimcar.de\/boxenstopp\/lexikon\/obd-stecker\/\">OBD-Stecker<\/a><\/strong><\/li><li><strong><a href=\"https:\/\/vimcar.de\/boxenstopp\/lexikon\/pauschalversteuerung\/\">Pauschalversteuerung<\/a><\/strong><\/li><li><strong><a href=\"https:\/\/vimcar.de\/boxenstopp\/lexikon\/poolfahrzeug\/\">Poolfahrzeug<\/a><\/strong><\/li><li><strong><a href=\"https:\/\/vimcar.de\/boxenstopp\/lexikon\/privatfahrt\/\">Privatfahrt<\/a><\/strong><\/li><li><strong><a href=\"https:\/\/vimcar.de\/boxenstopp\/lexikon\/reisekostenabrechnung\/\">Reisekostenabrechnung<\/a><\/strong><\/li><li><strong><a href=\"https:\/\/vimcar.de\/boxenstopp\/lexikon\/spesen\/\">Spesen<\/a><\/strong><\/li><li><strong><a href=\"https:\/\/vimcar.de\/boxenstopp\/lexikon\/vorsteuerabzug\/\">Vorsteuerabzug<\/a><\/strong><\/li><li><strong><a href=\"https:\/\/vimcar.de\/boxenstopp\/lexikon\/werbungskosten\/\">Werbungskosten<\/a><\/strong><\/li><\/ul>\t\t\t\t\t\t<\/div>\n\t\t\t\t<\/div>\n\t\t\t\t\t<\/div>\n\t\t<\/div>\n\t\t\t\t\t<\/div>\n\t\t<\/section>\n\t\t\t\t<div class=\"elementor-element elementor-element-9519ff0 elementor-widget elementor-widget-spacer\" data-id=\"9519ff0\" data-element_type=\"widget\" data-widget_type=\"spacer.default\">\n\t\t\t\t<div class=\"elementor-widget-container\">\n\t\t\t\t\t<div class=\"elementor-spacer\">\n\t\t\t<div class=\"elementor-spacer-inner\"><\/div>\n\t\t<\/div>\n\t\t\t\t<\/div>\n\t\t\t\t<\/div>\n\t\t\t\t\t<\/div>\n\t\t<\/div>\n\t\t\t\t\t<\/div>\n\t\t<\/section>\n\t\t\t\t<section class=\"elementor-section elementor-top-section elementor-element elementor-element-984bd79 elementor-section-boxed elementor-section-height-default elementor-section-height-default\" data-id=\"984bd79\" data-element_type=\"section\">\n\t\t\t\t\t\t<div class=\"elementor-container elementor-column-gap-default\">\n\t\t\t\t\t<div class=\"elementor-column elementor-col-100 elementor-top-column elementor-element elementor-element-ecd8650\" data-id=\"ecd8650\" data-element_type=\"column\">\n\t\t\t<div class=\"elementor-widget-wrap elementor-element-populated\">\n\t\t\t\t\t\t<div class=\"elementor-element elementor-element-e08c47f elementor-widget elementor-widget-spacer\" data-id=\"e08c47f\" data-element_type=\"widget\" data-widget_type=\"spacer.default\">\n\t\t\t\t<div class=\"elementor-widget-container\">\n\t\t\t\t\t<div class=\"elementor-spacer\">\n\t\t\t<div class=\"elementor-spacer-inner\"><\/div>\n\t\t<\/div>\n\t\t\t\t<\/div>\n\t\t\t\t<\/div>\n\t\t\t\t<div class=\"elementor-element elementor-element-da0eecf elementor-widget elementor-widget-heading\" data-id=\"da0eecf\" data-element_type=\"widget\" data-widget_type=\"heading.default\">\n\t\t\t\t<div class=\"elementor-widget-container\">\n\t\t\t<h2 class=\"elementor-heading-title elementor-size-default\">Die Firmenwagenversteuerung auf einem im Blick<\/h2>\t\t<\/div>\n\t\t\t\t<\/div>\n\t\t\t\t<div class=\"elementor-element elementor-element-f939dbd elementor-widget elementor-widget-text-editor\" data-id=\"f939dbd\" data-element_type=\"widget\" data-widget_type=\"text-editor.default\">\n\t\t\t\t<div class=\"elementor-widget-container\">\n\t\t\t\t\t\t\t<p>Die Versteuerung von Firmenwagen ist ein zentrales Thema f\u00fcr Unternehmen und deren Mitarbeiter, sowie Selbstst\u00e4ndige. Die korrekte Handhabung dieses Sachverhalts ist nicht nur gesetzlich vorgeschrieben, sondern kann auch erheblichen Einfluss auf die finanzielle Situation von Arbeitnehmern und Arbeitgebern haben. Hier tauchen kurz in die Welt der Firmenwagenversteuerung ein und erkl\u00e4ren, worauf es ankommt.<\/p><h4><b>1. Die 1-Prozent-Regelung: Eine g\u00e4ngige Methode<\/b><\/h4><p>Eine der h\u00e4ufigsten Methoden zur Ermittlung des geldwerten Vorteils bei Firmenwagen ist die <a href=\"https:\/\/vimcar.de\/boxenstopp\/lexikon\/1-prozent-regelung\/\" target=\"_blank\" rel=\"noopener\">1-Prozent-Regelung<\/a>. Dabei wird monatlich 1 Prozent des inl\u00e4ndischen Listenpreises des Fahrzeugs als geldwerter Vorteil versteuert. F\u00fcr Dienstwagen mit geringer Privatnutzung kann diese Methode vorteilhaft sein.<\/p><h4>2. Die alternative Fahrtenbuchmethode<\/h4><p>Eine alternative Methode zur Versteuerung von Firmenwagen ist das F\u00fchren eines <a href=\"https:\/\/vimcar.de\/fahrtenbuch\/preise?utm_medium=organic&amp;utm_source=organic&amp;utm_campaign=de_fb_organic_organic_sale_firmenwagen-versteuern-fahrtenbuch-text_\" target=\"_blank\" rel=\"noopener\">Fahrtenbuchs<\/a>. Hierbei werden s\u00e4mtliche dienstlichen und privaten Fahrten penibel dokumentiert. Die Fahrtenbuchmethode kann dazu f\u00fchren, dass der geldwerte Vorteil genauer und in vielen F\u00e4llen niedriger berechnet wird.<\/p><h4>3. Geldwerter Vorteil: Was steckt dahinter?<\/h4><p>Der <a href=\"https:\/\/vimcar.de\/boxenstopp\/lexikon\/geldwerter-vorteil\/\" target=\"_blank\" rel=\"noopener\">geldwerte Vorteil<\/a> ist ein zentraler Begriff bei der Firmenwagenversteuerung. Dabei handelt es sich um den Wert, den ein Mitarbeiter durch die private Nutzung des Dienstwagens hat. Dieser Wert wird in der Regel monatlich versteuert und wirkt sich auf das zu versteuernde Einkommen aus.<span style=\"color: var( --e-global-color-text ); font-family: var( --e-global-typography-text-font-family ), Source Sans Pro; font-size: var( --e-global-typography-text-font-size ); font-weight: var( --e-global-typography-text-font-weight );\">\u00a0<\/span><\/p>\t\t\t\t\t\t<\/div>\n\t\t\t\t<\/div>\n\t\t\t\t\t<\/div>\n\t\t<\/div>\n\t\t\t\t\t<\/div>\n\t\t<\/section>\n\t\t\t\t<section class=\"elementor-section elementor-top-section elementor-element elementor-element-d652472 elementor-section-boxed elementor-section-height-default elementor-section-height-default\" data-id=\"d652472\" data-element_type=\"section\">\n\t\t\t\t\t\t<div class=\"elementor-container elementor-column-gap-default\">\n\t\t\t\t\t<div class=\"elementor-column elementor-col-50 elementor-top-column elementor-element elementor-element-f275da5\" data-id=\"f275da5\" data-element_type=\"column\">\n\t\t\t<div class=\"elementor-widget-wrap elementor-element-populated\">\n\t\t\t\t\t\t<div class=\"elementor-element elementor-element-936a193 elementor-widget elementor-widget-text-editor\" data-id=\"936a193\" data-element_type=\"widget\" data-widget_type=\"text-editor.default\">\n\t\t\t\t<div class=\"elementor-widget-container\">\n\t\t\t\t\t\t\t<h4>4. Steuerliche Aspekte im Blick behalten<\/h4><p>Bei der Firmenwagenversteuerung sind neben der 1-Prozent-Regelung und dem <a href=\"https:\/\/vimcar.de\/fahrtenbuch\/preise?utm_medium=organic&amp;utm_source=organic&amp;utm_campaign=de_fb_organic_organic_sale_firmenwagen-versteuern-fahrtenbuch-text_\" target=\"_blank\" rel=\"noopener\">Fahrtenbuch<\/a> auch andere steuerliche Faktoren von Bedeutung. Dazu z\u00e4hlen die Kfz-Steuer sowie der Vorsteuerabzug. Diese Aspekte k\u00f6nnen erheblichen Einfluss auf die Versteuerung haben und sollten sorgf\u00e4ltig in die Planung einbezogen werden. Ein umfassendes Verst\u00e4ndnis dieser steuerlichen Zusammenh\u00e4nge ist entscheidend, um steuerliche Vorteile zu nutzen und potenzielle Sanktionen zu vermeiden.<\/p><p>F\u00fcr Selbstst\u00e4ndige und Angestellte ist die Wahl der besten Versteuermethode von gro\u00dfer Relevanz. Um diese Entscheidung zu erleichtern und Ihre finanzielle Situation zu optimieren, bietet Vimcar eine praktische L\u00f6sung: <a href=\"https:\/\/vimcar.de\/fahrtenbuch\/firmenwagenrechner?utm_medium=organic&amp;utm_source=organic&amp;utm_campaign=de_fb_organic_organic_sale_firmenwagen-versteuern-firmenwagenrechner-text_\">den kostenlosen Vimcar-Firmenwagenrechner.<\/a><\/p><p>Der benutzerfreundliche Rechner erm\u00f6glicht es, den geldwerten Vorteil schnell und unkompliziert zu ermitteln und die Vor- und Nachteile der 1-Prozent-Regelung im Vergleich zur Fahrtenbuchmethode abzuw\u00e4gen. Die Ergebnisse dieser Berechnung sind von gro\u00dfer Bedeutung, da sie dabei helfen k\u00f6nnen, Steuern zu sparen.<\/p><p>Warum also z\u00f6gern? Jetzt kostenlosen Firmenwagenrechner nutzen und die beste Versteuermethode f\u00fcr den Dienstwagen finden!<\/p>\t\t\t\t\t\t<\/div>\n\t\t\t\t<\/div>\n\t\t\t\t\t<\/div>\n\t\t<\/div>\n\t\t\t\t<div class=\"elementor-column elementor-col-50 elementor-top-column elementor-element elementor-element-cef7f3a\" data-id=\"cef7f3a\" data-element_type=\"column\">\n\t\t\t<div class=\"elementor-widget-wrap elementor-element-populated\">\n\t\t\t\t\t\t<div class=\"elementor-element elementor-element-ecfc9f8 elementor-widget__width-initial elementor-widget elementor-widget-image\" data-id=\"ecfc9f8\" data-element_type=\"widget\" data-widget_type=\"image.default\">\n\t\t\t\t<div class=\"elementor-widget-container\">\n\t\t\t\t\t\t\t\t\t\t\t\t\t<img loading=\"lazy\" decoding=\"async\" width=\"639\" height=\"696\" src=\"https:\/\/vimcar.de\/boxenstopp\/wp-content\/uploads\/2023\/10\/Firmenwagenrechner-Vimcar-Screenshoot.jpg\" class=\"attachment-large size-large wp-image-46555\" alt=\"Firmenwagenrechner Screenshot\" srcset=\"https:\/\/vimcar.de\/boxenstopp\/wp-content\/uploads\/2023\/10\/Firmenwagenrechner-Vimcar-Screenshoot.jpg 639w, https:\/\/vimcar.de\/boxenstopp\/wp-content\/uploads\/2023\/10\/Firmenwagenrechner-Vimcar-Screenshoot-275x300.jpg 275w\" sizes=\"(max-width: 639px) 100vw, 639px\" \/>\t\t\t\t\t\t\t\t\t\t\t\t\t<\/div>\n\t\t\t\t<\/div>\n\t\t\t\t<div class=\"elementor-element elementor-element-c473080 elementor-align-center elementor-widget elementor-widget-button\" data-id=\"c473080\" data-element_type=\"widget\" data-widget_type=\"button.default\">\n\t\t\t\t<div class=\"elementor-widget-container\">\n\t\t\t\t\t<div class=\"elementor-button-wrapper\">\n\t\t\t<a class=\"elementor-button elementor-button-link elementor-size-lg\" href=\"https:\/\/vimcar.de\/fahrtenbuch\/firmenwagenrechner?utm_medium=organic&#038;utm_source=organic&#038;utm_campaign=de_fb_organic_organic_sale_firmenwagen-versteuern-firmenwagenrechner-button_\">\n\t\t\t\t\t\t<span class=\"elementor-button-content-wrapper\">\n\t\t\t\t\t\t\t\t\t<span class=\"elementor-button-text\">Zum Firmenwagenrechner<\/span>\n\t\t\t\t\t<\/span>\n\t\t\t\t\t<\/a>\n\t\t<\/div>\n\t\t\t\t<\/div>\n\t\t\t\t<\/div>\n\t\t\t\t\t<\/div>\n\t\t<\/div>\n\t\t\t\t\t<\/div>\n\t\t<\/section>\n\t\t\t\t<section class=\"elementor-section elementor-top-section elementor-element elementor-element-8564c7f elementor-section-boxed elementor-section-height-default elementor-section-height-default\" data-id=\"8564c7f\" data-element_type=\"section\">\n\t\t\t\t\t\t<div class=\"elementor-container elementor-column-gap-default\">\n\t\t\t\t\t<div class=\"elementor-column elementor-col-100 elementor-top-column elementor-element elementor-element-ba0c8f3\" data-id=\"ba0c8f3\" data-element_type=\"column\">\n\t\t\t<div class=\"elementor-widget-wrap elementor-element-populated\">\n\t\t\t\t\t\t<div class=\"elementor-element elementor-element-f1f5bde elementor-widget elementor-widget-menu-anchor\" data-id=\"f1f5bde\" data-element_type=\"widget\" data-widget_type=\"menu-anchor.default\">\n\t\t\t\t<div class=\"elementor-widget-container\">\n\t\t\t\t\t<div class=\"elementor-menu-anchor\" id=\"allelesen\"><\/div>\n\t\t\t\t<\/div>\n\t\t\t\t<\/div>\n\t\t\t\t\t<\/div>\n\t\t<\/div>\n\t\t\t\t\t<\/div>\n\t\t<\/section>\n\t\t\t\t<\/div>\n\t\t","protected":false},"excerpt":{"rendered":"<p>Firmenwagen versteuern: Alles Wissenswerte zur Dienstwagenbesteuerung\u200b Willkommen bei unserer umfassenden Informationsquelle zur Firmenwagenversteuerung. Hier finden Sie informative Beitr\u00e4ge, Tipps und aktuelle Trends rund um die<\/p>\n","protected":false},"author":74,"featured_media":0,"parent":0,"menu_order":0,"comment_status":"closed","ping_status":"closed","template":"","meta":{"footnotes":"","_wp_rev_ctl_limit":""},"yoast_head":"<!-- This site is optimized with the Yoast SEO Premium plugin v21.5 (Yoast SEO v21.5) - https:\/\/yoast.com\/wordpress\/plugins\/seo\/ -->\n<title>Firmenwagen versteuern | Vimcar Boxenstopp<\/title>\n<meta name=\"description\" content=\"Ein Gesamt\u00fcberblick \u00fcber das Thema Firmenwagen versteuern. Sie erfahren alles Wissenswerte \u00fcber die Besteuerung Ihres Dienstwagens.\" \/>\n<meta name=\"robots\" content=\"index, follow, max-snippet:-1, max-image-preview:large, max-video-preview:-1\" \/>\n<link rel=\"canonical\" href=\"https:\/\/vimcar.de\/boxenstopp\/firmenwagen-versteuern\/\" \/>\n<meta property=\"og:locale\" content=\"de_DE\" \/>\n<meta property=\"og:type\" content=\"article\" \/>\n<meta property=\"og:title\" content=\"Firmenwagen versteuern: alles Wissenswerte zur Dienstwagenbesteuerung\u200b\" \/>\n<meta property=\"og:description\" content=\"Ein Gesamt\u00fcberblick \u00fcber das Thema Firmenwagen versteuern. Sie erfahren alles Wissenswerte \u00fcber die Besteuerung Ihres Dienstwagens.\" \/>\n<meta property=\"og:url\" content=\"https:\/\/vimcar.de\/boxenstopp\/firmenwagen-versteuern\/\" \/>\n<meta property=\"og:site_name\" content=\"Vimcar Boxenstopp\" \/>\n<meta property=\"article:publisher\" content=\"https:\/\/www.facebook.com\/vimcar\" \/>\n<meta property=\"article:modified_time\" content=\"2023-12-04T09:16:34+00:00\" \/>\n<meta property=\"og:image\" content=\"https:\/\/vimcar.de\/boxenstopp\/wp-content\/uploads\/elementor\/thumbs\/Firmenwagen-versteuern-Blogbeitraege-Grafik-e1696196941334-qd8nng7o1qj90n2fphhqanyq1atw5l8bd23tt0itw0.png\" \/>\n<meta name=\"twitter:card\" content=\"summary_large_image\" \/>\n<meta name=\"twitter:site\" content=\"@goVimcar\" \/>\n<meta name=\"twitter:label1\" content=\"Gesch\u00e4tzte Lesezeit\" \/>\n\t<meta name=\"twitter:data1\" content=\"12\u00a0Minuten\" \/>\n<!-- \/ Yoast SEO Premium plugin. -->","yoast_head_json":{"title":"Firmenwagen versteuern | Vimcar Boxenstopp","description":"Ein Gesamt\u00fcberblick \u00fcber das Thema Firmenwagen versteuern. Sie erfahren alles Wissenswerte \u00fcber die Besteuerung Ihres Dienstwagens.","robots":{"index":"index","follow":"follow","max-snippet":"max-snippet:-1","max-image-preview":"max-image-preview:large","max-video-preview":"max-video-preview:-1"},"canonical":"https:\/\/vimcar.de\/boxenstopp\/firmenwagen-versteuern\/","og_locale":"de_DE","og_type":"article","og_title":"Firmenwagen versteuern: alles Wissenswerte zur Dienstwagenbesteuerung\u200b","og_description":"Ein Gesamt\u00fcberblick \u00fcber das Thema Firmenwagen versteuern. Sie erfahren alles Wissenswerte \u00fcber die Besteuerung Ihres Dienstwagens.","og_url":"https:\/\/vimcar.de\/boxenstopp\/firmenwagen-versteuern\/","og_site_name":"Vimcar Boxenstopp","article_publisher":"https:\/\/www.facebook.com\/vimcar","article_modified_time":"2023-12-04T09:16:34+00:00","og_image":[{"url":"https:\/\/vimcar.de\/boxenstopp\/wp-content\/uploads\/elementor\/thumbs\/Firmenwagen-versteuern-Blogbeitraege-Grafik-e1696196941334-qd8nng7o1qj90n2fphhqanyq1atw5l8bd23tt0itw0.png"}],"twitter_card":"summary_large_image","twitter_site":"@goVimcar","twitter_misc":{"Gesch\u00e4tzte Lesezeit":"12\u00a0Minuten"},"schema":{"@context":"https:\/\/schema.org","@graph":[{"@type":"WebPage","@id":"https:\/\/vimcar.de\/boxenstopp\/firmenwagen-versteuern\/","url":"https:\/\/vimcar.de\/boxenstopp\/firmenwagen-versteuern\/","name":"Firmenwagen versteuern | Vimcar Boxenstopp","isPartOf":{"@id":"https:\/\/vimcar.de\/boxenstopp\/#website"},"datePublished":"2023-09-29T06:00:00+00:00","dateModified":"2023-12-04T09:16:34+00:00","description":"Ein Gesamt\u00fcberblick \u00fcber das Thema Firmenwagen versteuern. Sie erfahren alles Wissenswerte \u00fcber die Besteuerung Ihres Dienstwagens.","breadcrumb":{"@id":"https:\/\/vimcar.de\/boxenstopp\/firmenwagen-versteuern\/#breadcrumb"},"inLanguage":"de","potentialAction":[{"@type":"ReadAction","target":["https:\/\/vimcar.de\/boxenstopp\/firmenwagen-versteuern\/"]}]},{"@type":"BreadcrumbList","@id":"https:\/\/vimcar.de\/boxenstopp\/firmenwagen-versteuern\/#breadcrumb","itemListElement":[{"@type":"ListItem","position":1,"name":"Startseite","item":"https:\/\/vimcar.de\/boxenstopp\/"},{"@type":"ListItem","position":2,"name":"Firmenwagen versteuern: alles Wissenswerte zur Dienstwagenbesteuerung\u200b"}]},{"@type":"WebSite","@id":"https:\/\/vimcar.de\/boxenstopp\/#website","url":"https:\/\/vimcar.de\/boxenstopp\/","name":"Vimcar Boxenstopp","description":"- Die Lernplattform f\u00fcr Fuhrparkleiter","publisher":{"@id":"https:\/\/vimcar.de\/boxenstopp\/#organization"},"potentialAction":[{"@type":"SearchAction","target":{"@type":"EntryPoint","urlTemplate":"https:\/\/vimcar.de\/boxenstopp\/?s={search_term_string}"},"query-input":"required name=search_term_string"}],"inLanguage":"de"},{"@type":"Organization","@id":"https:\/\/vimcar.de\/boxenstopp\/#organization","name":"Vimcar Boxenstopp - Fuhrparkwissen","url":"https:\/\/vimcar.de\/boxenstopp\/","logo":{"@type":"ImageObject","inLanguage":"de","@id":"https:\/\/vimcar.de\/boxenstopp\/#\/schema\/logo\/image\/","url":"https:\/\/vimcar.de\/boxenstopp\/wp-content\/uploads\/2020\/10\/logo-vimcar-boxenstopp.png","contentUrl":"https:\/\/vimcar.de\/boxenstopp\/wp-content\/uploads\/2020\/10\/logo-vimcar-boxenstopp.png","width":250,"height":50,"caption":"Vimcar Boxenstopp - Fuhrparkwissen"},"image":{"@id":"https:\/\/vimcar.de\/boxenstopp\/#\/schema\/logo\/image\/"},"sameAs":["https:\/\/www.facebook.com\/vimcar","https:\/\/twitter.com\/goVimcar","https:\/\/www.instagram.com\/vimcar_official\/","https:\/\/de.linkedin.com\/company\/vimcar","https:\/\/www.pinterest.de\/vimcar\/","https:\/\/www.youtube.com\/channel\/UCWRajoA7OnWsAw-ezAahZPg"]}]}},"_links":{"self":[{"href":"https:\/\/vimcar.de\/boxenstopp\/wp-json\/wp\/v2\/pages\/46485"}],"collection":[{"href":"https:\/\/vimcar.de\/boxenstopp\/wp-json\/wp\/v2\/pages"}],"about":[{"href":"https:\/\/vimcar.de\/boxenstopp\/wp-json\/wp\/v2\/types\/page"}],"author":[{"embeddable":true,"href":"https:\/\/vimcar.de\/boxenstopp\/wp-json\/wp\/v2\/users\/74"}],"replies":[{"embeddable":true,"href":"https:\/\/vimcar.de\/boxenstopp\/wp-json\/wp\/v2\/comments?post=46485"}],"version-history":[{"count":15,"href":"https:\/\/vimcar.de\/boxenstopp\/wp-json\/wp\/v2\/pages\/46485\/revisions"}],"predecessor-version":[{"id":46994,"href":"https:\/\/vimcar.de\/boxenstopp\/wp-json\/wp\/v2\/pages\/46485\/revisions\/46994"}],"wp:attachment":[{"href":"https:\/\/vimcar.de\/boxenstopp\/wp-json\/wp\/v2\/media?parent=46485"}],"curies":[{"name":"wp","href":"https:\/\/api.w.org\/{rel}","templated":true}]}}