{"id":9681,"date":"2020-02-25T11:10:26","date_gmt":"2020-02-25T10:10:26","guid":{"rendered":"https:\/\/vimcar.de\/boxenstopp\/?page_id=9681"},"modified":"2024-05-07T09:19:51","modified_gmt":"2024-05-07T07:19:51","slug":"gruender","status":"publish","type":"page","link":"https:\/\/vimcar.de\/boxenstopp\/gruender\/","title":{"rendered":"Richtig Gr\u00fcnden: Das 1&#215;1 der Unternehmensgr\u00fcndung"},"content":{"rendered":"\t\t<div data-elementor-type=\"wp-page\" data-elementor-id=\"9681\" class=\"elementor elementor-9681\" data-elementor-post-type=\"page\">\n\t\t\t\t\t\t<section class=\"elementor-section elementor-top-section elementor-element elementor-element-3efafa0 elementor-section-boxed elementor-section-height-default elementor-section-height-default\" data-id=\"3efafa0\" data-element_type=\"section\">\n\t\t\t\t\t\t\t<div class=\"elementor-background-overlay\"><\/div>\n\t\t\t\t\t\t\t<div class=\"elementor-container elementor-column-gap-default\">\n\t\t\t\t\t<div class=\"elementor-column elementor-col-33 elementor-top-column elementor-element elementor-element-66a72b5\" data-id=\"66a72b5\" data-element_type=\"column\">\n\t\t\t<div class=\"elementor-widget-wrap\">\n\t\t\t\t\t\t\t<\/div>\n\t\t<\/div>\n\t\t\t\t<div class=\"elementor-column elementor-col-33 elementor-top-column elementor-element elementor-element-0f4785e\" data-id=\"0f4785e\" data-element_type=\"column\">\n\t\t\t<div class=\"elementor-widget-wrap elementor-element-populated\">\n\t\t\t\t\t\t<div class=\"elementor-element elementor-element-39664ce elementor-widget elementor-widget-spacer\" data-id=\"39664ce\" data-element_type=\"widget\" data-widget_type=\"spacer.default\">\n\t\t\t\t<div class=\"elementor-widget-container\">\n\t\t\t\t\t<div class=\"elementor-spacer\">\n\t\t\t<div class=\"elementor-spacer-inner\"><\/div>\n\t\t<\/div>\n\t\t\t\t<\/div>\n\t\t\t\t<\/div>\n\t\t\t\t<div class=\"elementor-element elementor-element-07e2a0d elementor-widget elementor-widget-text-editor\" data-id=\"07e2a0d\" data-element_type=\"widget\" data-widget_type=\"text-editor.default\">\n\t\t\t\t<div class=\"elementor-widget-container\">\n\t\t\t\t\t\t\t<p style=\"text-align: center;\"><i><span style=\"font-weight: 400;\">Die zwei Gr\u00fcnder der Vimcar GmbH, Andreas Schneider und Christian Siewek, haben das Unternehmen 2013 ins Leben gerufen mit einem Ziel: die Welt rund um den Firmenwagen zu digitalisieren. 7 Jahre sp\u00e4ter k\u00f6nnen wir mit Stolz feststellen, dass wir bereits 130.000 Fahrzeuge digital vernetzten. Da wir aus erster Hand den steinigen Weg zur eigenen Unternehmensgr\u00fcndung kennen, wollen wir hier mit Neugr\u00fcndern unser Wissen teilen. <\/span><\/i><\/p>\t\t\t\t\t\t<\/div>\n\t\t\t\t<\/div>\n\t\t\t\t\t<\/div>\n\t\t<\/div>\n\t\t\t\t<div class=\"elementor-column elementor-col-33 elementor-top-column elementor-element elementor-element-c49ce76\" data-id=\"c49ce76\" data-element_type=\"column\">\n\t\t\t<div class=\"elementor-widget-wrap\">\n\t\t\t\t\t\t\t<\/div>\n\t\t<\/div>\n\t\t\t\t\t<\/div>\n\t\t<\/section>\n\t\t\t\t<section class=\"elementor-section elementor-top-section elementor-element elementor-element-61bf84e elementor-section-boxed elementor-section-height-default elementor-section-height-default\" data-id=\"61bf84e\" data-element_type=\"section\">\n\t\t\t\t\t\t<div class=\"elementor-container elementor-column-gap-default\">\n\t\t\t\t\t<div class=\"elementor-column elementor-col-100 elementor-top-column elementor-element elementor-element-c22e703\" data-id=\"c22e703\" data-element_type=\"column\">\n\t\t\t<div class=\"elementor-widget-wrap elementor-element-populated\">\n\t\t\t\t\t\t<section class=\"elementor-section elementor-inner-section elementor-element elementor-element-6f439d2 elementor-section-boxed elementor-section-height-default elementor-section-height-default\" data-id=\"6f439d2\" data-element_type=\"section\">\n\t\t\t\t\t\t<div class=\"elementor-container elementor-column-gap-default\">\n\t\t\t\t\t<div class=\"elementor-column elementor-col-50 elementor-inner-column elementor-element elementor-element-6bccc8a\" data-id=\"6bccc8a\" data-element_type=\"column\">\n\t\t\t<div class=\"elementor-widget-wrap elementor-element-populated\">\n\t\t\t\t\t\t<div class=\"elementor-element elementor-element-a128bdc elementor-widget elementor-widget-spacer\" data-id=\"a128bdc\" data-element_type=\"widget\" data-widget_type=\"spacer.default\">\n\t\t\t\t<div class=\"elementor-widget-container\">\n\t\t\t\t\t<div class=\"elementor-spacer\">\n\t\t\t<div class=\"elementor-spacer-inner\"><\/div>\n\t\t<\/div>\n\t\t\t\t<\/div>\n\t\t\t\t<\/div>\n\t\t\t\t<div class=\"elementor-element elementor-element-1017c58 elementor-blockquote--button-skin-link elementor-blockquote--skin-border elementor-blockquote--button-view-icon-text elementor-blockquote--button-color-official elementor-widget elementor-widget-blockquote\" data-id=\"1017c58\" data-element_type=\"widget\" data-widget_type=\"blockquote.default\">\n\t\t\t\t<div class=\"elementor-widget-container\">\n\t\t\t\t\t<blockquote class=\"elementor-blockquote\">\n\t\t\t<p class=\"elementor-blockquote__content\">\n\t\t\t\t<span style=\"font-family: AvenirLTStd-Oblique, &quot;Source Sans Pro&quot;;\">\u201cNach dem Motto \u201cWann, wenn nicht jetzt?\u201d wollten wir an der Idee arbeiten, die wir w\u00e4hrend des Studiums entwickelt hatten. Wir sahen darin ein enormes Potenzial.\u201d<\/span>\t\t\t<\/p>\n\t\t\t\t\t\t\t<div class=\"e-q-footer\">\n\t\t\t\t\t\t\t\t\t\t\t<cite class=\"elementor-blockquote__author\">Andreas Schneider<\/cite>\n\t\t\t\t\t\t\t\t\t\t\t\t\t\t\t\t<a href=\"https:\/\/twitter.com\/intent\/tweet?text=%3Cspan+style%3D%22font-family%3A+AvenirLTStd-Oblique%2C+%26quot%3BSource+Sans+Pro%26quot%3B%3B%22%3E%E2%80%9CNach+dem+Motto+%E2%80%9CWann%2C+wenn+nicht+jetzt%3F%E2%80%9D+wollten+wir+an+der+Idee+arbeiten%2C+die+wir+w%C3%A4hrend+des+Studiums+entwickelt+hatten.+Wir+sahen+darin+ein+enormes+Potenzial.%E2%80%9D%3C%2Fspan%3E+%E2%80%94+Andreas+Schneider&amp;url=https%3A%2F%2Fvimcar.de%2Fboxenstopp%2Fboxenstopp%2Fwp-json%2Fwp%2Fv2%2Fpages%2F9681\" class=\"elementor-blockquote__tweet-button\" target=\"_blank\">\n\t\t\t\t\t\t\t\t\t\t\t\t\t\t\t<svg aria-hidden=\"true\" class=\"e-font-icon-svg e-fab-twitter\" viewBox=\"0 0 512 512\" xmlns=\"http:\/\/www.w3.org\/2000\/svg\"><path d=\"M459.37 151.716c.325 4.548.325 9.097.325 13.645 0 138.72-105.583 298.558-298.558 298.558-59.452 0-114.68-17.219-161.137-47.106 8.447.974 16.568 1.299 25.34 1.299 49.055 0 94.213-16.568 130.274-44.832-46.132-.975-84.792-31.188-98.112-72.772 6.498.974 12.995 1.624 19.818 1.624 9.421 0 18.843-1.3 27.614-3.573-48.081-9.747-84.143-51.98-84.143-102.985v-1.299c13.969 7.797 30.214 12.67 47.431 13.319-28.264-18.843-46.781-51.005-46.781-87.391 0-19.492 5.197-37.36 14.294-52.954 51.655 63.675 129.3 105.258 216.365 109.807-1.624-7.797-2.599-15.918-2.599-24.04 0-57.828 46.782-104.934 104.934-104.934 30.213 0 57.502 12.67 76.67 33.137 23.715-4.548 46.456-13.32 66.599-25.34-7.798 24.366-24.366 44.833-46.132 57.827 21.117-2.273 41.584-8.122 60.426-16.243-14.292 20.791-32.161 39.308-52.628 54.253z\"><\/path><\/svg>\t\t\t\t\t\t\t\t\t\t\t\t\t\t\t\t\t\t\t\t\t\t\t\t\t\t\t\t\t\t<span class=\"elementor-blockquote__tweet-label\">Tweet<\/span>\n\t\t\t\t\t\t\t\t\t\t\t\t\t<\/a>\n\t\t\t\t\t\t\t\t\t<\/div>\n\t\t\t\t\t<\/blockquote>\n\t\t\t\t<\/div>\n\t\t\t\t<\/div>\n\t\t\t\t\t<\/div>\n\t\t<\/div>\n\t\t\t\t<div class=\"elementor-column elementor-col-50 elementor-inner-column elementor-element elementor-element-7611a4e\" data-id=\"7611a4e\" data-element_type=\"column\">\n\t\t\t<div class=\"elementor-widget-wrap elementor-element-populated\">\n\t\t\t\t\t\t<div class=\"elementor-element elementor-element-b8654db elementor-widget elementor-widget-image\" data-id=\"b8654db\" data-element_type=\"widget\" data-widget_type=\"image.default\">\n\t\t\t\t<div class=\"elementor-widget-container\">\n\t\t\t\t\t\t\t\t\t\t\t\t\t<img fetchpriority=\"high\" decoding=\"async\" width=\"800\" height=\"534\" src=\"https:\/\/vimcar.de\/boxenstopp\/wp-content\/uploads\/2020\/02\/Andreas-Schneider_Vimcar-1024x683.jpg\" class=\"attachment-large size-large wp-image-9684\" alt=\"der Gesch\u00e4ftsf\u00fchrer Andreas Schneider von Vimcar\" srcset=\"https:\/\/vimcar.de\/boxenstopp\/wp-content\/uploads\/2020\/02\/Andreas-Schneider_Vimcar-1024x683.jpg 1024w, https:\/\/vimcar.de\/boxenstopp\/wp-content\/uploads\/2020\/02\/Andreas-Schneider_Vimcar-300x200.jpg 300w, https:\/\/vimcar.de\/boxenstopp\/wp-content\/uploads\/2020\/02\/Andreas-Schneider_Vimcar-768x512.jpg 768w, https:\/\/vimcar.de\/boxenstopp\/wp-content\/uploads\/2020\/02\/Andreas-Schneider_Vimcar-1536x1025.jpg 1536w, https:\/\/vimcar.de\/boxenstopp\/wp-content\/uploads\/2020\/02\/Andreas-Schneider_Vimcar-2048x1366.jpg 2048w, https:\/\/vimcar.de\/boxenstopp\/wp-content\/uploads\/2020\/02\/Andreas-Schneider_Vimcar-24x16.jpg 24w, https:\/\/vimcar.de\/boxenstopp\/wp-content\/uploads\/2020\/02\/Andreas-Schneider_Vimcar-36x24.jpg 36w, https:\/\/vimcar.de\/boxenstopp\/wp-content\/uploads\/2020\/02\/Andreas-Schneider_Vimcar-48x32.jpg 48w, https:\/\/vimcar.de\/boxenstopp\/wp-content\/uploads\/2020\/02\/Andreas-Schneider_Vimcar.jpg 1000w\" sizes=\"(max-width: 800px) 100vw, 800px\" \/>\t\t\t\t\t\t\t\t\t\t\t\t\t<\/div>\n\t\t\t\t<\/div>\n\t\t\t\t\t<\/div>\n\t\t<\/div>\n\t\t\t\t\t<\/div>\n\t\t<\/section>\n\t\t\t\t<div class=\"elementor-element elementor-element-2806271 elementor-widget elementor-widget-spacer\" data-id=\"2806271\" data-element_type=\"widget\" data-widget_type=\"spacer.default\">\n\t\t\t\t<div class=\"elementor-widget-container\">\n\t\t\t\t\t<div class=\"elementor-spacer\">\n\t\t\t<div class=\"elementor-spacer-inner\"><\/div>\n\t\t<\/div>\n\t\t\t\t<\/div>\n\t\t\t\t<\/div>\n\t\t\t\t\t<\/div>\n\t\t<\/div>\n\t\t\t\t\t<\/div>\n\t\t<\/section>\n\t\t\t\t<section class=\"elementor-section elementor-top-section elementor-element elementor-element-d05dc42 elementor-section-boxed elementor-section-height-default elementor-section-height-default\" data-id=\"d05dc42\" data-element_type=\"section\">\n\t\t\t\t\t\t<div class=\"elementor-container elementor-column-gap-default\">\n\t\t\t\t\t<div class=\"elementor-column elementor-col-100 elementor-top-column elementor-element elementor-element-85f3b39\" data-id=\"85f3b39\" data-element_type=\"column\">\n\t\t\t<div class=\"elementor-widget-wrap elementor-element-populated\">\n\t\t\t\t\t\t<div class=\"elementor-element elementor-element-1c6f179 elementor-widget elementor-widget-heading\" data-id=\"1c6f179\" data-element_type=\"widget\" data-widget_type=\"heading.default\">\n\t\t\t\t<div class=\"elementor-widget-container\">\n\t\t\t<h2 class=\"elementor-heading-title elementor-size-default\">Unternehmensgr\u00fcndung<\/h2>\t\t<\/div>\n\t\t\t\t<\/div>\n\t\t\t\t\t<\/div>\n\t\t<\/div>\n\t\t\t\t\t<\/div>\n\t\t<\/section>\n\t\t\t\t<section class=\"elementor-section elementor-top-section elementor-element elementor-element-3fbf0b9 elementor-section-boxed elementor-section-height-default elementor-section-height-default\" data-id=\"3fbf0b9\" data-element_type=\"section\">\n\t\t\t\t\t\t<div class=\"elementor-container elementor-column-gap-default\">\n\t\t\t\t\t<div class=\"elementor-column elementor-col-100 elementor-top-column elementor-element elementor-element-45b200c\" data-id=\"45b200c\" data-element_type=\"column\">\n\t\t\t<div class=\"elementor-widget-wrap elementor-element-populated\">\n\t\t\t\t\t\t<div class=\"elementor-element elementor-element-13a357c elementor-widget elementor-widget-spacer\" data-id=\"13a357c\" data-element_type=\"widget\" data-widget_type=\"spacer.default\">\n\t\t\t\t<div class=\"elementor-widget-container\">\n\t\t\t\t\t<div class=\"elementor-spacer\">\n\t\t\t<div class=\"elementor-spacer-inner\"><\/div>\n\t\t<\/div>\n\t\t\t\t<\/div>\n\t\t\t\t<\/div>\n\t\t\t\t<div class=\"elementor-element elementor-element-67d05c3 elementor-widget elementor-widget-text-editor\" data-id=\"67d05c3\" data-element_type=\"widget\" data-widget_type=\"text-editor.default\">\n\t\t\t\t<div class=\"elementor-widget-container\">\n\t\t\t\t\t\t\t<p><span style=\"font-weight: 400;\">Die Gr\u00fcndung des eigenen Unternehmens ist keine Hexerei. Trotzdem gibt es einige H\u00fcrden zu \u00fcberwinden. Wer vorher alles sorgf\u00e4ltig plant, kann ohne unangenehme \u00dcberraschungen durchstarten.\u00a0<\/span><\/p>\t\t\t\t\t\t<\/div>\n\t\t\t\t<\/div>\n\t\t\t\t\t<\/div>\n\t\t<\/div>\n\t\t\t\t\t<\/div>\n\t\t<\/section>\n\t\t\t\t<section class=\"elementor-section elementor-top-section elementor-element elementor-element-53c216e elementor-section-boxed elementor-section-height-default elementor-section-height-default\" data-id=\"53c216e\" data-element_type=\"section\">\n\t\t\t\t\t\t<div class=\"elementor-container elementor-column-gap-default\">\n\t\t\t\t\t<div class=\"elementor-column elementor-col-100 elementor-top-column elementor-element elementor-element-3cdfd21\" data-id=\"3cdfd21\" data-element_type=\"column\">\n\t\t\t<div class=\"elementor-widget-wrap elementor-element-populated\">\n\t\t\t\t\t\t<div class=\"elementor-element elementor-element-611bcc1 elementor-blockquote--skin-border elementor-blockquote--button-color-official elementor-widget elementor-widget-blockquote\" data-id=\"611bcc1\" data-element_type=\"widget\" data-widget_type=\"blockquote.default\">\n\t\t\t\t<div class=\"elementor-widget-container\">\n\t\t\t\t\t<blockquote class=\"elementor-blockquote\">\n\t\t\t<p class=\"elementor-blockquote__content\">\n\t\t\t\t\u201cAuch wenn es hart klingt, der Anfang wird ein Marathon. Kein Sprint. Man sollte viel Ausdauer mitbringen, denn wenn es einfach w\u00e4re, dann h\u00e4tte es schon jemand anderes gemacht. Aber: Nichtsdestotrotz werden die Anstrengungen nach einigen Monaten belohnt.\u201d\t\t\t<\/p>\n\t\t\t\t\t\t\t<div class=\"e-q-footer\">\n\t\t\t\t\t\t\t\t\t\t\t<cite class=\"elementor-blockquote__author\">Andreas Schneider<\/cite>\n\t\t\t\t\t\t\t\t\t\t\t\t\t\t<\/div>\n\t\t\t\t\t<\/blockquote>\n\t\t\t\t<\/div>\n\t\t\t\t<\/div>\n\t\t\t\t\t<\/div>\n\t\t<\/div>\n\t\t\t\t\t<\/div>\n\t\t<\/section>\n\t\t\t\t<section class=\"elementor-section elementor-top-section elementor-element elementor-element-7fe46b0 elementor-section-boxed elementor-section-height-default elementor-section-height-default\" data-id=\"7fe46b0\" data-element_type=\"section\">\n\t\t\t\t\t\t<div class=\"elementor-container elementor-column-gap-default\">\n\t\t\t\t\t<div class=\"elementor-column elementor-col-100 elementor-top-column elementor-element elementor-element-18ce48e\" data-id=\"18ce48e\" data-element_type=\"column\">\n\t\t\t<div class=\"elementor-widget-wrap elementor-element-populated\">\n\t\t\t\t\t\t<div class=\"elementor-element elementor-element-ccea0ba elementor-widget elementor-widget-spacer\" data-id=\"ccea0ba\" data-element_type=\"widget\" data-widget_type=\"spacer.default\">\n\t\t\t\t<div class=\"elementor-widget-container\">\n\t\t\t\t\t<div class=\"elementor-spacer\">\n\t\t\t<div class=\"elementor-spacer-inner\"><\/div>\n\t\t<\/div>\n\t\t\t\t<\/div>\n\t\t\t\t<\/div>\n\t\t\t\t<div class=\"elementor-element elementor-element-378eaca elementor-widget elementor-widget-text-editor\" data-id=\"378eaca\" data-element_type=\"widget\" data-widget_type=\"text-editor.default\">\n\t\t\t\t<div class=\"elementor-widget-container\">\n\t\t\t\t\t\t\t<p>Eine neue Firma ist wie eine neues Leben. Vor allem dann, wenn man mit viel Leidenschaft, Eifer und wie im Rausch an der Selbstst\u00e4ndigkeit arbeitet. Doch bei allem Enthusiasmus am Anfang der Gr\u00fcnderphase \u2013 die rechtzeitige Planung steht immer im Mittelpunkt. Denn viele Dinge werden im Eifer und der Hektik gerne mal vergessen. Zuerst steht ein solider Businessplan an, der alle Kosten und m\u00f6glichen Einnahmen der n\u00e4chsten zwei Jahre kalkuliert. Am besten formuliert man den Businessplan mit einem Steuerberater oder einem anderen Finanzfachmann. Er wei\u00df worauf es ankommt, kalkuliert Risiken und Anforderungen m\u00f6glichst realistisch. Danach folgen dann die praktischen Schritte der Unternehmensgr\u00fcndung. \u00dcbrigens betr\u00e4gt laut KfW Gr\u00fcndungsmonitor die durchschnittliche Vorbereitungszeit sieben Monate von der Idee bis zum eigentlichen Unternehmensstart. Die H\u00e4lfte aller Gr\u00fcnder sind sogar in drei Monaten mit der Firmengr\u00fcndung durch.<\/p>\t\t\t\t\t\t<\/div>\n\t\t\t\t<\/div>\n\t\t\t\t\t<\/div>\n\t\t<\/div>\n\t\t\t\t\t<\/div>\n\t\t<\/section>\n\t\t\t\t<section class=\"elementor-section elementor-top-section elementor-element elementor-element-0d2474e elementor-section-boxed elementor-section-height-default elementor-section-height-default\" data-id=\"0d2474e\" data-element_type=\"section\">\n\t\t\t\t\t\t<div class=\"elementor-container elementor-column-gap-default\">\n\t\t\t\t\t<div class=\"elementor-column elementor-col-50 elementor-top-column elementor-element elementor-element-ade7df7\" data-id=\"ade7df7\" data-element_type=\"column\">\n\t\t\t<div class=\"elementor-widget-wrap elementor-element-populated\">\n\t\t\t\t\t\t<div class=\"elementor-element elementor-element-8077da9 elementor-widget elementor-widget-heading\" data-id=\"8077da9\" data-element_type=\"widget\" data-widget_type=\"heading.default\">\n\t\t\t\t<div class=\"elementor-widget-container\">\n\t\t\t<h2 class=\"elementor-heading-title elementor-size-default\">In 9 Schritten zum eigenen Unternehmen<\/h2>\t\t<\/div>\n\t\t\t\t<\/div>\n\t\t\t\t<div class=\"elementor-element elementor-element-49e6072 elementor-widget elementor-widget-text-editor\" data-id=\"49e6072\" data-element_type=\"widget\" data-widget_type=\"text-editor.default\">\n\t\t\t\t<div class=\"elementor-widget-container\">\n\t\t\t\t\t\t\t<p>\u00a0Von Luft, Liebe und Leidenschaft k\u00f6nnen Gr\u00fcnder allein nicht Leben. Es ben\u00f6tigt durchdachte Schritte, um langfristig erfolgreich zu sein. Welche das sind, erfahren Sie hier:<a href=\"https:\/\/vimcar.de\/boxenstopp\/gruender\/in-neun-schritten-zum-eigenen-unternehmen\/\"> in neun Schritten zum eigenen Unternehmen<\/a>.<\/p>\t\t\t\t\t\t<\/div>\n\t\t\t\t<\/div>\n\t\t\t\t\t<\/div>\n\t\t<\/div>\n\t\t\t\t<div class=\"elementor-column elementor-col-50 elementor-top-column elementor-element elementor-element-70aee3a\" data-id=\"70aee3a\" data-element_type=\"column\">\n\t\t\t<div class=\"elementor-widget-wrap elementor-element-populated\">\n\t\t\t\t\t\t<div class=\"elementor-element elementor-element-e84917e elementor-widget elementor-widget-image\" data-id=\"e84917e\" data-element_type=\"widget\" data-widget_type=\"image.default\">\n\t\t\t\t<div class=\"elementor-widget-container\">\n\t\t\t\t\t\t\t\t\t\t\t\t\t<img decoding=\"async\" width=\"768\" height=\"510\" src=\"https:\/\/vimcar.de\/boxenstopp\/wp-content\/uploads\/2020\/02\/Businessplanung_Boxenstopp_new-768x510.png\" class=\"attachment-medium_large size-medium_large wp-image-9696\" alt=\"Businessplanung Gr\u00fcnder\" srcset=\"https:\/\/vimcar.de\/boxenstopp\/wp-content\/uploads\/2020\/02\/Businessplanung_Boxenstopp_new-768x510.png 768w, https:\/\/vimcar.de\/boxenstopp\/wp-content\/uploads\/2020\/02\/Businessplanung_Boxenstopp_new-300x199.png 300w, https:\/\/vimcar.de\/boxenstopp\/wp-content\/uploads\/2020\/02\/Businessplanung_Boxenstopp_new-1024x680.png 1024w, https:\/\/vimcar.de\/boxenstopp\/wp-content\/uploads\/2020\/02\/Businessplanung_Boxenstopp_new-24x16.png 24w, https:\/\/vimcar.de\/boxenstopp\/wp-content\/uploads\/2020\/02\/Businessplanung_Boxenstopp_new-36x24.png 36w, https:\/\/vimcar.de\/boxenstopp\/wp-content\/uploads\/2020\/02\/Businessplanung_Boxenstopp_new-48x32.png 48w, https:\/\/vimcar.de\/boxenstopp\/wp-content\/uploads\/2020\/02\/Businessplanung_Boxenstopp_new.png 1353w\" sizes=\"(max-width: 768px) 100vw, 768px\" \/>\t\t\t\t\t\t\t\t\t\t\t\t\t<\/div>\n\t\t\t\t<\/div>\n\t\t\t\t\t<\/div>\n\t\t<\/div>\n\t\t\t\t\t<\/div>\n\t\t<\/section>\n\t\t\t\t<section class=\"elementor-section elementor-top-section elementor-element elementor-element-61afd1f elementor-section-boxed elementor-section-height-default elementor-section-height-default\" data-id=\"61afd1f\" data-element_type=\"section\">\n\t\t\t\t\t\t<div class=\"elementor-container elementor-column-gap-default\">\n\t\t\t\t\t<div class=\"elementor-column elementor-col-100 elementor-top-column elementor-element elementor-element-4aa00a9\" data-id=\"4aa00a9\" data-element_type=\"column\">\n\t\t\t<div class=\"elementor-widget-wrap elementor-element-populated\">\n\t\t\t\t\t\t<div class=\"elementor-element elementor-element-b0919d0 elementor-widget elementor-widget-heading\" data-id=\"b0919d0\" data-element_type=\"widget\" data-widget_type=\"heading.default\">\n\t\t\t\t<div class=\"elementor-widget-container\">\n\t\t\t<h2 class=\"elementor-heading-title elementor-size-default\">Folgende Fehler sollten Sie vermeiden<\/h2>\t\t<\/div>\n\t\t\t\t<\/div>\n\t\t\t\t<div class=\"elementor-element elementor-element-acfdb1a elementor-widget elementor-widget-text-editor\" data-id=\"acfdb1a\" data-element_type=\"widget\" data-widget_type=\"text-editor.default\">\n\t\t\t\t<div class=\"elementor-widget-container\">\n\t\t\t\t\t\t\t<p><i><span style=\"font-weight: 400;\">In der Startphase m\u00fcssen viele Aufgaben gemeistert werden, um dem Unternehmen zum langfristigen Erfolg zu verhelfen. Dabei k\u00f6nnen zu Beginn der Unternehmensgr\u00fcndung Fehler passieren, die Existenzgr\u00fcnder mit der n\u00f6tigen Weitsicht verhindern k\u00f6nnen.<\/span><\/i><\/p><p><span style=\"font-weight: 400;\">Steuern, Marketing, Buchhaltung: Es gibt vieles, was motivierte Existenzgr\u00fcnder ausbremsen kann. Dazu fehlen betriebswirtschaftliche Kenntnisse und das fachliche Know-how. Die Gr\u00fcndung eines Unternehmens geht schnell, kann aber ebenso schnell ein Ende finden. Wer langfristig seinen Erfolg absichern m\u00f6chte, sollte vorher daf\u00fcr die Weichen stellen. Wir haben die g\u00e4ngigen Fehler gesammelt, die Sie bei einer Existenzgr\u00fcndung vermeiden sollten: Lesen Sie in unserem Artikel weiter und erfahren: <a href=\"https:\/\/vimcar.de\/boxenstopp\/gruender\/diese-fehler-sollten-existenzgruender-vermeiden\/\"><u>diese Fehler sollten Existenzgr\u00fcnder vermeiden<\/u><\/a>.\u00a0<br \/><\/span><\/p>\t\t\t\t\t\t<\/div>\n\t\t\t\t<\/div>\n\t\t\t\t\t<\/div>\n\t\t<\/div>\n\t\t\t\t\t<\/div>\n\t\t<\/section>\n\t\t\t\t<section class=\"elementor-section elementor-top-section elementor-element elementor-element-9a2c5da elementor-section-boxed elementor-section-height-default elementor-section-height-default\" data-id=\"9a2c5da\" data-element_type=\"section\">\n\t\t\t\t\t\t<div class=\"elementor-container elementor-column-gap-default\">\n\t\t\t\t\t<div class=\"elementor-column elementor-col-100 elementor-top-column elementor-element elementor-element-b710445\" data-id=\"b710445\" data-element_type=\"column\">\n\t\t\t<div class=\"elementor-widget-wrap elementor-element-populated\">\n\t\t\t\t\t\t<div class=\"elementor-element elementor-element-0192a05 elementor-widget elementor-widget-heading\" data-id=\"0192a05\" data-element_type=\"widget\" data-widget_type=\"heading.default\">\n\t\t\t\t<div class=\"elementor-widget-container\">\n\t\t\t<h2 class=\"elementor-heading-title elementor-size-default\">Unternehmensgr\u00fcndung f\u00fcr Ihre Branche<\/h2>\t\t<\/div>\n\t\t\t\t<\/div>\n\t\t\t\t<section class=\"elementor-section elementor-inner-section elementor-element elementor-element-880ef34 elementor-section-boxed elementor-section-height-default elementor-section-height-default\" data-id=\"880ef34\" data-element_type=\"section\">\n\t\t\t\t\t\t<div class=\"elementor-container elementor-column-gap-default\">\n\t\t\t\t\t<div class=\"elementor-column elementor-col-50 elementor-inner-column elementor-element elementor-element-b3d6911\" data-id=\"b3d6911\" data-element_type=\"column\">\n\t\t\t<div class=\"elementor-widget-wrap elementor-element-populated\">\n\t\t\t\t\t\t<div class=\"elementor-element elementor-element-b165aca elementor-widget elementor-widget-image\" data-id=\"b165aca\" data-element_type=\"widget\" data-widget_type=\"image.default\">\n\t\t\t\t<div class=\"elementor-widget-container\">\n\t\t\t\t\t\t\t\t\t\t\t\t\t<img decoding=\"async\" width=\"768\" height=\"510\" src=\"https:\/\/vimcar.de\/boxenstopp\/wp-content\/uploads\/2020\/02\/Lieferdienst_GPag-768x510.png\" class=\"attachment-medium_large size-medium_large wp-image-9697\" alt=\"Hund im Paket\" srcset=\"https:\/\/vimcar.de\/boxenstopp\/wp-content\/uploads\/2020\/02\/Lieferdienst_GPag-768x510.png 768w, https:\/\/vimcar.de\/boxenstopp\/wp-content\/uploads\/2020\/02\/Lieferdienst_GPag-300x199.png 300w, https:\/\/vimcar.de\/boxenstopp\/wp-content\/uploads\/2020\/02\/Lieferdienst_GPag-24x16.png 24w, https:\/\/vimcar.de\/boxenstopp\/wp-content\/uploads\/2020\/02\/Lieferdienst_GPag-36x24.png 36w, https:\/\/vimcar.de\/boxenstopp\/wp-content\/uploads\/2020\/02\/Lieferdienst_GPag-48x32.png 48w, https:\/\/vimcar.de\/boxenstopp\/wp-content\/uploads\/2020\/02\/Lieferdienst_GPag.png 878w\" sizes=\"(max-width: 768px) 100vw, 768px\" \/>\t\t\t\t\t\t\t\t\t\t\t\t\t<\/div>\n\t\t\t\t<\/div>\n\t\t\t\t\t<\/div>\n\t\t<\/div>\n\t\t\t\t<div class=\"elementor-column elementor-col-50 elementor-inner-column elementor-element elementor-element-56be8cd\" data-id=\"56be8cd\" data-element_type=\"column\">\n\t\t\t<div class=\"elementor-widget-wrap elementor-element-populated\">\n\t\t\t\t\t\t<div class=\"elementor-element elementor-element-b378179 elementor-widget elementor-widget-heading\" data-id=\"b378179\" data-element_type=\"widget\" data-widget_type=\"heading.default\">\n\t\t\t\t<div class=\"elementor-widget-container\">\n\t\t\t<h3 class=\"elementor-heading-title elementor-size-default\">Der eigene Lieferdienst <\/h3>\t\t<\/div>\n\t\t\t\t<\/div>\n\t\t\t\t<div class=\"elementor-element elementor-element-c7c0466 elementor-widget elementor-widget-spacer\" data-id=\"c7c0466\" data-element_type=\"widget\" data-widget_type=\"spacer.default\">\n\t\t\t\t<div class=\"elementor-widget-container\">\n\t\t\t\t\t<div class=\"elementor-spacer\">\n\t\t\t<div class=\"elementor-spacer-inner\"><\/div>\n\t\t<\/div>\n\t\t\t\t<\/div>\n\t\t\t\t<\/div>\n\t\t\t\t<div class=\"elementor-element elementor-element-cfd16d9 elementor-widget elementor-widget-text-editor\" data-id=\"cfd16d9\" data-element_type=\"widget\" data-widget_type=\"text-editor.default\">\n\t\t\t\t<div class=\"elementor-widget-container\">\n\t\t\t\t\t\t\t<p><span style=\"font-weight: 400;\">Immer mehr Menschen wollen ihre Zeit nicht mehr beim Einkaufen verschwenden, sie setzten auf Lieferdienste. Die Wachstumszahlen kennen nur eine Richtung: steil nach oben. Was Sie bei der Gr\u00fcndung eines Lieferdienstes wissen sollten, lesen Sie in folgendem Artikel: die <a href=\"https:\/\/vimcar.de\/boxenstopp\/gruender\/gruendung-lieferdienst\/\"><u>Gr\u00fcndung eines Lieferdienstes.<\/u><\/a><\/span><\/p>\t\t\t\t\t\t<\/div>\n\t\t\t\t<\/div>\n\t\t\t\t\t<\/div>\n\t\t<\/div>\n\t\t\t\t\t<\/div>\n\t\t<\/section>\n\t\t\t\t\t<\/div>\n\t\t<\/div>\n\t\t\t\t\t<\/div>\n\t\t<\/section>\n\t\t\t\t<section class=\"elementor-section elementor-top-section elementor-element elementor-element-be52c1d elementor-section-boxed elementor-section-height-default elementor-section-height-default\" data-id=\"be52c1d\" data-element_type=\"section\">\n\t\t\t\t\t\t<div class=\"elementor-container elementor-column-gap-default\">\n\t\t\t\t\t<div class=\"elementor-column elementor-col-50 elementor-top-column elementor-element elementor-element-2f81792\" data-id=\"2f81792\" data-element_type=\"column\">\n\t\t\t<div class=\"elementor-widget-wrap elementor-element-populated\">\n\t\t\t\t\t\t<div class=\"elementor-element elementor-element-6d8ffe7 elementor-widget elementor-widget-heading\" data-id=\"6d8ffe7\" data-element_type=\"widget\" data-widget_type=\"heading.default\">\n\t\t\t\t<div class=\"elementor-widget-container\">\n\t\t\t<h3 class=\"elementor-heading-title elementor-size-default\">Gr\u00fcndung von Pflegebetrieben<\/h3>\t\t<\/div>\n\t\t\t\t<\/div>\n\t\t\t\t<div class=\"elementor-element elementor-element-66572c9 elementor-widget elementor-widget-spacer\" data-id=\"66572c9\" data-element_type=\"widget\" data-widget_type=\"spacer.default\">\n\t\t\t\t<div class=\"elementor-widget-container\">\n\t\t\t\t\t<div class=\"elementor-spacer\">\n\t\t\t<div class=\"elementor-spacer-inner\"><\/div>\n\t\t<\/div>\n\t\t\t\t<\/div>\n\t\t\t\t<\/div>\n\t\t\t\t<div class=\"elementor-element elementor-element-82a9bf6 elementor-widget elementor-widget-text-editor\" data-id=\"82a9bf6\" data-element_type=\"widget\" data-widget_type=\"text-editor.default\">\n\t\t\t\t<div class=\"elementor-widget-container\">\n\t\t\t\t\t\t\t<p><span style=\"font-weight: 400;\">Ein Unternehmen f\u00fcr Pflegedienstleistungen zu gr\u00fcnden, ist eine Idee mit Zukunft. Angesichts der demografischen Entwicklung handelt es sich um einen starken Wachstumsmarkt. Was Sie dabei zu beachten haben, lesen Sie in folgendem Artikel:<u> <\/u><\/span><u><a href=\"https:\/\/vimcar.de\/boxenstopp\/gruender\/gruendung-pflegedienst\"><span style=\"font-weight: 400;\">die Gr\u00fcndung eines Pflegebetriebs<\/span><\/a><span style=\"font-weight: 400;\">. <\/span><\/u><\/p>\t\t\t\t\t\t<\/div>\n\t\t\t\t<\/div>\n\t\t\t\t\t<\/div>\n\t\t<\/div>\n\t\t\t\t<div class=\"elementor-column elementor-col-50 elementor-top-column elementor-element elementor-element-1f040b1\" data-id=\"1f040b1\" data-element_type=\"column\">\n\t\t\t<div class=\"elementor-widget-wrap elementor-element-populated\">\n\t\t\t\t\t\t<div class=\"elementor-element elementor-element-d1c0c09 elementor-widget elementor-widget-image\" data-id=\"d1c0c09\" data-element_type=\"widget\" data-widget_type=\"image.default\">\n\t\t\t\t<div class=\"elementor-widget-container\">\n\t\t\t\t\t\t\t\t\t\t\t\t\t<img loading=\"lazy\" decoding=\"async\" width=\"800\" height=\"534\" src=\"https:\/\/vimcar.de\/boxenstopp\/wp-content\/uploads\/2020\/02\/Pflegebetrieb_Gruenderpage-1024x684.png\" class=\"attachment-large size-large wp-image-9701\" alt=\"Spielzeugkrankenwagen\" srcset=\"https:\/\/vimcar.de\/boxenstopp\/wp-content\/uploads\/2020\/02\/Pflegebetrieb_Gruenderpage-1024x684.png 1024w, https:\/\/vimcar.de\/boxenstopp\/wp-content\/uploads\/2020\/02\/Pflegebetrieb_Gruenderpage-300x200.png 300w, https:\/\/vimcar.de\/boxenstopp\/wp-content\/uploads\/2020\/02\/Pflegebetrieb_Gruenderpage-768x513.png 768w, https:\/\/vimcar.de\/boxenstopp\/wp-content\/uploads\/2020\/02\/Pflegebetrieb_Gruenderpage-24x16.png 24w, https:\/\/vimcar.de\/boxenstopp\/wp-content\/uploads\/2020\/02\/Pflegebetrieb_Gruenderpage-36x24.png 36w, https:\/\/vimcar.de\/boxenstopp\/wp-content\/uploads\/2020\/02\/Pflegebetrieb_Gruenderpage-48x32.png 48w, https:\/\/vimcar.de\/boxenstopp\/wp-content\/uploads\/2020\/02\/Pflegebetrieb_Gruenderpage.png 1349w\" sizes=\"(max-width: 800px) 100vw, 800px\" \/>\t\t\t\t\t\t\t\t\t\t\t\t\t<\/div>\n\t\t\t\t<\/div>\n\t\t\t\t\t<\/div>\n\t\t<\/div>\n\t\t\t\t\t<\/div>\n\t\t<\/section>\n\t\t\t\t<section class=\"elementor-section elementor-top-section elementor-element elementor-element-f5a3cbc elementor-section-boxed elementor-section-height-default elementor-section-height-default\" data-id=\"f5a3cbc\" data-element_type=\"section\">\n\t\t\t\t\t\t<div class=\"elementor-container elementor-column-gap-default\">\n\t\t\t\t\t<div class=\"elementor-column elementor-col-50 elementor-top-column elementor-element elementor-element-d0a124f\" data-id=\"d0a124f\" data-element_type=\"column\">\n\t\t\t<div class=\"elementor-widget-wrap elementor-element-populated\">\n\t\t\t\t\t\t<div class=\"elementor-element elementor-element-35abb0e elementor-widget elementor-widget-image\" data-id=\"35abb0e\" data-element_type=\"widget\" data-widget_type=\"image.default\">\n\t\t\t\t<div class=\"elementor-widget-container\">\n\t\t\t\t\t\t\t\t\t\t\t\t\t<img loading=\"lazy\" decoding=\"async\" width=\"640\" height=\"424\" src=\"https:\/\/vimcar.de\/boxenstopp\/wp-content\/uploads\/2020\/04\/Gr\u00fcndung-Handwerksbetrieb.jpg\" class=\"attachment-large size-large wp-image-10069\" alt=\"Gr\u00fcndung eines Handwerksbetriebs\" srcset=\"https:\/\/vimcar.de\/boxenstopp\/wp-content\/uploads\/2020\/04\/Gr\u00fcndung-Handwerksbetrieb.jpg 640w, https:\/\/vimcar.de\/boxenstopp\/wp-content\/uploads\/2020\/04\/Gr\u00fcndung-Handwerksbetrieb-300x199.jpg 300w, https:\/\/vimcar.de\/boxenstopp\/wp-content\/uploads\/2020\/04\/Gr\u00fcndung-Handwerksbetrieb-24x16.jpg 24w, https:\/\/vimcar.de\/boxenstopp\/wp-content\/uploads\/2020\/04\/Gr\u00fcndung-Handwerksbetrieb-36x24.jpg 36w, https:\/\/vimcar.de\/boxenstopp\/wp-content\/uploads\/2020\/04\/Gr\u00fcndung-Handwerksbetrieb-48x32.jpg 48w\" sizes=\"(max-width: 640px) 100vw, 640px\" \/>\t\t\t\t\t\t\t\t\t\t\t\t\t<\/div>\n\t\t\t\t<\/div>\n\t\t\t\t\t<\/div>\n\t\t<\/div>\n\t\t\t\t<div class=\"elementor-column elementor-col-50 elementor-top-column elementor-element elementor-element-944cd16\" data-id=\"944cd16\" data-element_type=\"column\">\n\t\t\t<div class=\"elementor-widget-wrap elementor-element-populated\">\n\t\t\t\t\t\t<div class=\"elementor-element elementor-element-9e623f2 elementor-widget elementor-widget-heading\" data-id=\"9e623f2\" data-element_type=\"widget\" data-widget_type=\"heading.default\">\n\t\t\t\t<div class=\"elementor-widget-container\">\n\t\t\t<h3 class=\"elementor-heading-title elementor-size-default\">Er\u00f6ffnung eines Handwerksbetriebs<\/h3>\t\t<\/div>\n\t\t\t\t<\/div>\n\t\t\t\t<div class=\"elementor-element elementor-element-930ef83 elementor-widget elementor-widget-spacer\" data-id=\"930ef83\" data-element_type=\"widget\" data-widget_type=\"spacer.default\">\n\t\t\t\t<div class=\"elementor-widget-container\">\n\t\t\t\t\t<div class=\"elementor-spacer\">\n\t\t\t<div class=\"elementor-spacer-inner\"><\/div>\n\t\t<\/div>\n\t\t\t\t<\/div>\n\t\t\t\t<\/div>\n\t\t\t\t<div class=\"elementor-element elementor-element-1041ac7 elementor-widget elementor-widget-text-editor\" data-id=\"1041ac7\" data-element_type=\"widget\" data-widget_type=\"text-editor.default\">\n\t\t\t\t<div class=\"elementor-widget-container\">\n\t\t\t\t\t\t\t<p><span style=\"font-weight: 400;\">Mit 151 Berufsst\u00e4nden und etwa einer Million meist klein- oder mittelst\u00e4ndischen Betrieben z\u00e4hlt die Handwerksbranche zu den gr\u00f6\u00dften Berufsfeldern in Deutschland. Wir wissen, was Sie beachten m\u00fcssen, wenn Sie sich in der Handwerksbranche selbst\u00e4ndig machen wollen: <span style=\"text-decoration: underline;\"><a href=\"https:\/\/vimcar.de\/boxenstopp\/gruender\/gruendung-eines-handwerksbetriebs\/\">die Gr\u00fcndung eines Handwerksbetriebs<\/a><\/span>.<\/span><\/p>\t\t\t\t\t\t<\/div>\n\t\t\t\t<\/div>\n\t\t\t\t\t<\/div>\n\t\t<\/div>\n\t\t\t\t\t<\/div>\n\t\t<\/section>\n\t\t\t\t<section class=\"elementor-section elementor-top-section elementor-element elementor-element-7876cfe elementor-section-boxed elementor-section-height-default elementor-section-height-default\" data-id=\"7876cfe\" data-element_type=\"section\">\n\t\t\t\t\t\t<div class=\"elementor-container elementor-column-gap-default\">\n\t\t\t\t\t<div class=\"elementor-column elementor-col-100 elementor-top-column elementor-element elementor-element-c4297af\" data-id=\"c4297af\" data-element_type=\"column\">\n\t\t\t<div class=\"elementor-widget-wrap elementor-element-populated\">\n\t\t\t\t\t\t<div class=\"elementor-element elementor-element-e02b2ab elementor-widget elementor-widget-heading\" data-id=\"e02b2ab\" data-element_type=\"widget\" data-widget_type=\"heading.default\">\n\t\t\t\t<div class=\"elementor-widget-container\">\n\t\t\t<h2 class=\"elementor-heading-title elementor-size-default\">Ressourcen richtig einplanen<\/h2>\t\t<\/div>\n\t\t\t\t<\/div>\n\t\t\t\t<div class=\"elementor-element elementor-element-6224789 elementor-widget elementor-widget-text-editor\" data-id=\"6224789\" data-element_type=\"widget\" data-widget_type=\"text-editor.default\">\n\t\t\t\t<div class=\"elementor-widget-container\">\n\t\t\t\t\t\t\t<p><span style=\"font-weight: 400;\">Gerade Betriebe, die auf Fahrzeuge im Arbeitsalltag angewiesen sind, m\u00fcssen diese von Beginn an intelligent organisieren. Das ist z. B. bei Pflegebetrieben oder Lieferdiensten der Fall. Es lohnt sich m\u00f6glicherweise, die Koordination \u00fcber eine Software abzuwickeln. Andreas Schneider erkl\u00e4rt in dem Interview, welche Vorteile eine Fuhrparksoftware hat.<\/span><\/p>\t\t\t\t\t\t<\/div>\n\t\t\t\t<\/div>\n\t\t\t\t<div class=\"elementor-element elementor-element-24045b2 elementor-widget elementor-widget-text-editor\" data-id=\"24045b2\" data-element_type=\"widget\" data-widget_type=\"text-editor.default\">\n\t\t\t\t<div class=\"elementor-widget-container\">\n\t\t\t\t\t\t\t<p>Das komplette Interview und weitere spannende Informationen finden Sie hier: <a href=\"https:\/\/vimcar.de\/boxenstopp\/gruender\/digitalisierung-spart-zeit-und-geld\/\">Digitalisierung spart Zeit &#8211; und Geld.\u00a0<\/a><\/p>\t\t\t\t\t\t<\/div>\n\t\t\t\t<\/div>\n\t\t\t\t\t<\/div>\n\t\t<\/div>\n\t\t\t\t\t<\/div>\n\t\t<\/section>\n\t\t\t\t<section class=\"elementor-section elementor-top-section elementor-element elementor-element-afd810c elementor-section-boxed elementor-section-height-default elementor-section-height-default\" data-id=\"afd810c\" data-element_type=\"section\">\n\t\t\t\t\t\t<div class=\"elementor-container elementor-column-gap-default\">\n\t\t\t\t\t<div class=\"elementor-column elementor-col-100 elementor-top-column elementor-element elementor-element-9c69a58\" data-id=\"9c69a58\" data-element_type=\"column\">\n\t\t\t<div class=\"elementor-widget-wrap elementor-element-populated\">\n\t\t\t\t\t\t<div class=\"elementor-element elementor-element-ae20638 elementor-widget elementor-widget-heading\" data-id=\"ae20638\" data-element_type=\"widget\" data-widget_type=\"heading.default\">\n\t\t\t\t<div class=\"elementor-widget-container\">\n\t\t\t<h2 class=\"elementor-heading-title elementor-size-default\">Die Rolle von Mobilit\u00e4t f\u00fcr den Unternehmenserfolg<\/h2>\t\t<\/div>\n\t\t\t\t<\/div>\n\t\t\t\t\t<\/div>\n\t\t<\/div>\n\t\t\t\t\t<\/div>\n\t\t<\/section>\n\t\t\t\t<section class=\"elementor-section elementor-top-section elementor-element elementor-element-dcaa9d0 elementor-section-boxed elementor-section-height-default elementor-section-height-default\" data-id=\"dcaa9d0\" data-element_type=\"section\">\n\t\t\t\t\t\t<div class=\"elementor-container elementor-column-gap-default\">\n\t\t\t\t\t<div class=\"elementor-column elementor-col-100 elementor-top-column elementor-element elementor-element-e99eaa6\" data-id=\"e99eaa6\" data-element_type=\"column\">\n\t\t\t<div class=\"elementor-widget-wrap elementor-element-populated\">\n\t\t\t\t\t\t<div class=\"elementor-element elementor-element-fd599e9 elementor-widget elementor-widget-text-editor\" data-id=\"fd599e9\" data-element_type=\"widget\" data-widget_type=\"text-editor.default\">\n\t\t\t\t<div class=\"elementor-widget-container\">\n\t\t\t\t\t\t\t<p><i><span style=\"font-weight: 400;\">Bewegung ist Energie. Und Energie ist der Antrieb f\u00fcr jede Firma. Mobilit\u00e4t geh\u00f6rt deshalb zur DNA der Unternehmenskultur. Ein auf die Bed\u00fcrfnisse abgestimmter Fuhrpark sichert den Unternehmenserfolg und f\u00f6rdert die Kundenn\u00e4he.<\/span><\/i><i><span style=\"font-weight: 400;\"><br><\/span><\/i><\/p>\n<p><span style=\"font-weight: 400;\">\u201eZu unserer Natur geh\u00f6rt die Bewegung. Die vollkommene Ruhe ist der Tod\u201c, wusste schon der franz\u00f6sischer Philosoph Blaise Pascal. Unsere moderne Welt ist vor allem durch eine zunehmende Vielfalt an Mobilit\u00e4tsformen gekennzeichnet. Das macht Waren und Dienstleistungen rund um Mobilit\u00e4t zu einem der gr\u00f6\u00dften Wachstumsm\u00e4rkte. Wie wichtig die Mobilit\u00e4t f\u00fcr Ihr Unternehmen sein wird, erfahren Sie in dem Artikel: <u>die <a href=\"https:\/\/vimcar.de\/boxenstopp\/blog\/rolle-mobilitaet-fuer-unternehmenserfolg\/\">Rolle von Mobilit\u00e4t f\u00fcr den Unternehmenserfolg<\/a><\/u>.&nbsp;<br><\/span><\/p>\t\t\t\t\t\t<\/div>\n\t\t\t\t<\/div>\n\t\t\t\t<div class=\"elementor-element elementor-element-75bb088 elementor-widget elementor-widget-heading\" data-id=\"75bb088\" data-element_type=\"widget\" data-widget_type=\"heading.default\">\n\t\t\t\t<div class=\"elementor-widget-container\">\n\t\t\t<h2 class=\"elementor-heading-title elementor-size-default\">Beschaffung f\u00fcr Gr\u00fcnder - so bauen Sie Ihren Fuhrpark auf<\/h2>\t\t<\/div>\n\t\t\t\t<\/div>\n\t\t\t\t\t<\/div>\n\t\t<\/div>\n\t\t\t\t\t<\/div>\n\t\t<\/section>\n\t\t\t\t<section class=\"elementor-section elementor-top-section elementor-element elementor-element-1d5c3b0 elementor-section-boxed elementor-section-height-default elementor-section-height-default\" data-id=\"1d5c3b0\" data-element_type=\"section\">\n\t\t\t\t\t\t<div class=\"elementor-container elementor-column-gap-default\">\n\t\t\t\t\t<div class=\"elementor-column elementor-col-100 elementor-top-column elementor-element elementor-element-94cb4ff\" data-id=\"94cb4ff\" data-element_type=\"column\">\n\t\t\t<div class=\"elementor-widget-wrap elementor-element-populated\">\n\t\t\t\t\t\t<div class=\"elementor-element elementor-element-092b030 elementor-widget elementor-widget-text-editor\" data-id=\"092b030\" data-element_type=\"widget\" data-widget_type=\"text-editor.default\">\n\t\t\t\t<div class=\"elementor-widget-container\">\n\t\t\t\t\t\t\t<p><em>Wer einen Fuhrpark aufbauen m\u00f6chte, sollte sich vorher genau \u00fcberlegen, welche Fahrzeuge sein Unternehmen wirklich ben\u00f6tigt. Lesen Sie hier, wie man f\u00fcr seinen Betrieb einen stimmigen Fuhrpark anlegt.<\/em><\/p>\t\t\t\t\t\t<\/div>\n\t\t\t\t<\/div>\n\t\t\t\t<div class=\"elementor-element elementor-element-8a9dbdb elementor-widget elementor-widget-text-editor\" data-id=\"8a9dbdb\" data-element_type=\"widget\" data-widget_type=\"text-editor.default\">\n\t\t\t\t<div class=\"elementor-widget-container\">\n\t\t\t\t\t\t\t<p><img loading=\"lazy\" decoding=\"async\" class=\" wp-image-14017 alignright\" src=\"https:\/\/vimcar.de\/boxenstopp\/wp-content\/uploads\/2020\/10\/Gruender.jpg\" alt=\"Fuhrpark f\u00fcr Gr\u00fcnder\" width=\"339\" height=\"226\" srcset=\"https:\/\/vimcar.de\/boxenstopp\/wp-content\/uploads\/2020\/10\/Gruender.jpg 1000w, https:\/\/vimcar.de\/boxenstopp\/wp-content\/uploads\/2020\/10\/Gruender-300x200.jpg 300w, https:\/\/vimcar.de\/boxenstopp\/wp-content\/uploads\/2020\/10\/Gruender-768x512.jpg 768w, https:\/\/vimcar.de\/boxenstopp\/wp-content\/uploads\/2020\/10\/Gruender-24x16.jpg 24w, https:\/\/vimcar.de\/boxenstopp\/wp-content\/uploads\/2020\/10\/Gruender-36x24.jpg 36w, https:\/\/vimcar.de\/boxenstopp\/wp-content\/uploads\/2020\/10\/Gruender-48x32.jpg 48w\" sizes=\"(max-width: 339px) 100vw, 339px\" \/>F\u00fcr den Aufbau eines passgenauen Fuhrparks fehlt nicht nur h\u00e4ufig ausgebildetes Personal. Das wichtige Thema bekommt meist zu wenig Aufmerksamkeit, genauso selten wie der Arbeitsaufwand im Fuhrparkmanagement richtig eingesch\u00e4tzt wird. Als Gr\u00fcnder verliert man in der Themenvielfalt schnell den \u00dcberblick. Neben der Frage, welche Fahrzeuge ich ben\u00f6tige, liegt die Finanzierung im Fokus der Gr\u00fcnder. Dazu kommen neue Mobilit\u00e4tskonzepte und Technologien, die den Fuhrpark und das dazugeh\u00f6rige Management st\u00e4ndig ver\u00e4ndern. W\u00e4chst das Unternehmen etwa und mehr Fahrzeuge kommen hinzu, steigen die Verwaltungsaufgaben und Kosten des Fuhrparks. Es gibt also einige Punkte zu beachten, damit das Unternehmen von Anfang an auf der \u00dcberholspur ist.\u00a0<\/p><p>Jetzt mehr zum Thema \u201c<a href=\"https:\/\/vimcar.de\/boxenstopp\/gruender\/beschaffung\/\">Beschaffung f\u00fcr Gr\u00fcnder<\/a>\u201d lesen.<\/p>\t\t\t\t\t\t<\/div>\n\t\t\t\t<\/div>\n\t\t\t\t\t<\/div>\n\t\t<\/div>\n\t\t\t\t\t<\/div>\n\t\t<\/section>\n\t\t\t\t<section class=\"elementor-section elementor-top-section elementor-element elementor-element-c3db2ce elementor-section-boxed elementor-section-height-default elementor-section-height-default\" data-id=\"c3db2ce\" data-element_type=\"section\">\n\t\t\t\t\t\t<div class=\"elementor-container elementor-column-gap-default\">\n\t\t\t\t\t<div class=\"elementor-column elementor-col-100 elementor-top-column elementor-element elementor-element-3328e91\" data-id=\"3328e91\" data-element_type=\"column\">\n\t\t\t<div class=\"elementor-widget-wrap elementor-element-populated\">\n\t\t\t\t\t\t<div class=\"elementor-element elementor-element-7f5ab91 elementor-widget elementor-widget-heading\" data-id=\"7f5ab91\" data-element_type=\"widget\" data-widget_type=\"heading.default\">\n\t\t\t\t<div class=\"elementor-widget-container\">\n\t\t\t<h2 class=\"elementor-heading-title elementor-size-default\">F\u00f6rderungen f\u00fcr Gr\u00fcnder <\/h2>\t\t<\/div>\n\t\t\t\t<\/div>\n\t\t\t\t\t<\/div>\n\t\t<\/div>\n\t\t\t\t\t<\/div>\n\t\t<\/section>\n\t\t\t\t<section class=\"elementor-section elementor-top-section elementor-element elementor-element-8fb8ed8 elementor-section-boxed elementor-section-height-default elementor-section-height-default\" data-id=\"8fb8ed8\" data-element_type=\"section\">\n\t\t\t\t\t\t<div class=\"elementor-container elementor-column-gap-default\">\n\t\t\t\t\t<div class=\"elementor-column elementor-col-100 elementor-top-column elementor-element elementor-element-974f1cc\" data-id=\"974f1cc\" data-element_type=\"column\">\n\t\t\t<div class=\"elementor-widget-wrap elementor-element-populated\">\n\t\t\t\t\t\t<div class=\"elementor-element elementor-element-5413b09 elementor-widget elementor-widget-text-editor\" data-id=\"5413b09\" data-element_type=\"widget\" data-widget_type=\"text-editor.default\">\n\t\t\t\t<div class=\"elementor-widget-container\">\n\t\t\t\t\t\t\t<p><i><span style=\"font-weight: 400;\">Die Finanzierung stellt die meisten Gr\u00fcnder vor erhebliche Probleme. Dabei gibt es viele M\u00f6glichkeiten der finanziellen Unterst\u00fctzung. Die wichtigsten F\u00f6rderm\u00f6glichkeiten f\u00fcr Gr\u00fcnder haben wir zusammengestellt. <\/span><\/i><\/p>\t\t\t\t\t\t<\/div>\n\t\t\t\t<\/div>\n\t\t\t\t\t<\/div>\n\t\t<\/div>\n\t\t\t\t\t<\/div>\n\t\t<\/section>\n\t\t\t\t<section class=\"elementor-section elementor-top-section elementor-element elementor-element-4703fd0 elementor-section-boxed elementor-section-height-default elementor-section-height-default\" data-id=\"4703fd0\" data-element_type=\"section\">\n\t\t\t\t\t\t<div class=\"elementor-container elementor-column-gap-default\">\n\t\t\t\t\t<div class=\"elementor-column elementor-col-100 elementor-top-column elementor-element elementor-element-606384e\" data-id=\"606384e\" data-element_type=\"column\">\n\t\t\t<div class=\"elementor-widget-wrap elementor-element-populated\">\n\t\t\t\t\t\t<div class=\"elementor-element elementor-element-812efb4 elementor-widget elementor-widget-text-editor\" data-id=\"812efb4\" data-element_type=\"widget\" data-widget_type=\"text-editor.default\">\n\t\t\t\t<div class=\"elementor-widget-container\">\n\t\t\t\t\t\t\t<p><span style=\"font-weight: 400;\">Aller Anfang ist schwer. Gr\u00fcnder m\u00fcssen sich in der Regel durch ein Dickicht von Informationen schlagen, bevor sie die F\u00f6rderungen gefunden haben, die sie wirklich weiterbringen. Es gibt allein etwa 2.000 Programme von Bund, L\u00e4ndern und der EU f\u00fcr Unternehmensgr\u00fcnder, \u00f6ffentliche F\u00f6rdergelder zu beantragen. Es gilt nicht nur die passenden F\u00f6rderprogramme f\u00fcr das Projekt zu bestimmen, sondern auch bei der Beantragung alle Unterlagen vollst\u00e4ndig einzureichen. Es kommt durchaus vor, dass Unternehmer vor der Gr\u00fcndung mehrere Wochen damit verbringen, sich durch die Bedingungen der F\u00f6rderprogramme zu k\u00e4mpfen, bevor sie das entsprechende Angebot ausw\u00e4hlen. Wer diesen Prozess verk\u00fcrzen m\u00f6chte, sollte einen Besuch bei der Gr\u00fcndungsberatung in Betracht ziehen. Die wichtigsten Schritte und Anlaufstellen haben wir f\u00fcr Sie geb\u00fcndelt.<br \/>Mehr Informationen finden Sie hier: <a href=\"https:\/\/vimcar.de\/boxenstopp\/gruender\/foerderungen-gruender\/\"><span style=\"text-decoration: underline;\">F\u00f6rderungen zur Unternehmensgr\u00fcndung<\/span><\/a>.<br \/><br \/>In den verschiedenen Bundesl\u00e4ndern gibt es die unterschiedlichsten F\u00f6rderungen f\u00fcr Gr\u00fcnder in Bereich der Digitalisierung. Eine \u00dcbersicht \u00fcber die F\u00f6rderungen speziell in diesem Unternehmensbereich finden Sie hier: <a href=\"https:\/\/vimcar.de\/boxenstopp\/digialisierung\/foerderungen-kmu-gruender\/\"><span style=\"text-decoration: underline;\">F\u00f6rderungen zur Digitalisierung<\/span><\/a>.\u00a0<\/span><\/p>\t\t\t\t\t\t<\/div>\n\t\t\t\t<\/div>\n\t\t\t\t\t<\/div>\n\t\t<\/div>\n\t\t\t\t\t<\/div>\n\t\t<\/section>\n\t\t\t\t<section class=\"elementor-section elementor-top-section elementor-element elementor-element-1c73cf3 elementor-section-boxed elementor-section-height-default elementor-section-height-default\" data-id=\"1c73cf3\" data-element_type=\"section\">\n\t\t\t\t\t\t<div class=\"elementor-container elementor-column-gap-default\">\n\t\t\t\t\t<div class=\"elementor-column elementor-col-100 elementor-top-column elementor-element elementor-element-136ff89\" data-id=\"136ff89\" data-element_type=\"column\">\n\t\t\t<div class=\"elementor-widget-wrap elementor-element-populated\">\n\t\t\t\t\t\t<div class=\"elementor-element elementor-element-6d19a0c elementor-widget elementor-widget-heading\" data-id=\"6d19a0c\" data-element_type=\"widget\" data-widget_type=\"heading.default\">\n\t\t\t\t<div class=\"elementor-widget-container\">\n\t\t\t<h2 class=\"elementor-heading-title elementor-size-default\">Digitalisierungsma\u00dfnahmen bei Unternehmensneugr\u00fcndungen<\/h2>\t\t<\/div>\n\t\t\t\t<\/div>\n\t\t\t\t\t<\/div>\n\t\t<\/div>\n\t\t\t\t\t<\/div>\n\t\t<\/section>\n\t\t\t\t<section class=\"elementor-section elementor-top-section elementor-element elementor-element-bac7b38 elementor-section-boxed elementor-section-height-default elementor-section-height-default\" data-id=\"bac7b38\" data-element_type=\"section\">\n\t\t\t\t\t\t<div class=\"elementor-container elementor-column-gap-default\">\n\t\t\t\t\t<div class=\"elementor-column elementor-col-100 elementor-top-column elementor-element elementor-element-3cd029d\" data-id=\"3cd029d\" data-element_type=\"column\">\n\t\t\t<div class=\"elementor-widget-wrap elementor-element-populated\">\n\t\t\t\t\t\t<div class=\"elementor-element elementor-element-10a6cf2 elementor-widget elementor-widget-text-editor\" data-id=\"10a6cf2\" data-element_type=\"widget\" data-widget_type=\"text-editor.default\">\n\t\t\t\t<div class=\"elementor-widget-container\">\n\t\t\t\t\t\t\t<p>Ein neu gegr\u00fcndetes Unternehmen besch\u00e4ftigt sich in der heutigen Zeit wahrscheinlich ebenfalls mit M\u00f6glichkeiten digitale Medien in verschiedene Bereiche des Unternehmens zu integrieren. Es gibt zahlreiche M\u00f6glichkeiten und Tools, dies durchzuf\u00fchren. Einige von Ihnen haben wir hier f\u00fcr Sie zusammengestellt: <a href=\"https:\/\/vimcar.de\/boxenstopp\/digitalisierung\/\"><span style=\"text-decoration: underline;\">Digitalisierung im Fuhrpark<\/span>.<\/a><\/p><p>Bezogen auf die Versteuerungsmethode in Ihrem Unternehmen k\u00f6nnen Sie, sollten Sie die Wahl des Fahrtenbuches getroffen haben, eine <a href=\"https:\/\/vimcar.de\/fahrtenbuch\/fahrtenbuchsoftware\">Fahrtenbuchsoftware<\/a> in Erw\u00e4gung ziehen. Au\u00dferdem kann eine <a href=\"https:\/\/vimcar.de\/fahrtenbuch\/apps\">Fahrtenbuch App<\/a> den Alltag mit dem Fahrtenbuch ebenfalls deutlich vereinfachen. Beginnen Sie rechtzeitig mit der Anpassung und setzen Sie existierende Tools ein, um effizient arbeiten zu k\u00f6nnen und sich auf digitales Arbeiten vorzuereiten.\u00a0<\/p>\t\t\t\t\t\t<\/div>\n\t\t\t\t<\/div>\n\t\t\t\t\t<\/div>\n\t\t<\/div>\n\t\t\t\t\t<\/div>\n\t\t<\/section>\n\t\t\t\t<\/div>\n\t\t","protected":false},"excerpt":{"rendered":"<p>Die zwei Gr\u00fcnder der Vimcar GmbH, Andreas Schneider und Christian Siewek, haben das Unternehmen 2013 ins Leben gerufen mit einem Ziel: die Welt rund um den Firmenwagen zu digitalisieren. 7 Jahre sp\u00e4ter k\u00f6nnen wir mit Stolz feststellen, dass wir bereits 130.000 Fahrzeuge digital vernetzten. Da wir aus erster Hand den steinigen Weg zur eigenen Unternehmensgr\u00fcndung [&hellip;]<\/p>\n","protected":false},"author":74,"featured_media":0,"parent":0,"menu_order":0,"comment_status":"closed","ping_status":"closed","template":"","meta":{"footnotes":"","_wp_rev_ctl_limit":""},"yoast_head":"<!-- This site is optimized with the Yoast SEO Premium plugin v21.5 (Yoast SEO v21.5) - https:\/\/yoast.com\/wordpress\/plugins\/seo\/ -->\n<title>Richtig Gr\u00fcnden: Das 1x1 der Unternehmensgr\u00fcndung<\/title>\n<meta name=\"description\" content=\"Die Gr\u00fcndung eines eigenen Unternehmens hat Sie schon immer interessiert? Holen Sie sich n\u00fctzliche Tipps &amp; Tricks zum Thema. Jetzt mehr erfahren!\" \/>\n<meta name=\"robots\" content=\"index, follow, max-snippet:-1, max-image-preview:large, max-video-preview:-1\" \/>\n<link rel=\"canonical\" href=\"https:\/\/vimcar.de\/boxenstopp\/gruender\/\" \/>\n<meta property=\"og:locale\" content=\"de_DE\" \/>\n<meta property=\"og:type\" content=\"article\" \/>\n<meta property=\"og:title\" content=\"Richtig Gr\u00fcnden: Das 1x1 der Unternehmensgr\u00fcndung\" \/>\n<meta property=\"og:description\" content=\"Die Gr\u00fcndung eines eigenen Unternehmens hat Sie schon immer interessiert? Holen Sie sich n\u00fctzliche Tipps &amp; Tricks zum Thema. Jetzt mehr erfahren!\" \/>\n<meta property=\"og:url\" content=\"https:\/\/vimcar.de\/boxenstopp\/gruender\/\" \/>\n<meta property=\"og:site_name\" content=\"Vimcar Boxenstopp\" \/>\n<meta property=\"article:publisher\" content=\"https:\/\/www.facebook.com\/vimcar\" \/>\n<meta property=\"article:modified_time\" content=\"2024-05-07T07:19:51+00:00\" \/>\n<meta property=\"og:image\" content=\"https:\/\/vimcar.de\/boxenstopp\/wp-content\/uploads\/2020\/02\/Andreas-Schneider_Vimcar-1024x683.jpg\" \/>\n<meta name=\"twitter:card\" content=\"summary_large_image\" \/>\n<meta name=\"twitter:site\" content=\"@goVimcar\" \/>\n<meta name=\"twitter:label1\" content=\"Gesch\u00e4tzte Lesezeit\" \/>\n\t<meta name=\"twitter:data1\" content=\"8\u00a0Minuten\" \/>\n<!-- \/ Yoast SEO Premium plugin. -->","yoast_head_json":{"title":"Richtig Gr\u00fcnden: Das 1x1 der Unternehmensgr\u00fcndung","description":"Die Gr\u00fcndung eines eigenen Unternehmens hat Sie schon immer interessiert? Holen Sie sich n\u00fctzliche Tipps & Tricks zum Thema. Jetzt mehr erfahren!","robots":{"index":"index","follow":"follow","max-snippet":"max-snippet:-1","max-image-preview":"max-image-preview:large","max-video-preview":"max-video-preview:-1"},"canonical":"https:\/\/vimcar.de\/boxenstopp\/gruender\/","og_locale":"de_DE","og_type":"article","og_title":"Richtig Gr\u00fcnden: Das 1x1 der Unternehmensgr\u00fcndung","og_description":"Die Gr\u00fcndung eines eigenen Unternehmens hat Sie schon immer interessiert? Holen Sie sich n\u00fctzliche Tipps & Tricks zum Thema. Jetzt mehr erfahren!","og_url":"https:\/\/vimcar.de\/boxenstopp\/gruender\/","og_site_name":"Vimcar Boxenstopp","article_publisher":"https:\/\/www.facebook.com\/vimcar","article_modified_time":"2024-05-07T07:19:51+00:00","og_image":[{"url":"https:\/\/vimcar.de\/boxenstopp\/wp-content\/uploads\/2020\/02\/Andreas-Schneider_Vimcar-1024x683.jpg"}],"twitter_card":"summary_large_image","twitter_site":"@goVimcar","twitter_misc":{"Gesch\u00e4tzte Lesezeit":"8\u00a0Minuten"},"schema":{"@context":"https:\/\/schema.org","@graph":[{"@type":"WebPage","@id":"https:\/\/vimcar.de\/boxenstopp\/gruender\/","url":"https:\/\/vimcar.de\/boxenstopp\/gruender\/","name":"Richtig Gr\u00fcnden: Das 1x1 der Unternehmensgr\u00fcndung","isPartOf":{"@id":"https:\/\/vimcar.de\/boxenstopp\/#website"},"datePublished":"2020-02-25T10:10:26+00:00","dateModified":"2024-05-07T07:19:51+00:00","description":"Die Gr\u00fcndung eines eigenen Unternehmens hat Sie schon immer interessiert? Holen Sie sich n\u00fctzliche Tipps & Tricks zum Thema. Jetzt mehr erfahren!","breadcrumb":{"@id":"https:\/\/vimcar.de\/boxenstopp\/gruender\/#breadcrumb"},"inLanguage":"de","potentialAction":[{"@type":"ReadAction","target":["https:\/\/vimcar.de\/boxenstopp\/gruender\/"]}]},{"@type":"BreadcrumbList","@id":"https:\/\/vimcar.de\/boxenstopp\/gruender\/#breadcrumb","itemListElement":[{"@type":"ListItem","position":1,"name":"Startseite","item":"https:\/\/vimcar.de\/boxenstopp\/"},{"@type":"ListItem","position":2,"name":"Richtig Gr\u00fcnden: Das 1&#215;1 der Unternehmensgr\u00fcndung"}]},{"@type":"WebSite","@id":"https:\/\/vimcar.de\/boxenstopp\/#website","url":"https:\/\/vimcar.de\/boxenstopp\/","name":"Vimcar Boxenstopp","description":"- Die Lernplattform f\u00fcr Fuhrparkleiter","publisher":{"@id":"https:\/\/vimcar.de\/boxenstopp\/#organization"},"potentialAction":[{"@type":"SearchAction","target":{"@type":"EntryPoint","urlTemplate":"https:\/\/vimcar.de\/boxenstopp\/?s={search_term_string}"},"query-input":"required name=search_term_string"}],"inLanguage":"de"},{"@type":"Organization","@id":"https:\/\/vimcar.de\/boxenstopp\/#organization","name":"Vimcar Boxenstopp - Fuhrparkwissen","url":"https:\/\/vimcar.de\/boxenstopp\/","logo":{"@type":"ImageObject","inLanguage":"de","@id":"https:\/\/vimcar.de\/boxenstopp\/#\/schema\/logo\/image\/","url":"https:\/\/vimcar.de\/boxenstopp\/wp-content\/uploads\/2020\/10\/logo-vimcar-boxenstopp.png","contentUrl":"https:\/\/vimcar.de\/boxenstopp\/wp-content\/uploads\/2020\/10\/logo-vimcar-boxenstopp.png","width":250,"height":50,"caption":"Vimcar Boxenstopp - Fuhrparkwissen"},"image":{"@id":"https:\/\/vimcar.de\/boxenstopp\/#\/schema\/logo\/image\/"},"sameAs":["https:\/\/www.facebook.com\/vimcar","https:\/\/twitter.com\/goVimcar","https:\/\/www.instagram.com\/vimcar_official\/","https:\/\/de.linkedin.com\/company\/vimcar","https:\/\/www.pinterest.de\/vimcar\/","https:\/\/www.youtube.com\/channel\/UCWRajoA7OnWsAw-ezAahZPg"]}]}},"_links":{"self":[{"href":"https:\/\/vimcar.de\/boxenstopp\/wp-json\/wp\/v2\/pages\/9681"}],"collection":[{"href":"https:\/\/vimcar.de\/boxenstopp\/wp-json\/wp\/v2\/pages"}],"about":[{"href":"https:\/\/vimcar.de\/boxenstopp\/wp-json\/wp\/v2\/types\/page"}],"author":[{"embeddable":true,"href":"https:\/\/vimcar.de\/boxenstopp\/wp-json\/wp\/v2\/users\/74"}],"replies":[{"embeddable":true,"href":"https:\/\/vimcar.de\/boxenstopp\/wp-json\/wp\/v2\/comments?post=9681"}],"version-history":[{"count":3,"href":"https:\/\/vimcar.de\/boxenstopp\/wp-json\/wp\/v2\/pages\/9681\/revisions"}],"predecessor-version":[{"id":50698,"href":"https:\/\/vimcar.de\/boxenstopp\/wp-json\/wp\/v2\/pages\/9681\/revisions\/50698"}],"wp:attachment":[{"href":"https:\/\/vimcar.de\/boxenstopp\/wp-json\/wp\/v2\/media?parent=9681"}],"curies":[{"name":"wp","href":"https:\/\/api.w.org\/{rel}","templated":true}]}}