{"id":9707,"date":"2020-02-28T09:50:32","date_gmt":"2020-02-28T08:50:32","guid":{"rendered":"https:\/\/vimcar.de\/boxenstopp\/?page_id=9707"},"modified":"2021-05-12T15:41:15","modified_gmt":"2021-05-12T13:41:15","slug":"gruendung-pflegedienst","status":"publish","type":"page","link":"https:\/\/vimcar.de\/boxenstopp\/gruender\/gruendung-pflegedienst\/","title":{"rendered":"Die Gru\u0308ndung eines Pflegedienstes"},"content":{"rendered":"\t\t<div data-elementor-type=\"wp-page\" data-elementor-id=\"9707\" class=\"elementor elementor-9707\" data-elementor-post-type=\"page\">\n\t\t\t\t\t\t<section class=\"elementor-section elementor-top-section elementor-element elementor-element-90bb5f1 elementor-section-boxed elementor-section-height-default elementor-section-height-default\" data-id=\"90bb5f1\" data-element_type=\"section\">\n\t\t\t\t\t\t<div class=\"elementor-container elementor-column-gap-default\">\n\t\t\t\t\t<div class=\"elementor-column elementor-col-100 elementor-top-column elementor-element elementor-element-18390c2\" data-id=\"18390c2\" data-element_type=\"column\">\n\t\t\t<div class=\"elementor-widget-wrap elementor-element-populated\">\n\t\t\t\t\t\t<div class=\"elementor-element elementor-element-de9be0a elementor-widget elementor-widget-text-editor\" data-id=\"de9be0a\" data-element_type=\"widget\" data-widget_type=\"text-editor.default\">\n\t\t\t\t<div class=\"elementor-widget-container\">\n\t\t\t\t\t\t\t<p><span style=\"font-weight: 400;\">Sie m\u00f6gen Kunden, die Sie mit einem Lachen empfangen? Und zudem wollten Sie schon immer etwas Soziales im Job machen? Dann d\u00fcrfte die Gr\u00fcndung eines Pflegedienstes die richtige Idee sein. Denn jeder wei\u00df vom Pflegenotstand in den letzten Jahren, der sich aufgrund des Fachkr\u00e4ftemangels langfristig wohl noch verschlimmern d\u00fcrfte. Schon 2030 soll es \u00fcber zwei Millionen mehr Pflegebed\u00fcrftige geben \u2013 und Heimpl\u00e4tze als grundlegende Alternative sind nicht in ausreichender Anzahl vorhanden. Allerdings sollten Existenzgr\u00fcnder \u00fcber bestimmte Eigenschaften verf\u00fcgen. Neben Empathie und Offenheit sind viele formale Aspekte zu erf\u00fcllen, die wir in diesem Beitrag beleuchten m\u00f6chten.<\/span><\/p>\t\t\t\t\t\t<\/div>\n\t\t\t\t<\/div>\n\t\t\t\t\t<\/div>\n\t\t<\/div>\n\t\t\t\t\t<\/div>\n\t\t<\/section>\n\t\t\t\t<section class=\"elementor-section elementor-top-section elementor-element elementor-element-a282bac elementor-section-boxed elementor-section-height-default elementor-section-height-default\" data-id=\"a282bac\" data-element_type=\"section\">\n\t\t\t\t\t\t<div class=\"elementor-container elementor-column-gap-default\">\n\t\t\t\t\t<div class=\"elementor-column elementor-col-100 elementor-top-column elementor-element elementor-element-817ae1f\" data-id=\"817ae1f\" data-element_type=\"column\">\n\t\t\t<div class=\"elementor-widget-wrap elementor-element-populated\">\n\t\t\t\t\t\t<div class=\"elementor-element elementor-element-defdddf elementor-widget elementor-widget-heading\" data-id=\"defdddf\" data-element_type=\"widget\" data-widget_type=\"heading.default\">\n\t\t\t\t<div class=\"elementor-widget-container\">\n\t\t\t<h2 class=\"elementor-heading-title elementor-size-default\">Berufliche Voraussetzungen <\/h2>\t\t<\/div>\n\t\t\t\t<\/div>\n\t\t\t\t<div class=\"elementor-element elementor-element-b22707d elementor-widget elementor-widget-text-editor\" data-id=\"b22707d\" data-element_type=\"widget\" data-widget_type=\"text-editor.default\">\n\t\t\t\t<div class=\"elementor-widget-container\">\n\t\t\t\t\t\t\t<p><span style=\"font-weight: 400;\">Zuerst die wichtigste Bedingung: Ohne eine fundierte Berufsausbildung kann die Gesch\u00e4ftsidee nicht umgesetzt werden. Denn die gesetzlichen Grundlagen und Rahmenbedingungen f\u00fcr die Existenzgr\u00fcndung mit einem Pflegedienst werden im elften Sozialgesetzbuch unter Paragraf 71 klar festgelegt. So ist ein Pflegedienst eine selbstst\u00e4ndig wirtschaftende Einrichtung, die unter Verantwortung einer ausgebildeten Fachkraft Pflegebed\u00fcrftige in den eigenen Wohnr\u00e4umen mit Leistungen h\u00e4uslicher Pflege versorgt. M\u00f6gliche Ansprechpartner im Planungs- und Zulassungsprozess sind die Landesvertretung des Verbandes der Angestellten Krankenkassen und der Verband der gesetzlichen Krankenkassen.<\/span><\/p>\t\t\t\t\t\t<\/div>\n\t\t\t\t<\/div>\n\t\t\t\t\t<\/div>\n\t\t<\/div>\n\t\t\t\t\t<\/div>\n\t\t<\/section>\n\t\t\t\t<section class=\"elementor-section elementor-top-section elementor-element elementor-element-aa0cd78 elementor-section-boxed elementor-section-height-default elementor-section-height-default\" data-id=\"aa0cd78\" data-element_type=\"section\">\n\t\t\t\t\t\t<div class=\"elementor-container elementor-column-gap-default\">\n\t\t\t\t\t<div class=\"elementor-column elementor-col-100 elementor-top-column elementor-element elementor-element-854b733\" data-id=\"854b733\" data-element_type=\"column\">\n\t\t\t<div class=\"elementor-widget-wrap elementor-element-populated\">\n\t\t\t\t\t\t<div class=\"elementor-element elementor-element-65f9049 elementor-widget elementor-widget-heading\" data-id=\"65f9049\" data-element_type=\"widget\" data-widget_type=\"heading.default\">\n\t\t\t\t<div class=\"elementor-widget-container\">\n\t\t\t<h2 class=\"elementor-heading-title elementor-size-default\">Konkurrenzanalyse<\/h2>\t\t<\/div>\n\t\t\t\t<\/div>\n\t\t\t\t<div class=\"elementor-element elementor-element-dfd8447 elementor-widget elementor-widget-text-editor\" data-id=\"dfd8447\" data-element_type=\"widget\" data-widget_type=\"text-editor.default\">\n\t\t\t\t<div class=\"elementor-widget-container\">\n\t\t\t\t\t\t\t<p><span style=\"font-weight: 400;\">Lassen wir die Zahlen sprechen: Deutschlandweit existieren \u00fcber 15.300 Pflegedienste. Sie betreuen etwa 1,5 Millionen Patienten, Tendenz zunehmend. In den letzten Jahren ist die Zahl deutlich gewachsen. Kein Wunder also, dass durchschnittlich mehr als 60 Pflegedienste pro Monat gegr\u00fcndet werden. Die gr\u00f6\u00dfte Nachfrage f\u00fcr ambulante Pflegedienstleistungen zeigt sich in Mecklenburg-Vorpommern, gefolgt von den Stadtstaaten Hamburg und Bremen. W\u00e4hrend der Nordosten Deutschlands \u00fcberversorgt ist, herrschen im S\u00fcden und S\u00fcdwesten gr\u00f6\u00dfere Versorgungsl\u00fccken. Deshalb ist es besonders wichtig, am gew\u00fcnschten Standort eine exakte Angebots- und Konkurrenzanalyse vorzunehmen. <\/span><\/p>\t\t\t\t\t\t<\/div>\n\t\t\t\t<\/div>\n\t\t\t\t\t<\/div>\n\t\t<\/div>\n\t\t\t\t\t<\/div>\n\t\t<\/section>\n\t\t\t\t<section class=\"elementor-section elementor-top-section elementor-element elementor-element-9940124 elementor-section-boxed elementor-section-height-default elementor-section-height-default\" data-id=\"9940124\" data-element_type=\"section\">\n\t\t\t\t\t\t<div class=\"elementor-container elementor-column-gap-default\">\n\t\t\t\t\t<div class=\"elementor-column elementor-col-100 elementor-top-column elementor-element elementor-element-89cfef9\" data-id=\"89cfef9\" data-element_type=\"column\">\n\t\t\t<div class=\"elementor-widget-wrap elementor-element-populated\">\n\t\t\t\t\t\t<div class=\"elementor-element elementor-element-2876f27 elementor-widget elementor-widget-heading\" data-id=\"2876f27\" data-element_type=\"widget\" data-widget_type=\"heading.default\">\n\t\t\t\t<div class=\"elementor-widget-container\">\n\t\t\t<h2 class=\"elementor-heading-title elementor-size-default\">Fachlichen Eignung \u2013 das ben\u00f6tige ich<\/h2>\t\t<\/div>\n\t\t\t\t<\/div>\n\t\t\t\t<div class=\"elementor-element elementor-element-a6f4800 elementor-widget elementor-widget-text-editor\" data-id=\"a6f4800\" data-element_type=\"widget\" data-widget_type=\"text-editor.default\">\n\t\t\t\t<div class=\"elementor-widget-container\">\n\t\t\t\t\t\t\t<p><span style=\"font-weight: 400;\">Um einen ambulanten Pflegedienst zu gr\u00fcnden, sind pers\u00f6nliche und fachliche Eignung absolut zwingend. Ein entsprechender Ausbildungsabschluss als Kranken- oder Altenpfleger ist deshalb stets nachzuweisen. Doch damit nicht genug. Notwendig sind dar\u00fcber hinaus zwei Jahre mit berufspraktischen Erfahrungen innerhalb der letzten acht Jahre. Und wer eine leitende Funktion aus\u00fcben m\u00f6chte, der ben\u00f6tigt zus\u00e4tzlich eine Weiterbildung, die mindestens 460 Unterrichtsstunden umfasst. Diese Zusatzqualifikation stellt sicher, als leitende Pflegekraft staatlich anerkannt zu werden.<\/span><\/p>\t\t\t\t\t\t<\/div>\n\t\t\t\t<\/div>\n\t\t\t\t\t<\/div>\n\t\t<\/div>\n\t\t\t\t\t<\/div>\n\t\t<\/section>\n\t\t\t\t<section class=\"elementor-section elementor-top-section elementor-element elementor-element-81feaa1 elementor-section-boxed elementor-section-height-default elementor-section-height-default\" data-id=\"81feaa1\" data-element_type=\"section\">\n\t\t\t\t\t\t<div class=\"elementor-container elementor-column-gap-default\">\n\t\t\t\t\t<div class=\"elementor-column elementor-col-100 elementor-top-column elementor-element elementor-element-e37a938\" data-id=\"e37a938\" data-element_type=\"column\">\n\t\t\t<div class=\"elementor-widget-wrap elementor-element-populated\">\n\t\t\t\t\t\t<div class=\"elementor-element elementor-element-2e57949 elementor-widget elementor-widget-heading\" data-id=\"2e57949\" data-element_type=\"widget\" data-widget_type=\"heading.default\">\n\t\t\t\t<div class=\"elementor-widget-container\">\n\t\t\t<h2 class=\"elementor-heading-title elementor-size-default\">Qualit\u00e4tssicherung anstreben<\/h2>\t\t<\/div>\n\t\t\t\t<\/div>\n\t\t\t\t<div class=\"elementor-element elementor-element-eaadc64 elementor-widget elementor-widget-text-editor\" data-id=\"eaadc64\" data-element_type=\"widget\" data-widget_type=\"text-editor.default\">\n\t\t\t\t<div class=\"elementor-widget-container\">\n\t\t\t\t\t\t\t<p><span style=\"font-weight: 400;\">Neue Pflegedienste m\u00fcssen, um am Markt zu bestehen, ein \u00fcberzeugendes Niveau gew\u00e4hrleisten. Diese Arbeit \u00fcbernimmt der medizinische Dienst der Krankenversicherung (MDK), der Arbeitsprozesse und -strukturen auf Qualit\u00e4tspr\u00fcfungsrichtlinien analysiert. Der MDK \u00fcberpr\u00fcft, ob die Arbeit den Vorgaben entsprechend dokumentiert \u2013 aber auch, ob alle Hygienestandards eingehalten werden. Gerade Existenzgr\u00fcnder im medizinischen Bereich m\u00fcssen sich mit den kleinsten Details besch\u00e4ftigen, um gr\u00f6\u00dfte Qualit\u00e4t zu sichern. Da der gesamte Pr\u00fcfprozess zeitlich sehr umfangreich und komplex ist, sollten Sie gen\u00fcgend Zeit einplanen.<\/span><\/p>\t\t\t\t\t\t<\/div>\n\t\t\t\t<\/div>\n\t\t\t\t\t<\/div>\n\t\t<\/div>\n\t\t\t\t\t<\/div>\n\t\t<\/section>\n\t\t\t\t<section class=\"elementor-section elementor-top-section elementor-element elementor-element-112a97a elementor-section-boxed elementor-section-height-default elementor-section-height-default\" data-id=\"112a97a\" data-element_type=\"section\">\n\t\t\t\t\t\t<div class=\"elementor-container elementor-column-gap-default\">\n\t\t\t\t\t<div class=\"elementor-column elementor-col-100 elementor-top-column elementor-element elementor-element-83fef6f\" data-id=\"83fef6f\" data-element_type=\"column\">\n\t\t\t<div class=\"elementor-widget-wrap elementor-element-populated\">\n\t\t\t\t\t\t<div class=\"elementor-element elementor-element-36b3cf4 elementor-widget elementor-widget-heading\" data-id=\"36b3cf4\" data-element_type=\"widget\" data-widget_type=\"heading.default\">\n\t\t\t\t<div class=\"elementor-widget-container\">\n\t\t\t<h2 class=\"elementor-heading-title elementor-size-default\">Meldung beim Gesundheitsamt<\/h2>\t\t<\/div>\n\t\t\t\t<\/div>\n\t\t\t\t<div class=\"elementor-element elementor-element-690de3b elementor-widget elementor-widget-text-editor\" data-id=\"690de3b\" data-element_type=\"widget\" data-widget_type=\"text-editor.default\">\n\t\t\t\t<div class=\"elementor-widget-container\">\n\t\t\t\t\t\t\t<p><span style=\"font-weight: 400;\">Im hochsensiblen Gesundheitssektor ist Sicherheit Trumpf. Ein aktuelles Gesundheitszeugnis f\u00fcr alle Mitarbeiter ist deshalb Pflicht, in einigen Bundesl\u00e4ndern m\u00fcssen Gr\u00fcnder den ambulanten Pflegedienst zudem beim Gesundheitsamt melden. Zus\u00e4tzlich ben\u00f6tigen Existenzgr\u00fcnder und ihre Mitarbeiter ein polizeiliches F\u00fchrungszeugnis. Mit dem Pflegedienst wird ein Unternehmen gegr\u00fcndet, deshalb ist eine Gewerbeanmeldung unumg\u00e4nglich. Ebenso wichtig ist die Anmeldung bei der Berufsgenossenschaft, um die Unfallversicherung abzuschlie\u00dfen.<\/span><\/p>\t\t\t\t\t\t<\/div>\n\t\t\t\t<\/div>\n\t\t\t\t\t<\/div>\n\t\t<\/div>\n\t\t\t\t\t<\/div>\n\t\t<\/section>\n\t\t\t\t<section class=\"elementor-section elementor-top-section elementor-element elementor-element-a65ed5f elementor-section-boxed elementor-section-height-default elementor-section-height-default\" data-id=\"a65ed5f\" data-element_type=\"section\">\n\t\t\t\t\t\t<div class=\"elementor-container elementor-column-gap-default\">\n\t\t\t\t\t<div class=\"elementor-column elementor-col-100 elementor-top-column elementor-element elementor-element-2c99efc\" data-id=\"2c99efc\" data-element_type=\"column\">\n\t\t\t<div class=\"elementor-widget-wrap elementor-element-populated\">\n\t\t\t\t\t\t<div class=\"elementor-element elementor-element-246bbd5 elementor-widget elementor-widget-heading\" data-id=\"246bbd5\" data-element_type=\"widget\" data-widget_type=\"heading.default\">\n\t\t\t\t<div class=\"elementor-widget-container\">\n\t\t\t<h2 class=\"elementor-heading-title elementor-size-default\">Zulassung durch Pflege- und Krankenkasse<\/h2>\t\t<\/div>\n\t\t\t\t<\/div>\n\t\t\t\t<div class=\"elementor-element elementor-element-0de0f0e elementor-widget elementor-widget-text-editor\" data-id=\"0de0f0e\" data-element_type=\"widget\" data-widget_type=\"text-editor.default\">\n\t\t\t\t<div class=\"elementor-widget-container\">\n\t\t\t\t\t\t\t<p><span style=\"font-weight: 400;\">Bevor es losgehen kann, m\u00fcssen Pflege- und Krankenkassen gr\u00fcnes Licht geben. Sie entscheiden nach \u00a7 72 des Sozialgesetzbuchs dar\u00fcber, ob die Pflegeeinrichtung eine Zulassung erh\u00e4lt. Dazu gen\u00fcgt ein formloser Antrag an die Kassen mit der Mitteilung, dass Sie Pflegeleistungen bei Pflegef\u00e4llen \u00fcbernehmen m\u00f6chten. Die Pflege- und Krankenkassen \u00fcberpr\u00fcfen im n\u00e4chsten Schritt, ob Sie alle Voraussetzungen erf\u00fcllen. Neben den oben beschriebenen pers\u00f6nlichen und fachlichen Qualifikationen spielt auch die betriebliche Organisation eine Rolle.<\/span><\/p>\t\t\t\t\t\t<\/div>\n\t\t\t\t<\/div>\n\t\t\t\t\t<\/div>\n\t\t<\/div>\n\t\t\t\t\t<\/div>\n\t\t<\/section>\n\t\t\t\t<section class=\"elementor-section elementor-top-section elementor-element elementor-element-b893e91 elementor-section-boxed elementor-section-height-default elementor-section-height-default\" data-id=\"b893e91\" data-element_type=\"section\">\n\t\t\t\t\t\t<div class=\"elementor-container elementor-column-gap-default\">\n\t\t\t\t\t<div class=\"elementor-column elementor-col-100 elementor-top-column elementor-element elementor-element-1357e74\" data-id=\"1357e74\" data-element_type=\"column\">\n\t\t\t<div class=\"elementor-widget-wrap elementor-element-populated\">\n\t\t\t\t\t\t<div class=\"elementor-element elementor-element-53a077f elementor-widget elementor-widget-heading\" data-id=\"53a077f\" data-element_type=\"widget\" data-widget_type=\"heading.default\">\n\t\t\t\t<div class=\"elementor-widget-container\">\n\t\t\t<h2 class=\"elementor-heading-title elementor-size-default\">Ausreichend Mitarbeiter<\/h2>\t\t<\/div>\n\t\t\t\t<\/div>\n\t\t\t\t<div class=\"elementor-element elementor-element-114cc2a elementor-widget elementor-widget-text-editor\" data-id=\"114cc2a\" data-element_type=\"widget\" data-widget_type=\"text-editor.default\">\n\t\t\t\t<div class=\"elementor-widget-container\">\n\t\t\t\t\t\t\t<p><span style=\"font-weight: 400;\">Um die Genehmigung zu erhalten, m\u00fcssen ausreichend Mitarbeiter besch\u00e4ftigt sein. Dadurch soll sichergestellt sein, dass die Patienten auch im Falle von Krankheit oder Urlaub versorgt werden. Die personelle Mindestbesetzung variiert von Bundesland zu Bundesland. Wer beispielsweise in Bayern einen ambulanten Pflegedienst gr\u00fcnden m\u00f6chte, muss zu Beginn zwei Vollzeitkr\u00e4fte einstellen. In Th\u00fcringen werden nur neu gegr\u00fcndete Pflegedienste zugelassen, in denen mindestens vier Mitarbeiter in Vollzeit arbeiten.<\/span><\/p>\t\t\t\t\t\t<\/div>\n\t\t\t\t<\/div>\n\t\t\t\t\t<\/div>\n\t\t<\/div>\n\t\t\t\t\t<\/div>\n\t\t<\/section>\n\t\t\t\t<section class=\"elementor-section elementor-top-section elementor-element elementor-element-54cfda2 elementor-section-boxed elementor-section-height-default elementor-section-height-default\" data-id=\"54cfda2\" data-element_type=\"section\">\n\t\t\t\t\t\t<div class=\"elementor-container elementor-column-gap-default\">\n\t\t\t\t\t<div class=\"elementor-column elementor-col-100 elementor-top-column elementor-element elementor-element-87cf2b8\" data-id=\"87cf2b8\" data-element_type=\"column\">\n\t\t\t<div class=\"elementor-widget-wrap elementor-element-populated\">\n\t\t\t\t\t\t<div class=\"elementor-element elementor-element-aaa460f elementor-widget elementor-widget-heading\" data-id=\"aaa460f\" data-element_type=\"widget\" data-widget_type=\"heading.default\">\n\t\t\t\t<div class=\"elementor-widget-container\">\n\t\t\t<h2 class=\"elementor-heading-title elementor-size-default\">Korrekte Buchf\u00fchrung <\/h2>\t\t<\/div>\n\t\t\t\t<\/div>\n\t\t\t\t<div class=\"elementor-element elementor-element-5e6402e elementor-widget elementor-widget-text-editor\" data-id=\"5e6402e\" data-element_type=\"widget\" data-widget_type=\"text-editor.default\">\n\t\t\t\t<div class=\"elementor-widget-container\">\n\t\t\t\t\t\t\t<p><span style=\"font-weight: 400;\">F\u00fcr die meisten ein unbeliebtes Thema und dennoch wesentlich f\u00fcr die erfolgreiche Lenkung einer Firma: die Buchf\u00fchrung. Im Pflegebereich z\u00e4hlt hier von Beginn an eine l\u00fcckenlose Gr\u00fcndlichkeit. Der Gesetzgeber hat viele Dokumentationspflichten f\u00fcr den Betrieb auferlegt, die einiges an Zeit kosten. Wichtigster Bestandteil: Die Buchf\u00fchrung muss nach den Bestimmungen der Pflege-Buchf\u00fchrungsverordnung erfolgen. Nur so k\u00f6nnen Einrichtungen des Pflegedienstes mit der Pflegekasse abrechnen. Eine Ausnahme gibt es: Kleine Pflegedienste mit weniger als sieben vollzeitbesch\u00e4ftigen Mitarbeitern und einem Umsatz von j\u00e4hrlich weniger als 250.000 Euro nach SGB m\u00fcssen nur eine einfache Einnahmen-\u00dcberschuss-Rechnung vorlegen.<\/span><\/p>\t\t\t\t\t\t<\/div>\n\t\t\t\t<\/div>\n\t\t\t\t\t<\/div>\n\t\t<\/div>\n\t\t\t\t\t<\/div>\n\t\t<\/section>\n\t\t\t\t<section class=\"elementor-section elementor-top-section elementor-element elementor-element-49ff277 elementor-section-boxed elementor-section-height-default elementor-section-height-default\" data-id=\"49ff277\" data-element_type=\"section\">\n\t\t\t\t\t\t<div class=\"elementor-container elementor-column-gap-default\">\n\t\t\t\t\t<div class=\"elementor-column elementor-col-100 elementor-top-column elementor-element elementor-element-3bc7ba5\" data-id=\"3bc7ba5\" data-element_type=\"column\">\n\t\t\t<div class=\"elementor-widget-wrap elementor-element-populated\">\n\t\t\t\t\t\t<div class=\"elementor-element elementor-element-42d3f46 elementor-widget elementor-widget-heading\" data-id=\"42d3f46\" data-element_type=\"widget\" data-widget_type=\"heading.default\">\n\t\t\t\t<div class=\"elementor-widget-container\">\n\t\t\t<h2 class=\"elementor-heading-title elementor-size-default\">Pflegesoftware aussuchen<\/h2>\t\t<\/div>\n\t\t\t\t<\/div>\n\t\t\t\t<div class=\"elementor-element elementor-element-37fd209 elementor-widget elementor-widget-text-editor\" data-id=\"37fd209\" data-element_type=\"widget\" data-widget_type=\"text-editor.default\">\n\t\t\t\t<div class=\"elementor-widget-container\">\n\t\t\t\t\t\t\t<p><span style=\"font-weight: 400;\">Ohne Digitalisierung l\u00e4uft heute nichts mehr. Um einen reibungslosen Ablauf zu gew\u00e4hrleisten, ben\u00f6tigt der Pflegedienst eine Software, die mit allen weiteren Schnittstellen kompatibel ist. Dazu z\u00e4hlen Abrechnung und Verwaltung, Personaleinsatzplanung, Pflegeplanung und \u2013dokumentation und mobile Datenerfassung. Nur durch eine umfassende und \u00fcbersichtliche Pflegeplanung und &#8211; dokumentation l\u00e4sst sich die Software zur Sicherung der Qualit\u00e4t Ihrer Pflegeleistungen nutzen. Doch was macht eine gute Pflegesoftware aus? Letztlich sollte sie einfach und logisch aufgebaut ist, um die Einarbeitungszeit kurzzuhalten und die Ihnen im Alltag Zeit und Arbeit spart.<\/span><\/p>\t\t\t\t\t\t<\/div>\n\t\t\t\t<\/div>\n\t\t\t\t\t<\/div>\n\t\t<\/div>\n\t\t\t\t\t<\/div>\n\t\t<\/section>\n\t\t\t\t<section class=\"elementor-section elementor-top-section elementor-element elementor-element-a9fb51b elementor-section-boxed elementor-section-height-default elementor-section-height-default\" data-id=\"a9fb51b\" data-element_type=\"section\">\n\t\t\t\t\t\t<div class=\"elementor-container elementor-column-gap-default\">\n\t\t\t\t\t<div class=\"elementor-column elementor-col-100 elementor-top-column elementor-element elementor-element-d09a7a9\" data-id=\"d09a7a9\" data-element_type=\"column\">\n\t\t\t<div class=\"elementor-widget-wrap elementor-element-populated\">\n\t\t\t\t\t\t<div class=\"elementor-element elementor-element-a0f90bb elementor-widget elementor-widget-heading\" data-id=\"a0f90bb\" data-element_type=\"widget\" data-widget_type=\"heading.default\">\n\t\t\t\t<div class=\"elementor-widget-container\">\n\t\t\t<h2 class=\"elementor-heading-title elementor-size-default\">Medifox und Co.<\/h2>\t\t<\/div>\n\t\t\t\t<\/div>\n\t\t\t\t<div class=\"elementor-element elementor-element-e3437d2 elementor-widget elementor-widget-text-editor\" data-id=\"e3437d2\" data-element_type=\"widget\" data-widget_type=\"text-editor.default\">\n\t\t\t\t<div class=\"elementor-widget-container\">\n\t\t\t\t\t\t\t<p><span style=\"font-weight: 400;\">Platzhirsch bei den Softwarel\u00f6sungen d\u00fcrfte MediFox sein. Die Software l\u00e4uft auf allen g\u00e4ngigen Ger\u00e4ten und kann auch mobil genutzt werden. Genauso wie DMRZ, die den Prozess von der Planung bis zur Dokumentation abdeckt und sich sechs Wochen lang umsonst testen l\u00e4sst. Aller guten Dinge sind drei: BoS&amp;S \u00fcbernimmt alles vom Kostenvoranschlag \u00fcber die Einsatzplanung bis zur Leistungsabrechnung.<\/span><\/p>\t\t\t\t\t\t<\/div>\n\t\t\t\t<\/div>\n\t\t\t\t\t<\/div>\n\t\t<\/div>\n\t\t\t\t\t<\/div>\n\t\t<\/section>\n\t\t\t\t<section class=\"elementor-section elementor-top-section elementor-element elementor-element-39934cf elementor-section-boxed elementor-section-height-default elementor-section-height-default\" data-id=\"39934cf\" data-element_type=\"section\">\n\t\t\t\t\t\t<div class=\"elementor-container elementor-column-gap-default\">\n\t\t\t\t\t<div class=\"elementor-column elementor-col-100 elementor-top-column elementor-element elementor-element-0e2677a\" data-id=\"0e2677a\" data-element_type=\"column\">\n\t\t\t<div class=\"elementor-widget-wrap elementor-element-populated\">\n\t\t\t\t\t\t<div class=\"elementor-element elementor-element-d7393fc elementor-widget elementor-widget-heading\" data-id=\"d7393fc\" data-element_type=\"widget\" data-widget_type=\"heading.default\">\n\t\t\t\t<div class=\"elementor-widget-container\">\n\t\t\t<h2 class=\"elementor-heading-title elementor-size-default\">Finanzierung des Pflegedienstes beachten\n<\/h2>\t\t<\/div>\n\t\t\t\t<\/div>\n\t\t\t\t<div class=\"elementor-element elementor-element-3556c3d elementor-widget elementor-widget-text-editor\" data-id=\"3556c3d\" data-element_type=\"widget\" data-widget_type=\"text-editor.default\">\n\t\t\t\t<div class=\"elementor-widget-container\">\n\t\t\t\t\t\t\t<p><span style=\"font-weight: 400;\">Wie bei den meisten gr\u00f6\u00dferen Gr\u00fcndungen sollten Selbstst\u00e4ndige \u00fcber ausreichend Startkapital verf\u00fcgen. Wer alle Zahlen und Fakten zusammentr\u00e4gt, wei\u00df, wie viel Geld er monatlich f\u00fcr das Gesch\u00e4ft ben\u00f6tigt. Dazu z\u00e4hlen die eigenen monatlichen Lebenshaltungskosten sowie alle Kosten, die der Betrieb verursachen wird. Die typischen Kosten f\u00fcr Unternehmer sind:<\/span><\/p><ul><li><span style=\"font-weight: 400;\"> Miete, Personal, Wasser und Strom<\/span><\/li><li><span style=\"font-weight: 400;\"> Kosten f\u00fcr Fahrzeuge (Leasingraten, Wartung)<\/span><\/li><li><span style=\"font-weight: 400;\"> Kosten f\u00fcr B\u00fcrobedarf wie Papier, EDV, Portokosten<\/span><\/li><li><span style=\"font-weight: 400;\"> Werbung und Marketing<\/span><\/li><li><span style=\"font-weight: 400;\"> Steuerberater<\/span><\/li><li><span style=\"font-weight: 400;\"> Ratenzahlungen f\u00fcr weitere Kredite<\/span><\/li><li><span style=\"font-weight: 400;\"> Versicherungskosten<\/span><\/li><\/ul>\t\t\t\t\t\t<\/div>\n\t\t\t\t<\/div>\n\t\t\t\t\t<\/div>\n\t\t<\/div>\n\t\t\t\t\t<\/div>\n\t\t<\/section>\n\t\t\t\t<section class=\"elementor-section elementor-top-section elementor-element elementor-element-0ab2e5d elementor-section-boxed elementor-section-height-default elementor-section-height-default\" data-id=\"0ab2e5d\" data-element_type=\"section\">\n\t\t\t\t\t\t<div class=\"elementor-container elementor-column-gap-default\">\n\t\t\t\t\t<div class=\"elementor-column elementor-col-100 elementor-top-column elementor-element elementor-element-515494d\" data-id=\"515494d\" data-element_type=\"column\">\n\t\t\t<div class=\"elementor-widget-wrap elementor-element-populated\">\n\t\t\t\t\t\t<div class=\"elementor-element elementor-element-fcd6714 elementor-widget elementor-widget-heading\" data-id=\"fcd6714\" data-element_type=\"widget\" data-widget_type=\"heading.default\">\n\t\t\t\t<div class=\"elementor-widget-container\">\n\t\t\t<h2 class=\"elementor-heading-title elementor-size-default\">F\u00f6rderungen nutzen <\/h2>\t\t<\/div>\n\t\t\t\t<\/div>\n\t\t\t\t<div class=\"elementor-element elementor-element-e2eb269 elementor-widget elementor-widget-text-editor\" data-id=\"e2eb269\" data-element_type=\"widget\" data-widget_type=\"text-editor.default\">\n\t\t\t\t<div class=\"elementor-widget-container\">\n\t\t\t\t\t\t\t<p><span style=\"font-weight: 400;\">Es gibt einige Programme, die Existenzgr\u00fcnder f\u00fcr ihr neues Gesch\u00e4ft nutzen k\u00f6nnen. So bietet der Bund und die Bundesl\u00e4nder interessante F\u00f6rderprogramme f\u00fcr Unternehmen an. Gr\u00fcnder haben die Wahl zwischen Zusch\u00fcssen, Darlehen oder auch B\u00fcrgschaften. F\u00f6rdern lassen sich alle Formen der Existenzgr\u00fcndung, aber auch die \u00dcbernahme eines Unternehmens und Erwerb einer t\u00e4tigen Beteiligung sowie Festigungsma\u00dfnahmen innerhalb von f\u00fcnf Jahren nach Aufnahme der Gesch\u00e4ftst\u00e4tigkeit. Weitere Infos dazu gibt es in unserem Special zum Thema F\u00f6rderungen.<\/span><\/p>\t\t\t\t\t\t<\/div>\n\t\t\t\t<\/div>\n\t\t\t\t<div class=\"elementor-element elementor-element-b539107 elementor-widget elementor-widget-heading\" data-id=\"b539107\" data-element_type=\"widget\" data-widget_type=\"heading.default\">\n\t\t\t\t<div class=\"elementor-widget-container\">\n\t\t\t<h2 class=\"elementor-heading-title elementor-size-default\">Weitere Artikel zur Fuhrparkverwaltung<\/h2>\t\t<\/div>\n\t\t\t\t<\/div>\n\t\t\t\t<div class=\"elementor-element elementor-element-1910dfb elementor-widget elementor-widget-global elementor-global-10923 elementor-widget-text-editor\" data-id=\"1910dfb\" data-element_type=\"widget\" data-widget_type=\"text-editor.default\">\n\t\t\t\t<div class=\"elementor-widget-container\">\n\t\t\t\t\t\t\t<ul><li><a href=\"https:\/\/vimcar.de\/boxenstopp\/blog\/e-auto-025-regelung-2024\/\"><span style=\"font-weight: 400;\">E-Auto als Firmenwagen<\/span><\/a><\/li><li><a href=\"https:\/\/vimcar.de\/boxenstopp\/blog\/dienstwagenprivileg-abschaffen-oder-behalten\/\">Dienstwagenprivileg abschaffen &#8211; Ein \u00fcberholtes Modell oder weiterhin sinnvoll?<\/a><\/li><li><a href=\"https:\/\/vimcar.de\/boxenstopp\/blog\/wann-lohnt-sich-firmenwagen\/\">Lohnt sich ein Dienstwagen?<\/a><\/li><li><a href=\"https:\/\/vimcar.de\/boxenstopp\/blog\/beliebteste-firmenwagen-2024\/\">Die 10 beliebtesten Firmenwagen 2024<\/a><\/li><li><span style=\"font-weight: 400;\"><a href=\"https:\/\/vimcar.de\/boxenstopp\/blog\/fuhrparksicherheit-steigern-durch-analysen\/\" target=\"_blank\" rel=\"noopener\">Fuhrparksicherheit\u00a0<\/a><\/span><\/li><li><a href=\"https:\/\/vimcar.de\/boxenstopp\/blog\/privatwagen-oder-firmenwagen\/\">Privatwagen oder Firmenwagen?<\/a><\/li><li><a href=\"https:\/\/vimcar.de\/boxenstopp\/blog\/10-steuertipps-fur-selbststaendige\/\">10 Steuertipps f\u00fcr Selbstst\u00e4ndige<\/a><\/li><\/ul>\t\t\t\t\t\t<\/div>\n\t\t\t\t<\/div>\n\t\t\t\t\t<\/div>\n\t\t<\/div>\n\t\t\t\t\t<\/div>\n\t\t<\/section>\n\t\t\t\t<section class=\"elementor-section elementor-top-section elementor-element elementor-element-74cd4dd elementor-section-boxed elementor-section-height-default elementor-section-height-default\" data-id=\"74cd4dd\" data-element_type=\"section\">\n\t\t\t\t\t\t<div class=\"elementor-container elementor-column-gap-default\">\n\t\t\t\t\t<div class=\"elementor-column elementor-col-100 elementor-top-column elementor-element elementor-element-577da2c\" data-id=\"577da2c\" data-element_type=\"column\">\n\t\t\t<div class=\"elementor-widget-wrap elementor-element-populated\">\n\t\t\t\t\t\t<div class=\"elementor-element elementor-element-fdbb1bb elementor-share-buttons--view-icon elementor-share-buttons--skin-minimal elementor-share-buttons--color-custom elementor-share-buttons--shape-square elementor-grid-0 elementor-widget elementor-widget-global elementor-global-10410 elementor-widget-share-buttons\" data-id=\"fdbb1bb\" data-element_type=\"widget\" data-widget_type=\"share-buttons.default\">\n\t\t\t\t<div class=\"elementor-widget-container\">\n\t\t\t\t\t<div class=\"elementor-grid\">\n\t\t\t\t\t\t\t\t<div class=\"elementor-grid-item\">\n\t\t\t\t\t\t<div\n\t\t\t\t\t\t\tclass=\"elementor-share-btn elementor-share-btn_facebook\"\n\t\t\t\t\t\t\trole=\"button\"\n\t\t\t\t\t\t\ttabindex=\"0\"\n\t\t\t\t\t\t\taria-label=\"Teilen auf facebook\"\n\t\t\t\t\t\t>\n\t\t\t\t\t\t\t\t\t\t\t\t\t\t\t<span class=\"elementor-share-btn__icon\">\n\t\t\t\t\t\t\t\t<svg class=\"e-font-icon-svg e-fab-facebook\" viewBox=\"0 0 512 512\" xmlns=\"http:\/\/www.w3.org\/2000\/svg\"><path d=\"M504 256C504 119 393 8 256 8S8 119 8 256c0 123.78 90.69 226.38 209.25 245V327.69h-63V256h63v-54.64c0-62.15 37-96.48 93.67-96.48 27.14 0 55.52 4.84 55.52 4.84v61h-31.28c-30.8 0-40.41 19.12-40.41 38.73V256h68.78l-11 71.69h-57.78V501C413.31 482.38 504 379.78 504 256z\"><\/path><\/svg>\t\t\t\t\t\t\t<\/span>\n\t\t\t\t\t\t\t\t\t\t\t\t\t\t\t\t\t\t\t\t<\/div>\n\t\t\t\t\t<\/div>\n\t\t\t\t\t\t\t\t\t<div class=\"elementor-grid-item\">\n\t\t\t\t\t\t<div\n\t\t\t\t\t\t\tclass=\"elementor-share-btn elementor-share-btn_twitter\"\n\t\t\t\t\t\t\trole=\"button\"\n\t\t\t\t\t\t\ttabindex=\"0\"\n\t\t\t\t\t\t\taria-label=\"Teilen auf twitter\"\n\t\t\t\t\t\t>\n\t\t\t\t\t\t\t\t\t\t\t\t\t\t\t<span class=\"elementor-share-btn__icon\">\n\t\t\t\t\t\t\t\t<svg class=\"e-font-icon-svg e-fab-twitter\" viewBox=\"0 0 512 512\" xmlns=\"http:\/\/www.w3.org\/2000\/svg\"><path d=\"M459.37 151.716c.325 4.548.325 9.097.325 13.645 0 138.72-105.583 298.558-298.558 298.558-59.452 0-114.68-17.219-161.137-47.106 8.447.974 16.568 1.299 25.34 1.299 49.055 0 94.213-16.568 130.274-44.832-46.132-.975-84.792-31.188-98.112-72.772 6.498.974 12.995 1.624 19.818 1.624 9.421 0 18.843-1.3 27.614-3.573-48.081-9.747-84.143-51.98-84.143-102.985v-1.299c13.969 7.797 30.214 12.67 47.431 13.319-28.264-18.843-46.781-51.005-46.781-87.391 0-19.492 5.197-37.36 14.294-52.954 51.655 63.675 129.3 105.258 216.365 109.807-1.624-7.797-2.599-15.918-2.599-24.04 0-57.828 46.782-104.934 104.934-104.934 30.213 0 57.502 12.67 76.67 33.137 23.715-4.548 46.456-13.32 66.599-25.34-7.798 24.366-24.366 44.833-46.132 57.827 21.117-2.273 41.584-8.122 60.426-16.243-14.292 20.791-32.161 39.308-52.628 54.253z\"><\/path><\/svg>\t\t\t\t\t\t\t<\/span>\n\t\t\t\t\t\t\t\t\t\t\t\t\t\t\t\t\t\t\t\t<\/div>\n\t\t\t\t\t<\/div>\n\t\t\t\t\t\t\t\t\t<div class=\"elementor-grid-item\">\n\t\t\t\t\t\t<div\n\t\t\t\t\t\t\tclass=\"elementor-share-btn elementor-share-btn_linkedin\"\n\t\t\t\t\t\t\trole=\"button\"\n\t\t\t\t\t\t\ttabindex=\"0\"\n\t\t\t\t\t\t\taria-label=\"Teilen auf linkedin\"\n\t\t\t\t\t\t>\n\t\t\t\t\t\t\t\t\t\t\t\t\t\t\t<span class=\"elementor-share-btn__icon\">\n\t\t\t\t\t\t\t\t<svg class=\"e-font-icon-svg e-fab-linkedin\" viewBox=\"0 0 448 512\" xmlns=\"http:\/\/www.w3.org\/2000\/svg\"><path d=\"M416 32H31.9C14.3 32 0 46.5 0 64.3v383.4C0 465.5 14.3 480 31.9 480H416c17.6 0 32-14.5 32-32.3V64.3c0-17.8-14.4-32.3-32-32.3zM135.4 416H69V202.2h66.5V416zm-33.2-243c-21.3 0-38.5-17.3-38.5-38.5S80.9 96 102.2 96c21.2 0 38.5 17.3 38.5 38.5 0 21.3-17.2 38.5-38.5 38.5zm282.1 243h-66.4V312c0-24.8-.5-56.7-34.5-56.7-34.6 0-39.9 27-39.9 54.9V416h-66.4V202.2h63.7v29.2h.9c8.9-16.8 30.6-34.5 62.9-34.5 67.2 0 79.7 44.3 79.7 101.9V416z\"><\/path><\/svg>\t\t\t\t\t\t\t<\/span>\n\t\t\t\t\t\t\t\t\t\t\t\t\t\t\t\t\t\t\t\t<\/div>\n\t\t\t\t\t<\/div>\n\t\t\t\t\t\t\t\t\t<div class=\"elementor-grid-item\">\n\t\t\t\t\t\t<div\n\t\t\t\t\t\t\tclass=\"elementor-share-btn elementor-share-btn_pinterest\"\n\t\t\t\t\t\t\trole=\"button\"\n\t\t\t\t\t\t\ttabindex=\"0\"\n\t\t\t\t\t\t\taria-label=\"Teilen auf pinterest\"\n\t\t\t\t\t\t>\n\t\t\t\t\t\t\t\t\t\t\t\t\t\t\t<span class=\"elementor-share-btn__icon\">\n\t\t\t\t\t\t\t\t<svg class=\"e-font-icon-svg e-fab-pinterest\" viewBox=\"0 0 496 512\" xmlns=\"http:\/\/www.w3.org\/2000\/svg\"><path d=\"M496 256c0 137-111 248-248 248-25.6 0-50.2-3.9-73.4-11.1 10.1-16.5 25.2-43.5 30.8-65 3-11.6 15.4-59 15.4-59 8.1 15.4 31.7 28.5 56.8 28.5 74.8 0 128.7-68.8 128.7-154.3 0-81.9-66.9-143.2-152.9-143.2-107 0-163.9 71.8-163.9 150.1 0 36.4 19.4 81.7 50.3 96.1 4.7 2.2 7.2 1.2 8.3-3.3.8-3.4 5-20.3 6.9-28.1.6-2.5.3-4.7-1.7-7.1-10.1-12.5-18.3-35.3-18.3-56.6 0-54.7 41.4-107.6 112-107.6 60.9 0 103.6 41.5 103.6 100.9 0 67.1-33.9 113.6-78 113.6-24.3 0-42.6-20.1-36.7-44.8 7-29.5 20.5-61.3 20.5-82.6 0-19-10.2-34.9-31.4-34.9-24.9 0-44.9 25.7-44.9 60.2 0 22 7.4 36.8 7.4 36.8s-24.5 103.8-29 123.2c-5 21.4-3 51.6-.9 71.2C65.4 450.9 0 361.1 0 256 0 119 111 8 248 8s248 111 248 248z\"><\/path><\/svg>\t\t\t\t\t\t\t<\/span>\n\t\t\t\t\t\t\t\t\t\t\t\t\t\t\t\t\t\t\t\t<\/div>\n\t\t\t\t\t<\/div>\n\t\t\t\t\t\t<\/div>\n\t\t\t\t<\/div>\n\t\t\t\t<\/div>\n\t\t\t\t<div class=\"elementor-element elementor-element-57a213f elementor-author-box--avatar-yes elementor-author-box--name-yes elementor-author-box--biography-yes elementor-author-box--link-no elementor-widget elementor-widget-author-box\" data-id=\"57a213f\" data-element_type=\"widget\" data-widget_type=\"author-box.default\">\n\t\t\t\t<div class=\"elementor-widget-container\">\n\t\t\t\t\t<div class=\"elementor-author-box\">\n\t\t\t\t\t\t\t<div  class=\"elementor-author-box__avatar\">\n\t\t\t\t\t<img decoding=\"async\" src=\"https:\/\/secure.gravatar.com\/avatar\/952860854fcbe6074255f751b460c68d?s=300&#038;d=mm&#038;r=g\" alt=\"Bild von Hoang Tam Pham\" loading=\"lazy\">\n\t\t\t\t<\/div>\n\t\t\t\n\t\t\t<div class=\"elementor-author-box__text\">\n\t\t\t\t\t\t\t\t\t<div >\n\t\t\t\t\t\t<h4 class=\"elementor-author-box__name\">\n\t\t\t\t\t\t\tHoang Tam Pham\t\t\t\t\t\t<\/h4>\n\t\t\t\t\t<\/div>\n\t\t\t\t\n\t\t\t\t\t\t\t\t\t<div class=\"elementor-author-box__bio\">\n\t\t\t\t\t\t\t\t\t\t\t<\/div>\n\t\t\t\t\n\t\t\t\t\t\t\t<\/div>\n\t\t<\/div>\n\t\t\t\t<\/div>\n\t\t\t\t<\/div>\n\t\t\t\t\t<\/div>\n\t\t<\/div>\n\t\t\t\t\t<\/div>\n\t\t<\/section>\n\t\t\t\t<\/div>\n\t\t","protected":false},"excerpt":{"rendered":"<p>Sie m\u00f6gen Kunden, die Sie mit einem Lachen empfangen? Und zudem wollten Sie schon immer etwas Soziales im Job machen? Dann d\u00fcrfte die Gr\u00fcndung eines Pflegedienstes die richtige Idee sein. Denn jeder wei\u00df vom Pflegenotstand in den letzten Jahren, der sich aufgrund des Fachkr\u00e4ftemangels langfristig wohl noch verschlimmern d\u00fcrfte. Schon 2030 soll es \u00fcber zwei [&hellip;]<\/p>\n","protected":false},"author":74,"featured_media":0,"parent":9681,"menu_order":0,"comment_status":"closed","ping_status":"closed","template":"","meta":{"footnotes":"","_wp_rev_ctl_limit":""},"yoast_head":"<!-- This site is optimized with the Yoast SEO Premium plugin v21.5 (Yoast SEO v21.5) - https:\/\/yoast.com\/wordpress\/plugins\/seo\/ -->\n<title>Die Gru\u0308ndung eines Pflegedienstes<\/title>\n<meta name=\"description\" content=\"Sie suchen f\u00fcr die Gr\u00fcndung eines Pflegedienstes noch Informationen und Hilfestellungen zum Ablauf? Hier finden Sie alle relevanten Informationen.\" \/>\n<meta name=\"robots\" content=\"index, follow, max-snippet:-1, max-image-preview:large, max-video-preview:-1\" \/>\n<link rel=\"canonical\" href=\"https:\/\/vimcar.de\/boxenstopp\/gruender\/gruendung-pflegedienst\/\" \/>\n<meta property=\"og:locale\" content=\"de_DE\" \/>\n<meta property=\"og:type\" content=\"article\" \/>\n<meta property=\"og:title\" content=\"Die Gru\u0308ndung eines Pflegedienstes\" \/>\n<meta property=\"og:description\" content=\"Sie suchen f\u00fcr die Gr\u00fcndung eines Pflegedienstes noch Informationen und Hilfestellungen zum Ablauf? Hier finden Sie alle relevanten Informationen.\" \/>\n<meta property=\"og:url\" content=\"https:\/\/vimcar.de\/boxenstopp\/gruender\/gruendung-pflegedienst\/\" \/>\n<meta property=\"og:site_name\" content=\"Vimcar Boxenstopp\" \/>\n<meta property=\"article:publisher\" content=\"https:\/\/www.facebook.com\/vimcar\" \/>\n<meta property=\"article:modified_time\" content=\"2021-05-12T13:41:15+00:00\" \/>\n<meta name=\"twitter:card\" content=\"summary_large_image\" \/>\n<meta name=\"twitter:site\" content=\"@goVimcar\" \/>\n<meta name=\"twitter:label1\" content=\"Gesch\u00e4tzte Lesezeit\" \/>\n\t<meta name=\"twitter:data1\" content=\"5\u00a0Minuten\" \/>\n<!-- \/ Yoast SEO Premium plugin. -->","yoast_head_json":{"title":"Die Gru\u0308ndung eines Pflegedienstes","description":"Sie suchen f\u00fcr die Gr\u00fcndung eines Pflegedienstes noch Informationen und Hilfestellungen zum Ablauf? Hier finden Sie alle relevanten Informationen.","robots":{"index":"index","follow":"follow","max-snippet":"max-snippet:-1","max-image-preview":"max-image-preview:large","max-video-preview":"max-video-preview:-1"},"canonical":"https:\/\/vimcar.de\/boxenstopp\/gruender\/gruendung-pflegedienst\/","og_locale":"de_DE","og_type":"article","og_title":"Die Gru\u0308ndung eines Pflegedienstes","og_description":"Sie suchen f\u00fcr die Gr\u00fcndung eines Pflegedienstes noch Informationen und Hilfestellungen zum Ablauf? Hier finden Sie alle relevanten Informationen.","og_url":"https:\/\/vimcar.de\/boxenstopp\/gruender\/gruendung-pflegedienst\/","og_site_name":"Vimcar Boxenstopp","article_publisher":"https:\/\/www.facebook.com\/vimcar","article_modified_time":"2021-05-12T13:41:15+00:00","twitter_card":"summary_large_image","twitter_site":"@goVimcar","twitter_misc":{"Gesch\u00e4tzte Lesezeit":"5\u00a0Minuten"},"schema":{"@context":"https:\/\/schema.org","@graph":[{"@type":"WebPage","@id":"https:\/\/vimcar.de\/boxenstopp\/gruender\/gruendung-pflegedienst\/","url":"https:\/\/vimcar.de\/boxenstopp\/gruender\/gruendung-pflegedienst\/","name":"Die Gru\u0308ndung eines Pflegedienstes","isPartOf":{"@id":"https:\/\/vimcar.de\/boxenstopp\/#website"},"datePublished":"2020-02-28T08:50:32+00:00","dateModified":"2021-05-12T13:41:15+00:00","description":"Sie suchen f\u00fcr die Gr\u00fcndung eines Pflegedienstes noch Informationen und Hilfestellungen zum Ablauf? Hier finden Sie alle relevanten Informationen.","breadcrumb":{"@id":"https:\/\/vimcar.de\/boxenstopp\/gruender\/gruendung-pflegedienst\/#breadcrumb"},"inLanguage":"de","potentialAction":[{"@type":"ReadAction","target":["https:\/\/vimcar.de\/boxenstopp\/gruender\/gruendung-pflegedienst\/"]}]},{"@type":"BreadcrumbList","@id":"https:\/\/vimcar.de\/boxenstopp\/gruender\/gruendung-pflegedienst\/#breadcrumb","itemListElement":[{"@type":"ListItem","position":1,"name":"Startseite","item":"https:\/\/vimcar.de\/boxenstopp\/"},{"@type":"ListItem","position":2,"name":"Richtig Gr\u00fcnden: Das 1&#215;1 der Unternehmensgr\u00fcndung","item":"https:\/\/vimcar.de\/boxenstopp\/gruender\/"},{"@type":"ListItem","position":3,"name":"Die Gru\u0308ndung eines Pflegedienstes"}]},{"@type":"WebSite","@id":"https:\/\/vimcar.de\/boxenstopp\/#website","url":"https:\/\/vimcar.de\/boxenstopp\/","name":"Vimcar Boxenstopp","description":"- Die Lernplattform f\u00fcr Fuhrparkleiter","publisher":{"@id":"https:\/\/vimcar.de\/boxenstopp\/#organization"},"potentialAction":[{"@type":"SearchAction","target":{"@type":"EntryPoint","urlTemplate":"https:\/\/vimcar.de\/boxenstopp\/?s={search_term_string}"},"query-input":"required name=search_term_string"}],"inLanguage":"de"},{"@type":"Organization","@id":"https:\/\/vimcar.de\/boxenstopp\/#organization","name":"Vimcar Boxenstopp - Fuhrparkwissen","url":"https:\/\/vimcar.de\/boxenstopp\/","logo":{"@type":"ImageObject","inLanguage":"de","@id":"https:\/\/vimcar.de\/boxenstopp\/#\/schema\/logo\/image\/","url":"https:\/\/vimcar.de\/boxenstopp\/wp-content\/uploads\/2020\/10\/logo-vimcar-boxenstopp.png","contentUrl":"https:\/\/vimcar.de\/boxenstopp\/wp-content\/uploads\/2020\/10\/logo-vimcar-boxenstopp.png","width":250,"height":50,"caption":"Vimcar Boxenstopp - Fuhrparkwissen"},"image":{"@id":"https:\/\/vimcar.de\/boxenstopp\/#\/schema\/logo\/image\/"},"sameAs":["https:\/\/www.facebook.com\/vimcar","https:\/\/twitter.com\/goVimcar","https:\/\/www.instagram.com\/vimcar_official\/","https:\/\/de.linkedin.com\/company\/vimcar","https:\/\/www.pinterest.de\/vimcar\/","https:\/\/www.youtube.com\/channel\/UCWRajoA7OnWsAw-ezAahZPg"]}]}},"_links":{"self":[{"href":"https:\/\/vimcar.de\/boxenstopp\/wp-json\/wp\/v2\/pages\/9707"}],"collection":[{"href":"https:\/\/vimcar.de\/boxenstopp\/wp-json\/wp\/v2\/pages"}],"about":[{"href":"https:\/\/vimcar.de\/boxenstopp\/wp-json\/wp\/v2\/types\/page"}],"author":[{"embeddable":true,"href":"https:\/\/vimcar.de\/boxenstopp\/wp-json\/wp\/v2\/users\/74"}],"replies":[{"embeddable":true,"href":"https:\/\/vimcar.de\/boxenstopp\/wp-json\/wp\/v2\/comments?post=9707"}],"version-history":[{"count":0,"href":"https:\/\/vimcar.de\/boxenstopp\/wp-json\/wp\/v2\/pages\/9707\/revisions"}],"up":[{"embeddable":true,"href":"https:\/\/vimcar.de\/boxenstopp\/wp-json\/wp\/v2\/pages\/9681"}],"wp:attachment":[{"href":"https:\/\/vimcar.de\/boxenstopp\/wp-json\/wp\/v2\/media?parent=9707"}],"curies":[{"name":"wp","href":"https:\/\/api.w.org\/{rel}","templated":true}]}}