{"id":9821,"date":"2020-03-24T10:54:16","date_gmt":"2020-03-24T09:54:16","guid":{"rendered":"https:\/\/vimcar.de\/boxenstopp\/?page_id=9821"},"modified":"2023-08-25T14:36:11","modified_gmt":"2023-08-25T12:36:11","slug":"fahrtenbuchschreiber","status":"publish","type":"page","link":"https:\/\/vimcar.de\/boxenstopp\/lexikon\/fahrtenbuchschreiber\/","title":{"rendered":"Fahrtenschreiber"},"content":{"rendered":"\t\t<div data-elementor-type=\"wp-page\" data-elementor-id=\"9821\" class=\"elementor elementor-9821\" data-elementor-post-type=\"page\">\n\t\t\t\t\t\t<section class=\"elementor-section elementor-top-section elementor-element elementor-element-dafc8e1 elementor-section-boxed elementor-section-height-default elementor-section-height-default\" data-id=\"dafc8e1\" data-element_type=\"section\">\n\t\t\t\t\t\t<div class=\"elementor-container elementor-column-gap-default\">\n\t\t\t\t\t<div class=\"elementor-column elementor-col-100 elementor-top-column elementor-element elementor-element-9d0beb4\" data-id=\"9d0beb4\" data-element_type=\"column\">\n\t\t\t<div class=\"elementor-widget-wrap elementor-element-populated\">\n\t\t\t\t\t\t<div class=\"elementor-element elementor-element-3263e5b elementor-widget elementor-widget-heading\" data-id=\"3263e5b\" data-element_type=\"widget\" data-widget_type=\"heading.default\">\n\t\t\t\t<div class=\"elementor-widget-container\">\n\t\t\t<h2 class=\"elementor-heading-title elementor-size-default\">Was ist ein Fahrtenschreiber?<\/h2>\t\t<\/div>\n\t\t\t\t<\/div>\n\t\t\t\t<div class=\"elementor-element elementor-element-9ac2099 elementor-widget elementor-widget-text-editor\" data-id=\"9ac2099\" data-element_type=\"widget\" data-widget_type=\"text-editor.default\">\n\t\t\t\t<div class=\"elementor-widget-container\">\n\t\t\t\t\t\t\t<p><a href=\"https:\/\/vimcar.de\/boxenstopp\/wp-content\/uploads\/2020\/03\/lkw-cockpit.jpg\"><img fetchpriority=\"high\" decoding=\"async\" class=\" wp-image-9890 alignright\" src=\"https:\/\/vimcar.de\/boxenstopp\/wp-content\/uploads\/2020\/03\/lkw-cockpit-300x200.jpg\" alt=\"LKW-Fahrerkabine\" width=\"285\" height=\"190\" srcset=\"https:\/\/vimcar.de\/boxenstopp\/wp-content\/uploads\/2020\/03\/lkw-cockpit-300x200.jpg 300w, https:\/\/vimcar.de\/boxenstopp\/wp-content\/uploads\/2020\/03\/lkw-cockpit-1024x681.jpg 1024w, https:\/\/vimcar.de\/boxenstopp\/wp-content\/uploads\/2020\/03\/lkw-cockpit-768x511.jpg 768w, https:\/\/vimcar.de\/boxenstopp\/wp-content\/uploads\/2020\/03\/lkw-cockpit-1536x1022.jpg 1536w, https:\/\/vimcar.de\/boxenstopp\/wp-content\/uploads\/2020\/03\/lkw-cockpit-24x16.jpg 24w, https:\/\/vimcar.de\/boxenstopp\/wp-content\/uploads\/2020\/03\/lkw-cockpit-36x24.jpg 36w, https:\/\/vimcar.de\/boxenstopp\/wp-content\/uploads\/2020\/03\/lkw-cockpit-48x32.jpg 48w, https:\/\/vimcar.de\/boxenstopp\/wp-content\/uploads\/2020\/03\/lkw-cockpit.jpg 1000w\" sizes=\"(max-width: 285px) 100vw, 285px\" \/><\/a>Der Fahrtenschreiber wird auch als Tachograph bzw. EG-Kontrollger\u00e4t bezeichnet. Dabei handelt es sich um einen Tachometer mit angeschlossenem Messschreiber. An erster Stelle wird ein Fahrtenschreiber dazu verwendet die <a href=\"https:\/\/vimcar.de\/boxenstopp\/lexikon\/lenk-und-ruhezeiten\/?utm_source=google&amp;utm_medium=sea&amp;utm_campaign=de_sea_google_8_lf_dsa_flotte_boxenstopp&amp;gclid=CjwKCAjw3-bzBRBhEiwAgnnLCiXBWJWZsx3OjPSf1yLi6ujwviYWc52DZ4fA70OxYFSFZCPdl5UWCBoCGxwQAvD_BwE\">Lenk- und Ruhezeiten<\/a> sowie die Lenkzeitunterbrechungen bei Berufskraftfahrten aufzuzeichnen. Zus\u00e4tzlich werden die zur\u00fcckgelegten Kilometer sowie die gefahrene Geschwindigkeit erfasst. Bei der Erfassung der Daten muss zwischen einem analogen und digitalen Fahrtenschreiber unterschieden werden.<\/p>\t\t\t\t\t\t<\/div>\n\t\t\t\t<\/div>\n\t\t\t\t<div class=\"elementor-element elementor-element-4db495c elementor-toc--minimized-on-tablet elementor-widget elementor-widget-table-of-contents\" data-id=\"4db495c\" data-element_type=\"widget\" data-settings=\"{&quot;headings_by_tags&quot;:[&quot;h2&quot;],&quot;exclude_headings_by_selector&quot;:[],&quot;marker_view&quot;:&quot;numbers&quot;,&quot;minimize_box&quot;:&quot;yes&quot;,&quot;minimized_on&quot;:&quot;tablet&quot;,&quot;hierarchical_view&quot;:&quot;yes&quot;,&quot;min_height&quot;:{&quot;unit&quot;:&quot;px&quot;,&quot;size&quot;:&quot;&quot;,&quot;sizes&quot;:[]},&quot;min_height_tablet&quot;:{&quot;unit&quot;:&quot;px&quot;,&quot;size&quot;:&quot;&quot;,&quot;sizes&quot;:[]},&quot;min_height_mobile&quot;:{&quot;unit&quot;:&quot;px&quot;,&quot;size&quot;:&quot;&quot;,&quot;sizes&quot;:[]}}\" data-widget_type=\"table-of-contents.default\">\n\t\t\t\t<div class=\"elementor-widget-container\">\n\t\t\t\t\t<div class=\"elementor-toc__header\">\n\t\t\t<h4 class=\"elementor-toc__header-title\">\n\t\t\t\tInhaltsverzeichnis\t\t\t<\/h4>\n\t\t\t\t\t\t\t<div class=\"elementor-toc__toggle-button elementor-toc__toggle-button--expand\" role=\"button\" tabindex=\"0\" aria-controls=\"elementor-toc__4db495c\" aria-expanded=\"true\" aria-label=\"Inhaltsverzeichnis \u00f6ffnen\"><svg aria-hidden=\"true\" class=\"e-font-icon-svg e-fas-chevron-down\" viewBox=\"0 0 448 512\" xmlns=\"http:\/\/www.w3.org\/2000\/svg\"><path d=\"M207.029 381.476L12.686 187.132c-9.373-9.373-9.373-24.569 0-33.941l22.667-22.667c9.357-9.357 24.522-9.375 33.901-.04L224 284.505l154.745-154.021c9.379-9.335 24.544-9.317 33.901.04l22.667 22.667c9.373 9.373 9.373 24.569 0 33.941L240.971 381.476c-9.373 9.372-24.569 9.372-33.942 0z\"><\/path><\/svg><\/div>\n\t\t\t\t<div class=\"elementor-toc__toggle-button elementor-toc__toggle-button--collapse\" role=\"button\" tabindex=\"0\" aria-controls=\"elementor-toc__4db495c\" aria-expanded=\"true\" aria-label=\"Inhaltsverzeichnis schlie\u00dfen\"><svg aria-hidden=\"true\" class=\"e-font-icon-svg e-fas-chevron-up\" viewBox=\"0 0 448 512\" xmlns=\"http:\/\/www.w3.org\/2000\/svg\"><path d=\"M240.971 130.524l194.343 194.343c9.373 9.373 9.373 24.569 0 33.941l-22.667 22.667c-9.357 9.357-24.522 9.375-33.901.04L224 227.495 69.255 381.516c-9.379 9.335-24.544 9.317-33.901-.04l-22.667-22.667c-9.373-9.373-9.373-24.569 0-33.941L207.03 130.525c9.372-9.373 24.568-9.373 33.941-.001z\"><\/path><\/svg><\/div>\n\t\t\t\t\t<\/div>\n\t\t<div id=\"elementor-toc__4db495c\" class=\"elementor-toc__body\">\n\t\t\t<div class=\"elementor-toc__spinner-container\">\n\t\t\t\t<svg class=\"elementor-toc__spinner eicon-animation-spin e-font-icon-svg e-eicon-loading\" aria-hidden=\"true\" viewBox=\"0 0 1000 1000\" xmlns=\"http:\/\/www.w3.org\/2000\/svg\"><path d=\"M500 975V858C696 858 858 696 858 500S696 142 500 142 142 304 142 500H25C25 237 238 25 500 25S975 237 975 500 763 975 500 975Z\"><\/path><\/svg>\t\t\t<\/div>\n\t\t<\/div>\n\t\t\t\t<\/div>\n\t\t\t\t<\/div>\n\t\t\t\t<div class=\"elementor-element elementor-element-ac1d780 elementor-widget elementor-widget-heading\" data-id=\"ac1d780\" data-element_type=\"widget\" data-widget_type=\"heading.default\">\n\t\t\t\t<div class=\"elementor-widget-container\">\n\t\t\t<h2 class=\"elementor-heading-title elementor-size-default\">Digitaler Fahrtenschreiber<\/h2>\t\t<\/div>\n\t\t\t\t<\/div>\n\t\t\t\t<section class=\"elementor-section elementor-inner-section elementor-element elementor-element-2deb179 elementor-section-boxed elementor-section-height-default elementor-section-height-default\" data-id=\"2deb179\" data-element_type=\"section\">\n\t\t\t\t\t\t<div class=\"elementor-container elementor-column-gap-default\">\n\t\t\t\t\t<div class=\"elementor-column elementor-col-50 elementor-inner-column elementor-element elementor-element-31d566e\" data-id=\"31d566e\" data-element_type=\"column\">\n\t\t\t<div class=\"elementor-widget-wrap elementor-element-populated\">\n\t\t\t\t\t\t<div class=\"elementor-element elementor-element-28fa2c8 elementor-widget elementor-widget-text-editor\" data-id=\"28fa2c8\" data-element_type=\"widget\" data-widget_type=\"text-editor.default\">\n\t\t\t\t<div class=\"elementor-widget-container\">\n\t\t\t\t\t\t\t<p>Seit dem 1. Mai 2006 ist ist ein digitaler Fahrtenschreiber in allen Fahrzeugen gesetzlich vorgeschrieben, welche ein zul\u00e4ssiges Gesamtgewicht von 3,5 Tonnen \u00fcberschreiten und gleichzeitig f\u00fcr die gewerbliche Bef\u00f6rderung von Personen oder G\u00fctern eingesetzt werden. Nicht nur LKWs m\u00fcssen mit einem Fahrtenschreiber ausgestattet werden. Die gesetzliche Vorgabe gilt auch bei PKWs mit Anh\u00e4ngern, bei denen die Kombination aus Fahrzeug und Anh\u00e4nger die zul\u00e4ssige H\u00f6chstmasse \u00fcberschreitet. Dabei werden die Gewichtsangaben aus den Fahrzeugpapieren entnommen und aufaddiert. F\u00fcr alle Fahrzeuge oder Fahrzeugkombinationen, die die zul\u00e4ssige H\u00f6chstmasse \u00fcberschreiten, gilt zudem auch eine Nachr\u00fcstpflicht. Vor allem bei PKWs ist eine station\u00e4re Installation des Kontrollger\u00e4ts aus technischen Gr\u00fcnden oft nicht m\u00f6glich. In diesem Fall ist die Nachr\u00fcstung des Fahrtenschreibers durch eine Adapterl\u00f6sung vorgeschrieben.<\/p>\t\t\t\t\t\t<\/div>\n\t\t\t\t<\/div>\n\t\t\t\t\t<\/div>\n\t\t<\/div>\n\t\t\t\t<div class=\"elementor-column elementor-col-50 elementor-inner-column elementor-element elementor-element-aa92936\" data-id=\"aa92936\" data-element_type=\"column\">\n\t\t\t<div class=\"elementor-widget-wrap elementor-element-populated\">\n\t\t\t\t\t\t<div class=\"elementor-element elementor-element-5a1bad7 elementor-widget elementor-widget-image\" data-id=\"5a1bad7\" data-element_type=\"widget\" data-widget_type=\"image.default\">\n\t\t\t\t<div class=\"elementor-widget-container\">\n\t\t\t\t\t\t\t\t\t\t\t\t\t<img decoding=\"async\" width=\"800\" height=\"530\" src=\"https:\/\/vimcar.de\/boxenstopp\/wp-content\/uploads\/2020\/03\/digitaler-Fahrtenbuchschreiber-1024x678.jpg\" class=\"attachment-large size-large wp-image-9893\" alt=\"Ein digitalter Fahrtenbuchschreiber im LKW\" srcset=\"https:\/\/vimcar.de\/boxenstopp\/wp-content\/uploads\/2020\/03\/digitaler-Fahrtenbuchschreiber-1024x678.jpg 1024w, https:\/\/vimcar.de\/boxenstopp\/wp-content\/uploads\/2020\/03\/digitaler-Fahrtenbuchschreiber-300x199.jpg 300w, https:\/\/vimcar.de\/boxenstopp\/wp-content\/uploads\/2020\/03\/digitaler-Fahrtenbuchschreiber-768x508.jpg 768w, https:\/\/vimcar.de\/boxenstopp\/wp-content\/uploads\/2020\/03\/digitaler-Fahrtenbuchschreiber-1536x1017.jpg 1536w, https:\/\/vimcar.de\/boxenstopp\/wp-content\/uploads\/2020\/03\/digitaler-Fahrtenbuchschreiber-24x16.jpg 24w, https:\/\/vimcar.de\/boxenstopp\/wp-content\/uploads\/2020\/03\/digitaler-Fahrtenbuchschreiber-36x24.jpg 36w, https:\/\/vimcar.de\/boxenstopp\/wp-content\/uploads\/2020\/03\/digitaler-Fahrtenbuchschreiber-48x32.jpg 48w, https:\/\/vimcar.de\/boxenstopp\/wp-content\/uploads\/2020\/03\/digitaler-Fahrtenbuchschreiber.jpg 1000w\" sizes=\"(max-width: 800px) 100vw, 800px\" \/>\t\t\t\t\t\t\t\t\t\t\t\t\t<\/div>\n\t\t\t\t<\/div>\n\t\t\t\t\t<\/div>\n\t\t<\/div>\n\t\t\t\t\t<\/div>\n\t\t<\/section>\n\t\t\t\t<div class=\"elementor-element elementor-element-6b375f0 elementor-widget elementor-widget-text-editor\" data-id=\"6b375f0\" data-element_type=\"widget\" data-widget_type=\"text-editor.default\">\n\t\t\t\t<div class=\"elementor-widget-container\">\n\t\t\t\t\t\t\t<p>Werden mittels digitalen Fahrtenschreiber die Lenk- und Ruhezeiten erfasst, ist daf\u00fcr ein versiegeltes Speichermodul sowie eine digitale Fahrerkarte notwendig. F\u00fcr 365 Tage im Jahr k\u00f6nnen auf dem Speichermodul die einzelnen Daten der Fahrten festgehalten werden. Die Fahrerkarte hingegen verf\u00fcgt lediglich \u00fcber eine Kapazit\u00e4t von 28 Tagen. Die EU-Kommission m\u00f6chte durch diese Ma\u00dfnahme Manipulationen bei der Angabe von Lenk- und Ruhezeiten sowie bei der Aufzeichnung von Geschwindigkeiten verhindern. Die Fahrerkarte ist personenbezogen und dient Beamten bei einer Verkehrskontrolle dazu, die gefahrenen Strecken und die damit verbundenen Daten des entsprechenden Fahrers auslesen und \u00fcberpr\u00fcfen zu k\u00f6nnen. Die personalisierte Chipkarte muss der Fahrer daher vor jeder Fahrt in den digitalen Fahrtenschreiber einschieben.<\/p>\t\t\t\t\t\t<\/div>\n\t\t\t\t<\/div>\n\t\t\t\t<div class=\"elementor-element elementor-element-d598636 elementor-widget elementor-widget-heading\" data-id=\"d598636\" data-element_type=\"widget\" data-widget_type=\"heading.default\">\n\t\t\t\t<div class=\"elementor-widget-container\">\n\t\t\t<h2 class=\"elementor-heading-title elementor-size-default\">Neuregelung ab 2019<\/h2>\t\t<\/div>\n\t\t\t\t<\/div>\n\t\t\t\t<div class=\"elementor-element elementor-element-3d5b92d elementor-widget elementor-widget-text-editor\" data-id=\"3d5b92d\" data-element_type=\"widget\" data-widget_type=\"text-editor.default\">\n\t\t\t\t<div class=\"elementor-widget-container\">\n\t\t\t\t\t\t\t<p><span style=\"font-weight: 400;\">Im Juni 2019 wurden die Vorschriften gesetzlich ausgeweitet: Lastkraftwagen, die ab diesem Datum zugelassen wurden, m\u00fcssen mit einer neuen Generation <\/span><span style=\"font-weight: 400;\">digitaler Fahrtenschreiber<\/span><span style=\"font-weight: 400;\"> ausger\u00fcstet werden. Diese GPS Fahrtenschreiber sind unter anderem mit GPS-Positionsbestimmung und weitere Telematik-Dienste ausger\u00fcstet. Daraus ergeben sich zahlreiche neue Anwendungsgebiete und Optimierungspotenziale f\u00fcr den Fuhrpark. So l\u00e4sst sich dank GPS in Echtzeit erkennen, wo das Fahrzeug sich gerade befindet.<\/span><\/p>\t\t\t\t\t\t<\/div>\n\t\t\t\t<\/div>\n\t\t\t\t<div class=\"elementor-element elementor-element-06e3023 elementor-widget elementor-widget-text-editor\" data-id=\"06e3023\" data-element_type=\"widget\" data-widget_type=\"text-editor.default\">\n\t\t\t\t<div class=\"elementor-widget-container\">\n\t\t\t\t\t\t\t<p>Hinweis:\u00a0Ab Sommer 2023 wird die aktuelle Version des digitalen Fahrtenschreibers, die seit Juni 2019 in Neufahrzeuge eingebaut wird, durch eine Nachfolgeversion ersetzt.\u00a0Hierbei handelt es sich um Version 2 der 2. Generation digitaler Tachos. Sie m\u00fcssen u.a. zus\u00e4tzliche Ortspunkte bei jeder Grenz\u00fcberfahrt und bei jeder Be- oder Entladung speichern k\u00f6nnen.\u00a0<\/p><p>Auch die Nachr\u00fcstpflichten wurden verk\u00fcrzt: Bis Januar 2025 m\u00fcssen alle grenz\u00fcberschreitend eingesetzten Fahrzeuge, die mit einem alten Fahrtenschreiber der 1. Generation ausgestattet sind, auf den neuen digitalen Fahrtenschreiber\u00a0umger\u00fcstet worden sein.<\/p>\t\t\t\t\t\t<\/div>\n\t\t\t\t<\/div>\n\t\t\t\t<div class=\"elementor-element elementor-element-2da5fb6 elementor-widget elementor-widget-heading\" data-id=\"2da5fb6\" data-element_type=\"widget\" data-widget_type=\"heading.default\">\n\t\t\t\t<div class=\"elementor-widget-container\">\n\t\t\t<h2 class=\"elementor-heading-title elementor-size-default\">Wozu dient ein digitaler Fahrtenschreiber?<\/h2>\t\t<\/div>\n\t\t\t\t<\/div>\n\t\t\t\t<div class=\"elementor-element elementor-element-b9b9d56 elementor-widget elementor-widget-text-editor\" data-id=\"b9b9d56\" data-element_type=\"widget\" data-widget_type=\"text-editor.default\">\n\t\t\t\t<div class=\"elementor-widget-container\">\n\t\t\t\t\t\t\t<p><span style=\"font-weight: 400;\">Ein Fahrtenschreiber war urspr\u00fcnglich vor allem f\u00fcr die Kontrolle der Lenk- und Ruhezeiten vorgesehen. Mit der neuen Ger\u00e4tegeneration hat sich das ge\u00e4ndert. Das Fahrzeug l\u00e4sst sich \u00fcber ein entsprechendes <\/span><span style=\"font-weight: 400;\">digitales Kontrollger\u00e4t<\/span><span style=\"font-weight: 400;\"> aus der Ferne \u00fcberpr\u00fcfen, zum Beispiel f\u00fcr Verkehrskontrollen. \u00dcber Funk werden bestimmte Daten an Kontrollbeamte oder Infrastruktur\u00fcberwachungssysteme wie Schilderbr\u00fccken \u00fcbermittelt. Nur bei Auff\u00e4lligkeiten erfolgt eine tats\u00e4chliche Kontrolle. Das spart Zeit \u2013 den Beh\u00f6rden ebenso wie dem Fahrer und somit dem Fuhrparkunternehmen. Fehlverhalten kann einfacher geahndet werden, Fahrer, die sich nichts zuschulden kommen lassen, werden erst gar nicht kontrolliert.<\/span><\/p><p><span style=\"font-weight: 400;\">Dar\u00fcber hinaus lassen sich die aufgezeichneten Daten f\u00fcr die Analyse und Optimierung der Einsatzplanung verwenden. Fuhrparkleiter sehen in einem angeschlossenen System auf einen Blick, wo sich das Fahrzeug gerade befindet und k\u00f6nnen Kunden oder Partner \u00fcber die voraussichtliche Ankunftszeit sehr exakt informieren. Diese sind somit in der Lage, etwa die eigene Personalplanung effektiv darauf abzustimmen.<\/span><\/p>\t\t\t\t\t\t<\/div>\n\t\t\t\t<\/div>\n\t\t\t\t<div class=\"elementor-element elementor-element-1866e68 elementor-widget elementor-widget-heading\" data-id=\"1866e68\" data-element_type=\"widget\" data-widget_type=\"heading.default\">\n\t\t\t\t<div class=\"elementor-widget-container\">\n\t\t\t<h2 class=\"elementor-heading-title elementor-size-default\">Digitaler Fahrtenschreiber \u2013 Vorschriften<\/h2>\t\t<\/div>\n\t\t\t\t<\/div>\n\t\t\t\t<div class=\"elementor-element elementor-element-07ed332 elementor-widget elementor-widget-text-editor\" data-id=\"07ed332\" data-element_type=\"widget\" data-widget_type=\"text-editor.default\">\n\t\t\t\t<div class=\"elementor-widget-container\">\n\t\t\t\t\t\t\t<p><span style=\"font-weight: 400;\">Mit der Einf\u00fchrung digitaler Tachografen wurde eine Reihe von Vorschriften erlassen, die den Gebrauch und die Datenspeicherung regeln. Die entsprechenden Verordnungen finden sich detailliert im Bundesgesetzblatt 2005, Teil I Nr.40. Sie betreffen unter anderem die Art der aufgezeichneten Daten. Auch in welchen Abst\u00e4nden man den digitalen <\/span><span style=\"font-weight: 400;\">Fahrtenschreiber auslesen<\/span><span style=\"font-weight: 400;\"> beziehungsweise die Daten herunterladen muss ist geregelt; ebenso die maximale Dauer der Aufbewahrung (zwei Jahre).<\/span><\/p>\t\t\t\t\t\t<\/div>\n\t\t\t\t<\/div>\n\t\t\t\t<div class=\"elementor-element elementor-element-299a440 elementor-widget elementor-widget-heading\" data-id=\"299a440\" data-element_type=\"widget\" data-widget_type=\"heading.default\">\n\t\t\t\t<div class=\"elementor-widget-container\">\n\t\t\t<h2 class=\"elementor-heading-title elementor-size-default\">Digitale Fahrtenschreiber auslesen: VDO Fahrtenschreiber und Co.<\/h2>\t\t<\/div>\n\t\t\t\t<\/div>\n\t\t\t\t<div class=\"elementor-element elementor-element-eacdd4b elementor-widget elementor-widget-text-editor\" data-id=\"eacdd4b\" data-element_type=\"widget\" data-widget_type=\"text-editor.default\">\n\t\t\t\t<div class=\"elementor-widget-container\">\n\t\t\t\t\t\t\t<p><span style=\"font-weight: 400;\">Die auf dem Fahrtenspeicher-Chip gespeicherten Daten m\u00fcssen alle drei Monate ausgelesen und archiviert und auf m\u00f6gliche Verst\u00f6\u00dfe gepr\u00fcft werden. Dazu stehen verschiedene Systeme zur Verf\u00fcgung. F\u00fcr bekannteste Ausf\u00fchrungen wie den <\/span><span style=\"font-weight: 400;\">VDO Fahrtenschreiber<\/span><span style=\"font-weight: 400;\"> existieren verschiedene L\u00f6sungen zum Auslesen: Die mit Abstand komfortabelste ist der Remote-Download. So gelangen die Daten automatisch in das station\u00e4re System im Unternehmen \u2013 weder Fahrer noch Fuhrparkleiter m\u00fcssen dazu etwas unternehmen. Das minimiert Fehler und unterst\u00fctzt eine rechtskonforme Nutzung.<\/span><\/p><p><span style=\"font-weight: 400;\">\u00dcber einen Download-Key lassen sich die Daten ohne Aufwand herunterladen und auf einem handlichen Stick speichern. Von dort aus werden sie in die Flottenmanagementsoftware geladen und weiterverarbeitet beziehungsweise archiviert.<\/span><\/p>\t\t\t\t\t\t<\/div>\n\t\t\t\t<\/div>\n\t\t\t\t<div class=\"elementor-element elementor-element-4892cfd elementor-widget elementor-widget-heading\" data-id=\"4892cfd\" data-element_type=\"widget\" data-widget_type=\"heading.default\">\n\t\t\t\t<div class=\"elementor-widget-container\">\n\t\t\t<h2 class=\"elementor-heading-title elementor-size-default\">Analoger Fahrtenschreiber<\/h2>\t\t<\/div>\n\t\t\t\t<\/div>\n\t\t\t\t<section class=\"elementor-section elementor-inner-section elementor-element elementor-element-b1acb2e elementor-section-boxed elementor-section-height-default elementor-section-height-default\" data-id=\"b1acb2e\" data-element_type=\"section\">\n\t\t\t\t\t\t<div class=\"elementor-container elementor-column-gap-default\">\n\t\t\t\t\t<div class=\"elementor-column elementor-col-50 elementor-inner-column elementor-element elementor-element-2d89abe\" data-id=\"2d89abe\" data-element_type=\"column\">\n\t\t\t<div class=\"elementor-widget-wrap elementor-element-populated\">\n\t\t\t\t\t\t<div class=\"elementor-element elementor-element-9a0ea8b elementor-widget elementor-widget-text-editor\" data-id=\"9a0ea8b\" data-element_type=\"widget\" data-widget_type=\"text-editor.default\">\n\t\t\t\t<div class=\"elementor-widget-container\">\n\t\t\t\t\t\t\t<p>Analoge Fahrtenschreiber findet man in Fahrzeugen, die vor dem 1. Mai 2006 zugelassen wurden. Bei einem analogen Fahrtenschreiber handelt es sich um eine Scheibe aus Papier, die auch als Tachoscheibe bezeichnet wird. Die Tachoscheibe dient genau wie der digitale Fahrtenschreiber dazu, die Lenkzeitunterbrechungen, Lenk- und Ruhezeiten, sowie Geschwindigkeiten und Kilometerst\u00e4nde festzuhalten.\u00a0Dabei wird das Ausf\u00fcllen der Tachoscheibe von einem Tachographen \u00fcbernommen, wobei der Fahrer Daten wie den Abfahrts- und Ankunftsort, die Kilometerst\u00e4nde und den eigenen Namen bei Start und Ankunft h\u00e4ndisch erg\u00e4nzen m\u00fcssen. Bei der manuellen Variante muss der Fahrer zudem selbst die Lenkzeiten dokumentieren, wohingegen bei der automatischen Variante des analogen Fahrtenschreibers das Ger\u00e4t dies anhand der Geschwindigkeit eigenst\u00e4ndig dokumentiert.<\/p>\t\t\t\t\t\t<\/div>\n\t\t\t\t<\/div>\n\t\t\t\t\t<\/div>\n\t\t<\/div>\n\t\t\t\t<div class=\"elementor-column elementor-col-50 elementor-inner-column elementor-element elementor-element-e8736ce\" data-id=\"e8736ce\" data-element_type=\"column\">\n\t\t\t<div class=\"elementor-widget-wrap elementor-element-populated\">\n\t\t\t\t\t\t<div class=\"elementor-element elementor-element-fe21cd1 elementor-widget elementor-widget-image\" data-id=\"fe21cd1\" data-element_type=\"widget\" data-widget_type=\"image.default\">\n\t\t\t\t<div class=\"elementor-widget-container\">\n\t\t\t\t\t\t\t\t\t\t\t\t\t<img decoding=\"async\" width=\"800\" height=\"530\" src=\"https:\/\/vimcar.de\/boxenstopp\/wp-content\/uploads\/2020\/03\/analoger-Fahrtenbuchschreiber-1024x678.jpg\" class=\"attachment-large size-large wp-image-9896\" alt=\"analoger Fahrtenbuchschreiber\" srcset=\"https:\/\/vimcar.de\/boxenstopp\/wp-content\/uploads\/2020\/03\/analoger-Fahrtenbuchschreiber-1024x678.jpg 1024w, https:\/\/vimcar.de\/boxenstopp\/wp-content\/uploads\/2020\/03\/analoger-Fahrtenbuchschreiber-300x199.jpg 300w, https:\/\/vimcar.de\/boxenstopp\/wp-content\/uploads\/2020\/03\/analoger-Fahrtenbuchschreiber-768x508.jpg 768w, https:\/\/vimcar.de\/boxenstopp\/wp-content\/uploads\/2020\/03\/analoger-Fahrtenbuchschreiber-1536x1017.jpg 1536w, https:\/\/vimcar.de\/boxenstopp\/wp-content\/uploads\/2020\/03\/analoger-Fahrtenbuchschreiber-24x16.jpg 24w, https:\/\/vimcar.de\/boxenstopp\/wp-content\/uploads\/2020\/03\/analoger-Fahrtenbuchschreiber-36x24.jpg 36w, https:\/\/vimcar.de\/boxenstopp\/wp-content\/uploads\/2020\/03\/analoger-Fahrtenbuchschreiber-48x32.jpg 48w, https:\/\/vimcar.de\/boxenstopp\/wp-content\/uploads\/2020\/03\/analoger-Fahrtenbuchschreiber.jpg 1000w\" sizes=\"(max-width: 800px) 100vw, 800px\" \/>\t\t\t\t\t\t\t\t\t\t\t\t\t<\/div>\n\t\t\t\t<\/div>\n\t\t\t\t\t<\/div>\n\t\t<\/div>\n\t\t\t\t\t<\/div>\n\t\t<\/section>\n\t\t\t\t<div class=\"elementor-element elementor-element-fd20106 elementor-widget elementor-widget-text-editor\" data-id=\"fd20106\" data-element_type=\"widget\" data-widget_type=\"text-editor.default\">\n\t\t\t\t<div class=\"elementor-widget-container\">\n\t\t\t\t\t\t\t<p>Um die Funktionalit\u00e4t des analogen Tachographen zu gew\u00e4hrleisten, muss der Tachograph regelm\u00e4\u00dfig kontrolliert und geeicht werden. Es ist gesetzlich vorgeschrieben alle zwei Jahre eine Eichung vorzunehmen. Die Mitf\u00fchrungspflicht der Tachoscheiben und Belege im Fahrzeug, sowie die Speicherungspflicht der Fahrten auf der digitalen Fahrerkarte betr\u00e4gt 28 Kalendertage plus des laufenden Tages.\u00a0<\/p><p>Kann der Fahrzeugf\u00fchrer f\u00fcr einen oder mehrere der 28 Kalendertage aufgrund von Krankheit, Urlaub oder sonstigen Gr\u00fcnden keine T\u00e4tigkeitsnachweise vorlegen, muss er im Kontrollfall eine Bescheinigung \u00fcber die ber\u00fccksichtigungsfreien Tage vorlegen. Die Bescheinigung muss sich der Fahrer vom Arbeitgeber beziehungsweise dem\u00a0<a href=\"https:\/\/vimcar.de\/boxenstopp\/lexikon\/fuhrparkleiter\/?utm_source=google&amp;utm_medium=sea&amp;utm_campaign=de_sea_google_8_lf_dsa_flotte_boxenstopp&amp;gclid=CjwKCAjw3-bzBRBhEiwAgnnLCiXBWJWZsx3OjPSf1yLi6ujwviYWc52DZ4fA70OxYFSFZCPdl5UWCBoCGxwQAvD_BwE\">Fuhrparkleiter<\/a>\u00a0schriftlich ausstellen und unterschreiben lassen. Die selbstst\u00e4ndige Ausstellung durch den Fahrer ist verboten. Diese Regelung gilt bei analogen sowie digitalen Kontrollger\u00e4ten.<\/p>\t\t\t\t\t\t<\/div>\n\t\t\t\t<\/div>\n\t\t\t\t<div class=\"elementor-element elementor-element-179f0dc elementor-widget elementor-widget-heading\" data-id=\"179f0dc\" data-element_type=\"widget\" data-widget_type=\"heading.default\">\n\t\t\t\t<div class=\"elementor-widget-container\">\n\t\t\t<h3 class=\"elementor-heading-title elementor-size-default\">Analoger vs. digitaler Fahrtenschreiber<\/h3>\t\t<\/div>\n\t\t\t\t<\/div>\n\t\t\t\t<div class=\"elementor-element elementor-element-31ceb99 elementor-widget elementor-widget-text-editor\" data-id=\"31ceb99\" data-element_type=\"widget\" data-widget_type=\"text-editor.default\">\n\t\t\t\t<div class=\"elementor-widget-container\">\n\t\t\t\t\t\t\t<p>Der Vorteil eines digitalen Fahrtenschreibers gegen\u00fcber der analogen Variante liegt auf der Hand. Dadurch, dass die Daten elektronisch auf der Fahrerkarte personalisiert gespeichert werden und nicht mehr analog auf der Tachoscheibe festgehalten werden m\u00fcssen, wird dem Fahrer die Schreibarbeit erspart. Zudem k\u00f6nnen die Daten durch die Personalisierung einem bestimmten Fahrer zugeordnet werden. Generell wird durch die Verwendung eines digitalen Fahrtenschreibers eine Manipulation der Daten erschwert.<\/p><p>Denn egal ob analoger oder digitaler Fahrtenschreiber, wird dieser manipuliert, werden im Regelfall sowohl gegen den Fahrer als auch gegen den Unternehmer Ermittlungen eingeleitet. Der Tatvorwurf kann F\u00e4lschung von Daten oder auch Urkundenf\u00e4lschung lauten. Es kann je nach Tatbestand neben Geldbu\u00dfen sogar eine Freiheitsstrafe drohen.<\/p>\t\t\t\t\t\t<\/div>\n\t\t\t\t<\/div>\n\t\t\t\t<div class=\"elementor-element elementor-element-ce7c3e0 elementor-widget elementor-widget-heading\" data-id=\"ce7c3e0\" data-element_type=\"widget\" data-widget_type=\"heading.default\">\n\t\t\t\t<div class=\"elementor-widget-container\">\n\t\t\t<h3 class=\"elementor-heading-title elementor-size-default\">Ausnahmen von der Aufzeichnungspflicht<\/h3>\t\t<\/div>\n\t\t\t\t<\/div>\n\t\t\t\t<div class=\"elementor-element elementor-element-0237fc3 elementor-widget elementor-widget-text-editor\" data-id=\"0237fc3\" data-element_type=\"widget\" data-widget_type=\"text-editor.default\">\n\t\t\t\t<div class=\"elementor-widget-container\">\n\t\t\t\t\t\t\t<p>In der Fahrpersonalverordnung (FPersV) ist festgehalten, f\u00fcr welche Fahrzeuge oder Gespanne eine Ausnahme von der gesetzlichen Aufzeichnungspflicht besteht. Ob die Verordnung speziell bei\u00a0 Ihrem Fahrzeug greift oder nicht k\u00f6nnen Sie entsprechend der FPersV entnehmen.<\/p>\t\t\t\t\t\t<\/div>\n\t\t\t\t<\/div>\n\t\t\t\t<div class=\"elementor-element elementor-element-338751f elementor-widget elementor-widget-heading\" data-id=\"338751f\" data-element_type=\"widget\" data-widget_type=\"heading.default\">\n\t\t\t\t<div class=\"elementor-widget-container\">\n\t\t\t<h2 class=\"elementor-heading-title elementor-size-default\">Was ist ein Fahrtenbuch?<\/h2>\t\t<\/div>\n\t\t\t\t<\/div>\n\t\t\t\t<div class=\"elementor-element elementor-element-2c40ab5 elementor-widget elementor-widget-text-editor\" data-id=\"2c40ab5\" data-element_type=\"widget\" data-widget_type=\"text-editor.default\">\n\t\t\t\t<div class=\"elementor-widget-container\">\n\t\t\t\t\t\t\t<p>Das F\u00fchren eines Fahrtenbuches kann unterschiedliche Gr\u00fcnde haben. Zum einen kann es sich dabei um innerbetriebliche Gr\u00fcnde handeln. Unternehmen, die \u00fcber einen gro\u00dfen\u00a0<a href=\"https:\/\/vimcar.de\/boxenstopp\/fuhrpark\/\">Fuhrpark<\/a>\u00a0verf\u00fcgen, k\u00f6nnte es zum Beispiel interessieren, welche Abteilung welche Fahrzeuge nutzt oder f\u00fcr welche Fahrten ein bestimmtes Fahrzeug verwendet wird. Werden die firmeneigenen Fahrzeuge den Mitarbeitern auch f\u00fcr private Zwecke zur Verf\u00fcgung gestellt, kann das F\u00fchren eines Fahrtenbuches auch externe Gr\u00fcnde haben. In diesem Fall muss nachvollziehbar sein, ob es sich bei den einzelnen Fahrten, die der jeweilige Mitarbeiter unternimmt, um betrieblich bedingte oder private Fahrten handelt. Diese Unterteilung ist aus steuerrechtlichen Gr\u00fcnden notwendig. Das Fahrtenbuch dient dabei als Nachweis gegen\u00fcber dem\u00a0 Finanzamt und erm\u00f6glicht die Aufteilung der tats\u00e4chlichen Kosten entsprechend der verschiedenen Nutzungen. Diese Aufteilung ist zwingend notwendig, da die Privatnutzung der\u00a0<a href=\"https:\/\/vimcar.de\/boxenstopp\/lexikon\/firmenwagen\/?utm_source=google&amp;utm_medium=sea&amp;utm_campaign=de_sea_google_8_lf_dsa_flotte_boxenstopp&amp;gclid=CjwKCAjw3-bzBRBhEiwAgnnLCiXBWJWZsx3OjPSf1yLi6ujwviYWc52DZ4fA70OxYFSFZCPdl5UWCBoCGxwQAvD_BwE\">Firmenwagen<\/a>\u00a0von den Beh\u00f6rden als eine Zusatzleistung des Arbeitgebers an den Arbeitnehmer verstanden wird. Der sogenannte\u00a0<a href=\"https:\/\/vimcar.de\/boxenstopp\/lexikon\/geldwerter-vorteil\/?utm_source=google&amp;utm_medium=sea&amp;utm_campaign=de_sea_google_8_lf_dsa_flotte_boxenstopp&amp;gclid=CjwKCAjw3-bzBRBhEiwAgnnLCiXBWJWZsx3OjPSf1yLi6ujwviYWc52DZ4fA70OxYFSFZCPdl5UWCBoCGxwQAvD_BwE\">geldwerte Vorteil<\/a>\u00a0muss versteuert werden.<\/p>\t\t\t\t\t\t<\/div>\n\t\t\t\t<\/div>\n\t\t\t\t<section class=\"elementor-section elementor-inner-section elementor-element elementor-element-51ddcd0 elementor-section-boxed elementor-section-height-default elementor-section-height-default\" data-id=\"51ddcd0\" data-element_type=\"section\">\n\t\t\t\t\t\t<div class=\"elementor-container elementor-column-gap-default\">\n\t\t\t\t\t<div class=\"elementor-column elementor-col-50 elementor-inner-column elementor-element elementor-element-0ae5b0e\" data-id=\"0ae5b0e\" data-element_type=\"column\">\n\t\t\t<div class=\"elementor-widget-wrap elementor-element-populated\">\n\t\t\t\t\t\t<div class=\"elementor-element elementor-element-e7c4cde elementor-widget elementor-widget-image\" data-id=\"e7c4cde\" data-element_type=\"widget\" data-widget_type=\"image.default\">\n\t\t\t\t<div class=\"elementor-widget-container\">\n\t\t\t\t\t\t\t\t\t\t\t\t\t<img loading=\"lazy\" decoding=\"async\" width=\"800\" height=\"535\" src=\"https:\/\/vimcar.de\/boxenstopp\/wp-content\/uploads\/2020\/03\/rng_fahrtenbuch-1024x685.jpg\" class=\"attachment-large size-large wp-image-9909\" alt=\"Ein Fahrtenbuch\" srcset=\"https:\/\/vimcar.de\/boxenstopp\/wp-content\/uploads\/2020\/03\/rng_fahrtenbuch-1024x685.jpg 1024w, https:\/\/vimcar.de\/boxenstopp\/wp-content\/uploads\/2020\/03\/rng_fahrtenbuch-300x201.jpg 300w, https:\/\/vimcar.de\/boxenstopp\/wp-content\/uploads\/2020\/03\/rng_fahrtenbuch-768x514.jpg 768w, https:\/\/vimcar.de\/boxenstopp\/wp-content\/uploads\/2020\/03\/rng_fahrtenbuch-1536x1028.jpg 1536w, https:\/\/vimcar.de\/boxenstopp\/wp-content\/uploads\/2020\/03\/rng_fahrtenbuch-24x16.jpg 24w, https:\/\/vimcar.de\/boxenstopp\/wp-content\/uploads\/2020\/03\/rng_fahrtenbuch-36x24.jpg 36w, https:\/\/vimcar.de\/boxenstopp\/wp-content\/uploads\/2020\/03\/rng_fahrtenbuch-48x32.jpg 48w, https:\/\/vimcar.de\/boxenstopp\/wp-content\/uploads\/2020\/03\/rng_fahrtenbuch.jpg 1000w\" sizes=\"(max-width: 800px) 100vw, 800px\" \/>\t\t\t\t\t\t\t\t\t\t\t\t\t<\/div>\n\t\t\t\t<\/div>\n\t\t\t\t\t<\/div>\n\t\t<\/div>\n\t\t\t\t<div class=\"elementor-column elementor-col-50 elementor-inner-column elementor-element elementor-element-3d3b0cc\" data-id=\"3d3b0cc\" data-element_type=\"column\">\n\t\t\t<div class=\"elementor-widget-wrap elementor-element-populated\">\n\t\t\t\t\t\t<div class=\"elementor-element elementor-element-2e4f023 elementor-widget elementor-widget-text-editor\" data-id=\"2e4f023\" data-element_type=\"widget\" data-widget_type=\"text-editor.default\">\n\t\t\t\t<div class=\"elementor-widget-container\">\n\t\t\t\t\t\t\t<p>Eine generelle F\u00fchrungspflicht des\u00a0<a href=\"https:\/\/vimcar.de\/fahrtenbuch\" target=\"_blank\" rel=\"noopener\">Fahrtenbuchs\u00a0<\/a>besteht allerdings nicht. Darf ein Mitarbeiter einen Firmenwagen auch f\u00fcr\u00a0<a href=\"https:\/\/vimcar.de\/boxenstopp\/lexikon\/privatfahrt\/?utm_source=google&amp;utm_medium=sea&amp;utm_campaign=de_sea_google_8_lf_dsa_flotte_boxenstopp&amp;gclid=CjwKCAjw3-bzBRBhEiwAgnnLCiXBWJWZsx3OjPSf1yLi6ujwviYWc52DZ4fA70OxYFSFZCPdl5UWCBoCGxwQAvD_BwE\">Privatfahrten<\/a>\u00a0nutzen, kann er selbst entscheiden, ob er die Privatfahrten nach der\u00a0<a href=\"https:\/\/vimcar.de\/boxenstopp\/lexikon\/1-prozent-regelung\/?utm_source=google&amp;utm_medium=sea&amp;utm_campaign=de_sea_google_8_lf_dsa_flotte_boxenstopp&amp;gclid=CjwKCAjw3-bzBRBhEiwAgnnLCiXBWJWZsx3OjPSf1yLi6ujwviYWc52DZ4fA70OxYFSFZCPdl5UWCBoCGxwQAvD_BwE\">1%-Methode<\/a>\u00a0oder der Fahrtenbuchmethode versteuern m\u00f6chte. Bei der 1%-Methode muss 1% des Bruttolistenpreises des Fahrzeugs pro Monat versteuert werden. Nur bei einem gravierenden Versto\u00df gegen die Stra\u00dfenverkehrsordnung kann sich der Gesetzgeber vorbehalten dem Fahrer eine\u00a0<a href=\"https:\/\/vimcar.de\/boxenstopp\/lexikon\/fahrtenbuchauflage\/?utm_source=google&amp;utm_medium=sea&amp;utm_campaign=de_sea_google_8_lf_dsa_flotte_boxenstopp&amp;gclid=CjwKCAjw3-bzBRBhEiwAgnnLCiXBWJWZsx3OjPSf1yLi6ujwviYWc52DZ4fA70OxYFSFZCPdl5UWCBoCGxwQAvD_BwE\">Fahrtenbuchauflage<\/a>\u00a0aufzuzwingen. Diese verpflichtet den Fahrer dazu Rechenschaft \u00fcber seine get\u00e4tigten Fahrten abzulegen.<br \/>Ein l\u00fccken- beziehungsweise fehlerhaftes oder nachtr\u00e4glich ver\u00e4ndertes Fahrtenbuch kann vom Finanzamt abgelehnt werden. Wird das Fahrtenbuch als ung\u00fcltig eingestuft, wird ebenfalls die 1%-Methode angewendet.<\/p>\t\t\t\t\t\t<\/div>\n\t\t\t\t<\/div>\n\t\t\t\t\t<\/div>\n\t\t<\/div>\n\t\t\t\t\t<\/div>\n\t\t<\/section>\n\t\t\t\t<div class=\"elementor-element elementor-element-6e98214 elementor-widget elementor-widget-text-editor\" data-id=\"6e98214\" data-element_type=\"widget\" data-widget_type=\"text-editor.default\">\n\t\t\t\t<div class=\"elementor-widget-container\">\n\t\t\t\t\t\t\t<p>Um das zu vermeiden, sollten im Fahrtenbuch unbedingt folgende Daten festgehalten werden:<\/p><ul><li>Zweck der Fahrt (z.B. Besuch eines Gesch\u00e4ftspartners)<\/li><li>Kilometerstand zu Beginn und Ende der Fahrt<\/li><li>Datum der Fahrt<\/li><li>Genaue Adresse des Start- und Zielortes<\/li><\/ul><p>Bei Privatfahrten ist eine Angabe der Kilometerst\u00e4nde ausreichend. F\u00fcr den\u00a0<a href=\"https:\/\/vimcar.de\/boxenstopp\/lexikon\/arbeitsweg\/?utm_source=google&amp;utm_medium=sea&amp;utm_campaign=de_sea_google_8_lf_dsa_flotte_boxenstopp&amp;gclid=CjwKCAjw3-bzBRBhEiwAgnnLCiXBWJWZsx3OjPSf1yLi6ujwviYWc52DZ4fA70OxYFSFZCPdl5UWCBoCGxwQAvD_BwE\">Arbeitsweg<\/a>\u00a0muss zudem der Zweck der Fahrt vermerkt werden. Wer in Sachen Fahrtenbuch auf der rechtssicheren Seite sein m\u00f6chte sollte sich zudem \u00fcberlegen ein elektronisches Fahrtenbuch anzuschaffen. Die Nutzung eines elektronischen Fahrtenbuchs erspart Schreibarbeit und erm\u00f6glicht dem Nutzer je nach Anbieter einen finanzamtkonformen Export der automatisch erfassten Daten.<\/p>\t\t\t\t\t\t<\/div>\n\t\t\t\t<\/div>\n\t\t\t\t<div class=\"elementor-element elementor-element-021c8a9 elementor-widget elementor-widget-heading\" data-id=\"021c8a9\" data-element_type=\"widget\" data-widget_type=\"heading.default\">\n\t\t\t\t<div class=\"elementor-widget-container\">\n\t\t\t<h2 class=\"elementor-heading-title elementor-size-default\">Fahrtenschreiber vs. Fahrtenbuch<\/h2>\t\t<\/div>\n\t\t\t\t<\/div>\n\t\t\t\t<div class=\"elementor-element elementor-element-947063d elementor-widget elementor-widget-text-editor\" data-id=\"947063d\" data-element_type=\"widget\" data-widget_type=\"text-editor.default\">\n\t\t\t\t<div class=\"elementor-widget-container\">\n\t\t\t\t\t\t\t<p>Der Fahrtenschreiber und das Fahrtenbuch weisen viele \u00c4hnlichkeiten auf. Beide \u201cB\u00fccher\u201d dienen der Erfassung von Daten. So werden die Kilometerst\u00e4nde, der Abfahrts- und Zielort und das Datum sowohl vom Fahrtenbuch als auch vom Fahrtenschreiber erfasst.<\/p><p>Trotz der offensichtlichen Gemeinsamkeiten liegt der entscheidende Unterschied der beiden \u201cB\u00fccher\u201d in ihrem Zweck. W\u00e4hrend der Fahrtenschreiber in erster Linie bei der Einhaltung und \u00dcberpr\u00fcfung der Lenk- und Ruhezeiten zum Einsatz kommt, dient ein Fahrtenbuch prim\u00e4r dazu die get\u00e4tigten Fahrten in Privat- und <a href=\"https:\/\/vimcar.de\/boxenstopp\/lexikon\/betriebsfahrt\/?utm_source=google&amp;utm_medium=sea&amp;utm_campaign=de_sea_google_8_lf_dsa_flotte_boxenstopp&amp;gclid=CjwKCAjw3-bzBRBhEiwAgnnLCiXBWJWZsx3OjPSf1yLi6ujwviYWc52DZ4fA70OxYFSFZCPdl5UWCBoCGxwQAvD_BwE\">Betriebsfahrten<\/a> unterscheiden zu k\u00f6nnen.<\/p>\t\t\t\t\t\t<\/div>\n\t\t\t\t<\/div>\n\t\t\t\t<div class=\"elementor-element elementor-element-205de85 elementor-widget elementor-widget-template\" data-id=\"205de85\" data-element_type=\"widget\" data-widget_type=\"template.default\">\n\t\t\t\t<div class=\"elementor-widget-container\">\n\t\t\t\t\t<div class=\"elementor-template\">\n\t\t\t\t\t<div data-elementor-type=\"section\" data-elementor-id=\"11356\" class=\"elementor elementor-11356\" data-elementor-post-type=\"elementor_library\">\n\t\t\t\t\t<section class=\"elementor-section elementor-top-section elementor-element elementor-element-5daefacd elementor-section-boxed elementor-section-height-default elementor-section-height-default\" data-id=\"5daefacd\" data-element_type=\"section\">\n\t\t\t\t\t\t<div class=\"elementor-container elementor-column-gap-default\">\n\t\t\t\t\t<div class=\"elementor-column elementor-col-100 elementor-top-column elementor-element elementor-element-3c8e931\" data-id=\"3c8e931\" data-element_type=\"column\">\n\t\t\t<div class=\"elementor-widget-wrap elementor-element-populated\">\n\t\t\t\t\t\t<div class=\"elementor-element elementor-element-2847a3da elementor-widget elementor-widget-heading\" data-id=\"2847a3da\" data-element_type=\"widget\" data-widget_type=\"heading.default\">\n\t\t\t\t<div class=\"elementor-widget-container\">\n\t\t\t<h2 class=\"elementor-heading-title elementor-size-default\">Alle Fahrtenbuch-Links<\/h2>\t\t<\/div>\n\t\t\t\t<\/div>\n\t\t\t\t<div class=\"elementor-element elementor-element-532e4db4 elementor-widget elementor-widget-text-editor\" data-id=\"532e4db4\" data-element_type=\"widget\" data-widget_type=\"text-editor.default\">\n\t\t\t\t<div class=\"elementor-widget-container\">\n\t\t\t\t\t\t\t<ul>\n<li><a href=\"https:\/\/vimcar.de\/boxenstopp\/ressourcenbereich\/elektronisches-fahrtenbuch-vergleich\/\">Elektronisches Fahrtenbuch Vergleich&nbsp;<\/a><\/li><li><a href=\"https:\/\/vimcar.de\/boxenstopp\/lexikon\/1-prozent-regelung\/\">1 % Regelung<\/a><\/li>\n<li><a href=\"https:\/\/vimcar.de\/fahrtenbuch\/apps\">Fahrtenbuch Apps<\/a><\/li>\n<li><a href=\"https:\/\/vimcar.de\/boxenstopp\/lexikon\/fahrtenbuch-fuehren\/\">Fahrtenbuch f\u00fchren<\/a><\/li>\n<li><a href=\"https:\/\/vimcar.de\/fahrtenbuch\/firmenwagenrechner\">Firmenwagenrechner<\/a><\/li>\n<li><a href=\"https:\/\/vimcar.de\/fahrtenbuch\/fahrtenbuchsoftware\">Fahrtenbuchsoftware<\/a><\/li>\n<li><a href=\"https:\/\/vimcar.de\/boxenstopp\/lexikon\/fahrtenkategorien\/\">Fahrtenkategorien<\/a><\/li>\n<\/ul>\t\t\t\t\t\t<\/div>\n\t\t\t\t<\/div>\n\t\t\t\t\t<\/div>\n\t\t<\/div>\n\t\t\t\t\t<\/div>\n\t\t<\/section>\n\t\t\t\t<\/div>\n\t\t\t\t<\/div>\n\t\t\t\t<\/div>\n\t\t\t\t<\/div>\n\t\t\t\t<div class=\"elementor-element elementor-element-d1f73d5 elementor-widget elementor-widget-template\" data-id=\"d1f73d5\" data-element_type=\"widget\" data-widget_type=\"template.default\">\n\t\t\t\t<div class=\"elementor-widget-container\">\n\t\t\t\t\t<div class=\"elementor-template\">\n\t\t\t\t\t<div data-elementor-type=\"section\" data-elementor-id=\"11281\" class=\"elementor elementor-11281\" data-elementor-post-type=\"elementor_library\">\n\t\t\t\t\t<section class=\"elementor-section elementor-top-section elementor-element elementor-element-5f766a62 elementor-section-boxed elementor-section-height-default elementor-section-height-default\" data-id=\"5f766a62\" data-element_type=\"section\">\n\t\t\t\t\t\t<div class=\"elementor-container elementor-column-gap-default\">\n\t\t\t\t\t<div class=\"elementor-column elementor-col-100 elementor-top-column elementor-element elementor-element-25df462c\" data-id=\"25df462c\" data-element_type=\"column\">\n\t\t\t<div class=\"elementor-widget-wrap elementor-element-populated\">\n\t\t\t\t\t\t<div class=\"elementor-element elementor-element-6ea3eb62 elementor-widget elementor-widget-heading\" data-id=\"6ea3eb62\" data-element_type=\"widget\" data-widget_type=\"heading.default\">\n\t\t\t\t<div class=\"elementor-widget-container\">\n\t\t\t<h2 class=\"elementor-heading-title elementor-size-default\">Top Links f\u00fcr die Fuhrparkverwaltung\u200b<\/h2>\t\t<\/div>\n\t\t\t\t<\/div>\n\t\t\t\t<section class=\"elementor-section elementor-inner-section elementor-element elementor-element-71975b8d elementor-section-boxed elementor-section-height-default elementor-section-height-default\" data-id=\"71975b8d\" data-element_type=\"section\">\n\t\t\t\t\t\t<div class=\"elementor-container elementor-column-gap-default\">\n\t\t\t\t\t<div class=\"elementor-column elementor-col-50 elementor-inner-column elementor-element elementor-element-386247b\" data-id=\"386247b\" data-element_type=\"column\">\n\t\t\t<div class=\"elementor-widget-wrap elementor-element-populated\">\n\t\t\t\t\t\t<div class=\"elementor-element elementor-element-6a5d1540 elementor-widget elementor-widget-global elementor-global-11278 elementor-widget-text-editor\" data-id=\"6a5d1540\" data-element_type=\"widget\" data-widget_type=\"text-editor.default\">\n\t\t\t\t<div class=\"elementor-widget-container\">\n\t\t\t\t\t\t\t<ul><li><a href=\"https:\/\/vimcar.de\/boxenstopp\/fuhrparkmanagement\/\">Fuhrparkmanagement\u00a0<\/a><\/li><li><a href=\"https:\/\/vimcar.de\/boxenstopp\/lexikon\/tankkarten\/\">Tankkarte<\/a><\/li><li><a href=\"https:\/\/vimcar.de\/flottenmanagement\">Fuhrparkmanagement Software<\/a><\/li><li><a href=\"https:\/\/vimcar.de\/fahrzeugortung\">Fahrzeugortung GPS<\/a><\/li><li><a href=\"https:\/\/vimcar.de\/boxenstopp\/lexikon\/telematiksystem\/\">Telematiksystem<\/a><\/li><li><a href=\"https:\/\/vimcar.de\/boxenstopp\/lexikon\/geo-tracking\/\">Geo Tracking<\/a><\/li><li><a href=\"https:\/\/vimcar.de\/fahrtenbuch\/apps\">Fahrtenbuch App<\/a><\/li><li><a href=\"https:\/\/vimcar.de\/boxenstopp\/ressourcenbereich\/boxenstopp-fuhrparkwissen-newsletter\/\">Boxenstopp Newsletter<\/a><\/li><\/ul>\t\t\t\t\t\t<\/div>\n\t\t\t\t<\/div>\n\t\t\t\t\t<\/div>\n\t\t<\/div>\n\t\t\t\t<div class=\"elementor-column elementor-col-50 elementor-inner-column elementor-element elementor-element-4fedbc27\" data-id=\"4fedbc27\" data-element_type=\"column\">\n\t\t\t<div class=\"elementor-widget-wrap elementor-element-populated\">\n\t\t\t\t\t\t<div class=\"elementor-element elementor-element-867202e elementor-widget elementor-widget-text-editor\" data-id=\"867202e\" data-element_type=\"widget\" data-widget_type=\"text-editor.default\">\n\t\t\t\t<div class=\"elementor-widget-container\">\n\t\t\t\t\t\t\t<ul><li><a href=\"https:\/\/vimcar.de\/boxenstopp\/lexikon\/fuhrparkverwaltungssoftware\/\">Fuhrparkverwaltungssoftware<\/a><\/li><li><a href=\"https:\/\/vimcar.de\/boxenstopp\/lexikon\/tracking-app\/\">Tracking App<\/a><\/li><li><a href=\"https:\/\/vimcar.de\/boxenstopp\/lexikon\/tracking-software\/\">Tracking Software<\/a><\/li><li><a href=\"https:\/\/vimcar.de\/fahrtenbuch\/fahrtenbuchsoftware\">Fahrtenbuchsoftware<\/a><\/li><li><a href=\"https:\/\/vimcar.de\/boxenstopp\/lexikon\/gps-ortungssystem\/\">GPS Ortungssystem<\/a><\/li><li><a href=\"https:\/\/vimcar.de\/boxenstopp\/ressourcenbereich\/aufgaben-fuhrparkleiter\/\">Fuhrparkmanagement Aufgaben<\/a><\/li><li><a href=\"https:\/\/vimcar.de\/boxenstopp\/ressourcenbereich\/fuhrparkmanagement-software-vergleich\/\">Fuhrparkmanagement Software Vergleich<\/a><\/li><li><a href=\"https:\/\/vimcar.de\/boxenstopp\/digitalisierung\/foerderungen-kmu-gruender\/\">F\u00f6rderungen f\u00fcr Betriebe<\/a><\/li><\/ul>\t\t\t\t\t\t<\/div>\n\t\t\t\t<\/div>\n\t\t\t\t\t<\/div>\n\t\t<\/div>\n\t\t\t\t\t<\/div>\n\t\t<\/section>\n\t\t\t\t\t<\/div>\n\t\t<\/div>\n\t\t\t\t\t<\/div>\n\t\t<\/section>\n\t\t\t\t<\/div>\n\t\t\t\t<\/div>\n\t\t\t\t<\/div>\n\t\t\t\t<\/div>\n\t\t\t\t\t<\/div>\n\t\t<\/div>\n\t\t\t\t\t<\/div>\n\t\t<\/section>\n\t\t\t\t<\/div>\n\t\t","protected":false},"excerpt":{"rendered":"<p>Was ist ein Fahrtenschreiber? Der Fahrtenschreiber wird auch als Tachograph bzw. EG-Kontrollger\u00e4t bezeichnet. Dabei handelt es sich um einen Tachometer mit angeschlossenem Messschreiber. An erster Stelle wird ein Fahrtenschreiber dazu verwendet die Lenk- und Ruhezeiten sowie die Lenkzeitunterbrechungen bei Berufskraftfahrten aufzuzeichnen. Zus\u00e4tzlich werden die zur\u00fcckgelegten Kilometer sowie die gefahrene Geschwindigkeit erfasst. Bei der Erfassung der [&hellip;]<\/p>\n","protected":false},"author":30,"featured_media":0,"parent":4813,"menu_order":0,"comment_status":"closed","ping_status":"closed","template":"","meta":{"footnotes":"","_wp_rev_ctl_limit":""},"yoast_head":"<!-- This site is optimized with the Yoast SEO Premium plugin v21.5 (Yoast SEO v21.5) - https:\/\/yoast.com\/wordpress\/plugins\/seo\/ -->\n<title>Fahrtenschreiber - Vimcar Boxenstopp<\/title>\n<meta name=\"description\" content=\"Fahrtenbuchschreiber vs. Fahrtenbuch: Erfahren Sie hier worin die Gemeinsamkeiten und Unterschiede liegen, und was es zu beachten gilt.\" \/>\n<meta name=\"robots\" content=\"index, follow, max-snippet:-1, max-image-preview:large, max-video-preview:-1\" \/>\n<link rel=\"canonical\" href=\"https:\/\/vimcar.de\/boxenstopp\/lexikon\/fahrtenbuchschreiber\/\" \/>\n<meta property=\"og:locale\" content=\"de_DE\" \/>\n<meta property=\"og:type\" content=\"article\" \/>\n<meta property=\"og:title\" content=\"Fahrtenschreiber\" \/>\n<meta property=\"og:description\" content=\"Fahrtenbuchschreiber vs. Fahrtenbuch: Erfahren Sie hier worin die Gemeinsamkeiten und Unterschiede liegen, und was es zu beachten gilt.\" \/>\n<meta property=\"og:url\" content=\"https:\/\/vimcar.de\/boxenstopp\/lexikon\/fahrtenbuchschreiber\/\" \/>\n<meta property=\"og:site_name\" content=\"Vimcar Boxenstopp\" \/>\n<meta property=\"article:publisher\" content=\"https:\/\/www.facebook.com\/vimcar\" \/>\n<meta property=\"article:modified_time\" content=\"2023-08-25T12:36:11+00:00\" \/>\n<meta property=\"og:image\" content=\"http:\/\/vimcar.de\/boxenstopp\/wp-content\/uploads\/2020\/03\/lkw-cockpit-300x200.jpg\" \/>\n<meta name=\"twitter:card\" content=\"summary_large_image\" \/>\n<meta name=\"twitter:site\" content=\"@goVimcar\" \/>\n<meta name=\"twitter:label1\" content=\"Gesch\u00e4tzte Lesezeit\" \/>\n\t<meta name=\"twitter:data1\" content=\"11\u00a0Minuten\" \/>\n<!-- \/ Yoast SEO Premium plugin. -->","yoast_head_json":{"title":"Fahrtenschreiber - Vimcar Boxenstopp","description":"Fahrtenbuchschreiber vs. Fahrtenbuch: Erfahren Sie hier worin die Gemeinsamkeiten und Unterschiede liegen, und was es zu beachten gilt.","robots":{"index":"index","follow":"follow","max-snippet":"max-snippet:-1","max-image-preview":"max-image-preview:large","max-video-preview":"max-video-preview:-1"},"canonical":"https:\/\/vimcar.de\/boxenstopp\/lexikon\/fahrtenbuchschreiber\/","og_locale":"de_DE","og_type":"article","og_title":"Fahrtenschreiber","og_description":"Fahrtenbuchschreiber vs. Fahrtenbuch: Erfahren Sie hier worin die Gemeinsamkeiten und Unterschiede liegen, und was es zu beachten gilt.","og_url":"https:\/\/vimcar.de\/boxenstopp\/lexikon\/fahrtenbuchschreiber\/","og_site_name":"Vimcar Boxenstopp","article_publisher":"https:\/\/www.facebook.com\/vimcar","article_modified_time":"2023-08-25T12:36:11+00:00","og_image":[{"url":"http:\/\/vimcar.de\/boxenstopp\/wp-content\/uploads\/2020\/03\/lkw-cockpit-300x200.jpg"}],"twitter_card":"summary_large_image","twitter_site":"@goVimcar","twitter_misc":{"Gesch\u00e4tzte Lesezeit":"11\u00a0Minuten"},"schema":{"@context":"https:\/\/schema.org","@graph":[{"@type":"WebPage","@id":"https:\/\/vimcar.de\/boxenstopp\/lexikon\/fahrtenbuchschreiber\/","url":"https:\/\/vimcar.de\/boxenstopp\/lexikon\/fahrtenbuchschreiber\/","name":"Fahrtenschreiber - Vimcar Boxenstopp","isPartOf":{"@id":"https:\/\/vimcar.de\/boxenstopp\/#website"},"datePublished":"2020-03-24T09:54:16+00:00","dateModified":"2023-08-25T12:36:11+00:00","description":"Fahrtenbuchschreiber vs. Fahrtenbuch: Erfahren Sie hier worin die Gemeinsamkeiten und Unterschiede liegen, und was es zu beachten gilt.","breadcrumb":{"@id":"https:\/\/vimcar.de\/boxenstopp\/lexikon\/fahrtenbuchschreiber\/#breadcrumb"},"inLanguage":"de","potentialAction":[{"@type":"ReadAction","target":["https:\/\/vimcar.de\/boxenstopp\/lexikon\/fahrtenbuchschreiber\/"]}]},{"@type":"BreadcrumbList","@id":"https:\/\/vimcar.de\/boxenstopp\/lexikon\/fahrtenbuchschreiber\/#breadcrumb","itemListElement":[{"@type":"ListItem","position":1,"name":"Startseite","item":"https:\/\/vimcar.de\/boxenstopp\/"},{"@type":"ListItem","position":2,"name":"Das Fuhrparklexikon","item":"https:\/\/vimcar.de\/boxenstopp\/lexikon\/"},{"@type":"ListItem","position":3,"name":"Fahrtenschreiber"}]},{"@type":"WebSite","@id":"https:\/\/vimcar.de\/boxenstopp\/#website","url":"https:\/\/vimcar.de\/boxenstopp\/","name":"Vimcar Boxenstopp","description":"- Die Lernplattform f\u00fcr Fuhrparkleiter","publisher":{"@id":"https:\/\/vimcar.de\/boxenstopp\/#organization"},"potentialAction":[{"@type":"SearchAction","target":{"@type":"EntryPoint","urlTemplate":"https:\/\/vimcar.de\/boxenstopp\/?s={search_term_string}"},"query-input":"required name=search_term_string"}],"inLanguage":"de"},{"@type":"Organization","@id":"https:\/\/vimcar.de\/boxenstopp\/#organization","name":"Vimcar Boxenstopp - Fuhrparkwissen","url":"https:\/\/vimcar.de\/boxenstopp\/","logo":{"@type":"ImageObject","inLanguage":"de","@id":"https:\/\/vimcar.de\/boxenstopp\/#\/schema\/logo\/image\/","url":"https:\/\/vimcar.de\/boxenstopp\/wp-content\/uploads\/2020\/10\/logo-vimcar-boxenstopp.png","contentUrl":"https:\/\/vimcar.de\/boxenstopp\/wp-content\/uploads\/2020\/10\/logo-vimcar-boxenstopp.png","width":250,"height":50,"caption":"Vimcar Boxenstopp - Fuhrparkwissen"},"image":{"@id":"https:\/\/vimcar.de\/boxenstopp\/#\/schema\/logo\/image\/"},"sameAs":["https:\/\/www.facebook.com\/vimcar","https:\/\/twitter.com\/goVimcar","https:\/\/www.instagram.com\/vimcar_official\/","https:\/\/de.linkedin.com\/company\/vimcar","https:\/\/www.pinterest.de\/vimcar\/","https:\/\/www.youtube.com\/channel\/UCWRajoA7OnWsAw-ezAahZPg"]}]}},"_links":{"self":[{"href":"https:\/\/vimcar.de\/boxenstopp\/wp-json\/wp\/v2\/pages\/9821"}],"collection":[{"href":"https:\/\/vimcar.de\/boxenstopp\/wp-json\/wp\/v2\/pages"}],"about":[{"href":"https:\/\/vimcar.de\/boxenstopp\/wp-json\/wp\/v2\/types\/page"}],"author":[{"embeddable":true,"href":"https:\/\/vimcar.de\/boxenstopp\/wp-json\/wp\/v2\/users\/30"}],"replies":[{"embeddable":true,"href":"https:\/\/vimcar.de\/boxenstopp\/wp-json\/wp\/v2\/comments?post=9821"}],"version-history":[{"count":0,"href":"https:\/\/vimcar.de\/boxenstopp\/wp-json\/wp\/v2\/pages\/9821\/revisions"}],"up":[{"embeddable":true,"href":"https:\/\/vimcar.de\/boxenstopp\/wp-json\/wp\/v2\/pages\/4813"}],"wp:attachment":[{"href":"https:\/\/vimcar.de\/boxenstopp\/wp-json\/wp\/v2\/media?parent=9821"}],"curies":[{"name":"wp","href":"https:\/\/api.w.org\/{rel}","templated":true}]}}